{"id":1240,"date":"2019-12-09T10:12:50","date_gmt":"2019-12-09T08:12:50","guid":{"rendered":"http:\/\/ivory-newt-719188.hostingersite.com\/?page_id=1240"},"modified":"2020-01-08T18:43:13","modified_gmt":"2020-01-08T16:43:13","slug":"con-el-num-11-de-galilea-153","status":"publish","type":"page","link":"https:\/\/www.cpl.es\/galilea\/con-el-num-11-de-galilea-153\/","title":{"rendered":"Materiales con el n\u00fam. 11 de Galilea.153"},"content":{"rendered":"\n<p style=\"color:#006eb6\" class=\"has-text-color\"><strong>Galilea.153 enero-febrero de 2020 \u201cComunidad viva\u201d<\/strong> <\/p>\n\n\n\n<p>En esta revista hablamos de la parroquia como comunidad viva. Con art\u00edculos de Ram\u00f3n Navarro, Anna-Bel Carbonell, Rosa M. S\u00e1nchez, Jos\u00e9 A. Go\u00f1i Josep M. Domingo, Eloi Aran\u2026 <\/p>\n\n\n\n<p>En\u00a0la revista se incluye un material propicio para ser utilizado en vuestros grupos y comunidades. Y son los siguientes: <\/p>\n\n\n\n\n<table id=\"tablepress-13\" class=\"tablepress tablepress-id-13\">\n<thead>\n<tr class=\"row-1 odd\">\n\t<th class=\"column-1\"><figure id=\"attachment_1233\" aria-describedby=\"caption-attachment-1233\" style=\"width: 215px\" class=\"wp-caption alignnone\"><a href=\"http:\/\/ivory-newt-719188.hostingersite.com\/wp-content\/uploads\/2019\/12\/sin_sacerdote.pdf\"><img loading=\"lazy\" decoding=\"async\" src=\"http:\/\/ivory-newt-719188.hostingersite.com\/wp-content\/uploads\/2019\/12\/sin_sacerdote-215x300.jpg\" alt=\"\" width=\"215\" height=\"300\" class=\"size-medium wp-image-1233\" srcset=\"https:\/\/www.cpl.es\/galilea\/wp-content\/uploads\/2019\/12\/sin_sacerdote-215x300.jpg 215w, https:\/\/www.cpl.es\/galilea\/wp-content\/uploads\/2019\/12\/sin_sacerdote.jpg 265w\" sizes=\"(max-width: 215px) 85vw, 215px\" \/><\/a><figcaption id=\"caption-attachment-1233\" class=\"wp-caption-text\">Cuando el sacerdote no est\u00e1<\/figcaption><\/figure><\/th><th class=\"column-2\"><figure id=\"attachment_1235\" aria-describedby=\"caption-attachment-1235\" style=\"width: 208px\" class=\"wp-caption alignnone\"><a href=\"http:\/\/ivory-newt-719188.hostingersite.com\/wp-content\/uploads\/2019\/12\/espacios_evangelizacion.pdf\"><img loading=\"lazy\" decoding=\"async\" src=\"http:\/\/ivory-newt-719188.hostingersite.com\/wp-content\/uploads\/2019\/12\/espacios_evangelizacion-208x300.jpg\" alt=\"\" width=\"208\" height=\"300\" class=\"size-medium wp-image-1235\" srcset=\"https:\/\/www.cpl.es\/galilea\/wp-content\/uploads\/2019\/12\/espacios_evangelizacion-208x300.jpg 208w, https:\/\/www.cpl.es\/galilea\/wp-content\/uploads\/2019\/12\/espacios_evangelizacion.jpg 256w\" sizes=\"(max-width: 208px) 85vw, 208px\" \/><\/a><figcaption id=\"caption-attachment-1235\" class=\"wp-caption-text\">Reflexiones sobre obras y proyectos: nueva evangelizaci\u00f3n<\/figcaption><\/figure><\/th><th class=\"column-3\"><figure id=\"attachment_1237\" aria-describedby=\"caption-attachment-1237\" style=\"width: 209px\" class=\"wp-caption alignnone\"><a href=\"http:\/\/ivory-newt-719188.hostingersite.com\/wp-content\/uploads\/2019\/12\/Estuve-enfermo.pdf\"><img loading=\"lazy\" decoding=\"async\" src=\"http:\/\/ivory-newt-719188.hostingersite.com\/wp-content\/uploads\/2019\/12\/Estuve_enfermo-209x300.jpg\" alt=\"\" width=\"209\" height=\"300\" class=\"size-medium wp-image-1237\" srcset=\"https:\/\/www.cpl.es\/galilea\/wp-content\/uploads\/2019\/12\/Estuve_enfermo-209x300.jpg 209w, https:\/\/www.cpl.es\/galilea\/wp-content\/uploads\/2019\/12\/Estuve_enfermo.jpg 435w\" sizes=\"(max-width: 209px) 85vw, 209px\" \/><\/a><figcaption id=\"caption-attachment-1237\" class=\"wp-caption-text\">Misterio sacramental en la pastoral sanitaria<\/figcaption><\/figure><\/th>\n<\/tr>\n<\/thead>\n<tbody class=\"row-hover\">\n<tr class=\"row-2 even\">\n\t<td class=\"column-1\"><figure id=\"attachment_1236\" aria-describedby=\"caption-attachment-1236\" style=\"width: 212px\" class=\"wp-caption alignnone\"><a href=\"http:\/\/ivory-newt-719188.hostingersite.com\/wp-content\/uploads\/2019\/12\/espirituadad_cuidado.pdf\"><img loading=\"lazy\" decoding=\"async\" src=\"http:\/\/ivory-newt-719188.hostingersite.com\/wp-content\/uploads\/2019\/12\/espiritualidad_cuidado-212x300.jpg\" alt=\"\" width=\"212\" height=\"300\" class=\"size-medium wp-image-1236\" srcset=\"https:\/\/www.cpl.es\/galilea\/wp-content\/uploads\/2019\/12\/espiritualidad_cuidado-212x300.jpg 212w, https:\/\/www.cpl.es\/galilea\/wp-content\/uploads\/2019\/12\/espiritualidad_cuidado.jpg 261w\" sizes=\"(max-width: 212px) 85vw, 212px\" \/><\/a><figcaption id=\"caption-attachment-1236\" class=\"wp-caption-text\">Cuida de \u00e9l, cuida de ella<\/figcaption><\/figure><\/td><td class=\"column-2\"><figure id=\"attachment_1234\" aria-describedby=\"caption-attachment-1234\" style=\"width: 214px\" class=\"wp-caption alignnone\"><a href=\"http:\/\/ivory-newt-719188.hostingersite.com\/wp-content\/uploads\/2019\/12\/unidad_cristianos.pdf\"><img loading=\"lazy\" decoding=\"async\" src=\"http:\/\/ivory-newt-719188.hostingersite.com\/wp-content\/uploads\/2019\/12\/unidad_cristianos-214x300.jpg\" alt=\"\" width=\"214\" height=\"300\" class=\"size-medium wp-image-1234\" srcset=\"https:\/\/www.cpl.es\/galilea\/wp-content\/uploads\/2019\/12\/unidad_cristianos-214x300.jpg 214w, https:\/\/www.cpl.es\/galilea\/wp-content\/uploads\/2019\/12\/unidad_cristianos.jpg 264w\" sizes=\"(max-width: 214px) 85vw, 214px\" \/><\/a><figcaption id=\"caption-attachment-1234\" class=\"wp-caption-text\">Hoja verde MD: Unidad de los cristianos<\/figcaption><\/figure><\/td><td class=\"column-3\"><figure id=\"attachment_1232\" aria-describedby=\"caption-attachment-1232\" style=\"width: 225px\" class=\"wp-caption alignnone\"><a href=\"http:\/\/ivory-newt-719188.hostingersite.com\/wp-content\/uploads\/2019\/12\/misterio_cristiano.pdf\"><img loading=\"lazy\" decoding=\"async\" src=\"http:\/\/ivory-newt-719188.hostingersite.com\/wp-content\/uploads\/2019\/12\/misterio_cristiano-225x300.jpg\" alt=\"\" width=\"225\" height=\"300\" class=\"size-medium wp-image-1232\" srcset=\"https:\/\/www.cpl.es\/galilea\/wp-content\/uploads\/2019\/12\/misterio_cristiano-225x300.jpg 225w, https:\/\/www.cpl.es\/galilea\/wp-content\/uploads\/2019\/12\/misterio_cristiano.jpg 277w\" sizes=\"(max-width: 225px) 85vw, 225px\" \/><\/a><figcaption id=\"caption-attachment-1232\" class=\"wp-caption-text\">Padres de la Iglesia: Discurso a Diognet<\/figcaption><\/figure><\/td>\n<\/tr>\n<\/tbody>\n<\/table>\n\n","protected":false},"excerpt":{"rendered":"<p>Galilea.153 enero-febrero de 2020 \u201cComunidad viva\u201d En esta revista hablamos de la parroquia como comunidad viva. Con art\u00edculos de Ram\u00f3n Navarro, Anna-Bel Carbonell, Rosa M. S\u00e1nchez, Jos\u00e9 A. Go\u00f1i Josep M. Domingo, Eloi Aran\u2026 En\u00a0la revista se incluye un material propicio para ser utilizado en vuestros grupos y comunidades. Y son los siguientes:<\/p>\n","protected":false},"author":1,"featured_media":0,"parent":0,"menu_order":0,"comment_status":"closed","ping_status":"closed","template":"","meta":{"footnotes":""},"class_list":["post-1240","page","type-page","status-publish","hentry"],"yoast_head":"<!-- This site is optimized with the Yoast SEO plugin v23.5 - https:\/\/yoast.com\/wordpress\/plugins\/seo\/ -->\n<title>Materiales con el n\u00fam. 11 de Galilea.153 - Galilea.153<\/title>\n<meta name=\"robots\" content=\"index, follow, max-snippet:-1, max-image-preview:large, max-video-preview:-1\" \/>\n<link rel=\"canonical\" href=\"https:\/\/www.cpl.es\/galilea\/con-el-num-11-de-galilea-153\/\" \/>\n<meta property=\"og:locale\" content=\"es_ES\" \/>\n<meta property=\"og:type\" content=\"article\" \/>\n<meta property=\"og:title\" content=\"Materiales con el n\u00fam. 11 de Galilea.153 - Galilea.153\" \/>\n<meta property=\"og:description\" content=\"Galilea.153 enero-febrero de 2020 \u201cComunidad viva\u201d En esta revista hablamos de la parroquia como comunidad viva. Con art\u00edculos de Ram\u00f3n Navarro, Anna-Bel Carbonell, Rosa M. S\u00e1nchez, Jos\u00e9 A. Go\u00f1i Josep M. Domingo, Eloi Aran\u2026 En\u00a0la revista se incluye un material propicio para ser utilizado en vuestros grupos y comunidades. Y son los siguientes:\" \/>\n<meta property=\"og:url\" content=\"https:\/\/www.cpl.es\/galilea\/con-el-num-11-de-galilea-153\/\" \/>\n<meta property=\"og:site_name\" content=\"Galilea.153\" \/>\n<meta property=\"article:publisher\" content=\"https:\/\/www.facebook.com\/CPLeditorial\" \/>\n<meta property=\"article:modified_time\" content=\"2020-01-08T16:43:13+00:00\" \/>\n<meta name=\"twitter:card\" content=\"summary_large_image\" \/>\n<meta name=\"twitter:site\" content=\"@CPLeditorial\" \/>\n<script type=\"application\/ld+json\" class=\"yoast-schema-graph\">{\"@context\":\"https:\/\/schema.org\",\"@graph\":[{\"@type\":\"WebPage\",\"@id\":\"https:\/\/www.cpl.es\/galilea\/con-el-num-11-de-galilea-153\/\",\"url\":\"https:\/\/www.cpl.es\/galilea\/con-el-num-11-de-galilea-153\/\",\"name\":\"Materiales con el n\u00fam. 11 de Galilea.153 - Galilea.153\",\"isPartOf\":{\"@id\":\"https:\/\/www.cpl.es\/galilea\/#website\"},\"datePublished\":\"2019-12-09T08:12:50+00:00\",\"dateModified\":\"2020-01-08T16:43:13+00:00\",\"breadcrumb\":{\"@id\":\"https:\/\/www.cpl.es\/galilea\/con-el-num-11-de-galilea-153\/#breadcrumb\"},\"inLanguage\":\"es\",\"potentialAction\":[{\"@type\":\"ReadAction\",\"target\":[\"https:\/\/www.cpl.es\/galilea\/con-el-num-11-de-galilea-153\/\"]}]},{\"@type\":\"BreadcrumbList\",\"@id\":\"https:\/\/www.cpl.es\/galilea\/con-el-num-11-de-galilea-153\/#breadcrumb\",\"itemListElement\":[{\"@type\":\"ListItem\",\"position\":1,\"name\":\"Home\",\"item\":\"https:\/\/www.cpl.es\/galilea\/\"},{\"@type\":\"ListItem\",\"position\":2,\"name\":\"Materiales con el n\u00fam. 11 de Galilea.153\"}]},{\"@type\":\"WebSite\",\"@id\":\"https:\/\/www.cpl.es\/galilea\/#website\",\"url\":\"https:\/\/www.cpl.es\/galilea\/\",\"name\":\"Galilea.153\",\"description\":\"Liturgia, pastoral, vida cristiana\",\"publisher\":{\"@id\":\"https:\/\/www.cpl.es\/galilea\/#organization\"},\"potentialAction\":[{\"@type\":\"SearchAction\",\"target\":{\"@type\":\"EntryPoint\",\"urlTemplate\":\"https:\/\/www.cpl.es\/galilea\/?s={search_term_string}\"},\"query-input\":{\"@type\":\"PropertyValueSpecification\",\"valueRequired\":true,\"valueName\":\"search_term_string\"}}],\"inLanguage\":\"es\"},{\"@type\":\"Organization\",\"@id\":\"https:\/\/www.cpl.es\/galilea\/#organization\",\"name\":\"Centre de Pastoral Lit\u00fargica\",\"url\":\"https:\/\/www.cpl.es\/galilea\/\",\"logo\":{\"@type\":\"ImageObject\",\"inLanguage\":\"es\",\"@id\":\"https:\/\/www.cpl.es\/galilea\/#\/schema\/logo\/image\/\",\"url\":\"https:\/\/i0.wp.com\/ivory-newt-719188.hostingersite.com\/wp-content\/uploads\/2022\/10\/perfil-xarxes-400x400-1.jpg?fit=400%2C400&ssl=1\",\"contentUrl\":\"https:\/\/i0.wp.com\/ivory-newt-719188.hostingersite.com\/wp-content\/uploads\/2022\/10\/perfil-xarxes-400x400-1.jpg?fit=400%2C400&ssl=1\",\"width\":400,\"height\":400,\"caption\":\"Centre de Pastoral Lit\u00fargica\"},\"image\":{\"@id\":\"https:\/\/www.cpl.es\/galilea\/#\/schema\/logo\/image\/\"},\"sameAs\":[\"https:\/\/www.facebook.com\/CPLeditorial\",\"https:\/\/x.com\/CPLeditorial\",\"https:\/\/www.instagram.com\/cpleditorial\/\",\"https:\/\/www.youtube.com\/c\/CentredePastoralLitrgicaCPL\"]}]}<\/script>\n<!-- \/ Yoast SEO plugin. -->","yoast_head_json":{"title":"Materiales con el n\u00fam. 11 de Galilea.153 - Galilea.153","robots":{"index":"index","follow":"follow","max-snippet":"max-snippet:-1","max-image-preview":"max-image-preview:large","max-video-preview":"max-video-preview:-1"},"canonical":"https:\/\/www.cpl.es\/galilea\/con-el-num-11-de-galilea-153\/","og_locale":"es_ES","og_type":"article","og_title":"Materiales con el n\u00fam. 11 de Galilea.153 - Galilea.153","og_description":"Galilea.153 enero-febrero de 2020 \u201cComunidad viva\u201d En esta revista hablamos de la parroquia como comunidad viva. Con art\u00edculos de Ram\u00f3n Navarro, Anna-Bel Carbonell, Rosa M. S\u00e1nchez, Jos\u00e9 A. Go\u00f1i Josep M. Domingo, Eloi Aran\u2026 En\u00a0la revista se incluye un material propicio para ser utilizado en vuestros grupos y comunidades. Y son los siguientes:","og_url":"https:\/\/www.cpl.es\/galilea\/con-el-num-11-de-galilea-153\/","og_site_name":"Galilea.153","article_publisher":"https:\/\/www.facebook.com\/CPLeditorial","article_modified_time":"2020-01-08T16:43:13+00:00","twitter_card":"summary_large_image","twitter_site":"@CPLeditorial","schema":{"@context":"https:\/\/schema.org","@graph":[{"@type":"WebPage","@id":"https:\/\/www.cpl.es\/galilea\/con-el-num-11-de-galilea-153\/","url":"https:\/\/www.cpl.es\/galilea\/con-el-num-11-de-galilea-153\/","name":"Materiales con el n\u00fam. 11 de Galilea.153 - Galilea.153","isPartOf":{"@id":"https:\/\/www.cpl.es\/galilea\/#website"},"datePublished":"2019-12-09T08:12:50+00:00","dateModified":"2020-01-08T16:43:13+00:00","breadcrumb":{"@id":"https:\/\/www.cpl.es\/galilea\/con-el-num-11-de-galilea-153\/#breadcrumb"},"inLanguage":"es","potentialAction":[{"@type":"ReadAction","target":["https:\/\/www.cpl.es\/galilea\/con-el-num-11-de-galilea-153\/"]}]},{"@type":"BreadcrumbList","@id":"https:\/\/www.cpl.es\/galilea\/con-el-num-11-de-galilea-153\/#breadcrumb","itemListElement":[{"@type":"ListItem","position":1,"name":"Home","item":"https:\/\/www.cpl.es\/galilea\/"},{"@type":"ListItem","position":2,"name":"Materiales con el n\u00fam. 11 de Galilea.153"}]},{"@type":"WebSite","@id":"https:\/\/www.cpl.es\/galilea\/#website","url":"https:\/\/www.cpl.es\/galilea\/","name":"Galilea.153","description":"Liturgia, pastoral, vida cristiana","publisher":{"@id":"https:\/\/www.cpl.es\/galilea\/#organization"},"potentialAction":[{"@type":"SearchAction","target":{"@type":"EntryPoint","urlTemplate":"https:\/\/www.cpl.es\/galilea\/?s={search_term_string}"},"query-input":{"@type":"PropertyValueSpecification","valueRequired":true,"valueName":"search_term_string"}}],"inLanguage":"es"},{"@type":"Organization","@id":"https:\/\/www.cpl.es\/galilea\/#organization","name":"Centre de Pastoral Lit\u00fargica","url":"https:\/\/www.cpl.es\/galilea\/","logo":{"@type":"ImageObject","inLanguage":"es","@id":"https:\/\/www.cpl.es\/galilea\/#\/schema\/logo\/image\/","url":"https:\/\/i0.wp.com\/ivory-newt-719188.hostingersite.com\/wp-content\/uploads\/2022\/10\/perfil-xarxes-400x400-1.jpg?fit=400%2C400&ssl=1","contentUrl":"https:\/\/i0.wp.com\/ivory-newt-719188.hostingersite.com\/wp-content\/uploads\/2022\/10\/perfil-xarxes-400x400-1.jpg?fit=400%2C400&ssl=1","width":400,"height":400,"caption":"Centre de Pastoral Lit\u00fargica"},"image":{"@id":"https:\/\/www.cpl.es\/galilea\/#\/schema\/logo\/image\/"},"sameAs":["https:\/\/www.facebook.com\/CPLeditorial","https:\/\/x.com\/CPLeditorial","https:\/\/www.instagram.com\/cpleditorial\/","https:\/\/www.youtube.com\/c\/CentredePastoralLitrgicaCPL"]}]}},"_links":{"self":[{"href":"https:\/\/www.cpl.es\/galilea\/wp-json\/wp\/v2\/pages\/1240"}],"collection":[{"href":"https:\/\/www.cpl.es\/galilea\/wp-json\/wp\/v2\/pages"}],"about":[{"href":"https:\/\/www.cpl.es\/galilea\/wp-json\/wp\/v2\/types\/page"}],"author":[{"embeddable":true,"href":"https:\/\/www.cpl.es\/galilea\/wp-json\/wp\/v2\/users\/1"}],"replies":[{"embeddable":true,"href":"https:\/\/www.cpl.es\/galilea\/wp-json\/wp\/v2\/comments?post=1240"}],"version-history":[{"count":4,"href":"https:\/\/www.cpl.es\/galilea\/wp-json\/wp\/v2\/pages\/1240\/revisions"}],"predecessor-version":[{"id":1266,"href":"https:\/\/www.cpl.es\/galilea\/wp-json\/wp\/v2\/pages\/1240\/revisions\/1266"}],"wp:attachment":[{"href":"https:\/\/www.cpl.es\/galilea\/wp-json\/wp\/v2\/media?parent=1240"}],"curies":[{"name":"wp","href":"https:\/\/api.w.org\/{rel}","templated":true}]}}