{"version":"1.0","provider_name":"Galilea.153","provider_url":"https:\/\/www.cpl.es\/galilea","title":"Daniel Carvalho: rito especial para la Amazon\u00eda","type":"rich","width":600,"height":338,"html":"<blockquote class=\"wp-embedded-content\" data-secret=\"WAng1aylQR\"><a href=\"https:\/\/www.cpl.es\/galilea\/2023\/07\/14\/daniel-carvalho-rito-especial-para-la-amazonia\/\">Daniel Carvalho: rito especial para la Amazon\u00eda<\/a><\/blockquote><iframe sandbox=\"allow-scripts\" security=\"restricted\" src=\"https:\/\/www.cpl.es\/galilea\/2023\/07\/14\/daniel-carvalho-rito-especial-para-la-amazonia\/embed\/#?secret=WAng1aylQR\" width=\"600\" height=\"338\" title=\"\u00abDaniel Carvalho: rito especial para la Amazon\u00eda\u00bb \u2014 Galilea.153\" data-secret=\"WAng1aylQR\" frameborder=\"0\" marginwidth=\"0\" marginheight=\"0\" scrolling=\"no\" class=\"wp-embedded-content\"><\/iframe><script type=\"text\/javascript\">\n\/* <![CDATA[ *\/\n\/*! This file is auto-generated *\/\n!function(d,l){\"use strict\";l.querySelector&&d.addEventListener&&\"undefined\"!=typeof URL&&(d.wp=d.wp||{},d.wp.receiveEmbedMessage||(d.wp.receiveEmbedMessage=function(e){var t=e.data;if((t||t.secret||t.message||t.value)&&!\/[^a-zA-Z0-9]\/.test(t.secret)){for(var s,r,n,a=l.querySelectorAll('iframe[data-secret=\"'+t.secret+'\"]'),o=l.querySelectorAll('blockquote[data-secret=\"'+t.secret+'\"]'),c=new RegExp(\"^https?:$\",\"i\"),i=0;i<o.length;i++)o[i].style.display=\"none\";for(i=0;i<a.length;i++)s=a[i],e.source===s.contentWindow&&(s.removeAttribute(\"style\"),\"height\"===t.message?(1e3<(r=parseInt(t.value,10))?r=1e3:~~r<200&&(r=200),s.height=r):\"link\"===t.message&&(r=new URL(s.getAttribute(\"src\")),n=new URL(t.value),c.test(n.protocol))&&n.host===r.host&&l.activeElement===s&&(d.top.location.href=t.value))}},d.addEventListener(\"message\",d.wp.receiveEmbedMessage,!1),l.addEventListener(\"DOMContentLoaded\",function(){for(var e,t,s=l.querySelectorAll(\"iframe.wp-embedded-content\"),r=0;r<s.length;r++)(t=(e=s[r]).getAttribute(\"data-secret\"))||(t=Math.random().toString(36).substring(2,12),e.src+=\"#?secret=\"+t,e.setAttribute(\"data-secret\",t)),e.contentWindow.postMessage({message:\"ready\",secret:t},\"*\")},!1)))}(window,document);\n\/* ]]> *\/\n<\/script>\n","thumbnail_url":"https:\/\/www.cpl.es\/galilea\/wp-content\/uploads\/2023\/07\/1-dom-pedro.jpg","thumbnail_width":960,"thumbnail_height":638,"description":"Carvalho, que trabaj\u00f3 con el obispo catal\u00e1n Pere Casald\u00e0liga, forma parte de la comisi\u00f3n para consolidar un rito especial para la Amazon\u00eda. \u00abPere es un intercesor en el cielo para que los actuales compromisos de preservaci\u00f3n y evangelizaci\u00f3n en la Amazon\u00eda tengan un \u00e9xito justo\u00bb, afirma."}