{"id":392,"date":"2018-07-03T17:07:29","date_gmt":"2018-07-03T15:07:29","guid":{"rendered":"http:\/\/ivory-newt-719188.hostingersite.com\/?page_id=392"},"modified":"2020-01-08T18:35:06","modified_gmt":"2020-01-08T16:35:06","slug":"con-el-num-03-de-galilea-153","status":"publish","type":"page","link":"https:\/\/www.cpl.es\/galilea\/ca\/con-el-num-03-de-galilea-153\/","title":{"rendered":"Materials amb el n\u00fam. 03 de Galilea.153"},"content":{"rendered":"<table id=\"tablepress-5\" class=\"tablepress tablepress-id-5\">\n<thead>\n<tr class=\"row-1 odd\">\n\t<th class=\"column-1\"><a href=\"http:\/\/ivory-newt-719188.hostingersite.com\/wp-content\/uploads\/2018\/07\/El-tiempo-ordinario.pdf\" rel=\"noopener\" target=\"_blank\"><figure id=\"attachment_386\" aria-describedby=\"caption-attachment-386\" style=\"width: 234px\" class=\"wp-caption alignnone\"><img loading=\"lazy\" decoding=\"async\" src=\"http:\/\/ivory-newt-719188.hostingersite.com\/wp-content\/uploads\/2018\/07\/El-tiempo-ordinario-e1530630066813.jpg\" alt=\"\" width=\"234\" height=\"370\" class=\"size-full wp-image-386\" \/><figcaption id=\"caption-attachment-386\" class=\"wp-caption-text\">El a\u00f1o lit\u00fargico, para seguir a Jes\u00fas<\/figcaption><\/figure><\/a><\/th><th class=\"column-2\"><a href=\"http:\/\/ivory-newt-719188.hostingersite.com\/wp-content\/uploads\/2018\/07\/juventud-obrera.pdf\" rel=\"noopener\" target=\"_blank\"><figure id=\"attachment_374\" aria-describedby=\"caption-attachment-374\" style=\"width: 233px\" class=\"wp-caption alignnone\"><img loading=\"lazy\" decoding=\"async\" src=\"http:\/\/ivory-newt-719188.hostingersite.com\/wp-content\/uploads\/2018\/07\/juventud-obrera.jpg\" alt=\"\" width=\"233\" height=\"370\" class=\"size-full wp-image-374\" srcset=\"https:\/\/www.cpl.es\/galilea\/wp-content\/uploads\/2018\/07\/juventud-obrera.jpg 233w, https:\/\/www.cpl.es\/galilea\/wp-content\/uploads\/2018\/07\/juventud-obrera-189x300.jpg 189w\" sizes=\"(max-width: 233px) 85vw, 233px\" \/><figcaption id=\"caption-attachment-374\" class=\"wp-caption-text\">La JOC, un mensaje vivo<\/figcaption><\/figure><\/a><\/th><th class=\"column-3\"><a href=\"http:\/\/ivory-newt-719188.hostingersite.com\/wp-content\/uploads\/2018\/07\/Evangelizar.pdf\" rel=\"noopener\" target=\"_blank\"><figure id=\"attachment_388\" aria-describedby=\"caption-attachment-388\" style=\"width: 233px\" class=\"wp-caption alignnone\"><img loading=\"lazy\" decoding=\"async\" src=\"http:\/\/ivory-newt-719188.hostingersite.com\/wp-content\/uploads\/2018\/07\/Evangelizar.jpg\" alt=\"\" width=\"233\" height=\"370\" class=\"size-full wp-image-388\" srcset=\"https:\/\/www.cpl.es\/galilea\/wp-content\/uploads\/2018\/07\/Evangelizar.jpg 233w, https:\/\/www.cpl.es\/galilea\/wp-content\/uploads\/2018\/07\/Evangelizar-189x300.jpg 189w\" sizes=\"(max-width: 233px) 85vw, 233px\" \/><figcaption id=\"caption-attachment-388\" class=\"wp-caption-text\">\u00abEstoy a la puerta  llamando...\u00bb. Una propuesta para los j\u00f3venes<\/figcaption><\/figure><\/a><\/th>\n<\/tr>\n<\/thead>\n<tbody class=\"row-hover\">\n<tr class=\"row-2 even\">\n\t<td class=\"column-1\"><a href=\"http:\/\/ivory-newt-719188.hostingersite.com\/wp-content\/uploads\/2018\/07\/Jesucristo-joven.pdf\" rel=\"noopener\" target=\"_blank\"><figure id=\"attachment_372\" aria-describedby=\"caption-attachment-372\" style=\"width: 234px\" class=\"wp-caption alignnone\"><img loading=\"lazy\" decoding=\"async\" src=\"http:\/\/ivory-newt-719188.hostingersite.com\/wp-content\/uploads\/2018\/07\/Jesucristo-joven-e1530630190386.jpg\" alt=\"\" width=\"234\" height=\"370\" class=\"size-full wp-image-372\" \/><figcaption id=\"caption-attachment-372\" class=\"wp-caption-text\">Celebrar a Jesucristo joven<\/figcaption><\/figure><\/a><\/td><td class=\"column-2\"><a href=\"http:\/\/ivory-newt-719188.hostingersite.com\/wp-content\/uploads\/2018\/07\/Mi-confirmacion.pdf\" rel=\"noopener\" target=\"_blank\"><figure id=\"attachment_376\" aria-describedby=\"caption-attachment-376\" style=\"width: 262px\" class=\"wp-caption alignnone\"><img loading=\"lazy\" decoding=\"async\" src=\"http:\/\/ivory-newt-719188.hostingersite.com\/wp-content\/uploads\/2018\/07\/Mi-confirmacion.jpg\" alt=\"\" width=\"262\" height=\"370\" class=\"size-full wp-image-376\" srcset=\"https:\/\/www.cpl.es\/galilea\/wp-content\/uploads\/2018\/07\/Mi-confirmacion.jpg 262w, https:\/\/www.cpl.es\/galilea\/wp-content\/uploads\/2018\/07\/Mi-confirmacion-212x300.jpg 212w\" sizes=\"(max-width: 262px) 85vw, 262px\" \/><figcaption id=\"caption-attachment-376\" class=\"wp-caption-text\">Mi confirmaci\u00f3n<\/figcaption><\/figure><\/a><\/td><td class=\"column-3\"><a href=\"http:\/\/ivory-newt-719188.hostingersite.com\/wp-content\/uploads\/2018\/07\/Al-estilo-de-Jes\u00fas.pdf\" rel=\"noopener\" target=\"_blank\"><figure id=\"attachment_384\" aria-describedby=\"caption-attachment-384\" style=\"width: 234px\" class=\"wp-caption alignnone\"><img loading=\"lazy\" decoding=\"async\" src=\"http:\/\/ivory-newt-719188.hostingersite.com\/wp-content\/uploads\/2018\/07\/Al-estilo-de-Jesus.jpg\" alt=\"\" width=\"234\" height=\"370\" class=\"size-full wp-image-384\" srcset=\"https:\/\/www.cpl.es\/galilea\/wp-content\/uploads\/2018\/07\/Al-estilo-de-Jesus.jpg 234w, https:\/\/www.cpl.es\/galilea\/wp-content\/uploads\/2018\/07\/Al-estilo-de-Jesus-190x300.jpg 190w\" sizes=\"(max-width: 234px) 85vw, 234px\" \/><figcaption id=\"caption-attachment-384\" class=\"wp-caption-text\">El arte de acompa\u00f1ar, desde la experiencia de la JOC<\/figcaption><\/figure><\/a><\/td>\n<\/tr>\n<tr class=\"row-3 odd\">\n\t<td class=\"column-1\"><a href=\"http:\/\/ivory-newt-719188.hostingersite.com\/wp-content\/uploads\/2018\/07\/para-avanzar.pdf\" rel=\"noopener\" target=\"_blank\"><figure id=\"attachment_378\" aria-describedby=\"caption-attachment-378\" style=\"width: 258px\" class=\"wp-caption alignnone\"><img loading=\"lazy\" decoding=\"async\" src=\"http:\/\/ivory-newt-719188.hostingersite.com\/wp-content\/uploads\/2018\/07\/para-avanzar.jpg\" alt=\"\" width=\"258\" height=\"370\" class=\"size-full wp-image-378\" srcset=\"https:\/\/www.cpl.es\/galilea\/wp-content\/uploads\/2018\/07\/para-avanzar.jpg 258w, https:\/\/www.cpl.es\/galilea\/wp-content\/uploads\/2018\/07\/para-avanzar-209x300.jpg 209w\" sizes=\"(max-width: 258px) 85vw, 258px\" \/><figcaption id=\"caption-attachment-378\" class=\"wp-caption-text\">Oraciones para avanzar en el camino de la adolescencia<\/figcaption><\/figure><\/a><\/td><td class=\"column-2\"><a href=\"http:\/\/ivory-newt-719188.hostingersite.com\/wp-content\/uploads\/2018\/07\/para-jovenes.pdf\" rel=\"noopener\" target=\"_blank\"><figure id=\"attachment_382\" aria-describedby=\"caption-attachment-382\" style=\"width: 261px\" class=\"wp-caption alignnone\"><img loading=\"lazy\" decoding=\"async\" src=\"http:\/\/ivory-newt-719188.hostingersite.com\/wp-content\/uploads\/2018\/07\/para-jovenes.jpg\" alt=\"\" width=\"261\" height=\"370\" class=\"size-full wp-image-382\" srcset=\"https:\/\/www.cpl.es\/galilea\/wp-content\/uploads\/2018\/07\/para-jovenes.jpg 261w, https:\/\/www.cpl.es\/galilea\/wp-content\/uploads\/2018\/07\/para-jovenes-212x300.jpg 212w\" sizes=\"(max-width: 261px) 85vw, 261px\" \/><figcaption id=\"caption-attachment-382\" class=\"wp-caption-text\">Oraciones para j\u00f3venes<\/figcaption><\/figure><\/a><\/td><td class=\"column-3\"><a href=\"http:\/\/ivory-newt-719188.hostingersite.com\/wp-content\/uploads\/2018\/07\/para-centros.pdf\" rel=\"noopener\" target=\"_blank\"><figure id=\"attachment_380\" aria-describedby=\"caption-attachment-380\" style=\"width: 261px\" class=\"wp-caption alignnone\"><img loading=\"lazy\" decoding=\"async\" src=\"http:\/\/ivory-newt-719188.hostingersite.com\/wp-content\/uploads\/2018\/07\/para-centros.jpg\" alt=\"\" width=\"261\" height=\"370\" class=\"size-full wp-image-380\" srcset=\"https:\/\/www.cpl.es\/galilea\/wp-content\/uploads\/2018\/07\/para-centros.jpg 261w, https:\/\/www.cpl.es\/galilea\/wp-content\/uploads\/2018\/07\/para-centros-212x300.jpg 212w\" sizes=\"(max-width: 261px) 85vw, 261px\" \/><figcaption id=\"caption-attachment-380\" class=\"wp-caption-text\">Plegarias para centros y grupos infantiles y juveniles<\/figcaption><\/figure><\/a><\/td>\n<\/tr>\n<tr class=\"row-4 even\">\n\t<td class=\"column-1\"><a href=\"http:\/\/ivory-newt-719188.hostingersite.com\/wp-content\/uploads\/2018\/07\/San-Basilio-Magno.pdf\" rel=\"noopener\" target=\"_blank\"><figure id=\"attachment_434\" aria-describedby=\"caption-attachment-434\" style=\"width: 277px\" class=\"wp-caption alignnone\"><img loading=\"lazy\" decoding=\"async\" src=\"http:\/\/ivory-newt-719188.hostingersite.com\/wp-content\/uploads\/2018\/07\/San-Basilio.jpg\" alt=\"\" width=\"277\" height=\"370\" class=\"size-full wp-image-434\" srcset=\"https:\/\/www.cpl.es\/galilea\/wp-content\/uploads\/2018\/07\/San-Basilio.jpg 277w, https:\/\/www.cpl.es\/galilea\/wp-content\/uploads\/2018\/07\/San-Basilio-225x300.jpg 225w\" sizes=\"(max-width: 277px) 85vw, 277px\" \/><figcaption id=\"caption-attachment-434\" class=\"wp-caption-text\">San Basilio el Grande<\/figcaption><\/figure><\/a><\/td><td class=\"column-2\"><\/td><td class=\"column-3\"><\/td>\n<\/tr>\n<\/tbody>\n<\/table>\n<!-- #tablepress-5 from cache -->","protected":false},"excerpt":{"rendered":"","protected":false},"author":1,"featured_media":0,"parent":0,"menu_order":0,"comment_status":"closed","ping_status":"closed","template":"","meta":{"footnotes":""},"class_list":["post-392","page","type-page","status-publish","hentry"],"yoast_head":"<!-- This site is optimized with the Yoast SEO plugin v23.5 - https:\/\/yoast.com\/wordpress\/plugins\/seo\/ -->\n<title>Materiales con el n\u00fam. 03 de Galilea.153 - Galilea.153<\/title>\n<meta name=\"robots\" content=\"index, follow, max-snippet:-1, max-image-preview:large, max-video-preview:-1\" \/>\n<link rel=\"canonical\" href=\"https:\/\/www.cpl.es\/galilea\/ca\/con-el-num-03-de-galilea-153\/\" \/>\n<meta property=\"og:locale\" content=\"ca_ES\" \/>\n<meta property=\"og:type\" content=\"article\" \/>\n<meta property=\"og:title\" content=\"Materiales con el n\u00fam. 03 de Galilea.153 - Galilea.153\" \/>\n<meta property=\"og:url\" content=\"https:\/\/www.cpl.es\/galilea\/ca\/con-el-num-03-de-galilea-153\/\" \/>\n<meta property=\"og:site_name\" content=\"Galilea.153\" \/>\n<meta property=\"article:publisher\" content=\"https:\/\/www.facebook.com\/CPLeditorial\" \/>\n<meta property=\"article:modified_time\" content=\"2020-01-08T16:35:06+00:00\" \/>\n<meta name=\"twitter:card\" content=\"summary_large_image\" \/>\n<meta name=\"twitter:site\" content=\"@CPLeditorial\" \/>\n<script type=\"application\/ld+json\" class=\"yoast-schema-graph\">{\"@context\":\"https:\/\/schema.org\",\"@graph\":[{\"@type\":\"WebPage\",\"@id\":\"https:\/\/www.cpl.es\/galilea\/con-el-num-03-de-galilea-153\/\",\"url\":\"https:\/\/www.cpl.es\/galilea\/con-el-num-03-de-galilea-153\/\",\"name\":\"Materiales con el n\u00fam. 03 de Galilea.153 - Galilea.153\",\"isPartOf\":{\"@id\":\"https:\/\/www.cpl.es\/galilea\/#website\"},\"datePublished\":\"2018-07-03T15:07:29+00:00\",\"dateModified\":\"2020-01-08T16:35:06+00:00\",\"breadcrumb\":{\"@id\":\"https:\/\/www.cpl.es\/galilea\/con-el-num-03-de-galilea-153\/#breadcrumb\"},\"inLanguage\":\"ca\",\"potentialAction\":[{\"@type\":\"ReadAction\",\"target\":[\"https:\/\/www.cpl.es\/galilea\/con-el-num-03-de-galilea-153\/\"]}]},{\"@type\":\"BreadcrumbList\",\"@id\":\"https:\/\/www.cpl.es\/galilea\/con-el-num-03-de-galilea-153\/#breadcrumb\",\"itemListElement\":[{\"@type\":\"ListItem\",\"position\":1,\"name\":\"Home\",\"item\":\"https:\/\/www.cpl.es\/galilea\/\"},{\"@type\":\"ListItem\",\"position\":2,\"name\":\"Materiales con el n\u00fam. 03 de Galilea.153\"}]},{\"@type\":\"WebSite\",\"@id\":\"https:\/\/www.cpl.es\/galilea\/#website\",\"url\":\"https:\/\/www.cpl.es\/galilea\/\",\"name\":\"Galilea.153\",\"description\":\"Liturgia, pastoral, vida cristiana\",\"publisher\":{\"@id\":\"https:\/\/www.cpl.es\/galilea\/#organization\"},\"potentialAction\":[{\"@type\":\"SearchAction\",\"target\":{\"@type\":\"EntryPoint\",\"urlTemplate\":\"https:\/\/www.cpl.es\/galilea\/?s={search_term_string}\"},\"query-input\":{\"@type\":\"PropertyValueSpecification\",\"valueRequired\":true,\"valueName\":\"search_term_string\"}}],\"inLanguage\":\"ca\"},{\"@type\":\"Organization\",\"@id\":\"https:\/\/www.cpl.es\/galilea\/#organization\",\"name\":\"Centre de Pastoral Lit\u00fargica\",\"url\":\"https:\/\/www.cpl.es\/galilea\/\",\"logo\":{\"@type\":\"ImageObject\",\"inLanguage\":\"ca\",\"@id\":\"https:\/\/www.cpl.es\/galilea\/#\/schema\/logo\/image\/\",\"url\":\"https:\/\/i0.wp.com\/ivory-newt-719188.hostingersite.com\/wp-content\/uploads\/2022\/10\/perfil-xarxes-400x400-1.jpg?fit=400%2C400&ssl=1\",\"contentUrl\":\"https:\/\/i0.wp.com\/ivory-newt-719188.hostingersite.com\/wp-content\/uploads\/2022\/10\/perfil-xarxes-400x400-1.jpg?fit=400%2C400&ssl=1\",\"width\":400,\"height\":400,\"caption\":\"Centre de Pastoral Lit\u00fargica\"},\"image\":{\"@id\":\"https:\/\/www.cpl.es\/galilea\/#\/schema\/logo\/image\/\"},\"sameAs\":[\"https:\/\/www.facebook.com\/CPLeditorial\",\"https:\/\/x.com\/CPLeditorial\",\"https:\/\/www.instagram.com\/cpleditorial\/\",\"https:\/\/www.youtube.com\/c\/CentredePastoralLitrgicaCPL\"]}]}<\/script>\n<!-- \/ Yoast SEO plugin. -->","yoast_head_json":{"title":"Materiales con el n\u00fam. 03 de Galilea.153 - Galilea.153","robots":{"index":"index","follow":"follow","max-snippet":"max-snippet:-1","max-image-preview":"max-image-preview:large","max-video-preview":"max-video-preview:-1"},"canonical":"https:\/\/www.cpl.es\/galilea\/ca\/con-el-num-03-de-galilea-153\/","og_locale":"ca_ES","og_type":"article","og_title":"Materiales con el n\u00fam. 03 de Galilea.153 - Galilea.153","og_url":"https:\/\/www.cpl.es\/galilea\/ca\/con-el-num-03-de-galilea-153\/","og_site_name":"Galilea.153","article_publisher":"https:\/\/www.facebook.com\/CPLeditorial","article_modified_time":"2020-01-08T16:35:06+00:00","twitter_card":"summary_large_image","twitter_site":"@CPLeditorial","schema":{"@context":"https:\/\/schema.org","@graph":[{"@type":"WebPage","@id":"https:\/\/www.cpl.es\/galilea\/con-el-num-03-de-galilea-153\/","url":"https:\/\/www.cpl.es\/galilea\/con-el-num-03-de-galilea-153\/","name":"Materiales con el n\u00fam. 03 de Galilea.153 - Galilea.153","isPartOf":{"@id":"https:\/\/www.cpl.es\/galilea\/#website"},"datePublished":"2018-07-03T15:07:29+00:00","dateModified":"2020-01-08T16:35:06+00:00","breadcrumb":{"@id":"https:\/\/www.cpl.es\/galilea\/con-el-num-03-de-galilea-153\/#breadcrumb"},"inLanguage":"ca","potentialAction":[{"@type":"ReadAction","target":["https:\/\/www.cpl.es\/galilea\/con-el-num-03-de-galilea-153\/"]}]},{"@type":"BreadcrumbList","@id":"https:\/\/www.cpl.es\/galilea\/con-el-num-03-de-galilea-153\/#breadcrumb","itemListElement":[{"@type":"ListItem","position":1,"name":"Home","item":"https:\/\/www.cpl.es\/galilea\/"},{"@type":"ListItem","position":2,"name":"Materiales con el n\u00fam. 03 de Galilea.153"}]},{"@type":"WebSite","@id":"https:\/\/www.cpl.es\/galilea\/#website","url":"https:\/\/www.cpl.es\/galilea\/","name":"Galilea.153","description":"Liturgia, pastoral, vida cristiana","publisher":{"@id":"https:\/\/www.cpl.es\/galilea\/#organization"},"potentialAction":[{"@type":"SearchAction","target":{"@type":"EntryPoint","urlTemplate":"https:\/\/www.cpl.es\/galilea\/?s={search_term_string}"},"query-input":{"@type":"PropertyValueSpecification","valueRequired":true,"valueName":"search_term_string"}}],"inLanguage":"ca"},{"@type":"Organization","@id":"https:\/\/www.cpl.es\/galilea\/#organization","name":"Centre de Pastoral Lit\u00fargica","url":"https:\/\/www.cpl.es\/galilea\/","logo":{"@type":"ImageObject","inLanguage":"ca","@id":"https:\/\/www.cpl.es\/galilea\/#\/schema\/logo\/image\/","url":"https:\/\/i0.wp.com\/ivory-newt-719188.hostingersite.com\/wp-content\/uploads\/2022\/10\/perfil-xarxes-400x400-1.jpg?fit=400%2C400&ssl=1","contentUrl":"https:\/\/i0.wp.com\/ivory-newt-719188.hostingersite.com\/wp-content\/uploads\/2022\/10\/perfil-xarxes-400x400-1.jpg?fit=400%2C400&ssl=1","width":400,"height":400,"caption":"Centre de Pastoral Lit\u00fargica"},"image":{"@id":"https:\/\/www.cpl.es\/galilea\/#\/schema\/logo\/image\/"},"sameAs":["https:\/\/www.facebook.com\/CPLeditorial","https:\/\/x.com\/CPLeditorial","https:\/\/www.instagram.com\/cpleditorial\/","https:\/\/www.youtube.com\/c\/CentredePastoralLitrgicaCPL"]}]}},"_links":{"self":[{"href":"https:\/\/www.cpl.es\/galilea\/ca\/wp-json\/wp\/v2\/pages\/392"}],"collection":[{"href":"https:\/\/www.cpl.es\/galilea\/ca\/wp-json\/wp\/v2\/pages"}],"about":[{"href":"https:\/\/www.cpl.es\/galilea\/ca\/wp-json\/wp\/v2\/types\/page"}],"author":[{"embeddable":true,"href":"https:\/\/www.cpl.es\/galilea\/ca\/wp-json\/wp\/v2\/users\/1"}],"replies":[{"embeddable":true,"href":"https:\/\/www.cpl.es\/galilea\/ca\/wp-json\/wp\/v2\/comments?post=392"}],"version-history":[{"count":2,"href":"https:\/\/www.cpl.es\/galilea\/ca\/wp-json\/wp\/v2\/pages\/392\/revisions"}],"predecessor-version":[{"id":1259,"href":"https:\/\/www.cpl.es\/galilea\/ca\/wp-json\/wp\/v2\/pages\/392\/revisions\/1259"}],"wp:attachment":[{"href":"https:\/\/www.cpl.es\/galilea\/ca\/wp-json\/wp\/v2\/media?parent=392"}],"curies":[{"name":"wp","href":"https:\/\/api.w.org\/{rel}","templated":true}]}}