{"id":196,"date":"2023-09-27T11:04:07","date_gmt":"2023-09-27T09:04:07","guid":{"rendered":"https:\/\/nuevaweb.cpl.es\/?post_type=revista&#038;p=196"},"modified":"2026-04-17T11:22:28","modified_gmt":"2026-04-17T09:22:28","slug":"galilea-153-ca","status":"publish","type":"revista","link":"https:\/\/www.cpl.es\/ca\/revista\/galilea-153-ca\/","title":{"rendered":"Galilea. 153-CA"},"content":{"rendered":"<p><em>Galilea.153 Lit\u00fargia, pastoral, vida cristiana <\/em>\u00e9s una revista des d'on volem establir ponts entre la comunitat que celebra i totes les realitats on es manifesta la vida cristiana. I tamb\u00e9 volem apropar-nos a realitats que aparentment estan allunyades dels nostres temples, per\u00f2 que s\u00f3n on es fa present el mateix Crist tal com ens diu l'evangeli de Mateu, en el cap\u00edtol 25: presons, sense sostre, immigrants\u2026<\/p>\n<p>Aquesta revista t\u00e9 una periodicitat bimensual i est\u00e0 adre\u00e7ada al la\u00efcat i pensada per contribuir a la formaci\u00f3 dels equips de lit\u00fargia, per\u00f2 tamb\u00e9, per facilitar instruments pr\u00e0ctics per al treball pastoral, aix\u00ed com, per aprofundir en la lit\u00fargia des dels molt diversos \u00e0mbits de la vida de les nostres comunitats cristianes.<\/p>\n<p>De la direcci\u00f3 se n'ocupa <a href=\"https:\/\/www.cpl.es\/ca\/membre\/elisenda-almirall\/?sec=revista\">Elisenda Almirall<\/a>, amb un equip de redacci\u00f3 format per Antoni M.C. Canal, <a href=\"https:\/\/www.cpl.es\/ca\/membre\/lino-emilio-diez\/\">Lino Emilio D\u00edez<\/a>, <a href=\"https:\/\/www.cpl.es\/ca\/membre\/jaume-fontbona\/\">Jaume Fontbona<\/a>, <a href=\"https:\/\/www.cpl.es\/ca\/membre\/maria-guarch\/\">Maria Guarch<\/a>,<a href=\"https:\/\/www.cpl.es\/ca\/membre\/quiteria-guirao\/\"> Quiteria Guirao<\/a>, Dani L\u00f3pez i <a href=\"https:\/\/www.cpl.es\/ca\/membre\/m-angels-termes\/\">M. \u00c0ngels Termes<\/a> i un consell assessor plural que decideix el contingut anual de la revista.<\/p>\n","protected":false},"featured_media":28767,"template":"","meta":{"_acf_changed":false,"inline_featured_image":false},"class_list":["post-196","revista","type-revista","status-publish","has-post-thumbnail","hentry"],"acf":{"titulo":"Galilea. 153","idioma":"ca","miembros":[{"ID":11391,"post_author":"1","post_date":"2023-11-24 13:33:34","post_date_gmt":"2023-11-24 12:33:34","post_content":"<strong>M. \u00c0ngels Termes Ferr\u00e9.\u00a0<\/strong>Nascuda a Barcelona l\u2019any 1956, laica. Va estudiar magisteri. En l\u2019actualitat jubilada, despr\u00e9s d\u2019una vida laboral dedicada a les arts gr\u00e0fiques. Viu al barri i \u00e9s feligresa de Sant Mart\u00ed de Proven\u00e7als de Barcelona. \u00c9s membre del Centre de Pastoral Lit\u00fargica. Ha estat la directora de la revista del CPL <em>Galilea.153\u00a0<\/em>(2018-2021).\r\n\r\nMembre del Centre de Pastoral Lit\u00fargica, secret\u00e0ria del Consell de l'entitat i membre del consell de redacci\u00f3 de la revista <em>Galilea.153 Lit\u00fargia, pastoral, vida cristiana<\/em>.","post_title":"M. \u00c0ngels Termes","post_excerpt":"","post_status":"publish","comment_status":"closed","ping_status":"closed","post_password":"","post_name":"m-angels-termes","to_ping":"","pinged":"","post_modified":"2024-04-30 17:02:23","post_modified_gmt":"2024-04-30 15:02:23","post_content_filtered":"","post_parent":0,"guid":"https:\/\/nuevaweb.cpl.es\/?post_type=miembro&#038;p=11391","menu_order":0,"post_type":"miembro","post_mime_type":"","comment_count":"0","filter":"raw"},{"ID":11392,"post_author":"1","post_date":"2023-11-24 13:32:59","post_date_gmt":"2023-11-24 12:32:59","post_content":"<strong>Quiteria Guirao Abell\u00e1n.\u00a0<\/strong>Nascuda a Matar\u00f3 (1963), laica, casada. Militant de l\u2019Acci\u00f3 Cat\u00f2lica Obrera (ACO) \u00a0del bisbat de Barcelona a\u00a0 la zona de Matar\u00f3. Va ser responsable de la Joventut Barris Cristiana (JOBAC)\u00a0\u00a0i regidora de participaci\u00f3 i sostenibilitat a l\u2019Ajuntament de Matar\u00f3 (1995-2010). Els seus \u00e0mbits de comprom\u00eds i coneixement s\u00f3n els mediambientals, de g\u00e8nere i cristi\u00e0. Treballa en el Centre de Pastoral Lit\u00fargica, t\u00e9 les funcions de secretaria de las revista <a href=\"https:\/\/www.cpl.es\/revista\/phase\/\"><em>Phase <\/em><\/a>i <a href=\"https:\/\/www.cpl.es\/ca\/revista\/galilea-153-ca\/\"><em>Galilea.153 Lit\u00fargia, pastoral, vida cristiana<\/em><\/a>.\r\n\r\n\u00c9s membre del Centre de Pastoral Lit\u00fargica des de 2014 i del Consell de la revista Galilea.153.","post_title":"Quiteria Guirao","post_excerpt":"","post_status":"publish","comment_status":"closed","ping_status":"closed","post_password":"","post_name":"quiteria-guirao","to_ping":"","pinged":"","post_modified":"2026-04-17 11:17:32","post_modified_gmt":"2026-04-17 09:17:32","post_content_filtered":"","post_parent":0,"guid":"https:\/\/nuevaweb.cpl.es\/?post_type=miembro&#038;p=11392","menu_order":0,"post_type":"miembro","post_mime_type":"","comment_count":"0","filter":"raw"},{"ID":11393,"post_author":"1","post_date":"2023-11-24 13:32:24","post_date_gmt":"2023-11-24 12:32:24","post_content":"<strong>Maria Guarch i Parera<\/strong>. Nascuda a Barcelona l\u2019any 1990, laica. \u00c9s Fil\u00f2loga catalana. Ha estat militant i responsable federal de la Joventut Obrera Cristiana (JOC) Nacional de Catalunya i les Illes (2008-2020) i actualment est\u00e0 implicada a l\u2019Acci\u00f3 Cat\u00f2lica Obrera (ACO) del bisbat de Barcelona, a la zona de Nou Barris. \u00c9s colaboradora en el programa <a href=\"https:\/\/www.radioestel.cat\/llista_programes.php?idprg=51\"><em>Llevat dins la pasta<\/em><\/a>\u00a0de la Pastoral Obrera de Catalunya a R\u00e0dio Estel i amb la revista <a href=\"https:\/\/elpunxo.wordpress.com\/\">l'Agulla<\/a>.\r\n\r\n\u00c9s membre del Centre de Pastoral Lit\u00fargica, del Consell de la revista <a href=\"http:\/\/galilea153.cpl.es\/\"><em>Galilea.153 Lit\u00fargia, espiritualitat, vida cristiana <\/em><\/a>i secret\u00e0ria de la revista <a href=\"https:\/\/www.cpl.es\/revistas\/revista\/MD2\"><em>Missa Dominical<\/em><\/a>. Responsable de publicaciones de l'entitat (2024).","post_title":"Maria Guarch","post_excerpt":"","post_status":"publish","comment_status":"closed","ping_status":"closed","post_password":"","post_name":"maria-guarch","to_ping":"","pinged":"","post_modified":"2025-09-10 08:53:08","post_modified_gmt":"2025-09-10 06:53:08","post_content_filtered":"","post_parent":0,"guid":"https:\/\/nuevaweb.cpl.es\/?post_type=miembro&#038;p=11393","menu_order":0,"post_type":"miembro","post_mime_type":"","comment_count":"0","filter":"raw"},{"ID":11408,"post_author":"1","post_date":"2023-11-24 12:12:39","post_date_gmt":"2023-11-24 11:12:39","post_content":"<strong>Lino Emilio D\u00edez Valladares.<\/strong>\u00a0Nascut a Madrid el 1962, de fam\u00edlia lleonesa. Religi\u00f3s sacrament\u00ed (1981), prevere (1987). Rector de Nuestra Se\u00f1ora del Sant\u00edsimo Sacramento, Madrid, des de setembre de 2004. Doctor en sagrada lit\u00fargia pel\u00a0Pontifici Institut Lit\u00fargic de l'Ateneu Sant Anselm (Roma, 2002).\r\n\r\nVa ser professor de lit\u00fargia a la Facultat de Teologia de la Universitat Pontif\u00edcia Comillas de Madrid (2006-2016). \u00c9s professor de \u00abPastoral lit\u00fargica\u00bb (2014- ...) i \u00abPastoral dels sagraments\u00bb (2015- ...) en l'Institut Superior de Pastoral de la Facultat de Teologia de la Universitat Pontif\u00edcia de Salamanca, a Madrid, aix\u00ed com tamb\u00e9 en l\u2019Institut Teol\u00f2gic de Vida Religiosa (UPSA, Madrid) i a l'Escola Regina Apostolorum (Madrid); a m\u00e9s, imparteix cursos a l'Escola de Lit\u00fargia de l'Institut Superior de Ci\u00e8ncies Religioses \u00abSan Isidoro y San Leandro\u00bb de Sevilla (2006- ...).\r\n\r\nVa ser assessor permanent del Secretariat de la Comissi\u00f3 Episcopal de Lit\u00fargia de la Confer\u00e8ncia Episcopal Espanyola (febrer 2003-febrer 2015), va ser secretari de les Comissions de revisi\u00f3 de la traducci\u00f3 castellana per a Espanya de la tercera edici\u00f3 t\u00edpica del Missal Rom\u00e0 (2003-2010) i de la Comissi\u00f3 de revisi\u00f3 dels leccionaris lit\u00fargics (2011-2014). \u00c9s assessor del delegat nacional per als Congressos Eucar\u00edstics Internacionals de la Confer\u00e8ncia Episcopal Espanyola (juny 2011- ...).\r\n\r\nMembre de la Delegaci\u00f3 Episcopal de Lit\u00fargia i Patrimoni de l'Arxidi\u00f2cesi de Madrid, i de l'Associaci\u00f3 Espanyola de Professors de Lit\u00fargia. Ha publicat m\u00e9s d'un centenar d'articles i col\u00b7laboracions en revistes especialitzades, en obres col\u00b7lectives, etc.\r\n\r\nMembre del Centre de Pastoral Lit\u00fargica des del 2020, col\u00b7laborador en la\u00a0revista\u00a0<a href=\"https:\/\/www.cpl.es\/ca\/revista\/missa-dominical\/\"><em>Missa Dominical<\/em><\/a> i membre dels equips de redacci\u00f3 de les revistes <a href=\"https:\/\/www.cpl.es\/ca\/revista\/phase\/\"><em>Phase<\/em> <\/a>i \u00a0<a href=\"https:\/\/www.cpl.es\/ca\/revista\/galilea-153-ca\/\"><em>Galilea.153 Lit\u00fargia, pastoral, vida cristiana<\/em><\/a>.","post_title":"Lino Emilio D\u00edez","post_excerpt":"","post_status":"publish","comment_status":"closed","ping_status":"closed","post_password":"","post_name":"lino-emilio-diez","to_ping":"","pinged":"","post_modified":"2024-11-18 13:57:54","post_modified_gmt":"2024-11-18 12:57:54","post_content_filtered":"","post_parent":0,"guid":"https:\/\/nuevaweb.cpl.es\/?post_type=miembro&#038;p=11408","menu_order":0,"post_type":"miembro","post_mime_type":"","comment_count":"0","filter":"raw"},{"ID":11407,"post_author":"1","post_date":"2023-11-24 12:14:14","post_date_gmt":"2023-11-24 11:14:14","post_content":"<strong>Jaume Fontbona Miss\u00e9<\/strong>, prevere de l'Esgl\u00e9sia de Barcelona, va n\u00e9ixer a Arenys de Munt (Barcelona) el 1958. Doctor en Teologia per la Pontif\u00edcia Universitat Gregoriana de Roma. Premi Roberto Bellarmino 1994 i<em>\u00a0Premi Ecum\u00e8nic Universit\u00e0ri\u00a01996\u00a0<\/em>atorgat pel Pontifici Consell per a la promoci\u00f3 de la Unitat dels Cristians. Consiliari nacional de la JOC de Catalunya i les Illes; acompanya com a consiliari en moviments d'Acci\u00f3 Cat\u00f2lica d\u2019infants (MIJAC), joves (JOC) y adults (ACO i MCA). Vicari parroquial a les parr\u00f2quies del Sagrat Cor, i de Santa Maria del Taulat i Bernat Calv\u00f3 de Poblenou de Barcelona. Membre de l'<a href=\"https:\/\/www.abcat.cat\/\">Associaci\u00f3 B\u00edblica de Catalunya<\/a> i\u00a0de l\u2019<a href=\"https:\/\/www.sacerdotesdelprado.org\/\">Associaci\u00f3 de Sacerdots del Prado<\/a>. Professor ordinari de la Facultat de Teologia de Catalunya, on imparteix sacramentologia, els sagraments de la iniciaci\u00f3 cristiana i de ministeri ordenat. Ha escrit <a href=\"https:\/\/www.cpl.es\/ca\/cataleg\/?b=Fontbona\">diversos llibres<\/a> sobre els sagraments de la iniciaci\u00f3 cristiana i el ministeri ordenat.\r\n\r\nMembre del Centre de pastoral Lit\u00fargica des de 1985, el seu president de 2008 a 2017 i, novament, des de 2025. Ha estat director de la col\u00b7lecci\u00f3 <em>Biblioteca Lit\u00fargica<\/em> i de la revista <em>Phase<\/em>. Actualment \u00e9s director de la revista\u00a0<em>Missa Dominical<\/em>.","post_title":"Jaume Fontbona","post_excerpt":"","post_status":"publish","comment_status":"closed","ping_status":"closed","post_password":"","post_name":"jaume-fontbona","to_ping":"","pinged":"","post_modified":"2026-02-27 13:49:43","post_modified_gmt":"2026-02-27 12:49:43","post_content_filtered":"","post_parent":0,"guid":"https:\/\/nuevaweb.cpl.es\/?post_type=miembro&#038;p=11407","menu_order":0,"post_type":"miembro","post_mime_type":"","comment_count":"0","filter":"raw"}],"codigo":"gll","membresia":[12432],"susc_fisica":[12429],"susc_digital":[12385],"opinion_1":"","opinion_2":"","opinion_3":"","opinion_4":"","contenido_extra_titulo":"Blog","contenido_extra":"<p>Benvingut al blog de Galilea.153. Aqu\u00ed trobar\u00e0s articles, entrevistes i reflexions sobre lit\u00fargia, pastoral i vida cristiana.<\/p>\n","publicaciones_titulo":"Entrades del blog"},"yoast_head":"<!-- This site is optimized with the Yoast SEO plugin v27.3 - https:\/\/yoast.com\/product\/yoast-seo-wordpress\/ -->\n<title>Galilea. 153-CA - CPL<\/title>\n<meta name=\"description\" content=\"Galilea.153 \u00e9s una revista adre\u00e7ada al la\u00efcat i pensada per contribuir a la formaci\u00f3 dels equips de lit\u00fargia i al treball pastoral.\" \/>\n<meta name=\"robots\" content=\"index, follow, max-snippet:-1, max-image-preview:large, max-video-preview:-1\" \/>\n<link rel=\"canonical\" href=\"https:\/\/www.cpl.es\/ca\/revista\/galilea-153-ca\/\" \/>\n<meta property=\"og:locale\" content=\"ca_ES\" \/>\n<meta property=\"og:type\" content=\"article\" \/>\n<meta property=\"og:title\" content=\"Galilea. 153-CA - CPL\" \/>\n<meta property=\"og:description\" content=\"Galilea.153 \u00e9s una revista adre\u00e7ada al la\u00efcat i pensada per contribuir a la formaci\u00f3 dels equips de lit\u00fargia i al treball pastoral.\" \/>\n<meta property=\"og:url\" content=\"https:\/\/www.cpl.es\/ca\/revista\/galilea-153-ca\/\" \/>\n<meta property=\"og:site_name\" content=\"CPL\" \/>\n<meta property=\"article:modified_time\" content=\"2026-04-17T09:22:28+00:00\" \/>\n<meta property=\"og:image\" content=\"https:\/\/www.cpl.es\/wp-content\/uploads\/Galilea153-48-migracio.jpg\" \/>\n\t<meta property=\"og:image:width\" content=\"453\" \/>\n\t<meta property=\"og:image:height\" content=\"640\" \/>\n\t<meta property=\"og:image:type\" content=\"image\/jpeg\" \/>\n<meta name=\"twitter:card\" content=\"summary_large_image\" \/>\n<meta name=\"twitter:label1\" content=\"Temps estimat de lectura\" \/>\n\t<meta name=\"twitter:data1\" content=\"1 minut\" \/>\n<script type=\"application\/ld+json\" class=\"yoast-schema-graph\">{\"@context\":\"https:\\\/\\\/schema.org\",\"@graph\":[{\"@type\":\"WebPage\",\"@id\":\"https:\\\/\\\/www.cpl.es\\\/ca\\\/revista\\\/galilea-153-ca\\\/\",\"url\":\"https:\\\/\\\/www.cpl.es\\\/ca\\\/revista\\\/galilea-153-ca\\\/\",\"name\":\"Galilea. 153-CA - CPL\",\"isPartOf\":{\"@id\":\"https:\\\/\\\/www.cpl.es\\\/#website\"},\"primaryImageOfPage\":{\"@id\":\"https:\\\/\\\/www.cpl.es\\\/ca\\\/revista\\\/galilea-153-ca\\\/#primaryimage\"},\"image\":{\"@id\":\"https:\\\/\\\/www.cpl.es\\\/ca\\\/revista\\\/galilea-153-ca\\\/#primaryimage\"},\"thumbnailUrl\":\"https:\\\/\\\/www.cpl.es\\\/wp-content\\\/uploads\\\/Galilea153-48-migracio.jpg\",\"datePublished\":\"2023-09-27T09:04:07+00:00\",\"dateModified\":\"2026-04-17T09:22:28+00:00\",\"description\":\"Galilea.153 \u00e9s una revista adre\u00e7ada al la\u00efcat i pensada per contribuir a la formaci\u00f3 dels equips de lit\u00fargia i al treball pastoral.\",\"breadcrumb\":{\"@id\":\"https:\\\/\\\/www.cpl.es\\\/ca\\\/revista\\\/galilea-153-ca\\\/#breadcrumb\"},\"inLanguage\":\"ca\",\"potentialAction\":[{\"@type\":\"ReadAction\",\"target\":[\"https:\\\/\\\/www.cpl.es\\\/ca\\\/revista\\\/galilea-153-ca\\\/\"]}]},{\"@type\":\"ImageObject\",\"inLanguage\":\"ca\",\"@id\":\"https:\\\/\\\/www.cpl.es\\\/ca\\\/revista\\\/galilea-153-ca\\\/#primaryimage\",\"url\":\"https:\\\/\\\/www.cpl.es\\\/wp-content\\\/uploads\\\/Galilea153-48-migracio.jpg\",\"contentUrl\":\"https:\\\/\\\/www.cpl.es\\\/wp-content\\\/uploads\\\/Galilea153-48-migracio.jpg\",\"width\":453,\"height\":640},{\"@type\":\"BreadcrumbList\",\"@id\":\"https:\\\/\\\/www.cpl.es\\\/ca\\\/revista\\\/galilea-153-ca\\\/#breadcrumb\",\"itemListElement\":[{\"@type\":\"ListItem\",\"position\":1,\"name\":\"Portada\",\"item\":\"https:\\\/\\\/www.cpl.es\\\/ca\\\/\"},{\"@type\":\"ListItem\",\"position\":2,\"name\":\"Revistas\",\"item\":\"https:\\\/\\\/www.cpl.es\\\/revista\\\/\"},{\"@type\":\"ListItem\",\"position\":3,\"name\":\"Galilea. 153-CA\"}]},{\"@type\":\"WebSite\",\"@id\":\"https:\\\/\\\/www.cpl.es\\\/#website\",\"url\":\"https:\\\/\\\/www.cpl.es\\\/\",\"name\":\"CPL\",\"description\":\"Centre de Pastoral Lit\u00fargica de Barcelona\",\"publisher\":{\"@id\":\"https:\\\/\\\/www.cpl.es\\\/#organization\"},\"alternateName\":\"Centre de Pastoral Lit\u00fargica\",\"potentialAction\":[{\"@type\":\"SearchAction\",\"target\":{\"@type\":\"EntryPoint\",\"urlTemplate\":\"https:\\\/\\\/www.cpl.es\\\/?s={search_term_string}\"},\"query-input\":{\"@type\":\"PropertyValueSpecification\",\"valueRequired\":true,\"valueName\":\"search_term_string\"}}],\"inLanguage\":\"ca\"},{\"@type\":\"Organization\",\"@id\":\"https:\\\/\\\/www.cpl.es\\\/#organization\",\"name\":\"Centre de Pastoral Lit\u00fargica\",\"alternateName\":\"Centre de Pastoral Lit\u00fargica de Barcelona\",\"url\":\"https:\\\/\\\/www.cpl.es\\\/\",\"logo\":{\"@type\":\"ImageObject\",\"inLanguage\":\"ca\",\"@id\":\"https:\\\/\\\/www.cpl.es\\\/#\\\/schema\\\/logo\\\/image\\\/\",\"url\":\"https:\\\/\\\/www.cpl.es\\\/wp-content\\\/uploads\\\/logo-cpl.svg\",\"contentUrl\":\"https:\\\/\\\/www.cpl.es\\\/wp-content\\\/uploads\\\/logo-cpl.svg\",\"caption\":\"Centre de Pastoral Lit\u00fargica\"},\"image\":{\"@id\":\"https:\\\/\\\/www.cpl.es\\\/#\\\/schema\\\/logo\\\/image\\\/\"}}]}<\/script>\n<!-- \/ Yoast SEO plugin. -->","yoast_head_json":{"title":"Galilea. 153-CA - CPL","description":"Galilea.153 \u00e9s una revista adre\u00e7ada al la\u00efcat i pensada per contribuir a la formaci\u00f3 dels equips de lit\u00fargia i al treball pastoral.","robots":{"index":"index","follow":"follow","max-snippet":"max-snippet:-1","max-image-preview":"max-image-preview:large","max-video-preview":"max-video-preview:-1"},"canonical":"https:\/\/www.cpl.es\/ca\/revista\/galilea-153-ca\/","og_locale":"ca_ES","og_type":"article","og_title":"Galilea. 153-CA - CPL","og_description":"Galilea.153 \u00e9s una revista adre\u00e7ada al la\u00efcat i pensada per contribuir a la formaci\u00f3 dels equips de lit\u00fargia i al treball pastoral.","og_url":"https:\/\/www.cpl.es\/ca\/revista\/galilea-153-ca\/","og_site_name":"CPL","article_modified_time":"2026-04-17T09:22:28+00:00","og_image":[{"width":453,"height":640,"url":"https:\/\/www.cpl.es\/wp-content\/uploads\/Galilea153-48-migracio.jpg","type":"image\/jpeg"}],"twitter_card":"summary_large_image","twitter_misc":{"Temps estimat de lectura":"1 minut"},"schema":{"@context":"https:\/\/schema.org","@graph":[{"@type":"WebPage","@id":"https:\/\/www.cpl.es\/ca\/revista\/galilea-153-ca\/","url":"https:\/\/www.cpl.es\/ca\/revista\/galilea-153-ca\/","name":"Galilea. 153-CA - CPL","isPartOf":{"@id":"https:\/\/www.cpl.es\/#website"},"primaryImageOfPage":{"@id":"https:\/\/www.cpl.es\/ca\/revista\/galilea-153-ca\/#primaryimage"},"image":{"@id":"https:\/\/www.cpl.es\/ca\/revista\/galilea-153-ca\/#primaryimage"},"thumbnailUrl":"https:\/\/www.cpl.es\/wp-content\/uploads\/Galilea153-48-migracio.jpg","datePublished":"2023-09-27T09:04:07+00:00","dateModified":"2026-04-17T09:22:28+00:00","description":"Galilea.153 \u00e9s una revista adre\u00e7ada al la\u00efcat i pensada per contribuir a la formaci\u00f3 dels equips de lit\u00fargia i al treball pastoral.","breadcrumb":{"@id":"https:\/\/www.cpl.es\/ca\/revista\/galilea-153-ca\/#breadcrumb"},"inLanguage":"ca","potentialAction":[{"@type":"ReadAction","target":["https:\/\/www.cpl.es\/ca\/revista\/galilea-153-ca\/"]}]},{"@type":"ImageObject","inLanguage":"ca","@id":"https:\/\/www.cpl.es\/ca\/revista\/galilea-153-ca\/#primaryimage","url":"https:\/\/www.cpl.es\/wp-content\/uploads\/Galilea153-48-migracio.jpg","contentUrl":"https:\/\/www.cpl.es\/wp-content\/uploads\/Galilea153-48-migracio.jpg","width":453,"height":640},{"@type":"BreadcrumbList","@id":"https:\/\/www.cpl.es\/ca\/revista\/galilea-153-ca\/#breadcrumb","itemListElement":[{"@type":"ListItem","position":1,"name":"Portada","item":"https:\/\/www.cpl.es\/ca\/"},{"@type":"ListItem","position":2,"name":"Revistas","item":"https:\/\/www.cpl.es\/revista\/"},{"@type":"ListItem","position":3,"name":"Galilea. 153-CA"}]},{"@type":"WebSite","@id":"https:\/\/www.cpl.es\/#website","url":"https:\/\/www.cpl.es\/","name":"CPL","description":"Centre de Pastoral Lit\u00fargica de Barcelona","publisher":{"@id":"https:\/\/www.cpl.es\/#organization"},"alternateName":"Centre de Pastoral Lit\u00fargica","potentialAction":[{"@type":"SearchAction","target":{"@type":"EntryPoint","urlTemplate":"https:\/\/www.cpl.es\/?s={search_term_string}"},"query-input":{"@type":"PropertyValueSpecification","valueRequired":true,"valueName":"search_term_string"}}],"inLanguage":"ca"},{"@type":"Organization","@id":"https:\/\/www.cpl.es\/#organization","name":"Centre de Pastoral Lit\u00fargica","alternateName":"Centre de Pastoral Lit\u00fargica de Barcelona","url":"https:\/\/www.cpl.es\/","logo":{"@type":"ImageObject","inLanguage":"ca","@id":"https:\/\/www.cpl.es\/#\/schema\/logo\/image\/","url":"https:\/\/www.cpl.es\/wp-content\/uploads\/logo-cpl.svg","contentUrl":"https:\/\/www.cpl.es\/wp-content\/uploads\/logo-cpl.svg","caption":"Centre de Pastoral Lit\u00fargica"},"image":{"@id":"https:\/\/www.cpl.es\/#\/schema\/logo\/image\/"}}]}},"_links":{"self":[{"href":"https:\/\/www.cpl.es\/ca\/wp-json\/wp\/v2\/revista\/196","targetHints":{"allow":["GET"]}}],"collection":[{"href":"https:\/\/www.cpl.es\/ca\/wp-json\/wp\/v2\/revista"}],"about":[{"href":"https:\/\/www.cpl.es\/ca\/wp-json\/wp\/v2\/types\/revista"}],"wp:featuredmedia":[{"embeddable":true,"href":"https:\/\/www.cpl.es\/ca\/wp-json\/wp\/v2\/media\/28767"}],"wp:attachment":[{"href":"https:\/\/www.cpl.es\/ca\/wp-json\/wp\/v2\/media?parent=196"}],"curies":[{"name":"wp","href":"https:\/\/api.w.org\/{rel}","templated":true}]}}