{"id":937,"date":"2023-10-04T00:55:21","date_gmt":"2023-10-03T22:55:21","guid":{"rendered":"https:\/\/nuevaweb.cpl.es\/producto\/portadors-de-llum-en-la-historia-9788491654353\/"},"modified":"2023-10-04T00:55:24","modified_gmt":"2023-10-03T22:55:24","slug":"portadors-de-llum-en-la-historia-9788491654353","status":"publish","type":"product","link":"https:\/\/www.cpl.es\/ca\/producto\/portadors-de-llum-en-la-historia-9788491654353\/","title":{"rendered":"Portadors de llum en la hist\u00f2ria"},"content":{"rendered":"<p>En els seus grans escrits i al\u00b7locucions dels gaireb\u00e9 vuit anys de pontificat rom\u00e0 del papa Benet XVI es nota la finor de l\u2019intel\u00b7lectual, la profunditat d\u2019un pensament. Amant de la tradici\u00f3, va comen\u00e7ar les catequesis setmanals descrivint una \u00e0mplia galeria de personatges del Nou Testament. A continuaci\u00f3 van prendre el relleu els Pares de l\u2019Esgl\u00e9sia. Van seguir despr\u00e9s personatges medievals i alguns sants de l\u2019edat moderna. Va tractar igualment els sants durant molts diumenges quan, abans de la t\u00edpica oraci\u00f3 de l\u2019\u00c0ngelus, va presentar alguna figura d\u2019aquella setmana. Conscient que el testimoniatge dels sants i dels grans creients de l\u2019antiguitat o dels nostres dies \u00e9s encara una pauta v\u00e0lida per a avui, volgu\u00e9 subratllar la import\u00e0ncia que tenen per a tot cristi\u00e0.<br \/>Bernab\u00e9 Dalmau, monjo de Montserrat, ens proposa una antologia &#8216;que segur que far\u00e0 descobrir aspectes ocults dels grans testimonis de vida cristiana'.<\/p>\n","protected":false},"excerpt":{"rendered":"<p>Benet XVI<\/p>\n","protected":false},"featured_media":938,"template":"","meta":{"_acf_changed":false,"inline_featured_image":false},"product_brand":[],"product_cat":[75],"product_tag":[],"class_list":{"0":"post-937","1":"product","2":"type-product","3":"status-publish","4":"has-post-thumbnail","6":"product_cat-dossiers-cpl-colleccions-catala","8":"first","9":"instock","10":"taxable","11":"shipping-taxable","12":"purchasable","13":"product-type-simple"},"acf":{"autor":"Benet XVI","codart":"201157","ediciones":"1","encuadernacion":"R\u00fastica","fecha_de_publicacion":"25\/05\/2021","novedad":false,"paginas":"320","subtitulo":"Semblances hagiogr\u00e0fiques compilades per Bernab\u00e9 Dalmau","orden":"999","portada":false,"idioma":"cat","editorial":[{"ID":6736,"post_author":"2","post_date":"2023-10-06 08:35:24","post_date_gmt":"2023-10-06 06:35:24","post_content":"","post_title":"CPL","post_excerpt":"","post_status":"publish","comment_status":"closed","ping_status":"closed","post_password":"","post_name":"cpl","to_ping":"","pinged":"","post_modified":"2023-10-06 08:35:24","post_modified_gmt":"2023-10-06 06:35:24","post_content_filtered":"","post_parent":0,"guid":"https:\/\/nuevaweb.cpl.es\/editorial\/cpl\/","menu_order":0,"post_type":"editorial","post_mime_type":"","comment_count":"0","filter":"raw"}]},"yoast_head":"<!-- This site is optimized with the Yoast SEO plugin v27.3 - https:\/\/yoast.com\/product\/yoast-seo-wordpress\/ -->\n<title>Portadors de llum en la hist\u00f2ria - CPL<\/title>\n<meta name=\"robots\" content=\"index, follow, max-snippet:-1, max-image-preview:large, max-video-preview:-1\" \/>\n<link rel=\"canonical\" href=\"https:\/\/www.cpl.es\/producto\/portadors-de-llum-en-la-historia-9788491654353\/\" \/>\n<meta property=\"og:locale\" content=\"ca_ES\" \/>\n<meta property=\"og:type\" content=\"article\" \/>\n<meta property=\"og:title\" content=\"Portadors de llum en la hist\u00f2ria - CPL\" \/>\n<meta property=\"og:description\" content=\"Benet XVI\" \/>\n<meta property=\"og:url\" content=\"https:\/\/www.cpl.es\/producto\/portadors-de-llum-en-la-historia-9788491654353\/\" \/>\n<meta property=\"og:site_name\" content=\"CPL\" \/>\n<meta property=\"article:modified_time\" content=\"2023-10-03T22:55:24+00:00\" \/>\n<meta property=\"og:image\" content=\"https:\/\/www.cpl.es\/wp-content\/uploads\/201157.jpg\" \/>\n\t<meta property=\"og:image:width\" content=\"280\" \/>\n\t<meta property=\"og:image:height\" content=\"443\" \/>\n\t<meta property=\"og:image:type\" content=\"image\/jpeg\" \/>\n<meta name=\"twitter:card\" content=\"summary_large_image\" \/>\n<meta name=\"twitter:label1\" content=\"Temps estimat de lectura\" \/>\n\t<meta name=\"twitter:data1\" content=\"1 minut\" \/>\n<script type=\"application\/ld+json\" class=\"yoast-schema-graph\">{\"@context\":\"https:\\\/\\\/schema.org\",\"@graph\":[{\"@type\":\"WebPage\",\"@id\":\"https:\\\/\\\/www.cpl.es\\\/producto\\\/portadors-de-llum-en-la-historia-9788491654353\\\/\",\"url\":\"https:\\\/\\\/www.cpl.es\\\/producto\\\/portadors-de-llum-en-la-historia-9788491654353\\\/\",\"name\":\"Portadors de llum en la hist\u00f2ria - CPL\",\"isPartOf\":{\"@id\":\"https:\\\/\\\/www.cpl.es\\\/#website\"},\"primaryImageOfPage\":{\"@id\":\"https:\\\/\\\/www.cpl.es\\\/producto\\\/portadors-de-llum-en-la-historia-9788491654353\\\/#primaryimage\"},\"image\":{\"@id\":\"https:\\\/\\\/www.cpl.es\\\/producto\\\/portadors-de-llum-en-la-historia-9788491654353\\\/#primaryimage\"},\"thumbnailUrl\":\"https:\\\/\\\/www.cpl.es\\\/wp-content\\\/uploads\\\/201157.jpg\",\"datePublished\":\"2023-10-03T22:55:21+00:00\",\"dateModified\":\"2023-10-03T22:55:24+00:00\",\"breadcrumb\":{\"@id\":\"https:\\\/\\\/www.cpl.es\\\/producto\\\/portadors-de-llum-en-la-historia-9788491654353\\\/#breadcrumb\"},\"inLanguage\":\"ca\",\"potentialAction\":[{\"@type\":\"ReadAction\",\"target\":[\"https:\\\/\\\/www.cpl.es\\\/producto\\\/portadors-de-llum-en-la-historia-9788491654353\\\/\"]}]},{\"@type\":\"ImageObject\",\"inLanguage\":\"ca\",\"@id\":\"https:\\\/\\\/www.cpl.es\\\/producto\\\/portadors-de-llum-en-la-historia-9788491654353\\\/#primaryimage\",\"url\":\"https:\\\/\\\/www.cpl.es\\\/wp-content\\\/uploads\\\/201157.jpg\",\"contentUrl\":\"https:\\\/\\\/www.cpl.es\\\/wp-content\\\/uploads\\\/201157.jpg\",\"width\":280,\"height\":443,\"caption\":\"201157.jpg\"},{\"@type\":\"BreadcrumbList\",\"@id\":\"https:\\\/\\\/www.cpl.es\\\/producto\\\/portadors-de-llum-en-la-historia-9788491654353\\\/#breadcrumb\",\"itemListElement\":[{\"@type\":\"ListItem\",\"position\":1,\"name\":\"Portada\",\"item\":\"https:\\\/\\\/www.cpl.es\\\/ca\\\/\"},{\"@type\":\"ListItem\",\"position\":2,\"name\":\"Cat\u00e0leg\",\"item\":\"https:\\\/\\\/www.cpl.es\\\/ca\\\/cataleg\\\/\"},{\"@type\":\"ListItem\",\"position\":3,\"name\":\"Portadors de llum en la hist\u00f2ria\"}]},{\"@type\":\"WebSite\",\"@id\":\"https:\\\/\\\/www.cpl.es\\\/#website\",\"url\":\"https:\\\/\\\/www.cpl.es\\\/\",\"name\":\"CPL\",\"description\":\"Centre de Pastoral Lit\u00fargica de Barcelona\",\"publisher\":{\"@id\":\"https:\\\/\\\/www.cpl.es\\\/#organization\"},\"alternateName\":\"Centre de Pastoral Lit\u00fargica\",\"potentialAction\":[{\"@type\":\"SearchAction\",\"target\":{\"@type\":\"EntryPoint\",\"urlTemplate\":\"https:\\\/\\\/www.cpl.es\\\/?s={search_term_string}\"},\"query-input\":{\"@type\":\"PropertyValueSpecification\",\"valueRequired\":true,\"valueName\":\"search_term_string\"}}],\"inLanguage\":\"ca\"},{\"@type\":\"Organization\",\"@id\":\"https:\\\/\\\/www.cpl.es\\\/#organization\",\"name\":\"Centre de Pastoral Lit\u00fargica\",\"alternateName\":\"Centre de Pastoral Lit\u00fargica de Barcelona\",\"url\":\"https:\\\/\\\/www.cpl.es\\\/\",\"logo\":{\"@type\":\"ImageObject\",\"inLanguage\":\"ca\",\"@id\":\"https:\\\/\\\/www.cpl.es\\\/#\\\/schema\\\/logo\\\/image\\\/\",\"url\":\"https:\\\/\\\/www.cpl.es\\\/wp-content\\\/uploads\\\/logo-cpl.svg\",\"contentUrl\":\"https:\\\/\\\/www.cpl.es\\\/wp-content\\\/uploads\\\/logo-cpl.svg\",\"caption\":\"Centre de Pastoral Lit\u00fargica\"},\"image\":{\"@id\":\"https:\\\/\\\/www.cpl.es\\\/#\\\/schema\\\/logo\\\/image\\\/\"}}]}<\/script>\n<!-- \/ Yoast SEO plugin. -->","yoast_head_json":{"title":"Portadors de llum en la hist\u00f2ria - CPL","robots":{"index":"index","follow":"follow","max-snippet":"max-snippet:-1","max-image-preview":"max-image-preview:large","max-video-preview":"max-video-preview:-1"},"canonical":"https:\/\/www.cpl.es\/producto\/portadors-de-llum-en-la-historia-9788491654353\/","og_locale":"ca_ES","og_type":"article","og_title":"Portadors de llum en la hist\u00f2ria - CPL","og_description":"Benet XVI","og_url":"https:\/\/www.cpl.es\/producto\/portadors-de-llum-en-la-historia-9788491654353\/","og_site_name":"CPL","article_modified_time":"2023-10-03T22:55:24+00:00","og_image":[{"width":280,"height":443,"url":"https:\/\/www.cpl.es\/wp-content\/uploads\/201157.jpg","type":"image\/jpeg"}],"twitter_card":"summary_large_image","twitter_misc":{"Temps estimat de lectura":"1 minut"},"schema":{"@context":"https:\/\/schema.org","@graph":[{"@type":"WebPage","@id":"https:\/\/www.cpl.es\/producto\/portadors-de-llum-en-la-historia-9788491654353\/","url":"https:\/\/www.cpl.es\/producto\/portadors-de-llum-en-la-historia-9788491654353\/","name":"Portadors de llum en la hist\u00f2ria - CPL","isPartOf":{"@id":"https:\/\/www.cpl.es\/#website"},"primaryImageOfPage":{"@id":"https:\/\/www.cpl.es\/producto\/portadors-de-llum-en-la-historia-9788491654353\/#primaryimage"},"image":{"@id":"https:\/\/www.cpl.es\/producto\/portadors-de-llum-en-la-historia-9788491654353\/#primaryimage"},"thumbnailUrl":"https:\/\/www.cpl.es\/wp-content\/uploads\/201157.jpg","datePublished":"2023-10-03T22:55:21+00:00","dateModified":"2023-10-03T22:55:24+00:00","breadcrumb":{"@id":"https:\/\/www.cpl.es\/producto\/portadors-de-llum-en-la-historia-9788491654353\/#breadcrumb"},"inLanguage":"ca","potentialAction":[{"@type":"ReadAction","target":["https:\/\/www.cpl.es\/producto\/portadors-de-llum-en-la-historia-9788491654353\/"]}]},{"@type":"ImageObject","inLanguage":"ca","@id":"https:\/\/www.cpl.es\/producto\/portadors-de-llum-en-la-historia-9788491654353\/#primaryimage","url":"https:\/\/www.cpl.es\/wp-content\/uploads\/201157.jpg","contentUrl":"https:\/\/www.cpl.es\/wp-content\/uploads\/201157.jpg","width":280,"height":443,"caption":"201157.jpg"},{"@type":"BreadcrumbList","@id":"https:\/\/www.cpl.es\/producto\/portadors-de-llum-en-la-historia-9788491654353\/#breadcrumb","itemListElement":[{"@type":"ListItem","position":1,"name":"Portada","item":"https:\/\/www.cpl.es\/ca\/"},{"@type":"ListItem","position":2,"name":"Cat\u00e0leg","item":"https:\/\/www.cpl.es\/ca\/cataleg\/"},{"@type":"ListItem","position":3,"name":"Portadors de llum en la hist\u00f2ria"}]},{"@type":"WebSite","@id":"https:\/\/www.cpl.es\/#website","url":"https:\/\/www.cpl.es\/","name":"CPL","description":"Centre de Pastoral Lit\u00fargica de Barcelona","publisher":{"@id":"https:\/\/www.cpl.es\/#organization"},"alternateName":"Centre de Pastoral Lit\u00fargica","potentialAction":[{"@type":"SearchAction","target":{"@type":"EntryPoint","urlTemplate":"https:\/\/www.cpl.es\/?s={search_term_string}"},"query-input":{"@type":"PropertyValueSpecification","valueRequired":true,"valueName":"search_term_string"}}],"inLanguage":"ca"},{"@type":"Organization","@id":"https:\/\/www.cpl.es\/#organization","name":"Centre de Pastoral Lit\u00fargica","alternateName":"Centre de Pastoral Lit\u00fargica de Barcelona","url":"https:\/\/www.cpl.es\/","logo":{"@type":"ImageObject","inLanguage":"ca","@id":"https:\/\/www.cpl.es\/#\/schema\/logo\/image\/","url":"https:\/\/www.cpl.es\/wp-content\/uploads\/logo-cpl.svg","contentUrl":"https:\/\/www.cpl.es\/wp-content\/uploads\/logo-cpl.svg","caption":"Centre de Pastoral Lit\u00fargica"},"image":{"@id":"https:\/\/www.cpl.es\/#\/schema\/logo\/image\/"}}]}},"_links":{"self":[{"href":"https:\/\/www.cpl.es\/ca\/wp-json\/wp\/v2\/product\/937","targetHints":{"allow":["GET"]}}],"collection":[{"href":"https:\/\/www.cpl.es\/ca\/wp-json\/wp\/v2\/product"}],"about":[{"href":"https:\/\/www.cpl.es\/ca\/wp-json\/wp\/v2\/types\/product"}],"wp:featuredmedia":[{"embeddable":true,"href":"https:\/\/www.cpl.es\/ca\/wp-json\/wp\/v2\/media\/938"}],"wp:attachment":[{"href":"https:\/\/www.cpl.es\/ca\/wp-json\/wp\/v2\/media?parent=937"}],"wp:term":[{"taxonomy":"product_brand","embeddable":true,"href":"https:\/\/www.cpl.es\/ca\/wp-json\/wp\/v2\/product_brand?post=937"},{"taxonomy":"product_cat","embeddable":true,"href":"https:\/\/www.cpl.es\/ca\/wp-json\/wp\/v2\/product_cat?post=937"},{"taxonomy":"product_tag","embeddable":true,"href":"https:\/\/www.cpl.es\/ca\/wp-json\/wp\/v2\/product_tag?post=937"}],"curies":[{"name":"wp","href":"https:\/\/api.w.org\/{rel}","templated":true}]}}