{"id":921,"date":"2023-10-04T00:54:49","date_gmt":"2023-10-03T22:54:49","guid":{"rendered":"https:\/\/nuevaweb.cpl.es\/producto\/la-paraula-es-va-fer-imatge-9788491654094\/"},"modified":"2023-10-04T00:54:52","modified_gmt":"2023-10-03T22:54:52","slug":"la-paraula-es-va-fer-imatge-9788491654094","status":"publish","type":"product","link":"https:\/\/www.cpl.es\/ca\/producto\/la-paraula-es-va-fer-imatge-9788491654094\/","title":{"rendered":"La paraula es va fer imatge"},"content":{"rendered":"<p>Si \u00e9s cert que D\u00e9u s\u2019ha manifestat d\u2019una manera especial en Jes\u00fas de Natzaret i que la seva paraula s\u2019ha anat fent text escrit en les Sagrades Escriptures, tamb\u00e9 ho \u00e9s que les comunitats creients, al llarg dels segles han anat expressant aquest amor i aquesta pres\u00e8ncia de D\u00e9u, manifestada en Jes\u00fas, per mitj\u00e0 d\u2019imatges pintades o esculpides. En aquest llibre l\u2019autor tria algunes de les representacions que els creients en Jes\u00fas han fet d\u2019ell com a expressi\u00f3, en la bellesa, de la viv\u00e8ncia de la fe i de la revelaci\u00f3 que D\u00e9u ha realitzat en Jesucrist. La teologia, l\u2019espiritualitat, les devocions, les congregacions religioses, etc., tenen la seva pr\u00f2pia hist\u00f2ria, que va caracteritzant cada temps amb determinats accents. De la mateixa manera, la imatge de Crist tamb\u00e9 va presentant els seus diferents aspectes i dibuixant el seu recorregut hist\u00f2ric.<\/p>\n","protected":false},"excerpt":{"rendered":"<p>Puigdollers i Noblom, Rodolf<\/p>\n","protected":false},"featured_media":922,"template":"","meta":{"_acf_changed":false,"inline_featured_image":false},"product_brand":[],"product_cat":[75],"product_tag":[],"class_list":["post-921","product","type-product","status-publish","has-post-thumbnail","product_cat-dossiers-cpl-colleccions-catala","first","instock","taxable","shipping-taxable","purchasable","product-type-simple"],"acf":{"autor":"Puigdollers i Noblom, Rodolf","codart":"201155","ediciones":"2","encuadernacion":"R\u00fastica","fecha_de_publicacion":"13\/09\/2021","novedad":false,"paginas":"264","subtitulo":"Jes\u00fas en l'art","orden":"60","portada":false,"idioma":"cat","editorial":[{"ID":6736,"post_author":"2","post_date":"2023-10-06 08:35:24","post_date_gmt":"2023-10-06 06:35:24","post_content":"","post_title":"CPL","post_excerpt":"","post_status":"publish","comment_status":"closed","ping_status":"closed","post_password":"","post_name":"cpl","to_ping":"","pinged":"","post_modified":"2023-10-06 08:35:24","post_modified_gmt":"2023-10-06 06:35:24","post_content_filtered":"","post_parent":0,"guid":"https:\/\/nuevaweb.cpl.es\/editorial\/cpl\/","menu_order":0,"post_type":"editorial","post_mime_type":"","comment_count":"0","filter":"raw"}]},"yoast_head":"<!-- This site is optimized with the Yoast SEO plugin v28.3 - https:\/\/yoast.com\/product\/yoast-seo-wordpress\/ -->\n<title>La paraula es va fer imatge - CPL<\/title>\n<meta name=\"robots\" content=\"index, follow, max-snippet:-1, max-image-preview:large, max-video-preview:-1\" \/>\n<link rel=\"canonical\" href=\"https:\/\/www.cpl.es\/producto\/la-paraula-es-va-fer-imatge-9788491654094\/\" \/>\n<meta property=\"og:locale\" content=\"ca_ES\" \/>\n<meta property=\"og:type\" content=\"article\" \/>\n<meta property=\"og:title\" content=\"La paraula es va fer imatge - CPL\" \/>\n<meta property=\"og:description\" content=\"Puigdollers i Noblom, Rodolf\" \/>\n<meta property=\"og:url\" content=\"https:\/\/www.cpl.es\/producto\/la-paraula-es-va-fer-imatge-9788491654094\/\" \/>\n<meta property=\"og:site_name\" content=\"CPL\" \/>\n<meta property=\"article:modified_time\" content=\"2023-10-03T22:54:52+00:00\" \/>\n<meta property=\"og:image\" content=\"https:\/\/www.cpl.es\/wp-content\/uploads\/201155.jpg\" \/>\n\t<meta property=\"og:image:width\" content=\"280\" \/>\n\t<meta property=\"og:image:height\" content=\"388\" \/>\n\t<meta property=\"og:image:type\" content=\"image\/jpeg\" \/>\n<meta name=\"twitter:card\" content=\"summary_large_image\" \/>\n<meta name=\"twitter:label1\" content=\"Temps estimat de lectura\" \/>\n\t<meta name=\"twitter:data1\" content=\"1 minut\" \/>\n<script type=\"application\/ld+json\" class=\"yoast-schema-graph\">{\"@context\":\"https:\\\/\\\/schema.org\",\"@graph\":[{\"@type\":\"WebPage\",\"@id\":\"https:\\\/\\\/www.cpl.es\\\/producto\\\/la-paraula-es-va-fer-imatge-9788491654094\\\/\",\"url\":\"https:\\\/\\\/www.cpl.es\\\/producto\\\/la-paraula-es-va-fer-imatge-9788491654094\\\/\",\"name\":\"La paraula es va fer imatge - CPL\",\"isPartOf\":{\"@id\":\"https:\\\/\\\/www.cpl.es\\\/#website\"},\"primaryImageOfPage\":{\"@id\":\"https:\\\/\\\/www.cpl.es\\\/producto\\\/la-paraula-es-va-fer-imatge-9788491654094\\\/#primaryimage\"},\"image\":{\"@id\":\"https:\\\/\\\/www.cpl.es\\\/producto\\\/la-paraula-es-va-fer-imatge-9788491654094\\\/#primaryimage\"},\"thumbnailUrl\":\"https:\\\/\\\/www.cpl.es\\\/wp-content\\\/uploads\\\/201155.jpg\",\"datePublished\":\"2023-10-03T22:54:49+00:00\",\"dateModified\":\"2023-10-03T22:54:52+00:00\",\"breadcrumb\":{\"@id\":\"https:\\\/\\\/www.cpl.es\\\/producto\\\/la-paraula-es-va-fer-imatge-9788491654094\\\/#breadcrumb\"},\"inLanguage\":\"ca\",\"potentialAction\":[{\"@type\":\"ReadAction\",\"target\":[\"https:\\\/\\\/www.cpl.es\\\/producto\\\/la-paraula-es-va-fer-imatge-9788491654094\\\/\"]}]},{\"@type\":\"ImageObject\",\"inLanguage\":\"ca\",\"@id\":\"https:\\\/\\\/www.cpl.es\\\/producto\\\/la-paraula-es-va-fer-imatge-9788491654094\\\/#primaryimage\",\"url\":\"https:\\\/\\\/www.cpl.es\\\/wp-content\\\/uploads\\\/201155.jpg\",\"contentUrl\":\"https:\\\/\\\/www.cpl.es\\\/wp-content\\\/uploads\\\/201155.jpg\",\"width\":280,\"height\":388,\"caption\":\"201155.jpg\"},{\"@type\":\"BreadcrumbList\",\"@id\":\"https:\\\/\\\/www.cpl.es\\\/producto\\\/la-paraula-es-va-fer-imatge-9788491654094\\\/#breadcrumb\",\"itemListElement\":[{\"@type\":\"ListItem\",\"position\":1,\"name\":\"Portada\",\"item\":\"https:\\\/\\\/www.cpl.es\\\/ca\\\/\"},{\"@type\":\"ListItem\",\"position\":2,\"name\":\"Cat\u00e0leg\",\"item\":\"https:\\\/\\\/www.cpl.es\\\/ca\\\/cataleg\\\/\"},{\"@type\":\"ListItem\",\"position\":3,\"name\":\"La paraula es va fer imatge\"}]},{\"@type\":\"WebSite\",\"@id\":\"https:\\\/\\\/www.cpl.es\\\/#website\",\"url\":\"https:\\\/\\\/www.cpl.es\\\/\",\"name\":\"CPL\",\"description\":\"Centre de Pastoral Lit\u00fargica de Barcelona\",\"publisher\":{\"@id\":\"https:\\\/\\\/www.cpl.es\\\/#organization\"},\"alternateName\":\"Centre de Pastoral Lit\u00fargica\",\"potentialAction\":[{\"@type\":\"SearchAction\",\"target\":{\"@type\":\"EntryPoint\",\"urlTemplate\":\"https:\\\/\\\/www.cpl.es\\\/?s={search_term_string}\"},\"query-input\":{\"@type\":\"PropertyValueSpecification\",\"valueRequired\":true,\"valueName\":\"search_term_string\"}}],\"inLanguage\":\"ca\"},{\"@type\":\"Organization\",\"@id\":\"https:\\\/\\\/www.cpl.es\\\/#organization\",\"name\":\"Centre de Pastoral Lit\u00fargica\",\"alternateName\":\"Centre de Pastoral Lit\u00fargica de Barcelona\",\"url\":\"https:\\\/\\\/www.cpl.es\\\/\",\"logo\":{\"@type\":\"ImageObject\",\"inLanguage\":\"ca\",\"@id\":\"https:\\\/\\\/www.cpl.es\\\/#\\\/schema\\\/logo\\\/image\\\/\",\"url\":\"https:\\\/\\\/www.cpl.es\\\/wp-content\\\/uploads\\\/logo-cpl.svg\",\"contentUrl\":\"https:\\\/\\\/www.cpl.es\\\/wp-content\\\/uploads\\\/logo-cpl.svg\",\"caption\":\"Centre de Pastoral Lit\u00fargica\"},\"image\":{\"@id\":\"https:\\\/\\\/www.cpl.es\\\/#\\\/schema\\\/logo\\\/image\\\/\"}}]}<\/script>\n<!-- \/ Yoast SEO plugin. -->","yoast_head_json":{"title":"La paraula es va fer imatge - CPL","robots":{"index":"index","follow":"follow","max-snippet":"max-snippet:-1","max-image-preview":"max-image-preview:large","max-video-preview":"max-video-preview:-1"},"canonical":"https:\/\/www.cpl.es\/producto\/la-paraula-es-va-fer-imatge-9788491654094\/","og_locale":"ca_ES","og_type":"article","og_title":"La paraula es va fer imatge - CPL","og_description":"Puigdollers i Noblom, Rodolf","og_url":"https:\/\/www.cpl.es\/producto\/la-paraula-es-va-fer-imatge-9788491654094\/","og_site_name":"CPL","article_modified_time":"2023-10-03T22:54:52+00:00","og_image":[{"width":280,"height":388,"url":"https:\/\/www.cpl.es\/wp-content\/uploads\/201155.jpg","type":"image\/jpeg"}],"twitter_card":"summary_large_image","twitter_misc":{"Temps estimat de lectura":"1 minut"},"schema":{"@context":"https:\/\/schema.org","@graph":[{"@type":"WebPage","@id":"https:\/\/www.cpl.es\/producto\/la-paraula-es-va-fer-imatge-9788491654094\/","url":"https:\/\/www.cpl.es\/producto\/la-paraula-es-va-fer-imatge-9788491654094\/","name":"La paraula es va fer imatge - CPL","isPartOf":{"@id":"https:\/\/www.cpl.es\/#website"},"primaryImageOfPage":{"@id":"https:\/\/www.cpl.es\/producto\/la-paraula-es-va-fer-imatge-9788491654094\/#primaryimage"},"image":{"@id":"https:\/\/www.cpl.es\/producto\/la-paraula-es-va-fer-imatge-9788491654094\/#primaryimage"},"thumbnailUrl":"https:\/\/www.cpl.es\/wp-content\/uploads\/201155.jpg","datePublished":"2023-10-03T22:54:49+00:00","dateModified":"2023-10-03T22:54:52+00:00","breadcrumb":{"@id":"https:\/\/www.cpl.es\/producto\/la-paraula-es-va-fer-imatge-9788491654094\/#breadcrumb"},"inLanguage":"ca","potentialAction":[{"@type":"ReadAction","target":["https:\/\/www.cpl.es\/producto\/la-paraula-es-va-fer-imatge-9788491654094\/"]}]},{"@type":"ImageObject","inLanguage":"ca","@id":"https:\/\/www.cpl.es\/producto\/la-paraula-es-va-fer-imatge-9788491654094\/#primaryimage","url":"https:\/\/www.cpl.es\/wp-content\/uploads\/201155.jpg","contentUrl":"https:\/\/www.cpl.es\/wp-content\/uploads\/201155.jpg","width":280,"height":388,"caption":"201155.jpg"},{"@type":"BreadcrumbList","@id":"https:\/\/www.cpl.es\/producto\/la-paraula-es-va-fer-imatge-9788491654094\/#breadcrumb","itemListElement":[{"@type":"ListItem","position":1,"name":"Portada","item":"https:\/\/www.cpl.es\/ca\/"},{"@type":"ListItem","position":2,"name":"Cat\u00e0leg","item":"https:\/\/www.cpl.es\/ca\/cataleg\/"},{"@type":"ListItem","position":3,"name":"La paraula es va fer imatge"}]},{"@type":"WebSite","@id":"https:\/\/www.cpl.es\/#website","url":"https:\/\/www.cpl.es\/","name":"CPL","description":"Centre de Pastoral Lit\u00fargica de Barcelona","publisher":{"@id":"https:\/\/www.cpl.es\/#organization"},"alternateName":"Centre de Pastoral Lit\u00fargica","potentialAction":[{"@type":"SearchAction","target":{"@type":"EntryPoint","urlTemplate":"https:\/\/www.cpl.es\/?s={search_term_string}"},"query-input":{"@type":"PropertyValueSpecification","valueRequired":true,"valueName":"search_term_string"}}],"inLanguage":"ca"},{"@type":"Organization","@id":"https:\/\/www.cpl.es\/#organization","name":"Centre de Pastoral Lit\u00fargica","alternateName":"Centre de Pastoral Lit\u00fargica de Barcelona","url":"https:\/\/www.cpl.es\/","logo":{"@type":"ImageObject","inLanguage":"ca","@id":"https:\/\/www.cpl.es\/#\/schema\/logo\/image\/","url":"https:\/\/www.cpl.es\/wp-content\/uploads\/logo-cpl.svg","contentUrl":"https:\/\/www.cpl.es\/wp-content\/uploads\/logo-cpl.svg","caption":"Centre de Pastoral Lit\u00fargica"},"image":{"@id":"https:\/\/www.cpl.es\/#\/schema\/logo\/image\/"}}]}},"_links":{"self":[{"href":"https:\/\/www.cpl.es\/ca\/wp-json\/wp\/v2\/product\/921","targetHints":{"allow":["GET"]}}],"collection":[{"href":"https:\/\/www.cpl.es\/ca\/wp-json\/wp\/v2\/product"}],"about":[{"href":"https:\/\/www.cpl.es\/ca\/wp-json\/wp\/v2\/types\/product"}],"wp:featuredmedia":[{"embeddable":true,"href":"https:\/\/www.cpl.es\/ca\/wp-json\/wp\/v2\/media\/922"}],"wp:attachment":[{"href":"https:\/\/www.cpl.es\/ca\/wp-json\/wp\/v2\/media?parent=921"}],"wp:term":[{"taxonomy":"product_brand","embeddable":true,"href":"https:\/\/www.cpl.es\/ca\/wp-json\/wp\/v2\/product_brand?post=921"},{"taxonomy":"product_cat","embeddable":true,"href":"https:\/\/www.cpl.es\/ca\/wp-json\/wp\/v2\/product_cat?post=921"},{"taxonomy":"product_tag","embeddable":true,"href":"https:\/\/www.cpl.es\/ca\/wp-json\/wp\/v2\/product_tag?post=921"}],"curies":[{"name":"wp","href":"https:\/\/api.w.org\/{rel}","templated":true}]}}