{"id":902,"date":"2023-10-04T00:54:13","date_gmt":"2023-10-03T22:54:13","guid":{"rendered":"https:\/\/nuevaweb.cpl.es\/producto\/la-sinodalidad-como-el-caminar-juntos-en-la-iglesia-9788491654766\/"},"modified":"2026-02-12T17:48:20","modified_gmt":"2026-02-12T16:48:20","slug":"la-sinodalidad-como-el-caminar-juntos-en-la-iglesia-9788491654766","status":"publish","type":"product","link":"https:\/\/www.cpl.es\/ca\/producto\/la-sinodalidad-como-el-caminar-juntos-en-la-iglesia-9788491654766\/","title":{"rendered":"La sinodalidad como el &#8216;caminar juntos&#8217; en la Iglesia"},"content":{"rendered":"<p>La palabra &#8216;sinodalidad' es una palabra que, especialmente en estos \u00faltimos tiempos, aparece cada vez m\u00e1s en el mundo eclesial. Sin embargo, \u00bfqu\u00e9 significa exactamente esta palabra que proviene de la lengua griega? De hecho, sinodalidad traducida literalmente significa &#8216;caminar (=hodos), juntos (=syn)'. \u00bfY qu\u00e9 significa concretamente &#8216;caminar juntos' en la Iglesia?<br \/>Salvador Pi\u00e9-Ninot presenta en este libro esta y otras cuestiones referentes a la &#8216;sinodalidad'. Una gran ayuda para profundizar en este tema tan actual de cara al &#8216;S\u00ednodo de los Obispos' (octubre de 2023) con este t\u00edtulo emblem\u00e1tico: &#8216;Por una Iglesia sinodal: comuni\u00f3n, participaci\u00f3n y misi\u00f3n'.<\/p>\n<p>Salvador Pi\u00e9-Ninot (Barcelona, 1941) es doctor en teolog\u00eda y profesor em\u00e9rito de la Facultad de Teolog\u00eda de Catalu\u00f1a y de la Pontificia Universidad Gregoriana de Roma. Es autor de numerosos libros y art\u00edculos de eclesiolog\u00eda y de teolog\u00eda fundamental, y ha dado cursos y charlas en Europa y Am\u00e9rica, tanto en facultades de teolog\u00eda como en di\u00f3cesis, parroquias y movimientos. Ha participado como experto en la preparaci\u00f3n del S\u00ednodo sobre los Laicos, en el S\u00ednodo de Obispos sobre el tema la &#8216;Palabra de Dios' y en el S\u00ednodo de Obispos sobre la &#8216;Nueva Evangelizaci\u00f3n'.<\/p>\n","protected":false},"excerpt":{"rendered":"<p>Pi\u00e9 Ninot, Salvador<\/p>\n","protected":false},"featured_media":903,"template":"","meta":{"_acf_changed":false,"inline_featured_image":false},"product_brand":[],"product_cat":[73,49],"product_tag":[],"class_list":{"0":"post-902","1":"product","2":"type-product","3":"status-publish","4":"has-post-thumbnail","6":"product_cat-emaus-colleccions-catala","7":"product_cat-emaus","9":"first","10":"instock","11":"taxable","12":"shipping-taxable","13":"purchasable","14":"product-type-simple"},"acf":{"autor":"Pi\u00e9 Ninot, Salvador","codart":"108170","ediciones":"1","encuadernacion":"R\u00fastica","fecha_de_publicacion":"22\/10\/2021","novedad":false,"paginas":"64","subtitulo":"","orden":"999","portada":false,"idioma":"spa","editorial":[{"ID":6736,"post_author":"2","post_date":"2023-10-06 08:35:24","post_date_gmt":"2023-10-06 06:35:24","post_content":"","post_title":"CPL","post_excerpt":"","post_status":"publish","comment_status":"closed","ping_status":"closed","post_password":"","post_name":"cpl","to_ping":"","pinged":"","post_modified":"2023-10-06 08:35:24","post_modified_gmt":"2023-10-06 06:35:24","post_content_filtered":"","post_parent":0,"guid":"https:\/\/nuevaweb.cpl.es\/editorial\/cpl\/","menu_order":0,"post_type":"editorial","post_mime_type":"","comment_count":"0","filter":"raw"}],"coleccion_num":"170"},"yoast_head":"<!-- This site is optimized with the Yoast SEO plugin v27.3 - https:\/\/yoast.com\/product\/yoast-seo-wordpress\/ -->\n<title>La sinodalidad como el &#039;caminar juntos&#039; en la Iglesia - CPL<\/title>\n<meta name=\"robots\" content=\"index, follow, max-snippet:-1, max-image-preview:large, max-video-preview:-1\" \/>\n<link rel=\"canonical\" href=\"https:\/\/www.cpl.es\/producto\/la-sinodalidad-como-el-caminar-juntos-en-la-iglesia-9788491654766\/\" \/>\n<meta property=\"og:locale\" content=\"ca_ES\" \/>\n<meta property=\"og:type\" content=\"article\" \/>\n<meta property=\"og:title\" content=\"La sinodalidad como el &#039;caminar juntos&#039; en la Iglesia - CPL\" \/>\n<meta property=\"og:description\" content=\"Pi\u00e9 Ninot, Salvador\" \/>\n<meta property=\"og:url\" content=\"https:\/\/www.cpl.es\/producto\/la-sinodalidad-como-el-caminar-juntos-en-la-iglesia-9788491654766\/\" \/>\n<meta property=\"og:site_name\" content=\"CPL\" \/>\n<meta property=\"article:modified_time\" content=\"2026-02-12T16:48:20+00:00\" \/>\n<meta property=\"og:image\" content=\"https:\/\/www.cpl.es\/wp-content\/uploads\/108170.jpg\" \/>\n\t<meta property=\"og:image:width\" content=\"280\" \/>\n\t<meta property=\"og:image:height\" content=\"443\" \/>\n\t<meta property=\"og:image:type\" content=\"image\/jpeg\" \/>\n<meta name=\"twitter:card\" content=\"summary_large_image\" \/>\n<meta name=\"twitter:label1\" content=\"Temps estimat de lectura\" \/>\n\t<meta name=\"twitter:data1\" content=\"1 minut\" \/>\n<script type=\"application\/ld+json\" class=\"yoast-schema-graph\">{\"@context\":\"https:\\\/\\\/schema.org\",\"@graph\":[{\"@type\":\"WebPage\",\"@id\":\"https:\\\/\\\/www.cpl.es\\\/producto\\\/la-sinodalidad-como-el-caminar-juntos-en-la-iglesia-9788491654766\\\/\",\"url\":\"https:\\\/\\\/www.cpl.es\\\/producto\\\/la-sinodalidad-como-el-caminar-juntos-en-la-iglesia-9788491654766\\\/\",\"name\":\"La sinodalidad como el 'caminar juntos' en la Iglesia - CPL\",\"isPartOf\":{\"@id\":\"https:\\\/\\\/www.cpl.es\\\/#website\"},\"primaryImageOfPage\":{\"@id\":\"https:\\\/\\\/www.cpl.es\\\/producto\\\/la-sinodalidad-como-el-caminar-juntos-en-la-iglesia-9788491654766\\\/#primaryimage\"},\"image\":{\"@id\":\"https:\\\/\\\/www.cpl.es\\\/producto\\\/la-sinodalidad-como-el-caminar-juntos-en-la-iglesia-9788491654766\\\/#primaryimage\"},\"thumbnailUrl\":\"https:\\\/\\\/www.cpl.es\\\/wp-content\\\/uploads\\\/108170.jpg\",\"datePublished\":\"2023-10-03T22:54:13+00:00\",\"dateModified\":\"2026-02-12T16:48:20+00:00\",\"breadcrumb\":{\"@id\":\"https:\\\/\\\/www.cpl.es\\\/producto\\\/la-sinodalidad-como-el-caminar-juntos-en-la-iglesia-9788491654766\\\/#breadcrumb\"},\"inLanguage\":\"ca\",\"potentialAction\":[{\"@type\":\"ReadAction\",\"target\":[\"https:\\\/\\\/www.cpl.es\\\/producto\\\/la-sinodalidad-como-el-caminar-juntos-en-la-iglesia-9788491654766\\\/\"]}]},{\"@type\":\"ImageObject\",\"inLanguage\":\"ca\",\"@id\":\"https:\\\/\\\/www.cpl.es\\\/producto\\\/la-sinodalidad-como-el-caminar-juntos-en-la-iglesia-9788491654766\\\/#primaryimage\",\"url\":\"https:\\\/\\\/www.cpl.es\\\/wp-content\\\/uploads\\\/108170.jpg\",\"contentUrl\":\"https:\\\/\\\/www.cpl.es\\\/wp-content\\\/uploads\\\/108170.jpg\",\"width\":280,\"height\":443,\"caption\":\"108170.jpg\"},{\"@type\":\"BreadcrumbList\",\"@id\":\"https:\\\/\\\/www.cpl.es\\\/producto\\\/la-sinodalidad-como-el-caminar-juntos-en-la-iglesia-9788491654766\\\/#breadcrumb\",\"itemListElement\":[{\"@type\":\"ListItem\",\"position\":1,\"name\":\"Portada\",\"item\":\"https:\\\/\\\/www.cpl.es\\\/ca\\\/\"},{\"@type\":\"ListItem\",\"position\":2,\"name\":\"Cat\u00e0leg\",\"item\":\"https:\\\/\\\/www.cpl.es\\\/ca\\\/cataleg\\\/\"},{\"@type\":\"ListItem\",\"position\":3,\"name\":\"La sinodalidad como el &#8216;caminar juntos&#8217; en la Iglesia\"}]},{\"@type\":\"WebSite\",\"@id\":\"https:\\\/\\\/www.cpl.es\\\/#website\",\"url\":\"https:\\\/\\\/www.cpl.es\\\/\",\"name\":\"CPL\",\"description\":\"Centre de Pastoral Lit\u00fargica de Barcelona\",\"publisher\":{\"@id\":\"https:\\\/\\\/www.cpl.es\\\/#organization\"},\"alternateName\":\"Centre de Pastoral Lit\u00fargica\",\"potentialAction\":[{\"@type\":\"SearchAction\",\"target\":{\"@type\":\"EntryPoint\",\"urlTemplate\":\"https:\\\/\\\/www.cpl.es\\\/?s={search_term_string}\"},\"query-input\":{\"@type\":\"PropertyValueSpecification\",\"valueRequired\":true,\"valueName\":\"search_term_string\"}}],\"inLanguage\":\"ca\"},{\"@type\":\"Organization\",\"@id\":\"https:\\\/\\\/www.cpl.es\\\/#organization\",\"name\":\"Centre de Pastoral Lit\u00fargica\",\"alternateName\":\"Centre de Pastoral Lit\u00fargica de Barcelona\",\"url\":\"https:\\\/\\\/www.cpl.es\\\/\",\"logo\":{\"@type\":\"ImageObject\",\"inLanguage\":\"ca\",\"@id\":\"https:\\\/\\\/www.cpl.es\\\/#\\\/schema\\\/logo\\\/image\\\/\",\"url\":\"https:\\\/\\\/www.cpl.es\\\/wp-content\\\/uploads\\\/logo-cpl.svg\",\"contentUrl\":\"https:\\\/\\\/www.cpl.es\\\/wp-content\\\/uploads\\\/logo-cpl.svg\",\"caption\":\"Centre de Pastoral Lit\u00fargica\"},\"image\":{\"@id\":\"https:\\\/\\\/www.cpl.es\\\/#\\\/schema\\\/logo\\\/image\\\/\"}}]}<\/script>\n<!-- \/ Yoast SEO plugin. -->","yoast_head_json":{"title":"La sinodalidad como el 'caminar juntos' en la Iglesia - CPL","robots":{"index":"index","follow":"follow","max-snippet":"max-snippet:-1","max-image-preview":"max-image-preview:large","max-video-preview":"max-video-preview:-1"},"canonical":"https:\/\/www.cpl.es\/producto\/la-sinodalidad-como-el-caminar-juntos-en-la-iglesia-9788491654766\/","og_locale":"ca_ES","og_type":"article","og_title":"La sinodalidad como el 'caminar juntos' en la Iglesia - CPL","og_description":"Pi\u00e9 Ninot, Salvador","og_url":"https:\/\/www.cpl.es\/producto\/la-sinodalidad-como-el-caminar-juntos-en-la-iglesia-9788491654766\/","og_site_name":"CPL","article_modified_time":"2026-02-12T16:48:20+00:00","og_image":[{"width":280,"height":443,"url":"https:\/\/www.cpl.es\/wp-content\/uploads\/108170.jpg","type":"image\/jpeg"}],"twitter_card":"summary_large_image","twitter_misc":{"Temps estimat de lectura":"1 minut"},"schema":{"@context":"https:\/\/schema.org","@graph":[{"@type":"WebPage","@id":"https:\/\/www.cpl.es\/producto\/la-sinodalidad-como-el-caminar-juntos-en-la-iglesia-9788491654766\/","url":"https:\/\/www.cpl.es\/producto\/la-sinodalidad-como-el-caminar-juntos-en-la-iglesia-9788491654766\/","name":"La sinodalidad como el 'caminar juntos' en la Iglesia - CPL","isPartOf":{"@id":"https:\/\/www.cpl.es\/#website"},"primaryImageOfPage":{"@id":"https:\/\/www.cpl.es\/producto\/la-sinodalidad-como-el-caminar-juntos-en-la-iglesia-9788491654766\/#primaryimage"},"image":{"@id":"https:\/\/www.cpl.es\/producto\/la-sinodalidad-como-el-caminar-juntos-en-la-iglesia-9788491654766\/#primaryimage"},"thumbnailUrl":"https:\/\/www.cpl.es\/wp-content\/uploads\/108170.jpg","datePublished":"2023-10-03T22:54:13+00:00","dateModified":"2026-02-12T16:48:20+00:00","breadcrumb":{"@id":"https:\/\/www.cpl.es\/producto\/la-sinodalidad-como-el-caminar-juntos-en-la-iglesia-9788491654766\/#breadcrumb"},"inLanguage":"ca","potentialAction":[{"@type":"ReadAction","target":["https:\/\/www.cpl.es\/producto\/la-sinodalidad-como-el-caminar-juntos-en-la-iglesia-9788491654766\/"]}]},{"@type":"ImageObject","inLanguage":"ca","@id":"https:\/\/www.cpl.es\/producto\/la-sinodalidad-como-el-caminar-juntos-en-la-iglesia-9788491654766\/#primaryimage","url":"https:\/\/www.cpl.es\/wp-content\/uploads\/108170.jpg","contentUrl":"https:\/\/www.cpl.es\/wp-content\/uploads\/108170.jpg","width":280,"height":443,"caption":"108170.jpg"},{"@type":"BreadcrumbList","@id":"https:\/\/www.cpl.es\/producto\/la-sinodalidad-como-el-caminar-juntos-en-la-iglesia-9788491654766\/#breadcrumb","itemListElement":[{"@type":"ListItem","position":1,"name":"Portada","item":"https:\/\/www.cpl.es\/ca\/"},{"@type":"ListItem","position":2,"name":"Cat\u00e0leg","item":"https:\/\/www.cpl.es\/ca\/cataleg\/"},{"@type":"ListItem","position":3,"name":"La sinodalidad como el &#8216;caminar juntos&#8217; en la Iglesia"}]},{"@type":"WebSite","@id":"https:\/\/www.cpl.es\/#website","url":"https:\/\/www.cpl.es\/","name":"CPL","description":"Centre de Pastoral Lit\u00fargica de Barcelona","publisher":{"@id":"https:\/\/www.cpl.es\/#organization"},"alternateName":"Centre de Pastoral Lit\u00fargica","potentialAction":[{"@type":"SearchAction","target":{"@type":"EntryPoint","urlTemplate":"https:\/\/www.cpl.es\/?s={search_term_string}"},"query-input":{"@type":"PropertyValueSpecification","valueRequired":true,"valueName":"search_term_string"}}],"inLanguage":"ca"},{"@type":"Organization","@id":"https:\/\/www.cpl.es\/#organization","name":"Centre de Pastoral Lit\u00fargica","alternateName":"Centre de Pastoral Lit\u00fargica de Barcelona","url":"https:\/\/www.cpl.es\/","logo":{"@type":"ImageObject","inLanguage":"ca","@id":"https:\/\/www.cpl.es\/#\/schema\/logo\/image\/","url":"https:\/\/www.cpl.es\/wp-content\/uploads\/logo-cpl.svg","contentUrl":"https:\/\/www.cpl.es\/wp-content\/uploads\/logo-cpl.svg","caption":"Centre de Pastoral Lit\u00fargica"},"image":{"@id":"https:\/\/www.cpl.es\/#\/schema\/logo\/image\/"}}]}},"_links":{"self":[{"href":"https:\/\/www.cpl.es\/ca\/wp-json\/wp\/v2\/product\/902","targetHints":{"allow":["GET"]}}],"collection":[{"href":"https:\/\/www.cpl.es\/ca\/wp-json\/wp\/v2\/product"}],"about":[{"href":"https:\/\/www.cpl.es\/ca\/wp-json\/wp\/v2\/types\/product"}],"wp:featuredmedia":[{"embeddable":true,"href":"https:\/\/www.cpl.es\/ca\/wp-json\/wp\/v2\/media\/903"}],"wp:attachment":[{"href":"https:\/\/www.cpl.es\/ca\/wp-json\/wp\/v2\/media?parent=902"}],"wp:term":[{"taxonomy":"product_brand","embeddable":true,"href":"https:\/\/www.cpl.es\/ca\/wp-json\/wp\/v2\/product_brand?post=902"},{"taxonomy":"product_cat","embeddable":true,"href":"https:\/\/www.cpl.es\/ca\/wp-json\/wp\/v2\/product_cat?post=902"},{"taxonomy":"product_tag","embeddable":true,"href":"https:\/\/www.cpl.es\/ca\/wp-json\/wp\/v2\/product_tag?post=902"}],"curies":[{"name":"wp","href":"https:\/\/api.w.org\/{rel}","templated":true}]}}