{"id":874,"date":"2023-10-04T00:53:21","date_gmt":"2023-10-03T22:53:21","guid":{"rendered":"https:\/\/nuevaweb.cpl.es\/producto\/el-calendario-liturgico-medieval-9788491654667\/"},"modified":"2026-02-12T17:40:33","modified_gmt":"2026-02-12T16:40:33","slug":"el-calendario-liturgico-medieval-9788491654667","status":"publish","type":"product","link":"https:\/\/www.cpl.es\/ca\/producto\/el-calendario-liturgico-medieval-9788491654667\/","title":{"rendered":"El calendario lit\u00fargico medieval"},"content":{"rendered":"<p>Estudio de los signos del zodiaco, siendo para la \u00e9poca un elemento imprescindible para comprender los calendarios configurados tanto en libros de horas, como en los frescos de templos, configurados durante esta \u00e9poca hist\u00f3rica. Estos calendarios fueron creados a partir de los estudios astrol\u00f3gicos para el buen trabajo agr\u00edcola, as\u00ed por tanto se relacionar\u00e1n los signos del zodiaco con sus respectivos meses, para explicar de alg\u00fan modo los fen\u00f3menos meteorol\u00f3gicos, as\u00ed como de los cambios de estaci\u00f3n. Todo un recorrido por su evoluci\u00f3n y transformaci\u00f3n, desde su creaci\u00f3n en la \u00e9poca antigua, hasta ver su configuraci\u00f3n en la \u00e9poca medieval. Muchos de ellos ser\u00e1n modificados, ya sea por la moda del momento, por las im\u00e1genes que ilustraban, o por el significado que se les quiso otorgar.<\/p>\n","protected":false},"excerpt":{"rendered":"<p>vv.aa.<\/p>\n","protected":false},"featured_media":875,"template":"","meta":{"_acf_changed":false,"inline_featured_image":false},"product_brand":[],"product_cat":[148,149,69,54,158,85,62,112,133],"product_tag":[],"class_list":{"0":"post-874","1":"product","2":"type-product","3":"status-publish","4":"has-post-thumbnail","6":"product_cat-ano-liturgico-ano-liturgico-por-temas","7":"product_cat-any-liturgic-any-liturgic-per-temes","8":"product_cat-cuadernos-phase-colleccions-catala","9":"product_cat-cuadernos-phase","10":"product_cat-documentacion-documentacion-por-temas","11":"product_cat-historia-de-la-liturgia-per-temes-catala","12":"product_cat-historia-de-la-liturgia","13":"product_cat-santoral","14":"product_cat-santoral-any-liturgic-per-temes","16":"first","17":"instock","18":"taxable","19":"shipping-taxable","20":"purchasable","21":"product-type-simple"},"acf":{"autor":"vv.aa.","codart":"110264","ediciones":"2","encuadernacion":"R\u00fastica","fecha_de_publicacion":"21\/12\/2021","novedad":false,"paginas":"208","subtitulo":"","orden":"999","portada":false,"idioma":"spa","editorial":[{"ID":6736,"post_author":"2","post_date":"2023-10-06 08:35:24","post_date_gmt":"2023-10-06 06:35:24","post_content":"","post_title":"CPL","post_excerpt":"","post_status":"publish","comment_status":"closed","ping_status":"closed","post_password":"","post_name":"cpl","to_ping":"","pinged":"","post_modified":"2023-10-06 08:35:24","post_modified_gmt":"2023-10-06 06:35:24","post_content_filtered":"","post_parent":0,"guid":"https:\/\/nuevaweb.cpl.es\/editorial\/cpl\/","menu_order":0,"post_type":"editorial","post_mime_type":"","comment_count":"0","filter":"raw"}],"coleccion_num":"264"},"yoast_head":"<!-- This site is optimized with the Yoast SEO plugin v27.3 - https:\/\/yoast.com\/product\/yoast-seo-wordpress\/ -->\n<title>El calendario lit\u00fargico medieval - CPL<\/title>\n<meta name=\"robots\" content=\"index, follow, max-snippet:-1, max-image-preview:large, max-video-preview:-1\" \/>\n<link rel=\"canonical\" href=\"https:\/\/www.cpl.es\/producto\/el-calendario-liturgico-medieval-9788491654667\/\" \/>\n<meta property=\"og:locale\" content=\"ca_ES\" \/>\n<meta property=\"og:type\" content=\"article\" \/>\n<meta property=\"og:title\" content=\"El calendario lit\u00fargico medieval - CPL\" \/>\n<meta property=\"og:description\" content=\"vv.aa.\" \/>\n<meta property=\"og:url\" content=\"https:\/\/www.cpl.es\/producto\/el-calendario-liturgico-medieval-9788491654667\/\" \/>\n<meta property=\"og:site_name\" content=\"CPL\" \/>\n<meta property=\"article:modified_time\" content=\"2026-02-12T16:40:33+00:00\" \/>\n<meta property=\"og:image\" content=\"https:\/\/www.cpl.es\/wp-content\/uploads\/110264.jpg\" \/>\n\t<meta property=\"og:image:width\" content=\"294\" \/>\n\t<meta property=\"og:image:height\" content=\"443\" \/>\n\t<meta property=\"og:image:type\" content=\"image\/jpeg\" \/>\n<meta name=\"twitter:card\" content=\"summary_large_image\" \/>\n<meta name=\"twitter:label1\" content=\"Temps estimat de lectura\" \/>\n\t<meta name=\"twitter:data1\" content=\"1 minut\" \/>\n<script type=\"application\/ld+json\" class=\"yoast-schema-graph\">{\"@context\":\"https:\\\/\\\/schema.org\",\"@graph\":[{\"@type\":\"WebPage\",\"@id\":\"https:\\\/\\\/www.cpl.es\\\/producto\\\/el-calendario-liturgico-medieval-9788491654667\\\/\",\"url\":\"https:\\\/\\\/www.cpl.es\\\/producto\\\/el-calendario-liturgico-medieval-9788491654667\\\/\",\"name\":\"El calendario lit\u00fargico medieval - CPL\",\"isPartOf\":{\"@id\":\"https:\\\/\\\/www.cpl.es\\\/#website\"},\"primaryImageOfPage\":{\"@id\":\"https:\\\/\\\/www.cpl.es\\\/producto\\\/el-calendario-liturgico-medieval-9788491654667\\\/#primaryimage\"},\"image\":{\"@id\":\"https:\\\/\\\/www.cpl.es\\\/producto\\\/el-calendario-liturgico-medieval-9788491654667\\\/#primaryimage\"},\"thumbnailUrl\":\"https:\\\/\\\/www.cpl.es\\\/wp-content\\\/uploads\\\/110264.jpg\",\"datePublished\":\"2023-10-03T22:53:21+00:00\",\"dateModified\":\"2026-02-12T16:40:33+00:00\",\"breadcrumb\":{\"@id\":\"https:\\\/\\\/www.cpl.es\\\/producto\\\/el-calendario-liturgico-medieval-9788491654667\\\/#breadcrumb\"},\"inLanguage\":\"ca\",\"potentialAction\":[{\"@type\":\"ReadAction\",\"target\":[\"https:\\\/\\\/www.cpl.es\\\/producto\\\/el-calendario-liturgico-medieval-9788491654667\\\/\"]}]},{\"@type\":\"ImageObject\",\"inLanguage\":\"ca\",\"@id\":\"https:\\\/\\\/www.cpl.es\\\/producto\\\/el-calendario-liturgico-medieval-9788491654667\\\/#primaryimage\",\"url\":\"https:\\\/\\\/www.cpl.es\\\/wp-content\\\/uploads\\\/110264.jpg\",\"contentUrl\":\"https:\\\/\\\/www.cpl.es\\\/wp-content\\\/uploads\\\/110264.jpg\",\"width\":294,\"height\":443,\"caption\":\"110264.jpg\"},{\"@type\":\"BreadcrumbList\",\"@id\":\"https:\\\/\\\/www.cpl.es\\\/producto\\\/el-calendario-liturgico-medieval-9788491654667\\\/#breadcrumb\",\"itemListElement\":[{\"@type\":\"ListItem\",\"position\":1,\"name\":\"Portada\",\"item\":\"https:\\\/\\\/www.cpl.es\\\/ca\\\/\"},{\"@type\":\"ListItem\",\"position\":2,\"name\":\"Cat\u00e0leg\",\"item\":\"https:\\\/\\\/www.cpl.es\\\/ca\\\/cataleg\\\/\"},{\"@type\":\"ListItem\",\"position\":3,\"name\":\"El calendario lit\u00fargico medieval\"}]},{\"@type\":\"WebSite\",\"@id\":\"https:\\\/\\\/www.cpl.es\\\/#website\",\"url\":\"https:\\\/\\\/www.cpl.es\\\/\",\"name\":\"CPL\",\"description\":\"Centre de Pastoral Lit\u00fargica de Barcelona\",\"publisher\":{\"@id\":\"https:\\\/\\\/www.cpl.es\\\/#organization\"},\"alternateName\":\"Centre de Pastoral Lit\u00fargica\",\"potentialAction\":[{\"@type\":\"SearchAction\",\"target\":{\"@type\":\"EntryPoint\",\"urlTemplate\":\"https:\\\/\\\/www.cpl.es\\\/?s={search_term_string}\"},\"query-input\":{\"@type\":\"PropertyValueSpecification\",\"valueRequired\":true,\"valueName\":\"search_term_string\"}}],\"inLanguage\":\"ca\"},{\"@type\":\"Organization\",\"@id\":\"https:\\\/\\\/www.cpl.es\\\/#organization\",\"name\":\"Centre de Pastoral Lit\u00fargica\",\"alternateName\":\"Centre de Pastoral Lit\u00fargica de Barcelona\",\"url\":\"https:\\\/\\\/www.cpl.es\\\/\",\"logo\":{\"@type\":\"ImageObject\",\"inLanguage\":\"ca\",\"@id\":\"https:\\\/\\\/www.cpl.es\\\/#\\\/schema\\\/logo\\\/image\\\/\",\"url\":\"https:\\\/\\\/www.cpl.es\\\/wp-content\\\/uploads\\\/logo-cpl.svg\",\"contentUrl\":\"https:\\\/\\\/www.cpl.es\\\/wp-content\\\/uploads\\\/logo-cpl.svg\",\"caption\":\"Centre de Pastoral Lit\u00fargica\"},\"image\":{\"@id\":\"https:\\\/\\\/www.cpl.es\\\/#\\\/schema\\\/logo\\\/image\\\/\"}}]}<\/script>\n<!-- \/ Yoast SEO plugin. -->","yoast_head_json":{"title":"El calendario lit\u00fargico medieval - CPL","robots":{"index":"index","follow":"follow","max-snippet":"max-snippet:-1","max-image-preview":"max-image-preview:large","max-video-preview":"max-video-preview:-1"},"canonical":"https:\/\/www.cpl.es\/producto\/el-calendario-liturgico-medieval-9788491654667\/","og_locale":"ca_ES","og_type":"article","og_title":"El calendario lit\u00fargico medieval - CPL","og_description":"vv.aa.","og_url":"https:\/\/www.cpl.es\/producto\/el-calendario-liturgico-medieval-9788491654667\/","og_site_name":"CPL","article_modified_time":"2026-02-12T16:40:33+00:00","og_image":[{"width":294,"height":443,"url":"https:\/\/www.cpl.es\/wp-content\/uploads\/110264.jpg","type":"image\/jpeg"}],"twitter_card":"summary_large_image","twitter_misc":{"Temps estimat de lectura":"1 minut"},"schema":{"@context":"https:\/\/schema.org","@graph":[{"@type":"WebPage","@id":"https:\/\/www.cpl.es\/producto\/el-calendario-liturgico-medieval-9788491654667\/","url":"https:\/\/www.cpl.es\/producto\/el-calendario-liturgico-medieval-9788491654667\/","name":"El calendario lit\u00fargico medieval - CPL","isPartOf":{"@id":"https:\/\/www.cpl.es\/#website"},"primaryImageOfPage":{"@id":"https:\/\/www.cpl.es\/producto\/el-calendario-liturgico-medieval-9788491654667\/#primaryimage"},"image":{"@id":"https:\/\/www.cpl.es\/producto\/el-calendario-liturgico-medieval-9788491654667\/#primaryimage"},"thumbnailUrl":"https:\/\/www.cpl.es\/wp-content\/uploads\/110264.jpg","datePublished":"2023-10-03T22:53:21+00:00","dateModified":"2026-02-12T16:40:33+00:00","breadcrumb":{"@id":"https:\/\/www.cpl.es\/producto\/el-calendario-liturgico-medieval-9788491654667\/#breadcrumb"},"inLanguage":"ca","potentialAction":[{"@type":"ReadAction","target":["https:\/\/www.cpl.es\/producto\/el-calendario-liturgico-medieval-9788491654667\/"]}]},{"@type":"ImageObject","inLanguage":"ca","@id":"https:\/\/www.cpl.es\/producto\/el-calendario-liturgico-medieval-9788491654667\/#primaryimage","url":"https:\/\/www.cpl.es\/wp-content\/uploads\/110264.jpg","contentUrl":"https:\/\/www.cpl.es\/wp-content\/uploads\/110264.jpg","width":294,"height":443,"caption":"110264.jpg"},{"@type":"BreadcrumbList","@id":"https:\/\/www.cpl.es\/producto\/el-calendario-liturgico-medieval-9788491654667\/#breadcrumb","itemListElement":[{"@type":"ListItem","position":1,"name":"Portada","item":"https:\/\/www.cpl.es\/ca\/"},{"@type":"ListItem","position":2,"name":"Cat\u00e0leg","item":"https:\/\/www.cpl.es\/ca\/cataleg\/"},{"@type":"ListItem","position":3,"name":"El calendario lit\u00fargico medieval"}]},{"@type":"WebSite","@id":"https:\/\/www.cpl.es\/#website","url":"https:\/\/www.cpl.es\/","name":"CPL","description":"Centre de Pastoral Lit\u00fargica de Barcelona","publisher":{"@id":"https:\/\/www.cpl.es\/#organization"},"alternateName":"Centre de Pastoral Lit\u00fargica","potentialAction":[{"@type":"SearchAction","target":{"@type":"EntryPoint","urlTemplate":"https:\/\/www.cpl.es\/?s={search_term_string}"},"query-input":{"@type":"PropertyValueSpecification","valueRequired":true,"valueName":"search_term_string"}}],"inLanguage":"ca"},{"@type":"Organization","@id":"https:\/\/www.cpl.es\/#organization","name":"Centre de Pastoral Lit\u00fargica","alternateName":"Centre de Pastoral Lit\u00fargica de Barcelona","url":"https:\/\/www.cpl.es\/","logo":{"@type":"ImageObject","inLanguage":"ca","@id":"https:\/\/www.cpl.es\/#\/schema\/logo\/image\/","url":"https:\/\/www.cpl.es\/wp-content\/uploads\/logo-cpl.svg","contentUrl":"https:\/\/www.cpl.es\/wp-content\/uploads\/logo-cpl.svg","caption":"Centre de Pastoral Lit\u00fargica"},"image":{"@id":"https:\/\/www.cpl.es\/#\/schema\/logo\/image\/"}}]}},"_links":{"self":[{"href":"https:\/\/www.cpl.es\/ca\/wp-json\/wp\/v2\/product\/874","targetHints":{"allow":["GET"]}}],"collection":[{"href":"https:\/\/www.cpl.es\/ca\/wp-json\/wp\/v2\/product"}],"about":[{"href":"https:\/\/www.cpl.es\/ca\/wp-json\/wp\/v2\/types\/product"}],"wp:featuredmedia":[{"embeddable":true,"href":"https:\/\/www.cpl.es\/ca\/wp-json\/wp\/v2\/media\/875"}],"wp:attachment":[{"href":"https:\/\/www.cpl.es\/ca\/wp-json\/wp\/v2\/media?parent=874"}],"wp:term":[{"taxonomy":"product_brand","embeddable":true,"href":"https:\/\/www.cpl.es\/ca\/wp-json\/wp\/v2\/product_brand?post=874"},{"taxonomy":"product_cat","embeddable":true,"href":"https:\/\/www.cpl.es\/ca\/wp-json\/wp\/v2\/product_cat?post=874"},{"taxonomy":"product_tag","embeddable":true,"href":"https:\/\/www.cpl.es\/ca\/wp-json\/wp\/v2\/product_tag?post=874"}],"curies":[{"name":"wp","href":"https:\/\/api.w.org\/{rel}","templated":true}]}}