{"id":865,"date":"2023-10-04T00:53:04","date_gmt":"2023-10-03T22:53:04","guid":{"rendered":"https:\/\/nuevaweb.cpl.es\/producto\/vida-de-san-martin-9788491654643\/"},"modified":"2026-02-12T16:56:47","modified_gmt":"2026-02-12T15:56:47","slug":"vida-de-san-martin-9788491654643","status":"publish","type":"product","link":"https:\/\/www.cpl.es\/ca\/producto\/vida-de-san-martin-9788491654643\/","title":{"rendered":"Vida de san Mart\u00edn"},"content":{"rendered":"<p>Mart\u00edn de Tours es uno de los santos que ha gozado de mayor popularidad. La irradiaci\u00f3n de la figura martiniana es extraordinaria en el tiempo. La geograf\u00eda europea est\u00e1 sembrada de top\u00f3nimos y titularidad de iglesias que llevan su nombre. Mart\u00edn ha sido una fuente de inspiraci\u00f3n intelectual y art\u00edstica. El personaje ha fomentado tradiciones populares y ha penetrado en las costumbres religiosas e incluso en el lenguaje. El punto de partida del inter\u00e9s por un destacado cristiano fallecido a fines del siglo IV solo encontramos una explicaci\u00f3n: la difusi\u00f3n de una vida ejemplar, en la l\u00ednea de las hagiograf\u00edas m\u00e1s t\u00edpicas, pero que debe mucho a la habilidad del bi\u00f3grafo, Sulpicio Severo.<\/p>\n<p>Bernab\u00e9 Dalmau (Igualada, Barcelona, 1944), es monje de Montserrat, licenciado en teolog\u00eda y en derecho can\u00f3nico, experto en liturgia, director de la revista Documents d'Esgl\u00e9sia y miembro del Centre de Pastoral Lit\u00fargica, en el que \u00faltimamente ha publicado diversas obras tanto de car\u00e1cter lit\u00fargico como de vida cristiana.<\/p>\n","protected":false},"excerpt":{"rendered":"<p>Sulpicio Severo &#8211; Introd.y trad. de Bernab\u00e9 Dalmau<\/p>\n","protected":false},"featured_media":866,"template":"","meta":{"_acf_changed":false,"inline_featured_image":false},"product_brand":[],"product_cat":[73,49,64,87,133,112,154],"product_tag":[],"class_list":{"0":"post-865","1":"product","2":"type-product","3":"status-publish","4":"has-post-thumbnail","6":"product_cat-emaus-colleccions-catala","7":"product_cat-emaus","8":"product_cat-religiosidad-popular","9":"product_cat-religiositat-popular","10":"product_cat-santoral-any-liturgic-per-temes","11":"product_cat-santoral","12":"product_cat-vida-de-santos","14":"first","15":"instock","16":"taxable","17":"shipping-taxable","18":"purchasable","19":"product-type-simple"},"acf":{"autor":"Sulpicio Severo - Introd.y trad. de Bernab\u00e9 Dalmau","codart":"108169","ediciones":"2","encuadernacion":"R\u00fastica","fecha_de_publicacion":"21\/12\/2021","novedad":false,"paginas":"88","subtitulo":"","orden":"999","portada":false,"idioma":"spa","editorial":[{"ID":6736,"post_author":"2","post_date":"2023-10-06 08:35:24","post_date_gmt":"2023-10-06 06:35:24","post_content":"","post_title":"CPL","post_excerpt":"","post_status":"publish","comment_status":"closed","ping_status":"closed","post_password":"","post_name":"cpl","to_ping":"","pinged":"","post_modified":"2023-10-06 08:35:24","post_modified_gmt":"2023-10-06 06:35:24","post_content_filtered":"","post_parent":0,"guid":"https:\/\/nuevaweb.cpl.es\/editorial\/cpl\/","menu_order":0,"post_type":"editorial","post_mime_type":"","comment_count":"0","filter":"raw"}],"coleccion_num":"169"},"yoast_head":"<!-- This site is optimized with the Yoast SEO plugin v27.3 - https:\/\/yoast.com\/product\/yoast-seo-wordpress\/ -->\n<title>Vida de san Mart\u00edn - CPL<\/title>\n<meta name=\"robots\" content=\"index, follow, max-snippet:-1, max-image-preview:large, max-video-preview:-1\" \/>\n<link rel=\"canonical\" href=\"https:\/\/www.cpl.es\/producto\/vida-de-san-martin-9788491654643\/\" \/>\n<meta property=\"og:locale\" content=\"ca_ES\" \/>\n<meta property=\"og:type\" content=\"article\" \/>\n<meta property=\"og:title\" content=\"Vida de san Mart\u00edn - CPL\" \/>\n<meta property=\"og:description\" content=\"Sulpicio Severo - Introd.y trad. de Bernab\u00e9 Dalmau\" \/>\n<meta property=\"og:url\" content=\"https:\/\/www.cpl.es\/producto\/vida-de-san-martin-9788491654643\/\" \/>\n<meta property=\"og:site_name\" content=\"CPL\" \/>\n<meta property=\"article:modified_time\" content=\"2026-02-12T15:56:47+00:00\" \/>\n<meta property=\"og:image\" content=\"https:\/\/www.cpl.es\/wp-content\/uploads\/108169.jpg\" \/>\n\t<meta property=\"og:image:width\" content=\"280\" \/>\n\t<meta property=\"og:image:height\" content=\"443\" \/>\n\t<meta property=\"og:image:type\" content=\"image\/jpeg\" \/>\n<meta name=\"twitter:card\" content=\"summary_large_image\" \/>\n<meta name=\"twitter:label1\" content=\"Temps estimat de lectura\" \/>\n\t<meta name=\"twitter:data1\" content=\"1 minut\" \/>\n<script type=\"application\/ld+json\" class=\"yoast-schema-graph\">{\"@context\":\"https:\\\/\\\/schema.org\",\"@graph\":[{\"@type\":\"WebPage\",\"@id\":\"https:\\\/\\\/www.cpl.es\\\/producto\\\/vida-de-san-martin-9788491654643\\\/\",\"url\":\"https:\\\/\\\/www.cpl.es\\\/producto\\\/vida-de-san-martin-9788491654643\\\/\",\"name\":\"Vida de san Mart\u00edn - CPL\",\"isPartOf\":{\"@id\":\"https:\\\/\\\/www.cpl.es\\\/#website\"},\"primaryImageOfPage\":{\"@id\":\"https:\\\/\\\/www.cpl.es\\\/producto\\\/vida-de-san-martin-9788491654643\\\/#primaryimage\"},\"image\":{\"@id\":\"https:\\\/\\\/www.cpl.es\\\/producto\\\/vida-de-san-martin-9788491654643\\\/#primaryimage\"},\"thumbnailUrl\":\"https:\\\/\\\/www.cpl.es\\\/wp-content\\\/uploads\\\/108169.jpg\",\"datePublished\":\"2023-10-03T22:53:04+00:00\",\"dateModified\":\"2026-02-12T15:56:47+00:00\",\"breadcrumb\":{\"@id\":\"https:\\\/\\\/www.cpl.es\\\/producto\\\/vida-de-san-martin-9788491654643\\\/#breadcrumb\"},\"inLanguage\":\"ca\",\"potentialAction\":[{\"@type\":\"ReadAction\",\"target\":[\"https:\\\/\\\/www.cpl.es\\\/producto\\\/vida-de-san-martin-9788491654643\\\/\"]}]},{\"@type\":\"ImageObject\",\"inLanguage\":\"ca\",\"@id\":\"https:\\\/\\\/www.cpl.es\\\/producto\\\/vida-de-san-martin-9788491654643\\\/#primaryimage\",\"url\":\"https:\\\/\\\/www.cpl.es\\\/wp-content\\\/uploads\\\/108169.jpg\",\"contentUrl\":\"https:\\\/\\\/www.cpl.es\\\/wp-content\\\/uploads\\\/108169.jpg\",\"width\":280,\"height\":443,\"caption\":\"108169.jpg\"},{\"@type\":\"BreadcrumbList\",\"@id\":\"https:\\\/\\\/www.cpl.es\\\/producto\\\/vida-de-san-martin-9788491654643\\\/#breadcrumb\",\"itemListElement\":[{\"@type\":\"ListItem\",\"position\":1,\"name\":\"Portada\",\"item\":\"https:\\\/\\\/www.cpl.es\\\/ca\\\/\"},{\"@type\":\"ListItem\",\"position\":2,\"name\":\"Cat\u00e0leg\",\"item\":\"https:\\\/\\\/www.cpl.es\\\/ca\\\/cataleg\\\/\"},{\"@type\":\"ListItem\",\"position\":3,\"name\":\"Vida de san Mart\u00edn\"}]},{\"@type\":\"WebSite\",\"@id\":\"https:\\\/\\\/www.cpl.es\\\/#website\",\"url\":\"https:\\\/\\\/www.cpl.es\\\/\",\"name\":\"CPL\",\"description\":\"Centre de Pastoral Lit\u00fargica de Barcelona\",\"publisher\":{\"@id\":\"https:\\\/\\\/www.cpl.es\\\/#organization\"},\"alternateName\":\"Centre de Pastoral Lit\u00fargica\",\"potentialAction\":[{\"@type\":\"SearchAction\",\"target\":{\"@type\":\"EntryPoint\",\"urlTemplate\":\"https:\\\/\\\/www.cpl.es\\\/?s={search_term_string}\"},\"query-input\":{\"@type\":\"PropertyValueSpecification\",\"valueRequired\":true,\"valueName\":\"search_term_string\"}}],\"inLanguage\":\"ca\"},{\"@type\":\"Organization\",\"@id\":\"https:\\\/\\\/www.cpl.es\\\/#organization\",\"name\":\"Centre de Pastoral Lit\u00fargica\",\"alternateName\":\"Centre de Pastoral Lit\u00fargica de Barcelona\",\"url\":\"https:\\\/\\\/www.cpl.es\\\/\",\"logo\":{\"@type\":\"ImageObject\",\"inLanguage\":\"ca\",\"@id\":\"https:\\\/\\\/www.cpl.es\\\/#\\\/schema\\\/logo\\\/image\\\/\",\"url\":\"https:\\\/\\\/www.cpl.es\\\/wp-content\\\/uploads\\\/logo-cpl.svg\",\"contentUrl\":\"https:\\\/\\\/www.cpl.es\\\/wp-content\\\/uploads\\\/logo-cpl.svg\",\"caption\":\"Centre de Pastoral Lit\u00fargica\"},\"image\":{\"@id\":\"https:\\\/\\\/www.cpl.es\\\/#\\\/schema\\\/logo\\\/image\\\/\"}}]}<\/script>\n<!-- \/ Yoast SEO plugin. -->","yoast_head_json":{"title":"Vida de san Mart\u00edn - CPL","robots":{"index":"index","follow":"follow","max-snippet":"max-snippet:-1","max-image-preview":"max-image-preview:large","max-video-preview":"max-video-preview:-1"},"canonical":"https:\/\/www.cpl.es\/producto\/vida-de-san-martin-9788491654643\/","og_locale":"ca_ES","og_type":"article","og_title":"Vida de san Mart\u00edn - CPL","og_description":"Sulpicio Severo - Introd.y trad. de Bernab\u00e9 Dalmau","og_url":"https:\/\/www.cpl.es\/producto\/vida-de-san-martin-9788491654643\/","og_site_name":"CPL","article_modified_time":"2026-02-12T15:56:47+00:00","og_image":[{"width":280,"height":443,"url":"https:\/\/www.cpl.es\/wp-content\/uploads\/108169.jpg","type":"image\/jpeg"}],"twitter_card":"summary_large_image","twitter_misc":{"Temps estimat de lectura":"1 minut"},"schema":{"@context":"https:\/\/schema.org","@graph":[{"@type":"WebPage","@id":"https:\/\/www.cpl.es\/producto\/vida-de-san-martin-9788491654643\/","url":"https:\/\/www.cpl.es\/producto\/vida-de-san-martin-9788491654643\/","name":"Vida de san Mart\u00edn - CPL","isPartOf":{"@id":"https:\/\/www.cpl.es\/#website"},"primaryImageOfPage":{"@id":"https:\/\/www.cpl.es\/producto\/vida-de-san-martin-9788491654643\/#primaryimage"},"image":{"@id":"https:\/\/www.cpl.es\/producto\/vida-de-san-martin-9788491654643\/#primaryimage"},"thumbnailUrl":"https:\/\/www.cpl.es\/wp-content\/uploads\/108169.jpg","datePublished":"2023-10-03T22:53:04+00:00","dateModified":"2026-02-12T15:56:47+00:00","breadcrumb":{"@id":"https:\/\/www.cpl.es\/producto\/vida-de-san-martin-9788491654643\/#breadcrumb"},"inLanguage":"ca","potentialAction":[{"@type":"ReadAction","target":["https:\/\/www.cpl.es\/producto\/vida-de-san-martin-9788491654643\/"]}]},{"@type":"ImageObject","inLanguage":"ca","@id":"https:\/\/www.cpl.es\/producto\/vida-de-san-martin-9788491654643\/#primaryimage","url":"https:\/\/www.cpl.es\/wp-content\/uploads\/108169.jpg","contentUrl":"https:\/\/www.cpl.es\/wp-content\/uploads\/108169.jpg","width":280,"height":443,"caption":"108169.jpg"},{"@type":"BreadcrumbList","@id":"https:\/\/www.cpl.es\/producto\/vida-de-san-martin-9788491654643\/#breadcrumb","itemListElement":[{"@type":"ListItem","position":1,"name":"Portada","item":"https:\/\/www.cpl.es\/ca\/"},{"@type":"ListItem","position":2,"name":"Cat\u00e0leg","item":"https:\/\/www.cpl.es\/ca\/cataleg\/"},{"@type":"ListItem","position":3,"name":"Vida de san Mart\u00edn"}]},{"@type":"WebSite","@id":"https:\/\/www.cpl.es\/#website","url":"https:\/\/www.cpl.es\/","name":"CPL","description":"Centre de Pastoral Lit\u00fargica de Barcelona","publisher":{"@id":"https:\/\/www.cpl.es\/#organization"},"alternateName":"Centre de Pastoral Lit\u00fargica","potentialAction":[{"@type":"SearchAction","target":{"@type":"EntryPoint","urlTemplate":"https:\/\/www.cpl.es\/?s={search_term_string}"},"query-input":{"@type":"PropertyValueSpecification","valueRequired":true,"valueName":"search_term_string"}}],"inLanguage":"ca"},{"@type":"Organization","@id":"https:\/\/www.cpl.es\/#organization","name":"Centre de Pastoral Lit\u00fargica","alternateName":"Centre de Pastoral Lit\u00fargica de Barcelona","url":"https:\/\/www.cpl.es\/","logo":{"@type":"ImageObject","inLanguage":"ca","@id":"https:\/\/www.cpl.es\/#\/schema\/logo\/image\/","url":"https:\/\/www.cpl.es\/wp-content\/uploads\/logo-cpl.svg","contentUrl":"https:\/\/www.cpl.es\/wp-content\/uploads\/logo-cpl.svg","caption":"Centre de Pastoral Lit\u00fargica"},"image":{"@id":"https:\/\/www.cpl.es\/#\/schema\/logo\/image\/"}}]}},"_links":{"self":[{"href":"https:\/\/www.cpl.es\/ca\/wp-json\/wp\/v2\/product\/865","targetHints":{"allow":["GET"]}}],"collection":[{"href":"https:\/\/www.cpl.es\/ca\/wp-json\/wp\/v2\/product"}],"about":[{"href":"https:\/\/www.cpl.es\/ca\/wp-json\/wp\/v2\/types\/product"}],"wp:featuredmedia":[{"embeddable":true,"href":"https:\/\/www.cpl.es\/ca\/wp-json\/wp\/v2\/media\/866"}],"wp:attachment":[{"href":"https:\/\/www.cpl.es\/ca\/wp-json\/wp\/v2\/media?parent=865"}],"wp:term":[{"taxonomy":"product_brand","embeddable":true,"href":"https:\/\/www.cpl.es\/ca\/wp-json\/wp\/v2\/product_brand?post=865"},{"taxonomy":"product_cat","embeddable":true,"href":"https:\/\/www.cpl.es\/ca\/wp-json\/wp\/v2\/product_cat?post=865"},{"taxonomy":"product_tag","embeddable":true,"href":"https:\/\/www.cpl.es\/ca\/wp-json\/wp\/v2\/product_tag?post=865"}],"curies":[{"name":"wp","href":"https:\/\/api.w.org\/{rel}","templated":true}]}}