{"id":822,"date":"2023-10-04T00:51:37","date_gmt":"2023-10-03T22:51:37","guid":{"rendered":"https:\/\/nuevaweb.cpl.es\/producto\/la-sinodalitat-com-a-caminar-junts-en-lesglesia-9788491654759\/"},"modified":"2026-02-12T17:55:21","modified_gmt":"2026-02-12T16:55:21","slug":"la-sinodalitat-com-a-caminar-junts-en-lesglesia-9788491654759","status":"publish","type":"product","link":"https:\/\/www.cpl.es\/ca\/producto\/la-sinodalitat-com-a-caminar-junts-en-lesglesia-9788491654759\/","title":{"rendered":"La sinodalitat com a &#8216;caminar junts&#8217; en l&#8217;Esgl\u00e9sia"},"content":{"rendered":"<p>La paraula \u00absinodalitat\u00bb \u00e9s una paraula que, especialment en aquests darrers temps, va apareixent cada vegada m\u00e9s en el m\u00f3n eclesial. Per\u00f2, \u00bfqu\u00e8 vol dir exactament aquesta paraula que prov\u00e9 de la llengua grega? De fet, sinodalitat tradu\u00efda literalment significa \u00abfer cam\u00ed (=hodos), junts (=syn)\u00bb. \u00bfI qu\u00e8 significa concretament \u00abfer cam\u00ed junts\u00bb en l\u2019Esgl\u00e9sia?<br \/>Salvador Pi\u00e9-Ninot presenta en aquest llibre aquesta i altres q\u00fcestions referents a la \u00absinodalitat\u00bb. Una bona ajuda per aprofundir en aquest tema tan d\u2019actualitat amb vista al \u00abS\u00ednode dels Bisbes\u00bb (octubre de 2023) amb aquest t\u00edtol emblem\u00e0tic: \u00abPer una Esgl\u00e9sia sinodal: comuni\u00f3, participaci\u00f3 i missi\u00f3\u00bb.<\/p>\n","protected":false},"excerpt":{"rendered":"<p>Pi\u00e9 Ninot, Salvador<\/p>\n","protected":false},"featured_media":823,"template":"","meta":{"_acf_changed":false,"inline_featured_image":false},"product_brand":[],"product_cat":[73],"product_tag":[],"class_list":{"0":"post-822","1":"product","2":"type-product","3":"status-publish","4":"has-post-thumbnail","6":"product_cat-emaus-colleccions-catala","8":"first","9":"instock","10":"taxable","11":"shipping-taxable","12":"purchasable","13":"product-type-simple"},"acf":{"autor":"Pi\u00e9 Ninot, Salvador","codart":"208170","ediciones":"2","encuadernacion":"R\u00fastica","fecha_de_publicacion":"24\/02\/2022","novedad":false,"paginas":"64","subtitulo":"","orden":"999","portada":false,"idioma":"cat","editorial":[{"ID":6736,"post_author":"2","post_date":"2023-10-06 08:35:24","post_date_gmt":"2023-10-06 06:35:24","post_content":"","post_title":"CPL","post_excerpt":"","post_status":"publish","comment_status":"closed","ping_status":"closed","post_password":"","post_name":"cpl","to_ping":"","pinged":"","post_modified":"2023-10-06 08:35:24","post_modified_gmt":"2023-10-06 06:35:24","post_content_filtered":"","post_parent":0,"guid":"https:\/\/nuevaweb.cpl.es\/editorial\/cpl\/","menu_order":0,"post_type":"editorial","post_mime_type":"","comment_count":"0","filter":"raw"}],"coleccion_num":"170"},"yoast_head":"<!-- This site is optimized with the Yoast SEO plugin v27.3 - https:\/\/yoast.com\/product\/yoast-seo-wordpress\/ -->\n<title>La sinodalitat com a &#039;caminar junts&#039; en l&#039;Esgl\u00e9sia - CPL<\/title>\n<meta name=\"robots\" content=\"index, follow, max-snippet:-1, max-image-preview:large, max-video-preview:-1\" \/>\n<link rel=\"canonical\" href=\"https:\/\/www.cpl.es\/producto\/la-sinodalitat-com-a-caminar-junts-en-lesglesia-9788491654759\/\" \/>\n<meta property=\"og:locale\" content=\"ca_ES\" \/>\n<meta property=\"og:type\" content=\"article\" \/>\n<meta property=\"og:title\" content=\"La sinodalitat com a &#039;caminar junts&#039; en l&#039;Esgl\u00e9sia - CPL\" \/>\n<meta property=\"og:description\" content=\"Pi\u00e9 Ninot, Salvador\" \/>\n<meta property=\"og:url\" content=\"https:\/\/www.cpl.es\/producto\/la-sinodalitat-com-a-caminar-junts-en-lesglesia-9788491654759\/\" \/>\n<meta property=\"og:site_name\" content=\"CPL\" \/>\n<meta property=\"article:modified_time\" content=\"2026-02-12T16:55:21+00:00\" \/>\n<meta property=\"og:image\" content=\"https:\/\/www.cpl.es\/wp-content\/uploads\/208170.jpg\" \/>\n\t<meta property=\"og:image:width\" content=\"280\" \/>\n\t<meta property=\"og:image:height\" content=\"443\" \/>\n\t<meta property=\"og:image:type\" content=\"image\/jpeg\" \/>\n<meta name=\"twitter:card\" content=\"summary_large_image\" \/>\n<meta name=\"twitter:label1\" content=\"Temps estimat de lectura\" \/>\n\t<meta name=\"twitter:data1\" content=\"1 minut\" \/>\n<script type=\"application\/ld+json\" class=\"yoast-schema-graph\">{\"@context\":\"https:\\\/\\\/schema.org\",\"@graph\":[{\"@type\":\"WebPage\",\"@id\":\"https:\\\/\\\/www.cpl.es\\\/producto\\\/la-sinodalitat-com-a-caminar-junts-en-lesglesia-9788491654759\\\/\",\"url\":\"https:\\\/\\\/www.cpl.es\\\/producto\\\/la-sinodalitat-com-a-caminar-junts-en-lesglesia-9788491654759\\\/\",\"name\":\"La sinodalitat com a 'caminar junts' en l'Esgl\u00e9sia - CPL\",\"isPartOf\":{\"@id\":\"https:\\\/\\\/www.cpl.es\\\/#website\"},\"primaryImageOfPage\":{\"@id\":\"https:\\\/\\\/www.cpl.es\\\/producto\\\/la-sinodalitat-com-a-caminar-junts-en-lesglesia-9788491654759\\\/#primaryimage\"},\"image\":{\"@id\":\"https:\\\/\\\/www.cpl.es\\\/producto\\\/la-sinodalitat-com-a-caminar-junts-en-lesglesia-9788491654759\\\/#primaryimage\"},\"thumbnailUrl\":\"https:\\\/\\\/www.cpl.es\\\/wp-content\\\/uploads\\\/208170.jpg\",\"datePublished\":\"2023-10-03T22:51:37+00:00\",\"dateModified\":\"2026-02-12T16:55:21+00:00\",\"breadcrumb\":{\"@id\":\"https:\\\/\\\/www.cpl.es\\\/producto\\\/la-sinodalitat-com-a-caminar-junts-en-lesglesia-9788491654759\\\/#breadcrumb\"},\"inLanguage\":\"ca\",\"potentialAction\":[{\"@type\":\"ReadAction\",\"target\":[\"https:\\\/\\\/www.cpl.es\\\/producto\\\/la-sinodalitat-com-a-caminar-junts-en-lesglesia-9788491654759\\\/\"]}]},{\"@type\":\"ImageObject\",\"inLanguage\":\"ca\",\"@id\":\"https:\\\/\\\/www.cpl.es\\\/producto\\\/la-sinodalitat-com-a-caminar-junts-en-lesglesia-9788491654759\\\/#primaryimage\",\"url\":\"https:\\\/\\\/www.cpl.es\\\/wp-content\\\/uploads\\\/208170.jpg\",\"contentUrl\":\"https:\\\/\\\/www.cpl.es\\\/wp-content\\\/uploads\\\/208170.jpg\",\"width\":280,\"height\":443,\"caption\":\"208170.jpg\"},{\"@type\":\"BreadcrumbList\",\"@id\":\"https:\\\/\\\/www.cpl.es\\\/producto\\\/la-sinodalitat-com-a-caminar-junts-en-lesglesia-9788491654759\\\/#breadcrumb\",\"itemListElement\":[{\"@type\":\"ListItem\",\"position\":1,\"name\":\"Portada\",\"item\":\"https:\\\/\\\/www.cpl.es\\\/ca\\\/\"},{\"@type\":\"ListItem\",\"position\":2,\"name\":\"Cat\u00e0leg\",\"item\":\"https:\\\/\\\/www.cpl.es\\\/ca\\\/cataleg\\\/\"},{\"@type\":\"ListItem\",\"position\":3,\"name\":\"La sinodalitat com a &#8216;caminar junts&#8217; en l&#8217;Esgl\u00e9sia\"}]},{\"@type\":\"WebSite\",\"@id\":\"https:\\\/\\\/www.cpl.es\\\/#website\",\"url\":\"https:\\\/\\\/www.cpl.es\\\/\",\"name\":\"CPL\",\"description\":\"Centre de Pastoral Lit\u00fargica de Barcelona\",\"publisher\":{\"@id\":\"https:\\\/\\\/www.cpl.es\\\/#organization\"},\"alternateName\":\"Centre de Pastoral Lit\u00fargica\",\"potentialAction\":[{\"@type\":\"SearchAction\",\"target\":{\"@type\":\"EntryPoint\",\"urlTemplate\":\"https:\\\/\\\/www.cpl.es\\\/?s={search_term_string}\"},\"query-input\":{\"@type\":\"PropertyValueSpecification\",\"valueRequired\":true,\"valueName\":\"search_term_string\"}}],\"inLanguage\":\"ca\"},{\"@type\":\"Organization\",\"@id\":\"https:\\\/\\\/www.cpl.es\\\/#organization\",\"name\":\"Centre de Pastoral Lit\u00fargica\",\"alternateName\":\"Centre de Pastoral Lit\u00fargica de Barcelona\",\"url\":\"https:\\\/\\\/www.cpl.es\\\/\",\"logo\":{\"@type\":\"ImageObject\",\"inLanguage\":\"ca\",\"@id\":\"https:\\\/\\\/www.cpl.es\\\/#\\\/schema\\\/logo\\\/image\\\/\",\"url\":\"https:\\\/\\\/www.cpl.es\\\/wp-content\\\/uploads\\\/logo-cpl.svg\",\"contentUrl\":\"https:\\\/\\\/www.cpl.es\\\/wp-content\\\/uploads\\\/logo-cpl.svg\",\"caption\":\"Centre de Pastoral Lit\u00fargica\"},\"image\":{\"@id\":\"https:\\\/\\\/www.cpl.es\\\/#\\\/schema\\\/logo\\\/image\\\/\"}}]}<\/script>\n<!-- \/ Yoast SEO plugin. -->","yoast_head_json":{"title":"La sinodalitat com a 'caminar junts' en l'Esgl\u00e9sia - CPL","robots":{"index":"index","follow":"follow","max-snippet":"max-snippet:-1","max-image-preview":"max-image-preview:large","max-video-preview":"max-video-preview:-1"},"canonical":"https:\/\/www.cpl.es\/producto\/la-sinodalitat-com-a-caminar-junts-en-lesglesia-9788491654759\/","og_locale":"ca_ES","og_type":"article","og_title":"La sinodalitat com a 'caminar junts' en l'Esgl\u00e9sia - CPL","og_description":"Pi\u00e9 Ninot, Salvador","og_url":"https:\/\/www.cpl.es\/producto\/la-sinodalitat-com-a-caminar-junts-en-lesglesia-9788491654759\/","og_site_name":"CPL","article_modified_time":"2026-02-12T16:55:21+00:00","og_image":[{"width":280,"height":443,"url":"https:\/\/www.cpl.es\/wp-content\/uploads\/208170.jpg","type":"image\/jpeg"}],"twitter_card":"summary_large_image","twitter_misc":{"Temps estimat de lectura":"1 minut"},"schema":{"@context":"https:\/\/schema.org","@graph":[{"@type":"WebPage","@id":"https:\/\/www.cpl.es\/producto\/la-sinodalitat-com-a-caminar-junts-en-lesglesia-9788491654759\/","url":"https:\/\/www.cpl.es\/producto\/la-sinodalitat-com-a-caminar-junts-en-lesglesia-9788491654759\/","name":"La sinodalitat com a 'caminar junts' en l'Esgl\u00e9sia - CPL","isPartOf":{"@id":"https:\/\/www.cpl.es\/#website"},"primaryImageOfPage":{"@id":"https:\/\/www.cpl.es\/producto\/la-sinodalitat-com-a-caminar-junts-en-lesglesia-9788491654759\/#primaryimage"},"image":{"@id":"https:\/\/www.cpl.es\/producto\/la-sinodalitat-com-a-caminar-junts-en-lesglesia-9788491654759\/#primaryimage"},"thumbnailUrl":"https:\/\/www.cpl.es\/wp-content\/uploads\/208170.jpg","datePublished":"2023-10-03T22:51:37+00:00","dateModified":"2026-02-12T16:55:21+00:00","breadcrumb":{"@id":"https:\/\/www.cpl.es\/producto\/la-sinodalitat-com-a-caminar-junts-en-lesglesia-9788491654759\/#breadcrumb"},"inLanguage":"ca","potentialAction":[{"@type":"ReadAction","target":["https:\/\/www.cpl.es\/producto\/la-sinodalitat-com-a-caminar-junts-en-lesglesia-9788491654759\/"]}]},{"@type":"ImageObject","inLanguage":"ca","@id":"https:\/\/www.cpl.es\/producto\/la-sinodalitat-com-a-caminar-junts-en-lesglesia-9788491654759\/#primaryimage","url":"https:\/\/www.cpl.es\/wp-content\/uploads\/208170.jpg","contentUrl":"https:\/\/www.cpl.es\/wp-content\/uploads\/208170.jpg","width":280,"height":443,"caption":"208170.jpg"},{"@type":"BreadcrumbList","@id":"https:\/\/www.cpl.es\/producto\/la-sinodalitat-com-a-caminar-junts-en-lesglesia-9788491654759\/#breadcrumb","itemListElement":[{"@type":"ListItem","position":1,"name":"Portada","item":"https:\/\/www.cpl.es\/ca\/"},{"@type":"ListItem","position":2,"name":"Cat\u00e0leg","item":"https:\/\/www.cpl.es\/ca\/cataleg\/"},{"@type":"ListItem","position":3,"name":"La sinodalitat com a &#8216;caminar junts&#8217; en l&#8217;Esgl\u00e9sia"}]},{"@type":"WebSite","@id":"https:\/\/www.cpl.es\/#website","url":"https:\/\/www.cpl.es\/","name":"CPL","description":"Centre de Pastoral Lit\u00fargica de Barcelona","publisher":{"@id":"https:\/\/www.cpl.es\/#organization"},"alternateName":"Centre de Pastoral Lit\u00fargica","potentialAction":[{"@type":"SearchAction","target":{"@type":"EntryPoint","urlTemplate":"https:\/\/www.cpl.es\/?s={search_term_string}"},"query-input":{"@type":"PropertyValueSpecification","valueRequired":true,"valueName":"search_term_string"}}],"inLanguage":"ca"},{"@type":"Organization","@id":"https:\/\/www.cpl.es\/#organization","name":"Centre de Pastoral Lit\u00fargica","alternateName":"Centre de Pastoral Lit\u00fargica de Barcelona","url":"https:\/\/www.cpl.es\/","logo":{"@type":"ImageObject","inLanguage":"ca","@id":"https:\/\/www.cpl.es\/#\/schema\/logo\/image\/","url":"https:\/\/www.cpl.es\/wp-content\/uploads\/logo-cpl.svg","contentUrl":"https:\/\/www.cpl.es\/wp-content\/uploads\/logo-cpl.svg","caption":"Centre de Pastoral Lit\u00fargica"},"image":{"@id":"https:\/\/www.cpl.es\/#\/schema\/logo\/image\/"}}]}},"_links":{"self":[{"href":"https:\/\/www.cpl.es\/ca\/wp-json\/wp\/v2\/product\/822","targetHints":{"allow":["GET"]}}],"collection":[{"href":"https:\/\/www.cpl.es\/ca\/wp-json\/wp\/v2\/product"}],"about":[{"href":"https:\/\/www.cpl.es\/ca\/wp-json\/wp\/v2\/types\/product"}],"wp:featuredmedia":[{"embeddable":true,"href":"https:\/\/www.cpl.es\/ca\/wp-json\/wp\/v2\/media\/823"}],"wp:attachment":[{"href":"https:\/\/www.cpl.es\/ca\/wp-json\/wp\/v2\/media?parent=822"}],"wp:term":[{"taxonomy":"product_brand","embeddable":true,"href":"https:\/\/www.cpl.es\/ca\/wp-json\/wp\/v2\/product_brand?post=822"},{"taxonomy":"product_cat","embeddable":true,"href":"https:\/\/www.cpl.es\/ca\/wp-json\/wp\/v2\/product_cat?post=822"},{"taxonomy":"product_tag","embeddable":true,"href":"https:\/\/www.cpl.es\/ca\/wp-json\/wp\/v2\/product_tag?post=822"}],"curies":[{"name":"wp","href":"https:\/\/api.w.org\/{rel}","templated":true}]}}