{"id":792,"date":"2023-10-04T00:50:41","date_gmt":"2023-10-03T22:50:41","guid":{"rendered":"https:\/\/nuevaweb.cpl.es\/producto\/sintesis-del-magisterio-del-papa-francisco-en-materia-liturgica-9788491655008\/"},"modified":"2026-02-12T17:40:39","modified_gmt":"2026-02-12T16:40:39","slug":"sintesis-del-magisterio-del-papa-francisco-en-materia-liturgica-9788491655008","status":"publish","type":"product","link":"https:\/\/www.cpl.es\/ca\/producto\/sintesis-del-magisterio-del-papa-francisco-en-materia-liturgica-9788491655008\/","title":{"rendered":"S\u00edntesis del magisterio del Papa Francisco en materia lit\u00fargica"},"content":{"rendered":"<p>En el reciente a\u00f1o 2021 el Santo Padre public\u00f3 diversas cartas apost\u00f3licas en forma de motu proprio que ata\u00f1en directamente a materias lit\u00fargicas. Estas son el fruto de un rico y consistente magisterio de sus ya casi nueve a\u00f1os de pontificado en el que ha profundizado en la teolog\u00eda y modificado en sus ritos algunas de las celebraciones de la lex orandi de la Iglesia. Es por ello por lo que estas p\u00e1ginas tienen como objetivo presentar una s\u00edntesis del magisterio en materia lit\u00fargica del papa Francisco y, a partir de all\u00ed, extraer algunas reflexiones teol\u00f3gicas que permitan orientar al lector en el porqu\u00e9 de las decisiones tomadas. Magisterio que, como se descubre a lo largo de este volumen, ha sido abundante, valiente y por momentos controvertido; marcado por una profunda fidelidad al pueblo de Dios y a los principios lit\u00fargicos de la reforma impulsada por el Concilio Vaticano II.<\/p>\n","protected":false},"excerpt":{"rendered":"<p>Guzm\u00e1n Karadima, Gonzalo Mat\u00edas<\/p>\n","protected":false},"featured_media":793,"template":"","meta":{"_acf_changed":false,"inline_featured_image":false},"product_brand":[],"product_cat":[69,54],"product_tag":[],"class_list":{"0":"post-792","1":"product","2":"type-product","3":"status-publish","4":"has-post-thumbnail","6":"product_cat-cuadernos-phase-colleccions-catala","7":"product_cat-cuadernos-phase","9":"first","10":"instock","11":"taxable","12":"shipping-taxable","13":"purchasable","14":"product-type-simple"},"acf":{"autor":"Guzm\u00e1n Karadima, Gonzalo Mat\u00edas","codart":"110266","ediciones":"1","encuadernacion":"R\u00fastica","fecha_de_publicacion":"10\/03\/2022","novedad":false,"paginas":"172","subtitulo":"","orden":"999","portada":false,"idioma":"spa","editorial":[{"ID":6736,"post_author":"2","post_date":"2023-10-06 08:35:24","post_date_gmt":"2023-10-06 06:35:24","post_content":"","post_title":"CPL","post_excerpt":"","post_status":"publish","comment_status":"closed","ping_status":"closed","post_password":"","post_name":"cpl","to_ping":"","pinged":"","post_modified":"2023-10-06 08:35:24","post_modified_gmt":"2023-10-06 06:35:24","post_content_filtered":"","post_parent":0,"guid":"https:\/\/nuevaweb.cpl.es\/editorial\/cpl\/","menu_order":0,"post_type":"editorial","post_mime_type":"","comment_count":"0","filter":"raw"}],"coleccion_num":"266"},"yoast_head":"<!-- This site is optimized with the Yoast SEO plugin v27.3 - https:\/\/yoast.com\/product\/yoast-seo-wordpress\/ -->\n<title>S\u00edntesis del magisterio del Papa Francisco en materia lit\u00fargica - CPL<\/title>\n<meta name=\"robots\" content=\"index, follow, max-snippet:-1, max-image-preview:large, max-video-preview:-1\" \/>\n<link rel=\"canonical\" href=\"https:\/\/www.cpl.es\/producto\/sintesis-del-magisterio-del-papa-francisco-en-materia-liturgica-9788491655008\/\" \/>\n<meta property=\"og:locale\" content=\"ca_ES\" \/>\n<meta property=\"og:type\" content=\"article\" \/>\n<meta property=\"og:title\" content=\"S\u00edntesis del magisterio del Papa Francisco en materia lit\u00fargica - CPL\" \/>\n<meta property=\"og:description\" content=\"Guzm\u00e1n Karadima, Gonzalo Mat\u00edas\" \/>\n<meta property=\"og:url\" content=\"https:\/\/www.cpl.es\/producto\/sintesis-del-magisterio-del-papa-francisco-en-materia-liturgica-9788491655008\/\" \/>\n<meta property=\"og:site_name\" content=\"CPL\" \/>\n<meta property=\"article:modified_time\" content=\"2026-02-12T16:40:39+00:00\" \/>\n<meta property=\"og:image\" content=\"https:\/\/www.cpl.es\/wp-content\/uploads\/110266.jpg\" \/>\n\t<meta property=\"og:image:width\" content=\"294\" \/>\n\t<meta property=\"og:image:height\" content=\"444\" \/>\n\t<meta property=\"og:image:type\" content=\"image\/jpeg\" \/>\n<meta name=\"twitter:card\" content=\"summary_large_image\" \/>\n<meta name=\"twitter:label1\" content=\"Temps estimat de lectura\" \/>\n\t<meta name=\"twitter:data1\" content=\"1 minut\" \/>\n<script type=\"application\/ld+json\" class=\"yoast-schema-graph\">{\"@context\":\"https:\\\/\\\/schema.org\",\"@graph\":[{\"@type\":\"WebPage\",\"@id\":\"https:\\\/\\\/www.cpl.es\\\/producto\\\/sintesis-del-magisterio-del-papa-francisco-en-materia-liturgica-9788491655008\\\/\",\"url\":\"https:\\\/\\\/www.cpl.es\\\/producto\\\/sintesis-del-magisterio-del-papa-francisco-en-materia-liturgica-9788491655008\\\/\",\"name\":\"S\u00edntesis del magisterio del Papa Francisco en materia lit\u00fargica - CPL\",\"isPartOf\":{\"@id\":\"https:\\\/\\\/www.cpl.es\\\/#website\"},\"primaryImageOfPage\":{\"@id\":\"https:\\\/\\\/www.cpl.es\\\/producto\\\/sintesis-del-magisterio-del-papa-francisco-en-materia-liturgica-9788491655008\\\/#primaryimage\"},\"image\":{\"@id\":\"https:\\\/\\\/www.cpl.es\\\/producto\\\/sintesis-del-magisterio-del-papa-francisco-en-materia-liturgica-9788491655008\\\/#primaryimage\"},\"thumbnailUrl\":\"https:\\\/\\\/www.cpl.es\\\/wp-content\\\/uploads\\\/110266.jpg\",\"datePublished\":\"2023-10-03T22:50:41+00:00\",\"dateModified\":\"2026-02-12T16:40:39+00:00\",\"breadcrumb\":{\"@id\":\"https:\\\/\\\/www.cpl.es\\\/producto\\\/sintesis-del-magisterio-del-papa-francisco-en-materia-liturgica-9788491655008\\\/#breadcrumb\"},\"inLanguage\":\"ca\",\"potentialAction\":[{\"@type\":\"ReadAction\",\"target\":[\"https:\\\/\\\/www.cpl.es\\\/producto\\\/sintesis-del-magisterio-del-papa-francisco-en-materia-liturgica-9788491655008\\\/\"]}]},{\"@type\":\"ImageObject\",\"inLanguage\":\"ca\",\"@id\":\"https:\\\/\\\/www.cpl.es\\\/producto\\\/sintesis-del-magisterio-del-papa-francisco-en-materia-liturgica-9788491655008\\\/#primaryimage\",\"url\":\"https:\\\/\\\/www.cpl.es\\\/wp-content\\\/uploads\\\/110266.jpg\",\"contentUrl\":\"https:\\\/\\\/www.cpl.es\\\/wp-content\\\/uploads\\\/110266.jpg\",\"width\":294,\"height\":444,\"caption\":\"110266.jpg\"},{\"@type\":\"BreadcrumbList\",\"@id\":\"https:\\\/\\\/www.cpl.es\\\/producto\\\/sintesis-del-magisterio-del-papa-francisco-en-materia-liturgica-9788491655008\\\/#breadcrumb\",\"itemListElement\":[{\"@type\":\"ListItem\",\"position\":1,\"name\":\"Portada\",\"item\":\"https:\\\/\\\/www.cpl.es\\\/ca\\\/\"},{\"@type\":\"ListItem\",\"position\":2,\"name\":\"Cat\u00e0leg\",\"item\":\"https:\\\/\\\/www.cpl.es\\\/ca\\\/cataleg\\\/\"},{\"@type\":\"ListItem\",\"position\":3,\"name\":\"S\u00edntesis del magisterio del Papa Francisco en materia lit\u00fargica\"}]},{\"@type\":\"WebSite\",\"@id\":\"https:\\\/\\\/www.cpl.es\\\/#website\",\"url\":\"https:\\\/\\\/www.cpl.es\\\/\",\"name\":\"CPL\",\"description\":\"Centre de Pastoral Lit\u00fargica de Barcelona\",\"publisher\":{\"@id\":\"https:\\\/\\\/www.cpl.es\\\/#organization\"},\"alternateName\":\"Centre de Pastoral Lit\u00fargica\",\"potentialAction\":[{\"@type\":\"SearchAction\",\"target\":{\"@type\":\"EntryPoint\",\"urlTemplate\":\"https:\\\/\\\/www.cpl.es\\\/?s={search_term_string}\"},\"query-input\":{\"@type\":\"PropertyValueSpecification\",\"valueRequired\":true,\"valueName\":\"search_term_string\"}}],\"inLanguage\":\"ca\"},{\"@type\":\"Organization\",\"@id\":\"https:\\\/\\\/www.cpl.es\\\/#organization\",\"name\":\"Centre de Pastoral Lit\u00fargica\",\"alternateName\":\"Centre de Pastoral Lit\u00fargica de Barcelona\",\"url\":\"https:\\\/\\\/www.cpl.es\\\/\",\"logo\":{\"@type\":\"ImageObject\",\"inLanguage\":\"ca\",\"@id\":\"https:\\\/\\\/www.cpl.es\\\/#\\\/schema\\\/logo\\\/image\\\/\",\"url\":\"https:\\\/\\\/www.cpl.es\\\/wp-content\\\/uploads\\\/logo-cpl.svg\",\"contentUrl\":\"https:\\\/\\\/www.cpl.es\\\/wp-content\\\/uploads\\\/logo-cpl.svg\",\"caption\":\"Centre de Pastoral Lit\u00fargica\"},\"image\":{\"@id\":\"https:\\\/\\\/www.cpl.es\\\/#\\\/schema\\\/logo\\\/image\\\/\"}}]}<\/script>\n<!-- \/ Yoast SEO plugin. -->","yoast_head_json":{"title":"S\u00edntesis del magisterio del Papa Francisco en materia lit\u00fargica - CPL","robots":{"index":"index","follow":"follow","max-snippet":"max-snippet:-1","max-image-preview":"max-image-preview:large","max-video-preview":"max-video-preview:-1"},"canonical":"https:\/\/www.cpl.es\/producto\/sintesis-del-magisterio-del-papa-francisco-en-materia-liturgica-9788491655008\/","og_locale":"ca_ES","og_type":"article","og_title":"S\u00edntesis del magisterio del Papa Francisco en materia lit\u00fargica - CPL","og_description":"Guzm\u00e1n Karadima, Gonzalo Mat\u00edas","og_url":"https:\/\/www.cpl.es\/producto\/sintesis-del-magisterio-del-papa-francisco-en-materia-liturgica-9788491655008\/","og_site_name":"CPL","article_modified_time":"2026-02-12T16:40:39+00:00","og_image":[{"width":294,"height":444,"url":"https:\/\/www.cpl.es\/wp-content\/uploads\/110266.jpg","type":"image\/jpeg"}],"twitter_card":"summary_large_image","twitter_misc":{"Temps estimat de lectura":"1 minut"},"schema":{"@context":"https:\/\/schema.org","@graph":[{"@type":"WebPage","@id":"https:\/\/www.cpl.es\/producto\/sintesis-del-magisterio-del-papa-francisco-en-materia-liturgica-9788491655008\/","url":"https:\/\/www.cpl.es\/producto\/sintesis-del-magisterio-del-papa-francisco-en-materia-liturgica-9788491655008\/","name":"S\u00edntesis del magisterio del Papa Francisco en materia lit\u00fargica - CPL","isPartOf":{"@id":"https:\/\/www.cpl.es\/#website"},"primaryImageOfPage":{"@id":"https:\/\/www.cpl.es\/producto\/sintesis-del-magisterio-del-papa-francisco-en-materia-liturgica-9788491655008\/#primaryimage"},"image":{"@id":"https:\/\/www.cpl.es\/producto\/sintesis-del-magisterio-del-papa-francisco-en-materia-liturgica-9788491655008\/#primaryimage"},"thumbnailUrl":"https:\/\/www.cpl.es\/wp-content\/uploads\/110266.jpg","datePublished":"2023-10-03T22:50:41+00:00","dateModified":"2026-02-12T16:40:39+00:00","breadcrumb":{"@id":"https:\/\/www.cpl.es\/producto\/sintesis-del-magisterio-del-papa-francisco-en-materia-liturgica-9788491655008\/#breadcrumb"},"inLanguage":"ca","potentialAction":[{"@type":"ReadAction","target":["https:\/\/www.cpl.es\/producto\/sintesis-del-magisterio-del-papa-francisco-en-materia-liturgica-9788491655008\/"]}]},{"@type":"ImageObject","inLanguage":"ca","@id":"https:\/\/www.cpl.es\/producto\/sintesis-del-magisterio-del-papa-francisco-en-materia-liturgica-9788491655008\/#primaryimage","url":"https:\/\/www.cpl.es\/wp-content\/uploads\/110266.jpg","contentUrl":"https:\/\/www.cpl.es\/wp-content\/uploads\/110266.jpg","width":294,"height":444,"caption":"110266.jpg"},{"@type":"BreadcrumbList","@id":"https:\/\/www.cpl.es\/producto\/sintesis-del-magisterio-del-papa-francisco-en-materia-liturgica-9788491655008\/#breadcrumb","itemListElement":[{"@type":"ListItem","position":1,"name":"Portada","item":"https:\/\/www.cpl.es\/ca\/"},{"@type":"ListItem","position":2,"name":"Cat\u00e0leg","item":"https:\/\/www.cpl.es\/ca\/cataleg\/"},{"@type":"ListItem","position":3,"name":"S\u00edntesis del magisterio del Papa Francisco en materia lit\u00fargica"}]},{"@type":"WebSite","@id":"https:\/\/www.cpl.es\/#website","url":"https:\/\/www.cpl.es\/","name":"CPL","description":"Centre de Pastoral Lit\u00fargica de Barcelona","publisher":{"@id":"https:\/\/www.cpl.es\/#organization"},"alternateName":"Centre de Pastoral Lit\u00fargica","potentialAction":[{"@type":"SearchAction","target":{"@type":"EntryPoint","urlTemplate":"https:\/\/www.cpl.es\/?s={search_term_string}"},"query-input":{"@type":"PropertyValueSpecification","valueRequired":true,"valueName":"search_term_string"}}],"inLanguage":"ca"},{"@type":"Organization","@id":"https:\/\/www.cpl.es\/#organization","name":"Centre de Pastoral Lit\u00fargica","alternateName":"Centre de Pastoral Lit\u00fargica de Barcelona","url":"https:\/\/www.cpl.es\/","logo":{"@type":"ImageObject","inLanguage":"ca","@id":"https:\/\/www.cpl.es\/#\/schema\/logo\/image\/","url":"https:\/\/www.cpl.es\/wp-content\/uploads\/logo-cpl.svg","contentUrl":"https:\/\/www.cpl.es\/wp-content\/uploads\/logo-cpl.svg","caption":"Centre de Pastoral Lit\u00fargica"},"image":{"@id":"https:\/\/www.cpl.es\/#\/schema\/logo\/image\/"}}]}},"_links":{"self":[{"href":"https:\/\/www.cpl.es\/ca\/wp-json\/wp\/v2\/product\/792","targetHints":{"allow":["GET"]}}],"collection":[{"href":"https:\/\/www.cpl.es\/ca\/wp-json\/wp\/v2\/product"}],"about":[{"href":"https:\/\/www.cpl.es\/ca\/wp-json\/wp\/v2\/types\/product"}],"wp:featuredmedia":[{"embeddable":true,"href":"https:\/\/www.cpl.es\/ca\/wp-json\/wp\/v2\/media\/793"}],"wp:attachment":[{"href":"https:\/\/www.cpl.es\/ca\/wp-json\/wp\/v2\/media?parent=792"}],"wp:term":[{"taxonomy":"product_brand","embeddable":true,"href":"https:\/\/www.cpl.es\/ca\/wp-json\/wp\/v2\/product_brand?post=792"},{"taxonomy":"product_cat","embeddable":true,"href":"https:\/\/www.cpl.es\/ca\/wp-json\/wp\/v2\/product_cat?post=792"},{"taxonomy":"product_tag","embeddable":true,"href":"https:\/\/www.cpl.es\/ca\/wp-json\/wp\/v2\/product_tag?post=792"}],"curies":[{"name":"wp","href":"https:\/\/api.w.org\/{rel}","templated":true}]}}