{"id":789,"date":"2023-10-04T00:50:35","date_gmt":"2023-10-03T22:50:35","guid":{"rendered":"https:\/\/nuevaweb.cpl.es\/producto\/quien-eres-y-adonde-vas-ser-humano-moderno-9788491655022\/"},"modified":"2026-02-12T17:48:24","modified_gmt":"2026-02-12T16:48:24","slug":"quien-eres-y-adonde-vas-ser-humano-moderno-9788491655022","status":"publish","type":"product","link":"https:\/\/www.cpl.es\/ca\/producto\/quien-eres-y-adonde-vas-ser-humano-moderno-9788491655022\/","title":{"rendered":"\u00bfQui\u00e9n eres y ad\u00f3nde vas, ser humano moderno?"},"content":{"rendered":"<p>Oriol Xirinachs ha ido recogiendo de diferentes art\u00edculos y estudios sociol\u00f3gicos y anal\u00edticos del comportamiento humano unos rasgos espec\u00edficos que caracterizan al ser humano, y que se repiten y coinciden en muchas de estas publicaciones. Se trata de unos rasgos o tendencias generales presentes en el ambiente, pero que est\u00e1n en \u00e9l en grados y formas muy diferentes en cada persona o grupo social y, por tanto, a\u00fan encontramos el pueblo sano que no est\u00e1 tan influenciado. Ahora bien, el ser humano, por el mero hecho de serlo, \u00e9l mismo ya es una pregunta, que puede<br \/>intentar ignorar, o puede buscar la respuesta en las fuentes que hemos citado, o puede mantenerla abierta, con toda la angustia que esto le conlleva. Por su misma naturaleza, su dimensi\u00f3n relacional y espiritual, los elementos y acontecimientos del entorno en que se mueve, son unas realidades a las que ha de dar respuesta inexorablemente<br \/>y de manera vital: no las puede evadir o aplazar.<\/p>\n<p>Oriol Xirinachs (Barcelona, 1935) es presb\u00edtero de la di\u00f3cesis de Barcelona y miembro de la Asociaci\u00f3n de Presb\u00edteros del Prado. Ha ejercido todo su ministerio como presb\u00edtero en barrios obreros y populares, a la vez que ha sido miembro activo de organizaciones en el mundo de la marginaci\u00f3n y en las tareas de pastoral social.<\/p>\n","protected":false},"excerpt":{"rendered":"<p>Xirinachs Benavent, Oriol<\/p>\n","protected":false},"featured_media":790,"template":"","meta":{"_acf_changed":false,"inline_featured_image":false},"product_brand":[],"product_cat":[49,73],"product_tag":[],"class_list":{"0":"post-789","1":"product","2":"type-product","3":"status-publish","4":"has-post-thumbnail","6":"product_cat-emaus","7":"product_cat-emaus-colleccions-catala","9":"first","10":"instock","11":"taxable","12":"shipping-taxable","13":"purchasable","14":"product-type-simple"},"acf":{"autor":"Xirinachs Benavent, Oriol","codart":"108171","ediciones":"1","encuadernacion":"R\u00fastica","fecha_de_publicacion":"29\/03\/2022","novedad":false,"paginas":"104","subtitulo":"","orden":"999","portada":false,"idioma":"spa","editorial":[{"ID":6736,"post_author":"2","post_date":"2023-10-06 08:35:24","post_date_gmt":"2023-10-06 06:35:24","post_content":"","post_title":"CPL","post_excerpt":"","post_status":"publish","comment_status":"closed","ping_status":"closed","post_password":"","post_name":"cpl","to_ping":"","pinged":"","post_modified":"2023-10-06 08:35:24","post_modified_gmt":"2023-10-06 06:35:24","post_content_filtered":"","post_parent":0,"guid":"https:\/\/nuevaweb.cpl.es\/editorial\/cpl\/","menu_order":0,"post_type":"editorial","post_mime_type":"","comment_count":"0","filter":"raw"}],"coleccion_num":"171"},"yoast_head":"<!-- This site is optimized with the Yoast SEO plugin v27.3 - https:\/\/yoast.com\/product\/yoast-seo-wordpress\/ -->\n<title>\u00bfQui\u00e9n eres y ad\u00f3nde vas, ser humano moderno? - CPL<\/title>\n<meta name=\"robots\" content=\"index, follow, max-snippet:-1, max-image-preview:large, max-video-preview:-1\" \/>\n<link rel=\"canonical\" href=\"https:\/\/www.cpl.es\/producto\/quien-eres-y-adonde-vas-ser-humano-moderno-9788491655022\/\" \/>\n<meta property=\"og:locale\" content=\"ca_ES\" \/>\n<meta property=\"og:type\" content=\"article\" \/>\n<meta property=\"og:title\" content=\"\u00bfQui\u00e9n eres y ad\u00f3nde vas, ser humano moderno? - CPL\" \/>\n<meta property=\"og:description\" content=\"Xirinachs Benavent, Oriol\" \/>\n<meta property=\"og:url\" content=\"https:\/\/www.cpl.es\/producto\/quien-eres-y-adonde-vas-ser-humano-moderno-9788491655022\/\" \/>\n<meta property=\"og:site_name\" content=\"CPL\" \/>\n<meta property=\"article:modified_time\" content=\"2026-02-12T16:48:24+00:00\" \/>\n<meta property=\"og:image\" content=\"https:\/\/www.cpl.es\/wp-content\/uploads\/108171.jpg\" \/>\n\t<meta property=\"og:image:width\" content=\"280\" \/>\n\t<meta property=\"og:image:height\" content=\"443\" \/>\n\t<meta property=\"og:image:type\" content=\"image\/jpeg\" \/>\n<meta name=\"twitter:card\" content=\"summary_large_image\" \/>\n<meta name=\"twitter:label1\" content=\"Temps estimat de lectura\" \/>\n\t<meta name=\"twitter:data1\" content=\"1 minut\" \/>\n<script type=\"application\/ld+json\" class=\"yoast-schema-graph\">{\"@context\":\"https:\\\/\\\/schema.org\",\"@graph\":[{\"@type\":\"WebPage\",\"@id\":\"https:\\\/\\\/www.cpl.es\\\/producto\\\/quien-eres-y-adonde-vas-ser-humano-moderno-9788491655022\\\/\",\"url\":\"https:\\\/\\\/www.cpl.es\\\/producto\\\/quien-eres-y-adonde-vas-ser-humano-moderno-9788491655022\\\/\",\"name\":\"\u00bfQui\u00e9n eres y ad\u00f3nde vas, ser humano moderno? - CPL\",\"isPartOf\":{\"@id\":\"https:\\\/\\\/www.cpl.es\\\/#website\"},\"primaryImageOfPage\":{\"@id\":\"https:\\\/\\\/www.cpl.es\\\/producto\\\/quien-eres-y-adonde-vas-ser-humano-moderno-9788491655022\\\/#primaryimage\"},\"image\":{\"@id\":\"https:\\\/\\\/www.cpl.es\\\/producto\\\/quien-eres-y-adonde-vas-ser-humano-moderno-9788491655022\\\/#primaryimage\"},\"thumbnailUrl\":\"https:\\\/\\\/www.cpl.es\\\/wp-content\\\/uploads\\\/108171.jpg\",\"datePublished\":\"2023-10-03T22:50:35+00:00\",\"dateModified\":\"2026-02-12T16:48:24+00:00\",\"breadcrumb\":{\"@id\":\"https:\\\/\\\/www.cpl.es\\\/producto\\\/quien-eres-y-adonde-vas-ser-humano-moderno-9788491655022\\\/#breadcrumb\"},\"inLanguage\":\"ca\",\"potentialAction\":[{\"@type\":\"ReadAction\",\"target\":[\"https:\\\/\\\/www.cpl.es\\\/producto\\\/quien-eres-y-adonde-vas-ser-humano-moderno-9788491655022\\\/\"]}]},{\"@type\":\"ImageObject\",\"inLanguage\":\"ca\",\"@id\":\"https:\\\/\\\/www.cpl.es\\\/producto\\\/quien-eres-y-adonde-vas-ser-humano-moderno-9788491655022\\\/#primaryimage\",\"url\":\"https:\\\/\\\/www.cpl.es\\\/wp-content\\\/uploads\\\/108171.jpg\",\"contentUrl\":\"https:\\\/\\\/www.cpl.es\\\/wp-content\\\/uploads\\\/108171.jpg\",\"width\":280,\"height\":443,\"caption\":\"108171.jpg\"},{\"@type\":\"BreadcrumbList\",\"@id\":\"https:\\\/\\\/www.cpl.es\\\/producto\\\/quien-eres-y-adonde-vas-ser-humano-moderno-9788491655022\\\/#breadcrumb\",\"itemListElement\":[{\"@type\":\"ListItem\",\"position\":1,\"name\":\"Portada\",\"item\":\"https:\\\/\\\/www.cpl.es\\\/ca\\\/\"},{\"@type\":\"ListItem\",\"position\":2,\"name\":\"Cat\u00e0leg\",\"item\":\"https:\\\/\\\/www.cpl.es\\\/ca\\\/cataleg\\\/\"},{\"@type\":\"ListItem\",\"position\":3,\"name\":\"\u00bfQui\u00e9n eres y ad\u00f3nde vas, ser humano moderno?\"}]},{\"@type\":\"WebSite\",\"@id\":\"https:\\\/\\\/www.cpl.es\\\/#website\",\"url\":\"https:\\\/\\\/www.cpl.es\\\/\",\"name\":\"CPL\",\"description\":\"Centre de Pastoral Lit\u00fargica de Barcelona\",\"publisher\":{\"@id\":\"https:\\\/\\\/www.cpl.es\\\/#organization\"},\"alternateName\":\"Centre de Pastoral Lit\u00fargica\",\"potentialAction\":[{\"@type\":\"SearchAction\",\"target\":{\"@type\":\"EntryPoint\",\"urlTemplate\":\"https:\\\/\\\/www.cpl.es\\\/?s={search_term_string}\"},\"query-input\":{\"@type\":\"PropertyValueSpecification\",\"valueRequired\":true,\"valueName\":\"search_term_string\"}}],\"inLanguage\":\"ca\"},{\"@type\":\"Organization\",\"@id\":\"https:\\\/\\\/www.cpl.es\\\/#organization\",\"name\":\"Centre de Pastoral Lit\u00fargica\",\"alternateName\":\"Centre de Pastoral Lit\u00fargica de Barcelona\",\"url\":\"https:\\\/\\\/www.cpl.es\\\/\",\"logo\":{\"@type\":\"ImageObject\",\"inLanguage\":\"ca\",\"@id\":\"https:\\\/\\\/www.cpl.es\\\/#\\\/schema\\\/logo\\\/image\\\/\",\"url\":\"https:\\\/\\\/www.cpl.es\\\/wp-content\\\/uploads\\\/logo-cpl.svg\",\"contentUrl\":\"https:\\\/\\\/www.cpl.es\\\/wp-content\\\/uploads\\\/logo-cpl.svg\",\"caption\":\"Centre de Pastoral Lit\u00fargica\"},\"image\":{\"@id\":\"https:\\\/\\\/www.cpl.es\\\/#\\\/schema\\\/logo\\\/image\\\/\"}}]}<\/script>\n<!-- \/ Yoast SEO plugin. -->","yoast_head_json":{"title":"\u00bfQui\u00e9n eres y ad\u00f3nde vas, ser humano moderno? - CPL","robots":{"index":"index","follow":"follow","max-snippet":"max-snippet:-1","max-image-preview":"max-image-preview:large","max-video-preview":"max-video-preview:-1"},"canonical":"https:\/\/www.cpl.es\/producto\/quien-eres-y-adonde-vas-ser-humano-moderno-9788491655022\/","og_locale":"ca_ES","og_type":"article","og_title":"\u00bfQui\u00e9n eres y ad\u00f3nde vas, ser humano moderno? - CPL","og_description":"Xirinachs Benavent, Oriol","og_url":"https:\/\/www.cpl.es\/producto\/quien-eres-y-adonde-vas-ser-humano-moderno-9788491655022\/","og_site_name":"CPL","article_modified_time":"2026-02-12T16:48:24+00:00","og_image":[{"width":280,"height":443,"url":"https:\/\/www.cpl.es\/wp-content\/uploads\/108171.jpg","type":"image\/jpeg"}],"twitter_card":"summary_large_image","twitter_misc":{"Temps estimat de lectura":"1 minut"},"schema":{"@context":"https:\/\/schema.org","@graph":[{"@type":"WebPage","@id":"https:\/\/www.cpl.es\/producto\/quien-eres-y-adonde-vas-ser-humano-moderno-9788491655022\/","url":"https:\/\/www.cpl.es\/producto\/quien-eres-y-adonde-vas-ser-humano-moderno-9788491655022\/","name":"\u00bfQui\u00e9n eres y ad\u00f3nde vas, ser humano moderno? - CPL","isPartOf":{"@id":"https:\/\/www.cpl.es\/#website"},"primaryImageOfPage":{"@id":"https:\/\/www.cpl.es\/producto\/quien-eres-y-adonde-vas-ser-humano-moderno-9788491655022\/#primaryimage"},"image":{"@id":"https:\/\/www.cpl.es\/producto\/quien-eres-y-adonde-vas-ser-humano-moderno-9788491655022\/#primaryimage"},"thumbnailUrl":"https:\/\/www.cpl.es\/wp-content\/uploads\/108171.jpg","datePublished":"2023-10-03T22:50:35+00:00","dateModified":"2026-02-12T16:48:24+00:00","breadcrumb":{"@id":"https:\/\/www.cpl.es\/producto\/quien-eres-y-adonde-vas-ser-humano-moderno-9788491655022\/#breadcrumb"},"inLanguage":"ca","potentialAction":[{"@type":"ReadAction","target":["https:\/\/www.cpl.es\/producto\/quien-eres-y-adonde-vas-ser-humano-moderno-9788491655022\/"]}]},{"@type":"ImageObject","inLanguage":"ca","@id":"https:\/\/www.cpl.es\/producto\/quien-eres-y-adonde-vas-ser-humano-moderno-9788491655022\/#primaryimage","url":"https:\/\/www.cpl.es\/wp-content\/uploads\/108171.jpg","contentUrl":"https:\/\/www.cpl.es\/wp-content\/uploads\/108171.jpg","width":280,"height":443,"caption":"108171.jpg"},{"@type":"BreadcrumbList","@id":"https:\/\/www.cpl.es\/producto\/quien-eres-y-adonde-vas-ser-humano-moderno-9788491655022\/#breadcrumb","itemListElement":[{"@type":"ListItem","position":1,"name":"Portada","item":"https:\/\/www.cpl.es\/ca\/"},{"@type":"ListItem","position":2,"name":"Cat\u00e0leg","item":"https:\/\/www.cpl.es\/ca\/cataleg\/"},{"@type":"ListItem","position":3,"name":"\u00bfQui\u00e9n eres y ad\u00f3nde vas, ser humano moderno?"}]},{"@type":"WebSite","@id":"https:\/\/www.cpl.es\/#website","url":"https:\/\/www.cpl.es\/","name":"CPL","description":"Centre de Pastoral Lit\u00fargica de Barcelona","publisher":{"@id":"https:\/\/www.cpl.es\/#organization"},"alternateName":"Centre de Pastoral Lit\u00fargica","potentialAction":[{"@type":"SearchAction","target":{"@type":"EntryPoint","urlTemplate":"https:\/\/www.cpl.es\/?s={search_term_string}"},"query-input":{"@type":"PropertyValueSpecification","valueRequired":true,"valueName":"search_term_string"}}],"inLanguage":"ca"},{"@type":"Organization","@id":"https:\/\/www.cpl.es\/#organization","name":"Centre de Pastoral Lit\u00fargica","alternateName":"Centre de Pastoral Lit\u00fargica de Barcelona","url":"https:\/\/www.cpl.es\/","logo":{"@type":"ImageObject","inLanguage":"ca","@id":"https:\/\/www.cpl.es\/#\/schema\/logo\/image\/","url":"https:\/\/www.cpl.es\/wp-content\/uploads\/logo-cpl.svg","contentUrl":"https:\/\/www.cpl.es\/wp-content\/uploads\/logo-cpl.svg","caption":"Centre de Pastoral Lit\u00fargica"},"image":{"@id":"https:\/\/www.cpl.es\/#\/schema\/logo\/image\/"}}]}},"_links":{"self":[{"href":"https:\/\/www.cpl.es\/ca\/wp-json\/wp\/v2\/product\/789","targetHints":{"allow":["GET"]}}],"collection":[{"href":"https:\/\/www.cpl.es\/ca\/wp-json\/wp\/v2\/product"}],"about":[{"href":"https:\/\/www.cpl.es\/ca\/wp-json\/wp\/v2\/types\/product"}],"wp:featuredmedia":[{"embeddable":true,"href":"https:\/\/www.cpl.es\/ca\/wp-json\/wp\/v2\/media\/790"}],"wp:attachment":[{"href":"https:\/\/www.cpl.es\/ca\/wp-json\/wp\/v2\/media?parent=789"}],"wp:term":[{"taxonomy":"product_brand","embeddable":true,"href":"https:\/\/www.cpl.es\/ca\/wp-json\/wp\/v2\/product_brand?post=789"},{"taxonomy":"product_cat","embeddable":true,"href":"https:\/\/www.cpl.es\/ca\/wp-json\/wp\/v2\/product_cat?post=789"},{"taxonomy":"product_tag","embeddable":true,"href":"https:\/\/www.cpl.es\/ca\/wp-json\/wp\/v2\/product_tag?post=789"}],"curies":[{"name":"wp","href":"https:\/\/api.w.org\/{rel}","templated":true}]}}