{"id":653,"date":"2023-10-04T00:46:08","date_gmt":"2023-10-03T22:46:08","guid":{"rendered":"https:\/\/nuevaweb.cpl.es\/producto\/el-pelegrinatge-ecumenic-9788491655442\/"},"modified":"2025-10-03T11:12:32","modified_gmt":"2025-10-03T09:12:32","slug":"el-pelegrinatge-ecumenic-9788491655442","status":"publish","type":"product","link":"https:\/\/www.cpl.es\/ca\/producto\/el-pelegrinatge-ecumenic-9788491655442\/","title":{"rendered":"El pelegrinatge ecum\u00e8nic"},"content":{"rendered":"<p> Al llarg dels segles s\u2019han donat greus trencaments de la unitat cristiana (les Esgl\u00e9sies orientals el segle V, Esgl\u00e9sies ortodoxes el segle XI, i la Reforma Protestant el segle XVI). El present llibre estudia l\u2019evoluci\u00f3 de les Esgl\u00e9sies dividides vers la unitat que Crist volgu\u00e9 per a la seva Esgl\u00e9sia, des de 1965 amb l\u2019acabament del Concili Vatic\u00e0 II i la IV Assemblea del Consell Mundial de les Esgl\u00e9sies (Upsala,1968), fins a l\u2019actualitat (X Assemblea del CME a Karlsruhe, 2022). Aquesta obra pret\u00e9n aportar una s\u00edntesi de com han evolucionat els esfor\u00e7os per assolir la unitat visible de les principals confessions cristianes. Durant aquests gaireb\u00e9 seixanta anys, el moviment ecum\u00e8nic ha assolit molt bones fites. De fet, el gruix del missatge cristi\u00e0 \u00e9s b\u00e0sicament com\u00fa a gaireb\u00e9 totes les Esgl\u00e9sies i constitueix un bon i s\u00f2lid punt de partida per endegar i cosir els temes en disputa que van provocar les divisions. El moviment ecum\u00e8nic cap a la unitat avan\u00e7a, malgrat el que molts puguin pensar. El mandat de Jes\u00fas \u00abque tots siguin u\u00bb es va assolint. Aquest \u00e9s el missatge del llibre que t\u00e9 a les seves mans.<\/p>\n","protected":false},"excerpt":{"rendered":"<p>Matabosch i Soler, Antoni<\/p>\n","protected":false},"featured_media":654,"template":"","meta":{"_acf_changed":false,"inline_featured_image":false},"product_brand":[],"product_cat":[15],"product_tag":[],"class_list":{"0":"post-653","1":"product","2":"type-product","3":"status-publish","4":"has-post-thumbnail","6":"product_cat-sin-categorizar","8":"first","9":"instock","10":"taxable","11":"shipping-taxable","12":"purchasable","13":"product-type-simple"},"acf":{"autor":"Matabosch i Soler, Antoni","codart":"208173","ediciones":"1","encuadernacion":"R\u00fastica con solapas","fecha_de_publicacion":"23\/02\/2023","novedad":false,"paginas":"236","subtitulo":"Del Vatic\u00e0 II als nostres dies","orden":"60","portada":false,"idioma":"cat","editorial":[{"ID":6736,"post_author":"2","post_date":"2023-10-06 08:35:24","post_date_gmt":"2023-10-06 06:35:24","post_content":"","post_title":"CPL","post_excerpt":"","post_status":"publish","comment_status":"closed","ping_status":"closed","post_password":"","post_name":"cpl","to_ping":"","pinged":"","post_modified":"2023-10-06 08:35:24","post_modified_gmt":"2023-10-06 06:35:24","post_content_filtered":"","post_parent":0,"guid":"https:\/\/nuevaweb.cpl.es\/editorial\/cpl\/","menu_order":0,"post_type":"editorial","post_mime_type":"","comment_count":"0","filter":"raw"}],"coleccion_num":"0"},"yoast_head":"<!-- This site is optimized with the Yoast SEO plugin v27.3 - https:\/\/yoast.com\/product\/yoast-seo-wordpress\/ -->\n<title>El pelegrinatge ecum\u00e8nic - CPL<\/title>\n<meta name=\"robots\" content=\"index, follow, max-snippet:-1, max-image-preview:large, max-video-preview:-1\" \/>\n<link rel=\"canonical\" href=\"https:\/\/www.cpl.es\/producto\/el-pelegrinatge-ecumenic-9788491655442\/\" \/>\n<meta property=\"og:locale\" content=\"ca_ES\" \/>\n<meta property=\"og:type\" content=\"article\" \/>\n<meta property=\"og:title\" content=\"El pelegrinatge ecum\u00e8nic - CPL\" \/>\n<meta property=\"og:description\" content=\"Matabosch i Soler, Antoni\" \/>\n<meta property=\"og:url\" content=\"https:\/\/www.cpl.es\/producto\/el-pelegrinatge-ecumenic-9788491655442\/\" \/>\n<meta property=\"og:site_name\" content=\"CPL\" \/>\n<meta property=\"article:modified_time\" content=\"2025-10-03T09:12:32+00:00\" \/>\n<meta property=\"og:image\" content=\"https:\/\/www.cpl.es\/wp-content\/uploads\/208173.jpg\" \/>\n\t<meta property=\"og:image:width\" content=\"280\" \/>\n\t<meta property=\"og:image:height\" content=\"443\" \/>\n\t<meta property=\"og:image:type\" content=\"image\/jpeg\" \/>\n<meta name=\"twitter:card\" content=\"summary_large_image\" \/>\n<meta name=\"twitter:label1\" content=\"Temps estimat de lectura\" \/>\n\t<meta name=\"twitter:data1\" content=\"1 minut\" \/>\n<script type=\"application\/ld+json\" class=\"yoast-schema-graph\">{\"@context\":\"https:\\\/\\\/schema.org\",\"@graph\":[{\"@type\":\"WebPage\",\"@id\":\"https:\\\/\\\/www.cpl.es\\\/producto\\\/el-pelegrinatge-ecumenic-9788491655442\\\/\",\"url\":\"https:\\\/\\\/www.cpl.es\\\/producto\\\/el-pelegrinatge-ecumenic-9788491655442\\\/\",\"name\":\"El pelegrinatge ecum\u00e8nic - CPL\",\"isPartOf\":{\"@id\":\"https:\\\/\\\/www.cpl.es\\\/#website\"},\"primaryImageOfPage\":{\"@id\":\"https:\\\/\\\/www.cpl.es\\\/producto\\\/el-pelegrinatge-ecumenic-9788491655442\\\/#primaryimage\"},\"image\":{\"@id\":\"https:\\\/\\\/www.cpl.es\\\/producto\\\/el-pelegrinatge-ecumenic-9788491655442\\\/#primaryimage\"},\"thumbnailUrl\":\"https:\\\/\\\/www.cpl.es\\\/wp-content\\\/uploads\\\/208173.jpg\",\"datePublished\":\"2023-10-03T22:46:08+00:00\",\"dateModified\":\"2025-10-03T09:12:32+00:00\",\"breadcrumb\":{\"@id\":\"https:\\\/\\\/www.cpl.es\\\/producto\\\/el-pelegrinatge-ecumenic-9788491655442\\\/#breadcrumb\"},\"inLanguage\":\"ca\",\"potentialAction\":[{\"@type\":\"ReadAction\",\"target\":[\"https:\\\/\\\/www.cpl.es\\\/producto\\\/el-pelegrinatge-ecumenic-9788491655442\\\/\"]}]},{\"@type\":\"ImageObject\",\"inLanguage\":\"ca\",\"@id\":\"https:\\\/\\\/www.cpl.es\\\/producto\\\/el-pelegrinatge-ecumenic-9788491655442\\\/#primaryimage\",\"url\":\"https:\\\/\\\/www.cpl.es\\\/wp-content\\\/uploads\\\/208173.jpg\",\"contentUrl\":\"https:\\\/\\\/www.cpl.es\\\/wp-content\\\/uploads\\\/208173.jpg\",\"width\":280,\"height\":443,\"caption\":\"208173.jpg\"},{\"@type\":\"BreadcrumbList\",\"@id\":\"https:\\\/\\\/www.cpl.es\\\/producto\\\/el-pelegrinatge-ecumenic-9788491655442\\\/#breadcrumb\",\"itemListElement\":[{\"@type\":\"ListItem\",\"position\":1,\"name\":\"Portada\",\"item\":\"https:\\\/\\\/www.cpl.es\\\/ca\\\/\"},{\"@type\":\"ListItem\",\"position\":2,\"name\":\"Cat\u00e0leg\",\"item\":\"https:\\\/\\\/www.cpl.es\\\/ca\\\/cataleg\\\/\"},{\"@type\":\"ListItem\",\"position\":3,\"name\":\"El pelegrinatge ecum\u00e8nic\"}]},{\"@type\":\"WebSite\",\"@id\":\"https:\\\/\\\/www.cpl.es\\\/#website\",\"url\":\"https:\\\/\\\/www.cpl.es\\\/\",\"name\":\"CPL\",\"description\":\"Centre de Pastoral Lit\u00fargica de Barcelona\",\"publisher\":{\"@id\":\"https:\\\/\\\/www.cpl.es\\\/#organization\"},\"alternateName\":\"Centre de Pastoral Lit\u00fargica\",\"potentialAction\":[{\"@type\":\"SearchAction\",\"target\":{\"@type\":\"EntryPoint\",\"urlTemplate\":\"https:\\\/\\\/www.cpl.es\\\/?s={search_term_string}\"},\"query-input\":{\"@type\":\"PropertyValueSpecification\",\"valueRequired\":true,\"valueName\":\"search_term_string\"}}],\"inLanguage\":\"ca\"},{\"@type\":\"Organization\",\"@id\":\"https:\\\/\\\/www.cpl.es\\\/#organization\",\"name\":\"Centre de Pastoral Lit\u00fargica\",\"alternateName\":\"Centre de Pastoral Lit\u00fargica de Barcelona\",\"url\":\"https:\\\/\\\/www.cpl.es\\\/\",\"logo\":{\"@type\":\"ImageObject\",\"inLanguage\":\"ca\",\"@id\":\"https:\\\/\\\/www.cpl.es\\\/#\\\/schema\\\/logo\\\/image\\\/\",\"url\":\"https:\\\/\\\/www.cpl.es\\\/wp-content\\\/uploads\\\/logo-cpl.svg\",\"contentUrl\":\"https:\\\/\\\/www.cpl.es\\\/wp-content\\\/uploads\\\/logo-cpl.svg\",\"caption\":\"Centre de Pastoral Lit\u00fargica\"},\"image\":{\"@id\":\"https:\\\/\\\/www.cpl.es\\\/#\\\/schema\\\/logo\\\/image\\\/\"}}]}<\/script>\n<!-- \/ Yoast SEO plugin. -->","yoast_head_json":{"title":"El pelegrinatge ecum\u00e8nic - CPL","robots":{"index":"index","follow":"follow","max-snippet":"max-snippet:-1","max-image-preview":"max-image-preview:large","max-video-preview":"max-video-preview:-1"},"canonical":"https:\/\/www.cpl.es\/producto\/el-pelegrinatge-ecumenic-9788491655442\/","og_locale":"ca_ES","og_type":"article","og_title":"El pelegrinatge ecum\u00e8nic - CPL","og_description":"Matabosch i Soler, Antoni","og_url":"https:\/\/www.cpl.es\/producto\/el-pelegrinatge-ecumenic-9788491655442\/","og_site_name":"CPL","article_modified_time":"2025-10-03T09:12:32+00:00","og_image":[{"width":280,"height":443,"url":"https:\/\/www.cpl.es\/wp-content\/uploads\/208173.jpg","type":"image\/jpeg"}],"twitter_card":"summary_large_image","twitter_misc":{"Temps estimat de lectura":"1 minut"},"schema":{"@context":"https:\/\/schema.org","@graph":[{"@type":"WebPage","@id":"https:\/\/www.cpl.es\/producto\/el-pelegrinatge-ecumenic-9788491655442\/","url":"https:\/\/www.cpl.es\/producto\/el-pelegrinatge-ecumenic-9788491655442\/","name":"El pelegrinatge ecum\u00e8nic - CPL","isPartOf":{"@id":"https:\/\/www.cpl.es\/#website"},"primaryImageOfPage":{"@id":"https:\/\/www.cpl.es\/producto\/el-pelegrinatge-ecumenic-9788491655442\/#primaryimage"},"image":{"@id":"https:\/\/www.cpl.es\/producto\/el-pelegrinatge-ecumenic-9788491655442\/#primaryimage"},"thumbnailUrl":"https:\/\/www.cpl.es\/wp-content\/uploads\/208173.jpg","datePublished":"2023-10-03T22:46:08+00:00","dateModified":"2025-10-03T09:12:32+00:00","breadcrumb":{"@id":"https:\/\/www.cpl.es\/producto\/el-pelegrinatge-ecumenic-9788491655442\/#breadcrumb"},"inLanguage":"ca","potentialAction":[{"@type":"ReadAction","target":["https:\/\/www.cpl.es\/producto\/el-pelegrinatge-ecumenic-9788491655442\/"]}]},{"@type":"ImageObject","inLanguage":"ca","@id":"https:\/\/www.cpl.es\/producto\/el-pelegrinatge-ecumenic-9788491655442\/#primaryimage","url":"https:\/\/www.cpl.es\/wp-content\/uploads\/208173.jpg","contentUrl":"https:\/\/www.cpl.es\/wp-content\/uploads\/208173.jpg","width":280,"height":443,"caption":"208173.jpg"},{"@type":"BreadcrumbList","@id":"https:\/\/www.cpl.es\/producto\/el-pelegrinatge-ecumenic-9788491655442\/#breadcrumb","itemListElement":[{"@type":"ListItem","position":1,"name":"Portada","item":"https:\/\/www.cpl.es\/ca\/"},{"@type":"ListItem","position":2,"name":"Cat\u00e0leg","item":"https:\/\/www.cpl.es\/ca\/cataleg\/"},{"@type":"ListItem","position":3,"name":"El pelegrinatge ecum\u00e8nic"}]},{"@type":"WebSite","@id":"https:\/\/www.cpl.es\/#website","url":"https:\/\/www.cpl.es\/","name":"CPL","description":"Centre de Pastoral Lit\u00fargica de Barcelona","publisher":{"@id":"https:\/\/www.cpl.es\/#organization"},"alternateName":"Centre de Pastoral Lit\u00fargica","potentialAction":[{"@type":"SearchAction","target":{"@type":"EntryPoint","urlTemplate":"https:\/\/www.cpl.es\/?s={search_term_string}"},"query-input":{"@type":"PropertyValueSpecification","valueRequired":true,"valueName":"search_term_string"}}],"inLanguage":"ca"},{"@type":"Organization","@id":"https:\/\/www.cpl.es\/#organization","name":"Centre de Pastoral Lit\u00fargica","alternateName":"Centre de Pastoral Lit\u00fargica de Barcelona","url":"https:\/\/www.cpl.es\/","logo":{"@type":"ImageObject","inLanguage":"ca","@id":"https:\/\/www.cpl.es\/#\/schema\/logo\/image\/","url":"https:\/\/www.cpl.es\/wp-content\/uploads\/logo-cpl.svg","contentUrl":"https:\/\/www.cpl.es\/wp-content\/uploads\/logo-cpl.svg","caption":"Centre de Pastoral Lit\u00fargica"},"image":{"@id":"https:\/\/www.cpl.es\/#\/schema\/logo\/image\/"}}]}},"_links":{"self":[{"href":"https:\/\/www.cpl.es\/ca\/wp-json\/wp\/v2\/product\/653","targetHints":{"allow":["GET"]}}],"collection":[{"href":"https:\/\/www.cpl.es\/ca\/wp-json\/wp\/v2\/product"}],"about":[{"href":"https:\/\/www.cpl.es\/ca\/wp-json\/wp\/v2\/types\/product"}],"wp:featuredmedia":[{"embeddable":true,"href":"https:\/\/www.cpl.es\/ca\/wp-json\/wp\/v2\/media\/654"}],"wp:attachment":[{"href":"https:\/\/www.cpl.es\/ca\/wp-json\/wp\/v2\/media?parent=653"}],"wp:term":[{"taxonomy":"product_brand","embeddable":true,"href":"https:\/\/www.cpl.es\/ca\/wp-json\/wp\/v2\/product_brand?post=653"},{"taxonomy":"product_cat","embeddable":true,"href":"https:\/\/www.cpl.es\/ca\/wp-json\/wp\/v2\/product_cat?post=653"},{"taxonomy":"product_tag","embeddable":true,"href":"https:\/\/www.cpl.es\/ca\/wp-json\/wp\/v2\/product_tag?post=653"}],"curies":[{"name":"wp","href":"https:\/\/api.w.org\/{rel}","templated":true}]}}