{"id":608,"date":"2023-10-04T00:44:42","date_gmt":"2023-10-03T22:44:42","guid":{"rendered":"https:\/\/nuevaweb.cpl.es\/producto\/el-rito-ambrosiano-9788491655480\/"},"modified":"2026-02-12T16:46:55","modified_gmt":"2026-02-12T15:46:55","slug":"el-rito-ambrosiano-9788491655480","status":"publish","type":"product","link":"https:\/\/www.cpl.es\/ca\/producto\/el-rito-ambrosiano-9788491655480\/","title":{"rendered":"El rito ambrosiano"},"content":{"rendered":"<p> <strong>Resumen<\/strong>: El rito ambrosiano, que tuvo sus or\u00edgenes en el \u00e1mbito geogr\u00e1fico que circunda la presente Arquidi\u00f3cesis de Mil\u00e1n, es testimonio de la supervivencia y vivacidad de una liturgia occidental no romana. Conocer la historia, las fuentes y sus caracter\u00edsticas propias conlleva una tarea minuciosa. El autor expone de forma sint\u00e9tica el Ordo Missae, el a\u00f1o lit\u00fargico, el santoral y la Liturgia de las Horas con un m\u00e9todo claro. Adem\u00e1s, ofrece textos propios de los libros lit\u00fargicos y los puntos de reflexi\u00f3n teol\u00f3gica que emergen de la celebraci\u00f3n de los divinos misterios. Tambi\u00e9n el lector podr\u00e1 ampliar el panorama de su conocimiento acerca de la liturgia cristiana para conducirlo a nuevos horizontes de estudio. <strong>Palabras clave:<\/strong> a\u00f1o lit\u00fargico ambrosiano, fuentes lit\u00fargicas, Ordo Missae ambrosiano, santoral ambrosiano, rito ambrosiano, teolog\u00eda. <br \/> <strong>Norberto Valli <\/strong>naci\u00f3 en Vimercate el 15 de abril de 1968. Estudi\u00f3 Letras Cl\u00e1sicas en la Universidad de Mil\u00e1n (1992). Fue ordenado sacerdote el 10 de junio de 2000 para la Arquidi\u00f3cesis de Mil\u00e1n. En 2004 obtuvo el Doctorado en Sagrada Liturgia por el Pontificio Instituto Lit\u00fargico San Anselmo de Roma. Actualmente, es profesor de Liturgia en la Facultad Teol\u00f3gica del Norte de Italia (en el Seminario Arzobispal de Mil\u00e1n). Tambi\u00e9n imparte las asignaturas de Introducci\u00f3n a las Liturgias Occidentales no Romanas y Liturgia Comparada en el Pontificio Instituto Lit\u00fargico de Roma. Es miembro de la Congregaci\u00f3n del Rito Ambrosiano, colaborador externo del Servicio Diocesano para la Pastoral Lit\u00fargica y de la Oficina Lit\u00fargica Nacional. Fue nombrado miembro de la Academia Ambrosiana en 2017. Entre sus publicaciones, adem\u00e1s de numerosos art\u00edculos y colaboraciones, se encuentran: L\u2019ordo evangeliorum a Milano in et\u00e0 altomedievale. Edizione dell\u2019evangelistario A 28 inf. della Biblioteca Ambrosiana; La danza della Chiesa intorno a Cristo; Il cardinale Martini e la liturgia; Breve introduzione alla liturgia ambrosiana; Il triduo pasquale ambrosiano; \u00c8 apparsa nel mondo la salvezza. Natale ed Epifania nel rito ambrosiano. MANUALES ESENCIALES <\/p>\n","protected":false},"excerpt":{"rendered":"<p>Valli, Norberto<\/p>\n","protected":false},"featured_media":609,"template":"","meta":{"_acf_changed":false,"inline_featured_image":false},"product_brand":[],"product_cat":[69,54],"product_tag":[],"class_list":{"0":"post-608","1":"product","2":"type-product","3":"status-publish","4":"has-post-thumbnail","6":"product_cat-cuadernos-phase-colleccions-catala","7":"product_cat-cuadernos-phase","9":"first","10":"instock","11":"taxable","12":"shipping-taxable","13":"purchasable","14":"product-type-simple"},"acf":{"autor":"Valli, Norberto","codart":"110272","ediciones":"1","encuadernacion":"R\u00fastica","fecha_de_publicacion":"10\/05\/2023","novedad":false,"paginas":"184","subtitulo":"","orden":"999","portada":false,"idioma":"spa","editorial":[{"ID":6736,"post_author":"2","post_date":"2023-10-06 08:35:24","post_date_gmt":"2023-10-06 06:35:24","post_content":"","post_title":"CPL","post_excerpt":"","post_status":"publish","comment_status":"closed","ping_status":"closed","post_password":"","post_name":"cpl","to_ping":"","pinged":"","post_modified":"2023-10-06 08:35:24","post_modified_gmt":"2023-10-06 06:35:24","post_content_filtered":"","post_parent":0,"guid":"https:\/\/nuevaweb.cpl.es\/editorial\/cpl\/","menu_order":0,"post_type":"editorial","post_mime_type":"","comment_count":"0","filter":"raw"}],"coleccion_num":"272"},"yoast_head":"<!-- This site is optimized with the Yoast SEO plugin v27.3 - https:\/\/yoast.com\/product\/yoast-seo-wordpress\/ -->\n<title>El rito ambrosiano - CPL<\/title>\n<meta name=\"robots\" content=\"index, follow, max-snippet:-1, max-image-preview:large, max-video-preview:-1\" \/>\n<link rel=\"canonical\" href=\"https:\/\/www.cpl.es\/producto\/el-rito-ambrosiano-9788491655480\/\" \/>\n<meta property=\"og:locale\" content=\"ca_ES\" \/>\n<meta property=\"og:type\" content=\"article\" \/>\n<meta property=\"og:title\" content=\"El rito ambrosiano - CPL\" \/>\n<meta property=\"og:description\" content=\"Valli, Norberto\" \/>\n<meta property=\"og:url\" content=\"https:\/\/www.cpl.es\/producto\/el-rito-ambrosiano-9788491655480\/\" \/>\n<meta property=\"og:site_name\" content=\"CPL\" \/>\n<meta property=\"article:modified_time\" content=\"2026-02-12T15:46:55+00:00\" \/>\n<meta property=\"og:image\" content=\"https:\/\/www.cpl.es\/wp-content\/uploads\/110272.jpg\" \/>\n\t<meta property=\"og:image:width\" content=\"294\" \/>\n\t<meta property=\"og:image:height\" content=\"439\" \/>\n\t<meta property=\"og:image:type\" content=\"image\/jpeg\" \/>\n<meta name=\"twitter:card\" content=\"summary_large_image\" \/>\n<meta name=\"twitter:label1\" content=\"Temps estimat de lectura\" \/>\n\t<meta name=\"twitter:data1\" content=\"2 minuts\" \/>\n<script type=\"application\/ld+json\" class=\"yoast-schema-graph\">{\"@context\":\"https:\\\/\\\/schema.org\",\"@graph\":[{\"@type\":\"WebPage\",\"@id\":\"https:\\\/\\\/www.cpl.es\\\/producto\\\/el-rito-ambrosiano-9788491655480\\\/\",\"url\":\"https:\\\/\\\/www.cpl.es\\\/producto\\\/el-rito-ambrosiano-9788491655480\\\/\",\"name\":\"El rito ambrosiano - CPL\",\"isPartOf\":{\"@id\":\"https:\\\/\\\/www.cpl.es\\\/#website\"},\"primaryImageOfPage\":{\"@id\":\"https:\\\/\\\/www.cpl.es\\\/producto\\\/el-rito-ambrosiano-9788491655480\\\/#primaryimage\"},\"image\":{\"@id\":\"https:\\\/\\\/www.cpl.es\\\/producto\\\/el-rito-ambrosiano-9788491655480\\\/#primaryimage\"},\"thumbnailUrl\":\"https:\\\/\\\/www.cpl.es\\\/wp-content\\\/uploads\\\/110272.jpg\",\"datePublished\":\"2023-10-03T22:44:42+00:00\",\"dateModified\":\"2026-02-12T15:46:55+00:00\",\"breadcrumb\":{\"@id\":\"https:\\\/\\\/www.cpl.es\\\/producto\\\/el-rito-ambrosiano-9788491655480\\\/#breadcrumb\"},\"inLanguage\":\"ca\",\"potentialAction\":[{\"@type\":\"ReadAction\",\"target\":[\"https:\\\/\\\/www.cpl.es\\\/producto\\\/el-rito-ambrosiano-9788491655480\\\/\"]}]},{\"@type\":\"ImageObject\",\"inLanguage\":\"ca\",\"@id\":\"https:\\\/\\\/www.cpl.es\\\/producto\\\/el-rito-ambrosiano-9788491655480\\\/#primaryimage\",\"url\":\"https:\\\/\\\/www.cpl.es\\\/wp-content\\\/uploads\\\/110272.jpg\",\"contentUrl\":\"https:\\\/\\\/www.cpl.es\\\/wp-content\\\/uploads\\\/110272.jpg\",\"width\":294,\"height\":439,\"caption\":\"110272.jpg\"},{\"@type\":\"BreadcrumbList\",\"@id\":\"https:\\\/\\\/www.cpl.es\\\/producto\\\/el-rito-ambrosiano-9788491655480\\\/#breadcrumb\",\"itemListElement\":[{\"@type\":\"ListItem\",\"position\":1,\"name\":\"Portada\",\"item\":\"https:\\\/\\\/www.cpl.es\\\/ca\\\/\"},{\"@type\":\"ListItem\",\"position\":2,\"name\":\"Cat\u00e0leg\",\"item\":\"https:\\\/\\\/www.cpl.es\\\/ca\\\/cataleg\\\/\"},{\"@type\":\"ListItem\",\"position\":3,\"name\":\"El rito ambrosiano\"}]},{\"@type\":\"WebSite\",\"@id\":\"https:\\\/\\\/www.cpl.es\\\/#website\",\"url\":\"https:\\\/\\\/www.cpl.es\\\/\",\"name\":\"CPL\",\"description\":\"Centre de Pastoral Lit\u00fargica de Barcelona\",\"publisher\":{\"@id\":\"https:\\\/\\\/www.cpl.es\\\/#organization\"},\"alternateName\":\"Centre de Pastoral Lit\u00fargica\",\"potentialAction\":[{\"@type\":\"SearchAction\",\"target\":{\"@type\":\"EntryPoint\",\"urlTemplate\":\"https:\\\/\\\/www.cpl.es\\\/?s={search_term_string}\"},\"query-input\":{\"@type\":\"PropertyValueSpecification\",\"valueRequired\":true,\"valueName\":\"search_term_string\"}}],\"inLanguage\":\"ca\"},{\"@type\":\"Organization\",\"@id\":\"https:\\\/\\\/www.cpl.es\\\/#organization\",\"name\":\"Centre de Pastoral Lit\u00fargica\",\"alternateName\":\"Centre de Pastoral Lit\u00fargica de Barcelona\",\"url\":\"https:\\\/\\\/www.cpl.es\\\/\",\"logo\":{\"@type\":\"ImageObject\",\"inLanguage\":\"ca\",\"@id\":\"https:\\\/\\\/www.cpl.es\\\/#\\\/schema\\\/logo\\\/image\\\/\",\"url\":\"https:\\\/\\\/www.cpl.es\\\/wp-content\\\/uploads\\\/logo-cpl.svg\",\"contentUrl\":\"https:\\\/\\\/www.cpl.es\\\/wp-content\\\/uploads\\\/logo-cpl.svg\",\"caption\":\"Centre de Pastoral Lit\u00fargica\"},\"image\":{\"@id\":\"https:\\\/\\\/www.cpl.es\\\/#\\\/schema\\\/logo\\\/image\\\/\"}}]}<\/script>\n<!-- \/ Yoast SEO plugin. -->","yoast_head_json":{"title":"El rito ambrosiano - CPL","robots":{"index":"index","follow":"follow","max-snippet":"max-snippet:-1","max-image-preview":"max-image-preview:large","max-video-preview":"max-video-preview:-1"},"canonical":"https:\/\/www.cpl.es\/producto\/el-rito-ambrosiano-9788491655480\/","og_locale":"ca_ES","og_type":"article","og_title":"El rito ambrosiano - CPL","og_description":"Valli, Norberto","og_url":"https:\/\/www.cpl.es\/producto\/el-rito-ambrosiano-9788491655480\/","og_site_name":"CPL","article_modified_time":"2026-02-12T15:46:55+00:00","og_image":[{"width":294,"height":439,"url":"https:\/\/www.cpl.es\/wp-content\/uploads\/110272.jpg","type":"image\/jpeg"}],"twitter_card":"summary_large_image","twitter_misc":{"Temps estimat de lectura":"2 minuts"},"schema":{"@context":"https:\/\/schema.org","@graph":[{"@type":"WebPage","@id":"https:\/\/www.cpl.es\/producto\/el-rito-ambrosiano-9788491655480\/","url":"https:\/\/www.cpl.es\/producto\/el-rito-ambrosiano-9788491655480\/","name":"El rito ambrosiano - CPL","isPartOf":{"@id":"https:\/\/www.cpl.es\/#website"},"primaryImageOfPage":{"@id":"https:\/\/www.cpl.es\/producto\/el-rito-ambrosiano-9788491655480\/#primaryimage"},"image":{"@id":"https:\/\/www.cpl.es\/producto\/el-rito-ambrosiano-9788491655480\/#primaryimage"},"thumbnailUrl":"https:\/\/www.cpl.es\/wp-content\/uploads\/110272.jpg","datePublished":"2023-10-03T22:44:42+00:00","dateModified":"2026-02-12T15:46:55+00:00","breadcrumb":{"@id":"https:\/\/www.cpl.es\/producto\/el-rito-ambrosiano-9788491655480\/#breadcrumb"},"inLanguage":"ca","potentialAction":[{"@type":"ReadAction","target":["https:\/\/www.cpl.es\/producto\/el-rito-ambrosiano-9788491655480\/"]}]},{"@type":"ImageObject","inLanguage":"ca","@id":"https:\/\/www.cpl.es\/producto\/el-rito-ambrosiano-9788491655480\/#primaryimage","url":"https:\/\/www.cpl.es\/wp-content\/uploads\/110272.jpg","contentUrl":"https:\/\/www.cpl.es\/wp-content\/uploads\/110272.jpg","width":294,"height":439,"caption":"110272.jpg"},{"@type":"BreadcrumbList","@id":"https:\/\/www.cpl.es\/producto\/el-rito-ambrosiano-9788491655480\/#breadcrumb","itemListElement":[{"@type":"ListItem","position":1,"name":"Portada","item":"https:\/\/www.cpl.es\/ca\/"},{"@type":"ListItem","position":2,"name":"Cat\u00e0leg","item":"https:\/\/www.cpl.es\/ca\/cataleg\/"},{"@type":"ListItem","position":3,"name":"El rito ambrosiano"}]},{"@type":"WebSite","@id":"https:\/\/www.cpl.es\/#website","url":"https:\/\/www.cpl.es\/","name":"CPL","description":"Centre de Pastoral Lit\u00fargica de Barcelona","publisher":{"@id":"https:\/\/www.cpl.es\/#organization"},"alternateName":"Centre de Pastoral Lit\u00fargica","potentialAction":[{"@type":"SearchAction","target":{"@type":"EntryPoint","urlTemplate":"https:\/\/www.cpl.es\/?s={search_term_string}"},"query-input":{"@type":"PropertyValueSpecification","valueRequired":true,"valueName":"search_term_string"}}],"inLanguage":"ca"},{"@type":"Organization","@id":"https:\/\/www.cpl.es\/#organization","name":"Centre de Pastoral Lit\u00fargica","alternateName":"Centre de Pastoral Lit\u00fargica de Barcelona","url":"https:\/\/www.cpl.es\/","logo":{"@type":"ImageObject","inLanguage":"ca","@id":"https:\/\/www.cpl.es\/#\/schema\/logo\/image\/","url":"https:\/\/www.cpl.es\/wp-content\/uploads\/logo-cpl.svg","contentUrl":"https:\/\/www.cpl.es\/wp-content\/uploads\/logo-cpl.svg","caption":"Centre de Pastoral Lit\u00fargica"},"image":{"@id":"https:\/\/www.cpl.es\/#\/schema\/logo\/image\/"}}]}},"_links":{"self":[{"href":"https:\/\/www.cpl.es\/ca\/wp-json\/wp\/v2\/product\/608","targetHints":{"allow":["GET"]}}],"collection":[{"href":"https:\/\/www.cpl.es\/ca\/wp-json\/wp\/v2\/product"}],"about":[{"href":"https:\/\/www.cpl.es\/ca\/wp-json\/wp\/v2\/types\/product"}],"wp:featuredmedia":[{"embeddable":true,"href":"https:\/\/www.cpl.es\/ca\/wp-json\/wp\/v2\/media\/609"}],"wp:attachment":[{"href":"https:\/\/www.cpl.es\/ca\/wp-json\/wp\/v2\/media?parent=608"}],"wp:term":[{"taxonomy":"product_brand","embeddable":true,"href":"https:\/\/www.cpl.es\/ca\/wp-json\/wp\/v2\/product_brand?post=608"},{"taxonomy":"product_cat","embeddable":true,"href":"https:\/\/www.cpl.es\/ca\/wp-json\/wp\/v2\/product_cat?post=608"},{"taxonomy":"product_tag","embeddable":true,"href":"https:\/\/www.cpl.es\/ca\/wp-json\/wp\/v2\/product_tag?post=608"}],"curies":[{"name":"wp","href":"https:\/\/api.w.org\/{rel}","templated":true}]}}