{"id":605,"date":"2023-10-04T00:44:37","date_gmt":"2023-10-03T22:44:37","guid":{"rendered":"https:\/\/nuevaweb.cpl.es\/producto\/el-sacramento-del-bautismo-y-del-matrimonio-en-el-rito-romano-del-siglo-x-al-xvi-9788491655473\/"},"modified":"2026-02-12T16:46:51","modified_gmt":"2026-02-12T15:46:51","slug":"el-sacramento-del-bautismo-y-del-matrimonio-en-el-rito-romano-del-siglo-x-al-xvi-9788491655473","status":"publish","type":"product","link":"https:\/\/www.cpl.es\/ca\/producto\/el-sacramento-del-bautismo-y-del-matrimonio-en-el-rito-romano-del-siglo-x-al-xvi-9788491655473\/","title":{"rendered":"El sacramento del bautismo y del matrimonio en el rito romano del siglo X al XVI"},"content":{"rendered":"<p> <strong>Resumen:<\/strong> En el presente trabajo exponemos la historia y las fuentes lit\u00fargicas de la celebraci\u00f3n del bautismo y del matrimonio, tomando en cuenta los cambios y adaptaciones significativas que han vivido ambos ritos. Por ejemplo, en el caso del bautismo, el proceso del catecumenado en Europa, excluyendo algunas realidades pastorales muy concretas, se redujo considerablemente a una pr\u00e1ctica inusual. Fue as\u00ed que el bautismo de los ni\u00f1os y sus diversas circunstancias vitales se convirtieron en algo m\u00e1s tradicional. Por otra parte, la celebraci\u00f3n del matrimonio, a partir del siglo xi en el que se estableci\u00f3 que fuera \u00aben la entrada de la Iglesia\u00bb, permiti\u00f3 que la misa por los esposos y las costumbres del lugar, otorgaran un sentido m\u00e1s espiritual y eucar\u00edstico a la celebraci\u00f3n sacramental. <strong>Palabras clave:<\/strong> bautismo, bendici\u00f3n, matrimonio, pontifical, rito romano, ritual, sacramento, teolog\u00eda lit\u00fargica. <br \/> <strong>Daniel Alejandro Fr\u00edas Calder\u00f3n<\/strong> naci\u00f3 en Monterrey (M\u00e9xico) en 1988. Fue ordenado sacerdote el 15 de agosto de 2016 en la misma ciudad. Estudi\u00f3 la Licenciatura en Filosof\u00eda y Teolog\u00eda en la Universidad de la Arquidi\u00f3cesis de Monterrey. En el 2020 obtuvo el grado de Licenciado en Sagrada Liturgia por el Pontificio Instituto Lit\u00fargico de San Anselmo en Roma. Estudi\u00f3 el Diplomado en Iniciaci\u00f3n a las Antig\u00fcedades Cristianas en el Pontificio Instituto de Arqueolog\u00eda Cristiana. Actualmente se encuentra realizando el Doctorado en Sagrada Liturgia en el Pontificio Instituto Lit\u00fargico de San Anselmo. As\u00ed mismo, est\u00e1 haciendo el Diplomado en Teolog\u00eda Espiritual en el Pontificio Instituto de Espiritualidad Teresianum de Roma. Ha sido profesor de Liturgia de las Horas y ha participado en diversas Jornadas de Estudio. Ha colaborado como traductor en algunos congresos y tambi\u00e9n de obras para el estudio lit\u00fargico.<\/p>\n","protected":false},"excerpt":{"rendered":"<p>Fr\u00edas Calder\u00f3n, Daniel Alejandro<\/p>\n","protected":false},"featured_media":606,"template":"","meta":{"_acf_changed":false,"inline_featured_image":false},"product_brand":[],"product_cat":[69,54],"product_tag":[],"class_list":{"0":"post-605","1":"product","2":"type-product","3":"status-publish","4":"has-post-thumbnail","6":"product_cat-cuadernos-phase-colleccions-catala","7":"product_cat-cuadernos-phase","9":"first","10":"instock","11":"taxable","12":"shipping-taxable","13":"purchasable","14":"product-type-simple"},"acf":{"autor":"Fr\u00edas Calder\u00f3n, Daniel Alejandro","codart":"110271","ediciones":"1","encuadernacion":"R\u00fastica","fecha_de_publicacion":"10\/05\/2023","novedad":false,"paginas":"176","subtitulo":"","orden":"999","portada":false,"idioma":"spa","editorial":[{"ID":6736,"post_author":"2","post_date":"2023-10-06 08:35:24","post_date_gmt":"2023-10-06 06:35:24","post_content":"","post_title":"CPL","post_excerpt":"","post_status":"publish","comment_status":"closed","ping_status":"closed","post_password":"","post_name":"cpl","to_ping":"","pinged":"","post_modified":"2023-10-06 08:35:24","post_modified_gmt":"2023-10-06 06:35:24","post_content_filtered":"","post_parent":0,"guid":"https:\/\/nuevaweb.cpl.es\/editorial\/cpl\/","menu_order":0,"post_type":"editorial","post_mime_type":"","comment_count":"0","filter":"raw"}],"coleccion_num":"271"},"yoast_head":"<!-- This site is optimized with the Yoast SEO plugin v27.3 - https:\/\/yoast.com\/product\/yoast-seo-wordpress\/ -->\n<title>El sacramento del bautismo y del matrimonio en el rito romano del siglo X al XVI - CPL<\/title>\n<meta name=\"robots\" content=\"index, follow, max-snippet:-1, max-image-preview:large, max-video-preview:-1\" \/>\n<link rel=\"canonical\" href=\"https:\/\/www.cpl.es\/producto\/el-sacramento-del-bautismo-y-del-matrimonio-en-el-rito-romano-del-siglo-x-al-xvi-9788491655473\/\" \/>\n<meta property=\"og:locale\" content=\"ca_ES\" \/>\n<meta property=\"og:type\" content=\"article\" \/>\n<meta property=\"og:title\" content=\"El sacramento del bautismo y del matrimonio en el rito romano del siglo X al XVI - CPL\" \/>\n<meta property=\"og:description\" content=\"Fr\u00edas Calder\u00f3n, Daniel Alejandro\" \/>\n<meta property=\"og:url\" content=\"https:\/\/www.cpl.es\/producto\/el-sacramento-del-bautismo-y-del-matrimonio-en-el-rito-romano-del-siglo-x-al-xvi-9788491655473\/\" \/>\n<meta property=\"og:site_name\" content=\"CPL\" \/>\n<meta property=\"article:modified_time\" content=\"2026-02-12T15:46:51+00:00\" \/>\n<meta property=\"og:image\" content=\"https:\/\/www.cpl.es\/wp-content\/uploads\/110271.jpg\" \/>\n\t<meta property=\"og:image:width\" content=\"294\" \/>\n\t<meta property=\"og:image:height\" content=\"448\" \/>\n\t<meta property=\"og:image:type\" content=\"image\/jpeg\" \/>\n<meta name=\"twitter:card\" content=\"summary_large_image\" \/>\n<meta name=\"twitter:label1\" content=\"Temps estimat de lectura\" \/>\n\t<meta name=\"twitter:data1\" content=\"2 minuts\" \/>\n<script type=\"application\/ld+json\" class=\"yoast-schema-graph\">{\"@context\":\"https:\\\/\\\/schema.org\",\"@graph\":[{\"@type\":\"WebPage\",\"@id\":\"https:\\\/\\\/www.cpl.es\\\/producto\\\/el-sacramento-del-bautismo-y-del-matrimonio-en-el-rito-romano-del-siglo-x-al-xvi-9788491655473\\\/\",\"url\":\"https:\\\/\\\/www.cpl.es\\\/producto\\\/el-sacramento-del-bautismo-y-del-matrimonio-en-el-rito-romano-del-siglo-x-al-xvi-9788491655473\\\/\",\"name\":\"El sacramento del bautismo y del matrimonio en el rito romano del siglo X al XVI - CPL\",\"isPartOf\":{\"@id\":\"https:\\\/\\\/www.cpl.es\\\/#website\"},\"primaryImageOfPage\":{\"@id\":\"https:\\\/\\\/www.cpl.es\\\/producto\\\/el-sacramento-del-bautismo-y-del-matrimonio-en-el-rito-romano-del-siglo-x-al-xvi-9788491655473\\\/#primaryimage\"},\"image\":{\"@id\":\"https:\\\/\\\/www.cpl.es\\\/producto\\\/el-sacramento-del-bautismo-y-del-matrimonio-en-el-rito-romano-del-siglo-x-al-xvi-9788491655473\\\/#primaryimage\"},\"thumbnailUrl\":\"https:\\\/\\\/www.cpl.es\\\/wp-content\\\/uploads\\\/110271.jpg\",\"datePublished\":\"2023-10-03T22:44:37+00:00\",\"dateModified\":\"2026-02-12T15:46:51+00:00\",\"breadcrumb\":{\"@id\":\"https:\\\/\\\/www.cpl.es\\\/producto\\\/el-sacramento-del-bautismo-y-del-matrimonio-en-el-rito-romano-del-siglo-x-al-xvi-9788491655473\\\/#breadcrumb\"},\"inLanguage\":\"ca\",\"potentialAction\":[{\"@type\":\"ReadAction\",\"target\":[\"https:\\\/\\\/www.cpl.es\\\/producto\\\/el-sacramento-del-bautismo-y-del-matrimonio-en-el-rito-romano-del-siglo-x-al-xvi-9788491655473\\\/\"]}]},{\"@type\":\"ImageObject\",\"inLanguage\":\"ca\",\"@id\":\"https:\\\/\\\/www.cpl.es\\\/producto\\\/el-sacramento-del-bautismo-y-del-matrimonio-en-el-rito-romano-del-siglo-x-al-xvi-9788491655473\\\/#primaryimage\",\"url\":\"https:\\\/\\\/www.cpl.es\\\/wp-content\\\/uploads\\\/110271.jpg\",\"contentUrl\":\"https:\\\/\\\/www.cpl.es\\\/wp-content\\\/uploads\\\/110271.jpg\",\"width\":294,\"height\":448,\"caption\":\"110271.jpg\"},{\"@type\":\"BreadcrumbList\",\"@id\":\"https:\\\/\\\/www.cpl.es\\\/producto\\\/el-sacramento-del-bautismo-y-del-matrimonio-en-el-rito-romano-del-siglo-x-al-xvi-9788491655473\\\/#breadcrumb\",\"itemListElement\":[{\"@type\":\"ListItem\",\"position\":1,\"name\":\"Portada\",\"item\":\"https:\\\/\\\/www.cpl.es\\\/ca\\\/\"},{\"@type\":\"ListItem\",\"position\":2,\"name\":\"Cat\u00e0leg\",\"item\":\"https:\\\/\\\/www.cpl.es\\\/ca\\\/cataleg\\\/\"},{\"@type\":\"ListItem\",\"position\":3,\"name\":\"El sacramento del bautismo y del matrimonio en el rito romano del siglo X al XVI\"}]},{\"@type\":\"WebSite\",\"@id\":\"https:\\\/\\\/www.cpl.es\\\/#website\",\"url\":\"https:\\\/\\\/www.cpl.es\\\/\",\"name\":\"CPL\",\"description\":\"Centre de Pastoral Lit\u00fargica de Barcelona\",\"publisher\":{\"@id\":\"https:\\\/\\\/www.cpl.es\\\/#organization\"},\"alternateName\":\"Centre de Pastoral Lit\u00fargica\",\"potentialAction\":[{\"@type\":\"SearchAction\",\"target\":{\"@type\":\"EntryPoint\",\"urlTemplate\":\"https:\\\/\\\/www.cpl.es\\\/?s={search_term_string}\"},\"query-input\":{\"@type\":\"PropertyValueSpecification\",\"valueRequired\":true,\"valueName\":\"search_term_string\"}}],\"inLanguage\":\"ca\"},{\"@type\":\"Organization\",\"@id\":\"https:\\\/\\\/www.cpl.es\\\/#organization\",\"name\":\"Centre de Pastoral Lit\u00fargica\",\"alternateName\":\"Centre de Pastoral Lit\u00fargica de Barcelona\",\"url\":\"https:\\\/\\\/www.cpl.es\\\/\",\"logo\":{\"@type\":\"ImageObject\",\"inLanguage\":\"ca\",\"@id\":\"https:\\\/\\\/www.cpl.es\\\/#\\\/schema\\\/logo\\\/image\\\/\",\"url\":\"https:\\\/\\\/www.cpl.es\\\/wp-content\\\/uploads\\\/logo-cpl.svg\",\"contentUrl\":\"https:\\\/\\\/www.cpl.es\\\/wp-content\\\/uploads\\\/logo-cpl.svg\",\"caption\":\"Centre de Pastoral Lit\u00fargica\"},\"image\":{\"@id\":\"https:\\\/\\\/www.cpl.es\\\/#\\\/schema\\\/logo\\\/image\\\/\"}}]}<\/script>\n<!-- \/ Yoast SEO plugin. -->","yoast_head_json":{"title":"El sacramento del bautismo y del matrimonio en el rito romano del siglo X al XVI - CPL","robots":{"index":"index","follow":"follow","max-snippet":"max-snippet:-1","max-image-preview":"max-image-preview:large","max-video-preview":"max-video-preview:-1"},"canonical":"https:\/\/www.cpl.es\/producto\/el-sacramento-del-bautismo-y-del-matrimonio-en-el-rito-romano-del-siglo-x-al-xvi-9788491655473\/","og_locale":"ca_ES","og_type":"article","og_title":"El sacramento del bautismo y del matrimonio en el rito romano del siglo X al XVI - CPL","og_description":"Fr\u00edas Calder\u00f3n, Daniel Alejandro","og_url":"https:\/\/www.cpl.es\/producto\/el-sacramento-del-bautismo-y-del-matrimonio-en-el-rito-romano-del-siglo-x-al-xvi-9788491655473\/","og_site_name":"CPL","article_modified_time":"2026-02-12T15:46:51+00:00","og_image":[{"width":294,"height":448,"url":"https:\/\/www.cpl.es\/wp-content\/uploads\/110271.jpg","type":"image\/jpeg"}],"twitter_card":"summary_large_image","twitter_misc":{"Temps estimat de lectura":"2 minuts"},"schema":{"@context":"https:\/\/schema.org","@graph":[{"@type":"WebPage","@id":"https:\/\/www.cpl.es\/producto\/el-sacramento-del-bautismo-y-del-matrimonio-en-el-rito-romano-del-siglo-x-al-xvi-9788491655473\/","url":"https:\/\/www.cpl.es\/producto\/el-sacramento-del-bautismo-y-del-matrimonio-en-el-rito-romano-del-siglo-x-al-xvi-9788491655473\/","name":"El sacramento del bautismo y del matrimonio en el rito romano del siglo X al XVI - CPL","isPartOf":{"@id":"https:\/\/www.cpl.es\/#website"},"primaryImageOfPage":{"@id":"https:\/\/www.cpl.es\/producto\/el-sacramento-del-bautismo-y-del-matrimonio-en-el-rito-romano-del-siglo-x-al-xvi-9788491655473\/#primaryimage"},"image":{"@id":"https:\/\/www.cpl.es\/producto\/el-sacramento-del-bautismo-y-del-matrimonio-en-el-rito-romano-del-siglo-x-al-xvi-9788491655473\/#primaryimage"},"thumbnailUrl":"https:\/\/www.cpl.es\/wp-content\/uploads\/110271.jpg","datePublished":"2023-10-03T22:44:37+00:00","dateModified":"2026-02-12T15:46:51+00:00","breadcrumb":{"@id":"https:\/\/www.cpl.es\/producto\/el-sacramento-del-bautismo-y-del-matrimonio-en-el-rito-romano-del-siglo-x-al-xvi-9788491655473\/#breadcrumb"},"inLanguage":"ca","potentialAction":[{"@type":"ReadAction","target":["https:\/\/www.cpl.es\/producto\/el-sacramento-del-bautismo-y-del-matrimonio-en-el-rito-romano-del-siglo-x-al-xvi-9788491655473\/"]}]},{"@type":"ImageObject","inLanguage":"ca","@id":"https:\/\/www.cpl.es\/producto\/el-sacramento-del-bautismo-y-del-matrimonio-en-el-rito-romano-del-siglo-x-al-xvi-9788491655473\/#primaryimage","url":"https:\/\/www.cpl.es\/wp-content\/uploads\/110271.jpg","contentUrl":"https:\/\/www.cpl.es\/wp-content\/uploads\/110271.jpg","width":294,"height":448,"caption":"110271.jpg"},{"@type":"BreadcrumbList","@id":"https:\/\/www.cpl.es\/producto\/el-sacramento-del-bautismo-y-del-matrimonio-en-el-rito-romano-del-siglo-x-al-xvi-9788491655473\/#breadcrumb","itemListElement":[{"@type":"ListItem","position":1,"name":"Portada","item":"https:\/\/www.cpl.es\/ca\/"},{"@type":"ListItem","position":2,"name":"Cat\u00e0leg","item":"https:\/\/www.cpl.es\/ca\/cataleg\/"},{"@type":"ListItem","position":3,"name":"El sacramento del bautismo y del matrimonio en el rito romano del siglo X al XVI"}]},{"@type":"WebSite","@id":"https:\/\/www.cpl.es\/#website","url":"https:\/\/www.cpl.es\/","name":"CPL","description":"Centre de Pastoral Lit\u00fargica de Barcelona","publisher":{"@id":"https:\/\/www.cpl.es\/#organization"},"alternateName":"Centre de Pastoral Lit\u00fargica","potentialAction":[{"@type":"SearchAction","target":{"@type":"EntryPoint","urlTemplate":"https:\/\/www.cpl.es\/?s={search_term_string}"},"query-input":{"@type":"PropertyValueSpecification","valueRequired":true,"valueName":"search_term_string"}}],"inLanguage":"ca"},{"@type":"Organization","@id":"https:\/\/www.cpl.es\/#organization","name":"Centre de Pastoral Lit\u00fargica","alternateName":"Centre de Pastoral Lit\u00fargica de Barcelona","url":"https:\/\/www.cpl.es\/","logo":{"@type":"ImageObject","inLanguage":"ca","@id":"https:\/\/www.cpl.es\/#\/schema\/logo\/image\/","url":"https:\/\/www.cpl.es\/wp-content\/uploads\/logo-cpl.svg","contentUrl":"https:\/\/www.cpl.es\/wp-content\/uploads\/logo-cpl.svg","caption":"Centre de Pastoral Lit\u00fargica"},"image":{"@id":"https:\/\/www.cpl.es\/#\/schema\/logo\/image\/"}}]}},"_links":{"self":[{"href":"https:\/\/www.cpl.es\/ca\/wp-json\/wp\/v2\/product\/605","targetHints":{"allow":["GET"]}}],"collection":[{"href":"https:\/\/www.cpl.es\/ca\/wp-json\/wp\/v2\/product"}],"about":[{"href":"https:\/\/www.cpl.es\/ca\/wp-json\/wp\/v2\/types\/product"}],"wp:featuredmedia":[{"embeddable":true,"href":"https:\/\/www.cpl.es\/ca\/wp-json\/wp\/v2\/media\/606"}],"wp:attachment":[{"href":"https:\/\/www.cpl.es\/ca\/wp-json\/wp\/v2\/media?parent=605"}],"wp:term":[{"taxonomy":"product_brand","embeddable":true,"href":"https:\/\/www.cpl.es\/ca\/wp-json\/wp\/v2\/product_brand?post=605"},{"taxonomy":"product_cat","embeddable":true,"href":"https:\/\/www.cpl.es\/ca\/wp-json\/wp\/v2\/product_cat?post=605"},{"taxonomy":"product_tag","embeddable":true,"href":"https:\/\/www.cpl.es\/ca\/wp-json\/wp\/v2\/product_tag?post=605"}],"curies":[{"name":"wp","href":"https:\/\/api.w.org\/{rel}","templated":true}]}}