{"id":578,"date":"2023-10-04T00:43:46","date_gmt":"2023-10-03T22:43:46","guid":{"rendered":"https:\/\/nuevaweb.cpl.es\/producto\/trasfondo-estacional-de-la-organizacion-del-ano-liturgico-9788491655718\/"},"modified":"2026-02-12T16:46:59","modified_gmt":"2026-02-12T15:46:59","slug":"trasfondo-estacional-de-la-organizacion-del-ano-liturgico-9788491655718","status":"publish","type":"product","link":"https:\/\/www.cpl.es\/ca\/producto\/trasfondo-estacional-de-la-organizacion-del-ano-liturgico-9788491655718\/","title":{"rendered":"Trasfondo estacional de la organizaci\u00f3n del a\u00f1o lit\u00fargico"},"content":{"rendered":"<p> Resumen: La estrecha relaci\u00f3n entre las estaciones del a\u00f1o y la estructura de la vida cristiana es un tema que la liturgia de la Iglesia recoge y canta de forma po\u00e9tica. Por otra parte, nos podemos preguntar: \u00bfEs posible establecer una cierta relaci\u00f3n entre las estaciones y el a\u00f1o lit\u00fargico? \u00bfPodr\u00eda ser el a\u00f1o lit\u00fargico, en su origen, una \u00abcristianizaci\u00f3n\u00bb de algunas fiestas que se dan en el mundo pagano para celebrar el cambio de estaciones? Es decir, el a\u00f1o lit\u00fargico, como organizaci\u00f3n del tiempo, \u00bfpodr\u00eda tener como base o marco las estaciones del a\u00f1o, y, por lo tanto, un origen relacionado con la cosmolog\u00eda? En definitiva, \u00bfen el origen del a\u00f1o lit\u00fargico, encontrar\u00edamos unas fiestas estacionales? Y, si existe esta cierta relaci\u00f3n, tambi\u00e9n podr\u00edamos preguntarnos: \u00bfLa sensibilidad ecol\u00f3gica de hoy en d\u00eda nos podr\u00eda ayudar a redescubrir el a\u00f1o lit\u00fargico? Palabras clave: a\u00f1o lit\u00fargico, c\u00edrculo c\u00f3smico, Cromacio de Aquilea, Gaudencio de Brescia, misterio pascual, Pascua-primavera, Zen\u00f3n de Verona. Abstract: The close relationship between the seasons of the year and the structure of Christian life is a theme that the liturgy of the Church collects and sings poetically. On the other hand, we can ask ourselves: Is it possible to establish a certain relationship between the seasons and the liturgical year? Could the liturgical year, in its origin, be a \u00abChristianization\u00bb of some feasts that take place in the pagan world to celebrate the change of seasons? That is to say, could the liturgical year, as an organization of time, the seasons of the year as its basis or framework, and, therefore, an origin related to cosmology? In short, at the origin of the liturgical year, would we find seasonal feasts? And, if this certain relationship exists, we could also ask ourselves: Could today\u2019s ecological sensitivity help us to rediscover the liturgical year? Keywords: liturgical year, cosmic circle, Chromatius of Aquileia, Gaudentius of Brescia, paschal mystery, Easter-spring, Zeno of Verona. <br \/> Jordi Font Plana, nacido en Sant Joan les Fonts (Girona) en 1958 y ordenado presb\u00edtero en 1986. Licenciado en teolog\u00eda en la especialidad de liturgia en el Instituto Superior de Liturgia de Barcelona. Doctor en Teolog\u00eda en la Facultad de Teolog\u00eda de Catalu\u00f1a. Curso de postgrado en el Institut Sup\u00e9rieur de Liturgie de l\u2019Institut Catholique de Paris. Doctor en Sagrada Liturgia por el Pontificio Instituto Lit\u00fargico San Anselmo de Roma. P\u00e1rroco de Fontcoberta, Ollers, Viladam\u00ed y Vilavenut, de Vilamar\u00ed, de Centenys, Seriny\u00e0 y Usall; administrador parroquial de Sous y p\u00e1rroco del santuario de Nostra Senyora del Mont; rector del Seminario Diocesano de Girona; vicario episcopal para las Vocaciones y secretario del Consejo Episcopal; can\u00f3nigo de la Catedral de Girona; secretario del Secretariado de Pastoral Lit\u00fargica de Girona; director de la Comisi\u00f3n del Diaconado Permanente; profesor no estable de liturgia en el Instituto Superior de Ciencias Religiosas de Girona; profesor estable en la Facultad de Teolog\u00eda de Catalu\u00f1a y del Instituto de Liturgia ad instar Facultatis, del cual es vicepresidente. Es miembro de la Asociaci\u00f3n Espa\u00f1ola de Profesores de Liturgia y del Centre de Pastoral Lit\u00fargica de Barcelona.<\/p>\n","protected":false},"excerpt":{"rendered":"<p>Font Plana, Jordi<\/p>\n","protected":false},"featured_media":579,"template":"","meta":{"_acf_changed":false,"inline_featured_image":false},"product_brand":[],"product_cat":[54,69],"product_tag":[],"class_list":{"0":"post-578","1":"product","2":"type-product","3":"status-publish","4":"has-post-thumbnail","6":"product_cat-cuadernos-phase","7":"product_cat-cuadernos-phase-colleccions-catala","9":"first","10":"instock","11":"taxable","12":"shipping-taxable","13":"purchasable","14":"product-type-simple"},"acf":{"autor":"Font Plana, Jordi","codart":"110273","ediciones":"1","encuadernacion":"R\u00fastica","fecha_de_publicacion":"21\/06\/2023","novedad":false,"paginas":"68","subtitulo":"","orden":"999","portada":false,"idioma":"spa","editorial":[{"ID":6736,"post_author":"2","post_date":"2023-10-06 08:35:24","post_date_gmt":"2023-10-06 06:35:24","post_content":"","post_title":"CPL","post_excerpt":"","post_status":"publish","comment_status":"closed","ping_status":"closed","post_password":"","post_name":"cpl","to_ping":"","pinged":"","post_modified":"2023-10-06 08:35:24","post_modified_gmt":"2023-10-06 06:35:24","post_content_filtered":"","post_parent":0,"guid":"https:\/\/nuevaweb.cpl.es\/editorial\/cpl\/","menu_order":0,"post_type":"editorial","post_mime_type":"","comment_count":"0","filter":"raw"}],"coleccion_num":"273"},"yoast_head":"<!-- This site is optimized with the Yoast SEO plugin v27.3 - https:\/\/yoast.com\/product\/yoast-seo-wordpress\/ -->\n<title>Trasfondo estacional de la organizaci\u00f3n del a\u00f1o lit\u00fargico - CPL<\/title>\n<meta name=\"robots\" content=\"index, follow, max-snippet:-1, max-image-preview:large, max-video-preview:-1\" \/>\n<link rel=\"canonical\" href=\"https:\/\/www.cpl.es\/producto\/trasfondo-estacional-de-la-organizacion-del-ano-liturgico-9788491655718\/\" \/>\n<meta property=\"og:locale\" content=\"ca_ES\" \/>\n<meta property=\"og:type\" content=\"article\" \/>\n<meta property=\"og:title\" content=\"Trasfondo estacional de la organizaci\u00f3n del a\u00f1o lit\u00fargico - CPL\" \/>\n<meta property=\"og:description\" content=\"Font Plana, Jordi\" \/>\n<meta property=\"og:url\" content=\"https:\/\/www.cpl.es\/producto\/trasfondo-estacional-de-la-organizacion-del-ano-liturgico-9788491655718\/\" \/>\n<meta property=\"og:site_name\" content=\"CPL\" \/>\n<meta property=\"article:modified_time\" content=\"2026-02-12T15:46:59+00:00\" \/>\n<meta property=\"og:image\" content=\"https:\/\/www.cpl.es\/wp-content\/uploads\/110273.jpg\" \/>\n\t<meta property=\"og:image:width\" content=\"294\" \/>\n\t<meta property=\"og:image:height\" content=\"443\" \/>\n\t<meta property=\"og:image:type\" content=\"image\/jpeg\" \/>\n<meta name=\"twitter:card\" content=\"summary_large_image\" \/>\n<meta name=\"twitter:label1\" content=\"Temps estimat de lectura\" \/>\n\t<meta name=\"twitter:data1\" content=\"3 minuts\" \/>\n<script type=\"application\/ld+json\" class=\"yoast-schema-graph\">{\"@context\":\"https:\\\/\\\/schema.org\",\"@graph\":[{\"@type\":\"WebPage\",\"@id\":\"https:\\\/\\\/www.cpl.es\\\/producto\\\/trasfondo-estacional-de-la-organizacion-del-ano-liturgico-9788491655718\\\/\",\"url\":\"https:\\\/\\\/www.cpl.es\\\/producto\\\/trasfondo-estacional-de-la-organizacion-del-ano-liturgico-9788491655718\\\/\",\"name\":\"Trasfondo estacional de la organizaci\u00f3n del a\u00f1o lit\u00fargico - CPL\",\"isPartOf\":{\"@id\":\"https:\\\/\\\/www.cpl.es\\\/#website\"},\"primaryImageOfPage\":{\"@id\":\"https:\\\/\\\/www.cpl.es\\\/producto\\\/trasfondo-estacional-de-la-organizacion-del-ano-liturgico-9788491655718\\\/#primaryimage\"},\"image\":{\"@id\":\"https:\\\/\\\/www.cpl.es\\\/producto\\\/trasfondo-estacional-de-la-organizacion-del-ano-liturgico-9788491655718\\\/#primaryimage\"},\"thumbnailUrl\":\"https:\\\/\\\/www.cpl.es\\\/wp-content\\\/uploads\\\/110273.jpg\",\"datePublished\":\"2023-10-03T22:43:46+00:00\",\"dateModified\":\"2026-02-12T15:46:59+00:00\",\"breadcrumb\":{\"@id\":\"https:\\\/\\\/www.cpl.es\\\/producto\\\/trasfondo-estacional-de-la-organizacion-del-ano-liturgico-9788491655718\\\/#breadcrumb\"},\"inLanguage\":\"ca\",\"potentialAction\":[{\"@type\":\"ReadAction\",\"target\":[\"https:\\\/\\\/www.cpl.es\\\/producto\\\/trasfondo-estacional-de-la-organizacion-del-ano-liturgico-9788491655718\\\/\"]}]},{\"@type\":\"ImageObject\",\"inLanguage\":\"ca\",\"@id\":\"https:\\\/\\\/www.cpl.es\\\/producto\\\/trasfondo-estacional-de-la-organizacion-del-ano-liturgico-9788491655718\\\/#primaryimage\",\"url\":\"https:\\\/\\\/www.cpl.es\\\/wp-content\\\/uploads\\\/110273.jpg\",\"contentUrl\":\"https:\\\/\\\/www.cpl.es\\\/wp-content\\\/uploads\\\/110273.jpg\",\"width\":294,\"height\":443,\"caption\":\"110273.jpg\"},{\"@type\":\"BreadcrumbList\",\"@id\":\"https:\\\/\\\/www.cpl.es\\\/producto\\\/trasfondo-estacional-de-la-organizacion-del-ano-liturgico-9788491655718\\\/#breadcrumb\",\"itemListElement\":[{\"@type\":\"ListItem\",\"position\":1,\"name\":\"Portada\",\"item\":\"https:\\\/\\\/www.cpl.es\\\/ca\\\/\"},{\"@type\":\"ListItem\",\"position\":2,\"name\":\"Cat\u00e0leg\",\"item\":\"https:\\\/\\\/www.cpl.es\\\/ca\\\/cataleg\\\/\"},{\"@type\":\"ListItem\",\"position\":3,\"name\":\"Trasfondo estacional de la organizaci\u00f3n del a\u00f1o lit\u00fargico\"}]},{\"@type\":\"WebSite\",\"@id\":\"https:\\\/\\\/www.cpl.es\\\/#website\",\"url\":\"https:\\\/\\\/www.cpl.es\\\/\",\"name\":\"CPL\",\"description\":\"Centre de Pastoral Lit\u00fargica de Barcelona\",\"publisher\":{\"@id\":\"https:\\\/\\\/www.cpl.es\\\/#organization\"},\"alternateName\":\"Centre de Pastoral Lit\u00fargica\",\"potentialAction\":[{\"@type\":\"SearchAction\",\"target\":{\"@type\":\"EntryPoint\",\"urlTemplate\":\"https:\\\/\\\/www.cpl.es\\\/?s={search_term_string}\"},\"query-input\":{\"@type\":\"PropertyValueSpecification\",\"valueRequired\":true,\"valueName\":\"search_term_string\"}}],\"inLanguage\":\"ca\"},{\"@type\":\"Organization\",\"@id\":\"https:\\\/\\\/www.cpl.es\\\/#organization\",\"name\":\"Centre de Pastoral Lit\u00fargica\",\"alternateName\":\"Centre de Pastoral Lit\u00fargica de Barcelona\",\"url\":\"https:\\\/\\\/www.cpl.es\\\/\",\"logo\":{\"@type\":\"ImageObject\",\"inLanguage\":\"ca\",\"@id\":\"https:\\\/\\\/www.cpl.es\\\/#\\\/schema\\\/logo\\\/image\\\/\",\"url\":\"https:\\\/\\\/www.cpl.es\\\/wp-content\\\/uploads\\\/logo-cpl.svg\",\"contentUrl\":\"https:\\\/\\\/www.cpl.es\\\/wp-content\\\/uploads\\\/logo-cpl.svg\",\"caption\":\"Centre de Pastoral Lit\u00fargica\"},\"image\":{\"@id\":\"https:\\\/\\\/www.cpl.es\\\/#\\\/schema\\\/logo\\\/image\\\/\"}}]}<\/script>\n<!-- \/ Yoast SEO plugin. -->","yoast_head_json":{"title":"Trasfondo estacional de la organizaci\u00f3n del a\u00f1o lit\u00fargico - CPL","robots":{"index":"index","follow":"follow","max-snippet":"max-snippet:-1","max-image-preview":"max-image-preview:large","max-video-preview":"max-video-preview:-1"},"canonical":"https:\/\/www.cpl.es\/producto\/trasfondo-estacional-de-la-organizacion-del-ano-liturgico-9788491655718\/","og_locale":"ca_ES","og_type":"article","og_title":"Trasfondo estacional de la organizaci\u00f3n del a\u00f1o lit\u00fargico - CPL","og_description":"Font Plana, Jordi","og_url":"https:\/\/www.cpl.es\/producto\/trasfondo-estacional-de-la-organizacion-del-ano-liturgico-9788491655718\/","og_site_name":"CPL","article_modified_time":"2026-02-12T15:46:59+00:00","og_image":[{"width":294,"height":443,"url":"https:\/\/www.cpl.es\/wp-content\/uploads\/110273.jpg","type":"image\/jpeg"}],"twitter_card":"summary_large_image","twitter_misc":{"Temps estimat de lectura":"3 minuts"},"schema":{"@context":"https:\/\/schema.org","@graph":[{"@type":"WebPage","@id":"https:\/\/www.cpl.es\/producto\/trasfondo-estacional-de-la-organizacion-del-ano-liturgico-9788491655718\/","url":"https:\/\/www.cpl.es\/producto\/trasfondo-estacional-de-la-organizacion-del-ano-liturgico-9788491655718\/","name":"Trasfondo estacional de la organizaci\u00f3n del a\u00f1o lit\u00fargico - CPL","isPartOf":{"@id":"https:\/\/www.cpl.es\/#website"},"primaryImageOfPage":{"@id":"https:\/\/www.cpl.es\/producto\/trasfondo-estacional-de-la-organizacion-del-ano-liturgico-9788491655718\/#primaryimage"},"image":{"@id":"https:\/\/www.cpl.es\/producto\/trasfondo-estacional-de-la-organizacion-del-ano-liturgico-9788491655718\/#primaryimage"},"thumbnailUrl":"https:\/\/www.cpl.es\/wp-content\/uploads\/110273.jpg","datePublished":"2023-10-03T22:43:46+00:00","dateModified":"2026-02-12T15:46:59+00:00","breadcrumb":{"@id":"https:\/\/www.cpl.es\/producto\/trasfondo-estacional-de-la-organizacion-del-ano-liturgico-9788491655718\/#breadcrumb"},"inLanguage":"ca","potentialAction":[{"@type":"ReadAction","target":["https:\/\/www.cpl.es\/producto\/trasfondo-estacional-de-la-organizacion-del-ano-liturgico-9788491655718\/"]}]},{"@type":"ImageObject","inLanguage":"ca","@id":"https:\/\/www.cpl.es\/producto\/trasfondo-estacional-de-la-organizacion-del-ano-liturgico-9788491655718\/#primaryimage","url":"https:\/\/www.cpl.es\/wp-content\/uploads\/110273.jpg","contentUrl":"https:\/\/www.cpl.es\/wp-content\/uploads\/110273.jpg","width":294,"height":443,"caption":"110273.jpg"},{"@type":"BreadcrumbList","@id":"https:\/\/www.cpl.es\/producto\/trasfondo-estacional-de-la-organizacion-del-ano-liturgico-9788491655718\/#breadcrumb","itemListElement":[{"@type":"ListItem","position":1,"name":"Portada","item":"https:\/\/www.cpl.es\/ca\/"},{"@type":"ListItem","position":2,"name":"Cat\u00e0leg","item":"https:\/\/www.cpl.es\/ca\/cataleg\/"},{"@type":"ListItem","position":3,"name":"Trasfondo estacional de la organizaci\u00f3n del a\u00f1o lit\u00fargico"}]},{"@type":"WebSite","@id":"https:\/\/www.cpl.es\/#website","url":"https:\/\/www.cpl.es\/","name":"CPL","description":"Centre de Pastoral Lit\u00fargica de Barcelona","publisher":{"@id":"https:\/\/www.cpl.es\/#organization"},"alternateName":"Centre de Pastoral Lit\u00fargica","potentialAction":[{"@type":"SearchAction","target":{"@type":"EntryPoint","urlTemplate":"https:\/\/www.cpl.es\/?s={search_term_string}"},"query-input":{"@type":"PropertyValueSpecification","valueRequired":true,"valueName":"search_term_string"}}],"inLanguage":"ca"},{"@type":"Organization","@id":"https:\/\/www.cpl.es\/#organization","name":"Centre de Pastoral Lit\u00fargica","alternateName":"Centre de Pastoral Lit\u00fargica de Barcelona","url":"https:\/\/www.cpl.es\/","logo":{"@type":"ImageObject","inLanguage":"ca","@id":"https:\/\/www.cpl.es\/#\/schema\/logo\/image\/","url":"https:\/\/www.cpl.es\/wp-content\/uploads\/logo-cpl.svg","contentUrl":"https:\/\/www.cpl.es\/wp-content\/uploads\/logo-cpl.svg","caption":"Centre de Pastoral Lit\u00fargica"},"image":{"@id":"https:\/\/www.cpl.es\/#\/schema\/logo\/image\/"}}]}},"_links":{"self":[{"href":"https:\/\/www.cpl.es\/ca\/wp-json\/wp\/v2\/product\/578","targetHints":{"allow":["GET"]}}],"collection":[{"href":"https:\/\/www.cpl.es\/ca\/wp-json\/wp\/v2\/product"}],"about":[{"href":"https:\/\/www.cpl.es\/ca\/wp-json\/wp\/v2\/types\/product"}],"wp:featuredmedia":[{"embeddable":true,"href":"https:\/\/www.cpl.es\/ca\/wp-json\/wp\/v2\/media\/579"}],"wp:attachment":[{"href":"https:\/\/www.cpl.es\/ca\/wp-json\/wp\/v2\/media?parent=578"}],"wp:term":[{"taxonomy":"product_brand","embeddable":true,"href":"https:\/\/www.cpl.es\/ca\/wp-json\/wp\/v2\/product_brand?post=578"},{"taxonomy":"product_cat","embeddable":true,"href":"https:\/\/www.cpl.es\/ca\/wp-json\/wp\/v2\/product_cat?post=578"},{"taxonomy":"product_tag","embeddable":true,"href":"https:\/\/www.cpl.es\/ca\/wp-json\/wp\/v2\/product_tag?post=578"}],"curies":[{"name":"wp","href":"https:\/\/api.w.org\/{rel}","templated":true}]}}