{"id":557,"date":"2023-10-04T00:43:07","date_gmt":"2023-10-03T22:43:07","guid":{"rendered":"https:\/\/nuevaweb.cpl.es\/producto\/santa-escolastica-la-santa-que-sabia-amar-9788491655749\/"},"modified":"2026-02-12T17:28:49","modified_gmt":"2026-02-12T16:28:49","slug":"santa-escolastica-la-santa-que-sabia-amar-9788491655749","status":"publish","type":"product","link":"https:\/\/www.cpl.es\/ca\/producto\/santa-escolastica-la-santa-que-sabia-amar-9788491655749\/","title":{"rendered":"Santa Escol\u00e1stica. La santa que sab\u00eda amar"},"content":{"rendered":"<p> Escol\u00e1stica, a pesar de ser una santa del siglo sexto, un siglo que nos puede parecer ya lejano, todav\u00eda hoy nos ofrece un mensaje fresco que nos despoja de todo lo que es accesorio y nos estimula a buscar con simplicidad lo que es esencial: el amor de Dios. Santa Escol\u00e1stica puede ser tambi\u00e9n hoy para nosotros un toque para vivir con atenci\u00f3n las relaciones con los dem\u00e1s. En  un mundo donde vivimos deprisa, en la inmediatez y casi en la virtualidad, la santa nos invita a la gratuidad, a saber invertir tiempo en los otros, disfrut\u00e1ndolo y enriqueci\u00e9ndonos mutuamente. Y sobre todo, nos recuerda la b\u00fasqueda de Dios con el otro y en el otro. Fiesta: 10 de febrero<\/p>\n","protected":false},"excerpt":{"rendered":"<p>Aldana Grasa, Natalia<\/p>\n","protected":false},"featured_media":558,"template":"","meta":{"_acf_changed":false,"inline_featured_image":false},"product_brand":[],"product_cat":[53,70],"product_tag":[],"class_list":{"0":"post-557","1":"product","2":"type-product","3":"status-publish","4":"has-post-thumbnail","6":"product_cat-santos-y-santas","7":"product_cat-sants-i-santes","9":"first","10":"instock","11":"taxable","12":"shipping-taxable","13":"purchasable","14":"product-type-simple"},"acf":{"autor":"Aldana Grasa, Natalia","codart":"112294","ediciones":"1","encuadernacion":"Grapado","fecha_de_publicacion":"06\/07\/2023","novedad":false,"paginas":"32","subtitulo":"","orden":"999","portada":false,"idioma":"spa","editorial":[{"ID":6736,"post_author":"2","post_date":"2023-10-06 08:35:24","post_date_gmt":"2023-10-06 06:35:24","post_content":"","post_title":"CPL","post_excerpt":"","post_status":"publish","comment_status":"closed","ping_status":"closed","post_password":"","post_name":"cpl","to_ping":"","pinged":"","post_modified":"2023-10-06 08:35:24","post_modified_gmt":"2023-10-06 06:35:24","post_content_filtered":"","post_parent":0,"guid":"https:\/\/nuevaweb.cpl.es\/editorial\/cpl\/","menu_order":0,"post_type":"editorial","post_mime_type":"","comment_count":"0","filter":"raw"}],"coleccion_num":"294"},"yoast_head":"<!-- This site is optimized with the Yoast SEO plugin v27.3 - https:\/\/yoast.com\/product\/yoast-seo-wordpress\/ -->\n<title>Santa Escol\u00e1stica. La santa que sab\u00eda amar - CPL<\/title>\n<meta name=\"robots\" content=\"index, follow, max-snippet:-1, max-image-preview:large, max-video-preview:-1\" \/>\n<link rel=\"canonical\" href=\"https:\/\/www.cpl.es\/producto\/santa-escolastica-la-santa-que-sabia-amar-9788491655749\/\" \/>\n<meta property=\"og:locale\" content=\"ca_ES\" \/>\n<meta property=\"og:type\" content=\"article\" \/>\n<meta property=\"og:title\" content=\"Santa Escol\u00e1stica. La santa que sab\u00eda amar - CPL\" \/>\n<meta property=\"og:description\" content=\"Aldana Grasa, Natalia\" \/>\n<meta property=\"og:url\" content=\"https:\/\/www.cpl.es\/producto\/santa-escolastica-la-santa-que-sabia-amar-9788491655749\/\" \/>\n<meta property=\"og:site_name\" content=\"CPL\" \/>\n<meta property=\"article:modified_time\" content=\"2026-02-12T16:28:49+00:00\" \/>\n<meta property=\"og:image\" content=\"https:\/\/www.cpl.es\/wp-content\/uploads\/112294.jpg\" \/>\n\t<meta property=\"og:image:width\" content=\"280\" \/>\n\t<meta property=\"og:image:height\" content=\"443\" \/>\n\t<meta property=\"og:image:type\" content=\"image\/jpeg\" \/>\n<meta name=\"twitter:card\" content=\"summary_large_image\" \/>\n<meta name=\"twitter:label1\" content=\"Temps estimat de lectura\" \/>\n\t<meta name=\"twitter:data1\" content=\"1 minut\" \/>\n<script type=\"application\/ld+json\" class=\"yoast-schema-graph\">{\"@context\":\"https:\\\/\\\/schema.org\",\"@graph\":[{\"@type\":\"WebPage\",\"@id\":\"https:\\\/\\\/www.cpl.es\\\/producto\\\/santa-escolastica-la-santa-que-sabia-amar-9788491655749\\\/\",\"url\":\"https:\\\/\\\/www.cpl.es\\\/producto\\\/santa-escolastica-la-santa-que-sabia-amar-9788491655749\\\/\",\"name\":\"Santa Escol\u00e1stica. La santa que sab\u00eda amar - CPL\",\"isPartOf\":{\"@id\":\"https:\\\/\\\/www.cpl.es\\\/#website\"},\"primaryImageOfPage\":{\"@id\":\"https:\\\/\\\/www.cpl.es\\\/producto\\\/santa-escolastica-la-santa-que-sabia-amar-9788491655749\\\/#primaryimage\"},\"image\":{\"@id\":\"https:\\\/\\\/www.cpl.es\\\/producto\\\/santa-escolastica-la-santa-que-sabia-amar-9788491655749\\\/#primaryimage\"},\"thumbnailUrl\":\"https:\\\/\\\/www.cpl.es\\\/wp-content\\\/uploads\\\/112294.jpg\",\"datePublished\":\"2023-10-03T22:43:07+00:00\",\"dateModified\":\"2026-02-12T16:28:49+00:00\",\"breadcrumb\":{\"@id\":\"https:\\\/\\\/www.cpl.es\\\/producto\\\/santa-escolastica-la-santa-que-sabia-amar-9788491655749\\\/#breadcrumb\"},\"inLanguage\":\"ca\",\"potentialAction\":[{\"@type\":\"ReadAction\",\"target\":[\"https:\\\/\\\/www.cpl.es\\\/producto\\\/santa-escolastica-la-santa-que-sabia-amar-9788491655749\\\/\"]}]},{\"@type\":\"ImageObject\",\"inLanguage\":\"ca\",\"@id\":\"https:\\\/\\\/www.cpl.es\\\/producto\\\/santa-escolastica-la-santa-que-sabia-amar-9788491655749\\\/#primaryimage\",\"url\":\"https:\\\/\\\/www.cpl.es\\\/wp-content\\\/uploads\\\/112294.jpg\",\"contentUrl\":\"https:\\\/\\\/www.cpl.es\\\/wp-content\\\/uploads\\\/112294.jpg\",\"width\":280,\"height\":443,\"caption\":\"112294.jpg\"},{\"@type\":\"BreadcrumbList\",\"@id\":\"https:\\\/\\\/www.cpl.es\\\/producto\\\/santa-escolastica-la-santa-que-sabia-amar-9788491655749\\\/#breadcrumb\",\"itemListElement\":[{\"@type\":\"ListItem\",\"position\":1,\"name\":\"Portada\",\"item\":\"https:\\\/\\\/www.cpl.es\\\/ca\\\/\"},{\"@type\":\"ListItem\",\"position\":2,\"name\":\"Cat\u00e0leg\",\"item\":\"https:\\\/\\\/www.cpl.es\\\/ca\\\/cataleg\\\/\"},{\"@type\":\"ListItem\",\"position\":3,\"name\":\"Santa Escol\u00e1stica. La santa que sab\u00eda amar\"}]},{\"@type\":\"WebSite\",\"@id\":\"https:\\\/\\\/www.cpl.es\\\/#website\",\"url\":\"https:\\\/\\\/www.cpl.es\\\/\",\"name\":\"CPL\",\"description\":\"Centre de Pastoral Lit\u00fargica de Barcelona\",\"publisher\":{\"@id\":\"https:\\\/\\\/www.cpl.es\\\/#organization\"},\"alternateName\":\"Centre de Pastoral Lit\u00fargica\",\"potentialAction\":[{\"@type\":\"SearchAction\",\"target\":{\"@type\":\"EntryPoint\",\"urlTemplate\":\"https:\\\/\\\/www.cpl.es\\\/?s={search_term_string}\"},\"query-input\":{\"@type\":\"PropertyValueSpecification\",\"valueRequired\":true,\"valueName\":\"search_term_string\"}}],\"inLanguage\":\"ca\"},{\"@type\":\"Organization\",\"@id\":\"https:\\\/\\\/www.cpl.es\\\/#organization\",\"name\":\"Centre de Pastoral Lit\u00fargica\",\"alternateName\":\"Centre de Pastoral Lit\u00fargica de Barcelona\",\"url\":\"https:\\\/\\\/www.cpl.es\\\/\",\"logo\":{\"@type\":\"ImageObject\",\"inLanguage\":\"ca\",\"@id\":\"https:\\\/\\\/www.cpl.es\\\/#\\\/schema\\\/logo\\\/image\\\/\",\"url\":\"https:\\\/\\\/www.cpl.es\\\/wp-content\\\/uploads\\\/logo-cpl.svg\",\"contentUrl\":\"https:\\\/\\\/www.cpl.es\\\/wp-content\\\/uploads\\\/logo-cpl.svg\",\"caption\":\"Centre de Pastoral Lit\u00fargica\"},\"image\":{\"@id\":\"https:\\\/\\\/www.cpl.es\\\/#\\\/schema\\\/logo\\\/image\\\/\"}}]}<\/script>\n<!-- \/ Yoast SEO plugin. -->","yoast_head_json":{"title":"Santa Escol\u00e1stica. La santa que sab\u00eda amar - CPL","robots":{"index":"index","follow":"follow","max-snippet":"max-snippet:-1","max-image-preview":"max-image-preview:large","max-video-preview":"max-video-preview:-1"},"canonical":"https:\/\/www.cpl.es\/producto\/santa-escolastica-la-santa-que-sabia-amar-9788491655749\/","og_locale":"ca_ES","og_type":"article","og_title":"Santa Escol\u00e1stica. La santa que sab\u00eda amar - CPL","og_description":"Aldana Grasa, Natalia","og_url":"https:\/\/www.cpl.es\/producto\/santa-escolastica-la-santa-que-sabia-amar-9788491655749\/","og_site_name":"CPL","article_modified_time":"2026-02-12T16:28:49+00:00","og_image":[{"width":280,"height":443,"url":"https:\/\/www.cpl.es\/wp-content\/uploads\/112294.jpg","type":"image\/jpeg"}],"twitter_card":"summary_large_image","twitter_misc":{"Temps estimat de lectura":"1 minut"},"schema":{"@context":"https:\/\/schema.org","@graph":[{"@type":"WebPage","@id":"https:\/\/www.cpl.es\/producto\/santa-escolastica-la-santa-que-sabia-amar-9788491655749\/","url":"https:\/\/www.cpl.es\/producto\/santa-escolastica-la-santa-que-sabia-amar-9788491655749\/","name":"Santa Escol\u00e1stica. La santa que sab\u00eda amar - CPL","isPartOf":{"@id":"https:\/\/www.cpl.es\/#website"},"primaryImageOfPage":{"@id":"https:\/\/www.cpl.es\/producto\/santa-escolastica-la-santa-que-sabia-amar-9788491655749\/#primaryimage"},"image":{"@id":"https:\/\/www.cpl.es\/producto\/santa-escolastica-la-santa-que-sabia-amar-9788491655749\/#primaryimage"},"thumbnailUrl":"https:\/\/www.cpl.es\/wp-content\/uploads\/112294.jpg","datePublished":"2023-10-03T22:43:07+00:00","dateModified":"2026-02-12T16:28:49+00:00","breadcrumb":{"@id":"https:\/\/www.cpl.es\/producto\/santa-escolastica-la-santa-que-sabia-amar-9788491655749\/#breadcrumb"},"inLanguage":"ca","potentialAction":[{"@type":"ReadAction","target":["https:\/\/www.cpl.es\/producto\/santa-escolastica-la-santa-que-sabia-amar-9788491655749\/"]}]},{"@type":"ImageObject","inLanguage":"ca","@id":"https:\/\/www.cpl.es\/producto\/santa-escolastica-la-santa-que-sabia-amar-9788491655749\/#primaryimage","url":"https:\/\/www.cpl.es\/wp-content\/uploads\/112294.jpg","contentUrl":"https:\/\/www.cpl.es\/wp-content\/uploads\/112294.jpg","width":280,"height":443,"caption":"112294.jpg"},{"@type":"BreadcrumbList","@id":"https:\/\/www.cpl.es\/producto\/santa-escolastica-la-santa-que-sabia-amar-9788491655749\/#breadcrumb","itemListElement":[{"@type":"ListItem","position":1,"name":"Portada","item":"https:\/\/www.cpl.es\/ca\/"},{"@type":"ListItem","position":2,"name":"Cat\u00e0leg","item":"https:\/\/www.cpl.es\/ca\/cataleg\/"},{"@type":"ListItem","position":3,"name":"Santa Escol\u00e1stica. La santa que sab\u00eda amar"}]},{"@type":"WebSite","@id":"https:\/\/www.cpl.es\/#website","url":"https:\/\/www.cpl.es\/","name":"CPL","description":"Centre de Pastoral Lit\u00fargica de Barcelona","publisher":{"@id":"https:\/\/www.cpl.es\/#organization"},"alternateName":"Centre de Pastoral Lit\u00fargica","potentialAction":[{"@type":"SearchAction","target":{"@type":"EntryPoint","urlTemplate":"https:\/\/www.cpl.es\/?s={search_term_string}"},"query-input":{"@type":"PropertyValueSpecification","valueRequired":true,"valueName":"search_term_string"}}],"inLanguage":"ca"},{"@type":"Organization","@id":"https:\/\/www.cpl.es\/#organization","name":"Centre de Pastoral Lit\u00fargica","alternateName":"Centre de Pastoral Lit\u00fargica de Barcelona","url":"https:\/\/www.cpl.es\/","logo":{"@type":"ImageObject","inLanguage":"ca","@id":"https:\/\/www.cpl.es\/#\/schema\/logo\/image\/","url":"https:\/\/www.cpl.es\/wp-content\/uploads\/logo-cpl.svg","contentUrl":"https:\/\/www.cpl.es\/wp-content\/uploads\/logo-cpl.svg","caption":"Centre de Pastoral Lit\u00fargica"},"image":{"@id":"https:\/\/www.cpl.es\/#\/schema\/logo\/image\/"}}]}},"_links":{"self":[{"href":"https:\/\/www.cpl.es\/ca\/wp-json\/wp\/v2\/product\/557","targetHints":{"allow":["GET"]}}],"collection":[{"href":"https:\/\/www.cpl.es\/ca\/wp-json\/wp\/v2\/product"}],"about":[{"href":"https:\/\/www.cpl.es\/ca\/wp-json\/wp\/v2\/types\/product"}],"wp:featuredmedia":[{"embeddable":true,"href":"https:\/\/www.cpl.es\/ca\/wp-json\/wp\/v2\/media\/558"}],"wp:attachment":[{"href":"https:\/\/www.cpl.es\/ca\/wp-json\/wp\/v2\/media?parent=557"}],"wp:term":[{"taxonomy":"product_brand","embeddable":true,"href":"https:\/\/www.cpl.es\/ca\/wp-json\/wp\/v2\/product_brand?post=557"},{"taxonomy":"product_cat","embeddable":true,"href":"https:\/\/www.cpl.es\/ca\/wp-json\/wp\/v2\/product_cat?post=557"},{"taxonomy":"product_tag","embeddable":true,"href":"https:\/\/www.cpl.es\/ca\/wp-json\/wp\/v2\/product_tag?post=557"}],"curies":[{"name":"wp","href":"https:\/\/api.w.org\/{rel}","templated":true}]}}