{"id":521,"date":"2023-10-04T00:41:59","date_gmt":"2023-10-03T22:41:59","guid":{"rendered":"https:\/\/nuevaweb.cpl.es\/producto\/la-jobac-una-propuesta-eclesial-y-social-9788491655879\/"},"modified":"2026-02-12T16:57:08","modified_gmt":"2026-02-12T15:57:08","slug":"la-jobac-una-propuesta-eclesial-y-social-9788491655879","status":"publish","type":"product","link":"https:\/\/www.cpl.es\/ca\/producto\/la-jobac-una-propuesta-eclesial-y-social-9788491655879\/","title":{"rendered":"La Jobac, una propuesta eclesial y social"},"content":{"rendered":"<p> La Jobac fue un movimiento de j\u00f3venes cristianos que tuvo una fuerte implantaci\u00f3n en Barcelona y su \u00e1rea entre los a\u00f1os 1974 y 1992, momento en el que se fusion\u00f3 con la JOC (Juventud Obrera Cristiana) y perdi\u00f3 su nombre. Promovido por un grupo de seminaristas j\u00f3venes y entusiastas, en el entorno de las parroquias obreras y populares de la franja este de Barcelona, y con el impulso y el apoyo de algunos dirigentes eclesiales de aquella \u00e9poca, se fue extendiendo por los pueblos y ciudades del \u00e1rea barcelonesa, y cre\u00f3 un estilo de acci\u00f3n pastoral notablemente renovador, con el que logr\u00f3 una eficaz actualizaci\u00f3n de las intuiciones del fundador de la JOC, Joseph Cardijn. Josep Lligadas Vendrell, con este libro, intenta explicitar y formular los planteamientos de fondo \u2013 teol\u00f3gicos, pastorales, sociales\u2013 que fundamentaron la labor de la Jobac, no solo como un recuerdo de lo que esa labor fue y signific\u00f3, sino tambi\u00e9n como un est\u00edmulo para el momento presente.  Josep Lligadas Vendrell (Viladecans, Barcelona, 1950) es doctor en teolog\u00eda. Ordenado sacerdote en el a\u00f1o 1976, ejerci\u00f3 su ministerio, principalmente en Matar\u00f3, hasta el a\u00f1o 1995, en que se cas\u00f3. Es autor de un buen n\u00famero de libros y art\u00edculos de tema lit\u00fargico, teol\u00f3gico y pastoral, la mayor\u00eda de los cuales han sido publicados por el CPL, as\u00ed como tambi\u00e9n de varios libros de historia local de Viladecans y de Matar\u00f3.<\/p>\n","protected":false},"excerpt":{"rendered":"<p>Lligadas Vendrell, Josep<\/p>\n","protected":false},"featured_media":19262,"template":"","meta":{"_acf_changed":false,"inline_featured_image":false},"product_brand":[],"product_cat":[49,73],"product_tag":[],"class_list":{"0":"post-521","1":"product","2":"type-product","3":"status-publish","4":"has-post-thumbnail","6":"product_cat-emaus","7":"product_cat-emaus-colleccions-catala","9":"first","10":"instock","11":"taxable","12":"shipping-taxable","13":"purchasable","14":"product-type-simple"},"acf":{"autor":"Lligadas Vendrell, Josep","codart":"108178","ediciones":"1","encuadernacion":"R\u00fastica","fecha_de_publicacion":"19\/09\/2023","novedad":false,"paginas":"140","subtitulo":"","orden":"999","portada":false,"idioma":"spa","editorial":[{"ID":6736,"post_author":"2","post_date":"2023-10-06 08:35:24","post_date_gmt":"2023-10-06 06:35:24","post_content":"","post_title":"CPL","post_excerpt":"","post_status":"publish","comment_status":"closed","ping_status":"closed","post_password":"","post_name":"cpl","to_ping":"","pinged":"","post_modified":"2023-10-06 08:35:24","post_modified_gmt":"2023-10-06 06:35:24","post_content_filtered":"","post_parent":0,"guid":"https:\/\/nuevaweb.cpl.es\/editorial\/cpl\/","menu_order":0,"post_type":"editorial","post_mime_type":"","comment_count":"0","filter":"raw"}],"coleccion_num":"178"},"yoast_head":"<!-- This site is optimized with the Yoast SEO plugin v27.3 - https:\/\/yoast.com\/product\/yoast-seo-wordpress\/ -->\n<title>La Jobac, una propuesta eclesial y social - CPL<\/title>\n<meta name=\"robots\" content=\"index, follow, max-snippet:-1, max-image-preview:large, max-video-preview:-1\" \/>\n<link rel=\"canonical\" href=\"https:\/\/www.cpl.es\/producto\/la-jobac-una-propuesta-eclesial-y-social-9788491655879\/\" \/>\n<meta property=\"og:locale\" content=\"ca_ES\" \/>\n<meta property=\"og:type\" content=\"article\" \/>\n<meta property=\"og:title\" content=\"La Jobac, una propuesta eclesial y social - CPL\" \/>\n<meta property=\"og:description\" content=\"Lligadas Vendrell, Josep\" \/>\n<meta property=\"og:url\" content=\"https:\/\/www.cpl.es\/producto\/la-jobac-una-propuesta-eclesial-y-social-9788491655879\/\" \/>\n<meta property=\"og:site_name\" content=\"CPL\" \/>\n<meta property=\"article:modified_time\" content=\"2026-02-12T15:57:08+00:00\" \/>\n<meta property=\"og:image\" content=\"https:\/\/www.cpl.es\/wp-content\/uploads\/9788491655879.jpg\" \/>\n\t<meta property=\"og:image:width\" content=\"280\" \/>\n\t<meta property=\"og:image:height\" content=\"443\" \/>\n\t<meta property=\"og:image:type\" content=\"image\/jpeg\" \/>\n<meta name=\"twitter:card\" content=\"summary_large_image\" \/>\n<meta name=\"twitter:label1\" content=\"Temps estimat de lectura\" \/>\n\t<meta name=\"twitter:data1\" content=\"1 minut\" \/>\n<script type=\"application\/ld+json\" class=\"yoast-schema-graph\">{\"@context\":\"https:\\\/\\\/schema.org\",\"@graph\":[{\"@type\":\"WebPage\",\"@id\":\"https:\\\/\\\/www.cpl.es\\\/producto\\\/la-jobac-una-propuesta-eclesial-y-social-9788491655879\\\/\",\"url\":\"https:\\\/\\\/www.cpl.es\\\/producto\\\/la-jobac-una-propuesta-eclesial-y-social-9788491655879\\\/\",\"name\":\"La Jobac, una propuesta eclesial y social - CPL\",\"isPartOf\":{\"@id\":\"https:\\\/\\\/www.cpl.es\\\/#website\"},\"primaryImageOfPage\":{\"@id\":\"https:\\\/\\\/www.cpl.es\\\/producto\\\/la-jobac-una-propuesta-eclesial-y-social-9788491655879\\\/#primaryimage\"},\"image\":{\"@id\":\"https:\\\/\\\/www.cpl.es\\\/producto\\\/la-jobac-una-propuesta-eclesial-y-social-9788491655879\\\/#primaryimage\"},\"thumbnailUrl\":\"https:\\\/\\\/www.cpl.es\\\/wp-content\\\/uploads\\\/9788491655879.jpg\",\"datePublished\":\"2023-10-03T22:41:59+00:00\",\"dateModified\":\"2026-02-12T15:57:08+00:00\",\"breadcrumb\":{\"@id\":\"https:\\\/\\\/www.cpl.es\\\/producto\\\/la-jobac-una-propuesta-eclesial-y-social-9788491655879\\\/#breadcrumb\"},\"inLanguage\":\"ca\",\"potentialAction\":[{\"@type\":\"ReadAction\",\"target\":[\"https:\\\/\\\/www.cpl.es\\\/producto\\\/la-jobac-una-propuesta-eclesial-y-social-9788491655879\\\/\"]}]},{\"@type\":\"ImageObject\",\"inLanguage\":\"ca\",\"@id\":\"https:\\\/\\\/www.cpl.es\\\/producto\\\/la-jobac-una-propuesta-eclesial-y-social-9788491655879\\\/#primaryimage\",\"url\":\"https:\\\/\\\/www.cpl.es\\\/wp-content\\\/uploads\\\/9788491655879.jpg\",\"contentUrl\":\"https:\\\/\\\/www.cpl.es\\\/wp-content\\\/uploads\\\/9788491655879.jpg\",\"width\":280,\"height\":443,\"caption\":\"9788491655879.jpg\"},{\"@type\":\"BreadcrumbList\",\"@id\":\"https:\\\/\\\/www.cpl.es\\\/producto\\\/la-jobac-una-propuesta-eclesial-y-social-9788491655879\\\/#breadcrumb\",\"itemListElement\":[{\"@type\":\"ListItem\",\"position\":1,\"name\":\"Portada\",\"item\":\"https:\\\/\\\/www.cpl.es\\\/ca\\\/\"},{\"@type\":\"ListItem\",\"position\":2,\"name\":\"Cat\u00e0leg\",\"item\":\"https:\\\/\\\/www.cpl.es\\\/ca\\\/cataleg\\\/\"},{\"@type\":\"ListItem\",\"position\":3,\"name\":\"La Jobac, una propuesta eclesial y social\"}]},{\"@type\":\"WebSite\",\"@id\":\"https:\\\/\\\/www.cpl.es\\\/#website\",\"url\":\"https:\\\/\\\/www.cpl.es\\\/\",\"name\":\"CPL\",\"description\":\"Centre de Pastoral Lit\u00fargica de Barcelona\",\"publisher\":{\"@id\":\"https:\\\/\\\/www.cpl.es\\\/#organization\"},\"alternateName\":\"Centre de Pastoral Lit\u00fargica\",\"potentialAction\":[{\"@type\":\"SearchAction\",\"target\":{\"@type\":\"EntryPoint\",\"urlTemplate\":\"https:\\\/\\\/www.cpl.es\\\/?s={search_term_string}\"},\"query-input\":{\"@type\":\"PropertyValueSpecification\",\"valueRequired\":true,\"valueName\":\"search_term_string\"}}],\"inLanguage\":\"ca\"},{\"@type\":\"Organization\",\"@id\":\"https:\\\/\\\/www.cpl.es\\\/#organization\",\"name\":\"Centre de Pastoral Lit\u00fargica\",\"alternateName\":\"Centre de Pastoral Lit\u00fargica de Barcelona\",\"url\":\"https:\\\/\\\/www.cpl.es\\\/\",\"logo\":{\"@type\":\"ImageObject\",\"inLanguage\":\"ca\",\"@id\":\"https:\\\/\\\/www.cpl.es\\\/#\\\/schema\\\/logo\\\/image\\\/\",\"url\":\"https:\\\/\\\/www.cpl.es\\\/wp-content\\\/uploads\\\/logo-cpl.svg\",\"contentUrl\":\"https:\\\/\\\/www.cpl.es\\\/wp-content\\\/uploads\\\/logo-cpl.svg\",\"caption\":\"Centre de Pastoral Lit\u00fargica\"},\"image\":{\"@id\":\"https:\\\/\\\/www.cpl.es\\\/#\\\/schema\\\/logo\\\/image\\\/\"}}]}<\/script>\n<!-- \/ Yoast SEO plugin. -->","yoast_head_json":{"title":"La Jobac, una propuesta eclesial y social - CPL","robots":{"index":"index","follow":"follow","max-snippet":"max-snippet:-1","max-image-preview":"max-image-preview:large","max-video-preview":"max-video-preview:-1"},"canonical":"https:\/\/www.cpl.es\/producto\/la-jobac-una-propuesta-eclesial-y-social-9788491655879\/","og_locale":"ca_ES","og_type":"article","og_title":"La Jobac, una propuesta eclesial y social - CPL","og_description":"Lligadas Vendrell, Josep","og_url":"https:\/\/www.cpl.es\/producto\/la-jobac-una-propuesta-eclesial-y-social-9788491655879\/","og_site_name":"CPL","article_modified_time":"2026-02-12T15:57:08+00:00","og_image":[{"width":280,"height":443,"url":"https:\/\/www.cpl.es\/wp-content\/uploads\/9788491655879.jpg","type":"image\/jpeg"}],"twitter_card":"summary_large_image","twitter_misc":{"Temps estimat de lectura":"1 minut"},"schema":{"@context":"https:\/\/schema.org","@graph":[{"@type":"WebPage","@id":"https:\/\/www.cpl.es\/producto\/la-jobac-una-propuesta-eclesial-y-social-9788491655879\/","url":"https:\/\/www.cpl.es\/producto\/la-jobac-una-propuesta-eclesial-y-social-9788491655879\/","name":"La Jobac, una propuesta eclesial y social - CPL","isPartOf":{"@id":"https:\/\/www.cpl.es\/#website"},"primaryImageOfPage":{"@id":"https:\/\/www.cpl.es\/producto\/la-jobac-una-propuesta-eclesial-y-social-9788491655879\/#primaryimage"},"image":{"@id":"https:\/\/www.cpl.es\/producto\/la-jobac-una-propuesta-eclesial-y-social-9788491655879\/#primaryimage"},"thumbnailUrl":"https:\/\/www.cpl.es\/wp-content\/uploads\/9788491655879.jpg","datePublished":"2023-10-03T22:41:59+00:00","dateModified":"2026-02-12T15:57:08+00:00","breadcrumb":{"@id":"https:\/\/www.cpl.es\/producto\/la-jobac-una-propuesta-eclesial-y-social-9788491655879\/#breadcrumb"},"inLanguage":"ca","potentialAction":[{"@type":"ReadAction","target":["https:\/\/www.cpl.es\/producto\/la-jobac-una-propuesta-eclesial-y-social-9788491655879\/"]}]},{"@type":"ImageObject","inLanguage":"ca","@id":"https:\/\/www.cpl.es\/producto\/la-jobac-una-propuesta-eclesial-y-social-9788491655879\/#primaryimage","url":"https:\/\/www.cpl.es\/wp-content\/uploads\/9788491655879.jpg","contentUrl":"https:\/\/www.cpl.es\/wp-content\/uploads\/9788491655879.jpg","width":280,"height":443,"caption":"9788491655879.jpg"},{"@type":"BreadcrumbList","@id":"https:\/\/www.cpl.es\/producto\/la-jobac-una-propuesta-eclesial-y-social-9788491655879\/#breadcrumb","itemListElement":[{"@type":"ListItem","position":1,"name":"Portada","item":"https:\/\/www.cpl.es\/ca\/"},{"@type":"ListItem","position":2,"name":"Cat\u00e0leg","item":"https:\/\/www.cpl.es\/ca\/cataleg\/"},{"@type":"ListItem","position":3,"name":"La Jobac, una propuesta eclesial y social"}]},{"@type":"WebSite","@id":"https:\/\/www.cpl.es\/#website","url":"https:\/\/www.cpl.es\/","name":"CPL","description":"Centre de Pastoral Lit\u00fargica de Barcelona","publisher":{"@id":"https:\/\/www.cpl.es\/#organization"},"alternateName":"Centre de Pastoral Lit\u00fargica","potentialAction":[{"@type":"SearchAction","target":{"@type":"EntryPoint","urlTemplate":"https:\/\/www.cpl.es\/?s={search_term_string}"},"query-input":{"@type":"PropertyValueSpecification","valueRequired":true,"valueName":"search_term_string"}}],"inLanguage":"ca"},{"@type":"Organization","@id":"https:\/\/www.cpl.es\/#organization","name":"Centre de Pastoral Lit\u00fargica","alternateName":"Centre de Pastoral Lit\u00fargica de Barcelona","url":"https:\/\/www.cpl.es\/","logo":{"@type":"ImageObject","inLanguage":"ca","@id":"https:\/\/www.cpl.es\/#\/schema\/logo\/image\/","url":"https:\/\/www.cpl.es\/wp-content\/uploads\/logo-cpl.svg","contentUrl":"https:\/\/www.cpl.es\/wp-content\/uploads\/logo-cpl.svg","caption":"Centre de Pastoral Lit\u00fargica"},"image":{"@id":"https:\/\/www.cpl.es\/#\/schema\/logo\/image\/"}}]}},"_links":{"self":[{"href":"https:\/\/www.cpl.es\/ca\/wp-json\/wp\/v2\/product\/521","targetHints":{"allow":["GET"]}}],"collection":[{"href":"https:\/\/www.cpl.es\/ca\/wp-json\/wp\/v2\/product"}],"about":[{"href":"https:\/\/www.cpl.es\/ca\/wp-json\/wp\/v2\/types\/product"}],"wp:featuredmedia":[{"embeddable":true,"href":"https:\/\/www.cpl.es\/ca\/wp-json\/wp\/v2\/media\/19262"}],"wp:attachment":[{"href":"https:\/\/www.cpl.es\/ca\/wp-json\/wp\/v2\/media?parent=521"}],"wp:term":[{"taxonomy":"product_brand","embeddable":true,"href":"https:\/\/www.cpl.es\/ca\/wp-json\/wp\/v2\/product_brand?post=521"},{"taxonomy":"product_cat","embeddable":true,"href":"https:\/\/www.cpl.es\/ca\/wp-json\/wp\/v2\/product_cat?post=521"},{"taxonomy":"product_tag","embeddable":true,"href":"https:\/\/www.cpl.es\/ca\/wp-json\/wp\/v2\/product_tag?post=521"}],"curies":[{"name":"wp","href":"https:\/\/api.w.org\/{rel}","templated":true}]}}