{"id":518,"date":"2023-10-04T00:41:53","date_gmt":"2023-10-03T22:41:53","guid":{"rendered":"https:\/\/nuevaweb.cpl.es\/producto\/el-cumplimiento-de-la-esperanza-el-evangelio-segun-san-mateo-9788491655824\/"},"modified":"2025-10-03T11:11:42","modified_gmt":"2025-10-03T09:11:42","slug":"el-cumplimiento-de-la-esperanza-el-evangelio-segun-san-mateo-9788491655824","status":"publish","type":"product","link":"https:\/\/www.cpl.es\/ca\/producto\/el-cumplimiento-de-la-esperanza-el-evangelio-segun-san-mateo-9788491655824\/","title":{"rendered":"El cumplimiento de la esperanza. El Evangelio seg\u00fan San Mateo"},"content":{"rendered":"<p> El cumplimiento de la Esperanza es una edici\u00f3n del Evangelio seg\u00fan Mateo, que hace resplandecer un texto venerable acerc\u00e1ndolo a la luz original. La importancia dada a su estructura y sus caracter\u00edsticas literarias hace que la voz del evangelio resuene con una mayor transparencia. La introducci\u00f3n clara y concisa sit\u00faa al lector en la aventura de la lectura de un texto que fue, en su tiempo, la acogida, correcci\u00f3n y ampliaci\u00f3n del primer evangelio: el de Marcos. Un extenso vocabulario b\u00edblico permite entender las diversas expresiones desde la \u00f3ptica propia del evangelista Mateo. Un libro que renueva la lectura de un texto bimilenario. Rodolfo Puigdollers Noblom (Barcelona, 1948) es escolapio, doctor en teolog\u00eda y p\u00e1rroco de las parroquias de Sant Sadurn\u00ed de la Roca del Vall\u00e8s y de Santa Maria del Jaire de la Torreta, en la di\u00f3cesis de Terrassa. Profesor de Nuevo Testamento en la Facultat de Teologia de Catalunya y en el Institut Superior de Ci\u00e8ncies Religioses de Vic. Es autor de una amplia serie de publicaciones b\u00edblicas, catequ\u00e9ticas y pastorales, algunas de las cuales han sido editadas por el Centre de Pastoral Lit\u00fargica. De publicaci\u00f3n reciente: La Buena Noticia de Jes\u00fas. El Evangelio seg\u00fan Marcos.<\/p>\n","protected":false},"excerpt":{"rendered":"<p>RODOLFO PUIGDOLLERS NOBLOM<\/p>\n","protected":false},"featured_media":519,"template":"","meta":{"_acf_changed":false,"inline_featured_image":false},"product_brand":[],"product_cat":[99,100],"product_tag":[],"class_list":{"0":"post-518","1":"product","2":"type-product","3":"status-publish","4":"has-post-thumbnail","6":"product_cat-cpl-libri","7":"product_cat-cpl-libri-colleccions-catala","9":"first","10":"instock","11":"taxable","12":"shipping-taxable","13":"purchasable","14":"product-type-simple"},"acf":{"autor":"RODOLFO PUIGDOLLERS NOBLOM","codart":"117058","ediciones":"1","encuadernacion":"R\u00fastica","fecha_de_publicacion":"19\/09\/2023","novedad":false,"paginas":"380","subtitulo":"Con Vocabulario b\u00edblico","orden":"999","portada":false,"idioma":"spa","editorial":[{"ID":6736,"post_author":"2","post_date":"2023-10-06 08:35:24","post_date_gmt":"2023-10-06 06:35:24","post_content":"","post_title":"CPL","post_excerpt":"","post_status":"publish","comment_status":"closed","ping_status":"closed","post_password":"","post_name":"cpl","to_ping":"","pinged":"","post_modified":"2023-10-06 08:35:24","post_modified_gmt":"2023-10-06 06:35:24","post_content_filtered":"","post_parent":0,"guid":"https:\/\/nuevaweb.cpl.es\/editorial\/cpl\/","menu_order":0,"post_type":"editorial","post_mime_type":"","comment_count":"0","filter":"raw"}],"coleccion_num":"58"},"yoast_head":"<!-- This site is optimized with the Yoast SEO plugin v27.3 - https:\/\/yoast.com\/product\/yoast-seo-wordpress\/ -->\n<title>El cumplimiento de la esperanza. El Evangelio seg\u00fan San Mateo - CPL<\/title>\n<meta name=\"robots\" content=\"index, follow, max-snippet:-1, max-image-preview:large, max-video-preview:-1\" \/>\n<link rel=\"canonical\" href=\"https:\/\/www.cpl.es\/producto\/el-cumplimiento-de-la-esperanza-el-evangelio-segun-san-mateo-9788491655824\/\" \/>\n<meta property=\"og:locale\" content=\"ca_ES\" \/>\n<meta property=\"og:type\" content=\"article\" \/>\n<meta property=\"og:title\" content=\"El cumplimiento de la esperanza. El Evangelio seg\u00fan San Mateo - CPL\" \/>\n<meta property=\"og:description\" content=\"RODOLFO PUIGDOLLERS NOBLOM\" \/>\n<meta property=\"og:url\" content=\"https:\/\/www.cpl.es\/producto\/el-cumplimiento-de-la-esperanza-el-evangelio-segun-san-mateo-9788491655824\/\" \/>\n<meta property=\"og:site_name\" content=\"CPL\" \/>\n<meta property=\"article:modified_time\" content=\"2025-10-03T09:11:42+00:00\" \/>\n<meta property=\"og:image\" content=\"https:\/\/www.cpl.es\/wp-content\/uploads\/117058.jpg\" \/>\n\t<meta property=\"og:image:width\" content=\"294\" \/>\n\t<meta property=\"og:image:height\" content=\"423\" \/>\n\t<meta property=\"og:image:type\" content=\"image\/jpeg\" \/>\n<meta name=\"twitter:card\" content=\"summary_large_image\" \/>\n<meta name=\"twitter:label1\" content=\"Temps estimat de lectura\" \/>\n\t<meta name=\"twitter:data1\" content=\"1 minut\" \/>\n<script type=\"application\/ld+json\" class=\"yoast-schema-graph\">{\"@context\":\"https:\\\/\\\/schema.org\",\"@graph\":[{\"@type\":\"WebPage\",\"@id\":\"https:\\\/\\\/www.cpl.es\\\/producto\\\/el-cumplimiento-de-la-esperanza-el-evangelio-segun-san-mateo-9788491655824\\\/\",\"url\":\"https:\\\/\\\/www.cpl.es\\\/producto\\\/el-cumplimiento-de-la-esperanza-el-evangelio-segun-san-mateo-9788491655824\\\/\",\"name\":\"El cumplimiento de la esperanza. El Evangelio seg\u00fan San Mateo - CPL\",\"isPartOf\":{\"@id\":\"https:\\\/\\\/www.cpl.es\\\/#website\"},\"primaryImageOfPage\":{\"@id\":\"https:\\\/\\\/www.cpl.es\\\/producto\\\/el-cumplimiento-de-la-esperanza-el-evangelio-segun-san-mateo-9788491655824\\\/#primaryimage\"},\"image\":{\"@id\":\"https:\\\/\\\/www.cpl.es\\\/producto\\\/el-cumplimiento-de-la-esperanza-el-evangelio-segun-san-mateo-9788491655824\\\/#primaryimage\"},\"thumbnailUrl\":\"https:\\\/\\\/www.cpl.es\\\/wp-content\\\/uploads\\\/117058.jpg\",\"datePublished\":\"2023-10-03T22:41:53+00:00\",\"dateModified\":\"2025-10-03T09:11:42+00:00\",\"breadcrumb\":{\"@id\":\"https:\\\/\\\/www.cpl.es\\\/producto\\\/el-cumplimiento-de-la-esperanza-el-evangelio-segun-san-mateo-9788491655824\\\/#breadcrumb\"},\"inLanguage\":\"ca\",\"potentialAction\":[{\"@type\":\"ReadAction\",\"target\":[\"https:\\\/\\\/www.cpl.es\\\/producto\\\/el-cumplimiento-de-la-esperanza-el-evangelio-segun-san-mateo-9788491655824\\\/\"]}]},{\"@type\":\"ImageObject\",\"inLanguage\":\"ca\",\"@id\":\"https:\\\/\\\/www.cpl.es\\\/producto\\\/el-cumplimiento-de-la-esperanza-el-evangelio-segun-san-mateo-9788491655824\\\/#primaryimage\",\"url\":\"https:\\\/\\\/www.cpl.es\\\/wp-content\\\/uploads\\\/117058.jpg\",\"contentUrl\":\"https:\\\/\\\/www.cpl.es\\\/wp-content\\\/uploads\\\/117058.jpg\",\"width\":294,\"height\":423,\"caption\":\"117058.jpg\"},{\"@type\":\"BreadcrumbList\",\"@id\":\"https:\\\/\\\/www.cpl.es\\\/producto\\\/el-cumplimiento-de-la-esperanza-el-evangelio-segun-san-mateo-9788491655824\\\/#breadcrumb\",\"itemListElement\":[{\"@type\":\"ListItem\",\"position\":1,\"name\":\"Portada\",\"item\":\"https:\\\/\\\/www.cpl.es\\\/ca\\\/\"},{\"@type\":\"ListItem\",\"position\":2,\"name\":\"Cat\u00e0leg\",\"item\":\"https:\\\/\\\/www.cpl.es\\\/ca\\\/cataleg\\\/\"},{\"@type\":\"ListItem\",\"position\":3,\"name\":\"El cumplimiento de la esperanza. El Evangelio seg\u00fan San Mateo\"}]},{\"@type\":\"WebSite\",\"@id\":\"https:\\\/\\\/www.cpl.es\\\/#website\",\"url\":\"https:\\\/\\\/www.cpl.es\\\/\",\"name\":\"CPL\",\"description\":\"Centre de Pastoral Lit\u00fargica de Barcelona\",\"publisher\":{\"@id\":\"https:\\\/\\\/www.cpl.es\\\/#organization\"},\"alternateName\":\"Centre de Pastoral Lit\u00fargica\",\"potentialAction\":[{\"@type\":\"SearchAction\",\"target\":{\"@type\":\"EntryPoint\",\"urlTemplate\":\"https:\\\/\\\/www.cpl.es\\\/?s={search_term_string}\"},\"query-input\":{\"@type\":\"PropertyValueSpecification\",\"valueRequired\":true,\"valueName\":\"search_term_string\"}}],\"inLanguage\":\"ca\"},{\"@type\":\"Organization\",\"@id\":\"https:\\\/\\\/www.cpl.es\\\/#organization\",\"name\":\"Centre de Pastoral Lit\u00fargica\",\"alternateName\":\"Centre de Pastoral Lit\u00fargica de Barcelona\",\"url\":\"https:\\\/\\\/www.cpl.es\\\/\",\"logo\":{\"@type\":\"ImageObject\",\"inLanguage\":\"ca\",\"@id\":\"https:\\\/\\\/www.cpl.es\\\/#\\\/schema\\\/logo\\\/image\\\/\",\"url\":\"https:\\\/\\\/www.cpl.es\\\/wp-content\\\/uploads\\\/logo-cpl.svg\",\"contentUrl\":\"https:\\\/\\\/www.cpl.es\\\/wp-content\\\/uploads\\\/logo-cpl.svg\",\"caption\":\"Centre de Pastoral Lit\u00fargica\"},\"image\":{\"@id\":\"https:\\\/\\\/www.cpl.es\\\/#\\\/schema\\\/logo\\\/image\\\/\"}}]}<\/script>\n<!-- \/ Yoast SEO plugin. -->","yoast_head_json":{"title":"El cumplimiento de la esperanza. El Evangelio seg\u00fan San Mateo - CPL","robots":{"index":"index","follow":"follow","max-snippet":"max-snippet:-1","max-image-preview":"max-image-preview:large","max-video-preview":"max-video-preview:-1"},"canonical":"https:\/\/www.cpl.es\/producto\/el-cumplimiento-de-la-esperanza-el-evangelio-segun-san-mateo-9788491655824\/","og_locale":"ca_ES","og_type":"article","og_title":"El cumplimiento de la esperanza. El Evangelio seg\u00fan San Mateo - CPL","og_description":"RODOLFO PUIGDOLLERS NOBLOM","og_url":"https:\/\/www.cpl.es\/producto\/el-cumplimiento-de-la-esperanza-el-evangelio-segun-san-mateo-9788491655824\/","og_site_name":"CPL","article_modified_time":"2025-10-03T09:11:42+00:00","og_image":[{"width":294,"height":423,"url":"https:\/\/www.cpl.es\/wp-content\/uploads\/117058.jpg","type":"image\/jpeg"}],"twitter_card":"summary_large_image","twitter_misc":{"Temps estimat de lectura":"1 minut"},"schema":{"@context":"https:\/\/schema.org","@graph":[{"@type":"WebPage","@id":"https:\/\/www.cpl.es\/producto\/el-cumplimiento-de-la-esperanza-el-evangelio-segun-san-mateo-9788491655824\/","url":"https:\/\/www.cpl.es\/producto\/el-cumplimiento-de-la-esperanza-el-evangelio-segun-san-mateo-9788491655824\/","name":"El cumplimiento de la esperanza. El Evangelio seg\u00fan San Mateo - CPL","isPartOf":{"@id":"https:\/\/www.cpl.es\/#website"},"primaryImageOfPage":{"@id":"https:\/\/www.cpl.es\/producto\/el-cumplimiento-de-la-esperanza-el-evangelio-segun-san-mateo-9788491655824\/#primaryimage"},"image":{"@id":"https:\/\/www.cpl.es\/producto\/el-cumplimiento-de-la-esperanza-el-evangelio-segun-san-mateo-9788491655824\/#primaryimage"},"thumbnailUrl":"https:\/\/www.cpl.es\/wp-content\/uploads\/117058.jpg","datePublished":"2023-10-03T22:41:53+00:00","dateModified":"2025-10-03T09:11:42+00:00","breadcrumb":{"@id":"https:\/\/www.cpl.es\/producto\/el-cumplimiento-de-la-esperanza-el-evangelio-segun-san-mateo-9788491655824\/#breadcrumb"},"inLanguage":"ca","potentialAction":[{"@type":"ReadAction","target":["https:\/\/www.cpl.es\/producto\/el-cumplimiento-de-la-esperanza-el-evangelio-segun-san-mateo-9788491655824\/"]}]},{"@type":"ImageObject","inLanguage":"ca","@id":"https:\/\/www.cpl.es\/producto\/el-cumplimiento-de-la-esperanza-el-evangelio-segun-san-mateo-9788491655824\/#primaryimage","url":"https:\/\/www.cpl.es\/wp-content\/uploads\/117058.jpg","contentUrl":"https:\/\/www.cpl.es\/wp-content\/uploads\/117058.jpg","width":294,"height":423,"caption":"117058.jpg"},{"@type":"BreadcrumbList","@id":"https:\/\/www.cpl.es\/producto\/el-cumplimiento-de-la-esperanza-el-evangelio-segun-san-mateo-9788491655824\/#breadcrumb","itemListElement":[{"@type":"ListItem","position":1,"name":"Portada","item":"https:\/\/www.cpl.es\/ca\/"},{"@type":"ListItem","position":2,"name":"Cat\u00e0leg","item":"https:\/\/www.cpl.es\/ca\/cataleg\/"},{"@type":"ListItem","position":3,"name":"El cumplimiento de la esperanza. El Evangelio seg\u00fan San Mateo"}]},{"@type":"WebSite","@id":"https:\/\/www.cpl.es\/#website","url":"https:\/\/www.cpl.es\/","name":"CPL","description":"Centre de Pastoral Lit\u00fargica de Barcelona","publisher":{"@id":"https:\/\/www.cpl.es\/#organization"},"alternateName":"Centre de Pastoral Lit\u00fargica","potentialAction":[{"@type":"SearchAction","target":{"@type":"EntryPoint","urlTemplate":"https:\/\/www.cpl.es\/?s={search_term_string}"},"query-input":{"@type":"PropertyValueSpecification","valueRequired":true,"valueName":"search_term_string"}}],"inLanguage":"ca"},{"@type":"Organization","@id":"https:\/\/www.cpl.es\/#organization","name":"Centre de Pastoral Lit\u00fargica","alternateName":"Centre de Pastoral Lit\u00fargica de Barcelona","url":"https:\/\/www.cpl.es\/","logo":{"@type":"ImageObject","inLanguage":"ca","@id":"https:\/\/www.cpl.es\/#\/schema\/logo\/image\/","url":"https:\/\/www.cpl.es\/wp-content\/uploads\/logo-cpl.svg","contentUrl":"https:\/\/www.cpl.es\/wp-content\/uploads\/logo-cpl.svg","caption":"Centre de Pastoral Lit\u00fargica"},"image":{"@id":"https:\/\/www.cpl.es\/#\/schema\/logo\/image\/"}}]}},"_links":{"self":[{"href":"https:\/\/www.cpl.es\/ca\/wp-json\/wp\/v2\/product\/518","targetHints":{"allow":["GET"]}}],"collection":[{"href":"https:\/\/www.cpl.es\/ca\/wp-json\/wp\/v2\/product"}],"about":[{"href":"https:\/\/www.cpl.es\/ca\/wp-json\/wp\/v2\/types\/product"}],"wp:featuredmedia":[{"embeddable":true,"href":"https:\/\/www.cpl.es\/ca\/wp-json\/wp\/v2\/media\/519"}],"wp:attachment":[{"href":"https:\/\/www.cpl.es\/ca\/wp-json\/wp\/v2\/media?parent=518"}],"wp:term":[{"taxonomy":"product_brand","embeddable":true,"href":"https:\/\/www.cpl.es\/ca\/wp-json\/wp\/v2\/product_brand?post=518"},{"taxonomy":"product_cat","embeddable":true,"href":"https:\/\/www.cpl.es\/ca\/wp-json\/wp\/v2\/product_cat?post=518"},{"taxonomy":"product_tag","embeddable":true,"href":"https:\/\/www.cpl.es\/ca\/wp-json\/wp\/v2\/product_tag?post=518"}],"curies":[{"name":"wp","href":"https:\/\/api.w.org\/{rel}","templated":true}]}}