{"id":3459,"date":"2023-10-04T02:13:24","date_gmt":"2023-10-04T00:13:24","guid":{"rendered":"https:\/\/nuevaweb.cpl.es\/producto\/los-ciegos-ven-los-cojos-andan-9788498053258\/"},"modified":"2026-02-12T16:53:06","modified_gmt":"2026-02-12T15:53:06","slug":"los-ciegos-ven-los-cojos-andan-9788498053258","status":"publish","type":"product","link":"https:\/\/www.cpl.es\/ca\/producto\/los-ciegos-ven-los-cojos-andan-9788498053258\/","title":{"rendered":"Los ciegos ven, los cojos andan"},"content":{"rendered":"<p>Los relatos de milagros est\u00e1n presentados a la comunidad cristiana como anuncio catequ\u00e9tico de la presencia salvadora de Jes\u00fas en la tierra, que contin\u00faa ahora en la obra salvadora de Jesucristo resucitado en medio de nosotros. Repasando las p\u00e1ginas del evangelio, mirando c\u00f3mo Jes\u00fas act\u00faa, profundizando en sus gestos y palabras, iremos comprendiendo y viviendo c\u00f3mo act\u00faa ahora en nosotros, y c\u00f3mo nosotros estamos llamados a responderle.<\/p>\n","protected":false},"excerpt":{"rendered":"<p>Puigdollers Noblom, Rodolf<\/p>\n","protected":false},"featured_media":3460,"template":"","meta":{"_acf_changed":false,"inline_featured_image":false},"product_brand":[],"product_cat":[82,59,73,49],"product_tag":[],"class_list":{"0":"post-3459","1":"product","2":"type-product","3":"status-publish","4":"has-post-thumbnail","6":"product_cat-biblia-per-temes-catala","7":"product_cat-biblia","8":"product_cat-emaus-colleccions-catala","9":"product_cat-emaus","11":"first","12":"instock","13":"taxable","14":"shipping-taxable","15":"purchasable","16":"product-type-simple"},"acf":{"autor":"Puigdollers Noblom, Rodolf","codart":"108081","ediciones":"1","encuadernacion":"R\u00fastica","fecha_de_publicacion":"26\/02\/2009","novedad":false,"paginas":"80","subtitulo":"Adentrarse en los milagros de Jes\u00fas","orden":"999","portada":false,"idioma":"spa","editorial":[{"ID":6736,"post_author":"2","post_date":"2023-10-06 08:35:24","post_date_gmt":"2023-10-06 06:35:24","post_content":"","post_title":"CPL","post_excerpt":"","post_status":"publish","comment_status":"closed","ping_status":"closed","post_password":"","post_name":"cpl","to_ping":"","pinged":"","post_modified":"2023-10-06 08:35:24","post_modified_gmt":"2023-10-06 06:35:24","post_content_filtered":"","post_parent":0,"guid":"https:\/\/nuevaweb.cpl.es\/editorial\/cpl\/","menu_order":0,"post_type":"editorial","post_mime_type":"","comment_count":"0","filter":"raw"}],"coleccion_num":"81"},"yoast_head":"<!-- This site is optimized with the Yoast SEO plugin v27.3 - https:\/\/yoast.com\/product\/yoast-seo-wordpress\/ -->\n<title>Los ciegos ven, los cojos andan - CPL<\/title>\n<meta name=\"robots\" content=\"index, follow, max-snippet:-1, max-image-preview:large, max-video-preview:-1\" \/>\n<link rel=\"canonical\" href=\"https:\/\/www.cpl.es\/producto\/los-ciegos-ven-los-cojos-andan-9788498053258\/\" \/>\n<meta property=\"og:locale\" content=\"ca_ES\" \/>\n<meta property=\"og:type\" content=\"article\" \/>\n<meta property=\"og:title\" content=\"Los ciegos ven, los cojos andan - CPL\" \/>\n<meta property=\"og:description\" content=\"Puigdollers Noblom, Rodolf\" \/>\n<meta property=\"og:url\" content=\"https:\/\/www.cpl.es\/producto\/los-ciegos-ven-los-cojos-andan-9788498053258\/\" \/>\n<meta property=\"og:site_name\" content=\"CPL\" \/>\n<meta property=\"article:modified_time\" content=\"2026-02-12T15:53:06+00:00\" \/>\n<meta property=\"og:image\" content=\"https:\/\/www.cpl.es\/wp-content\/uploads\/108081.jpg\" \/>\n\t<meta property=\"og:image:width\" content=\"276\" \/>\n\t<meta property=\"og:image:height\" content=\"419\" \/>\n\t<meta property=\"og:image:type\" content=\"image\/jpeg\" \/>\n<meta name=\"twitter:card\" content=\"summary_large_image\" \/>\n<script type=\"application\/ld+json\" class=\"yoast-schema-graph\">{\"@context\":\"https:\\\/\\\/schema.org\",\"@graph\":[{\"@type\":\"WebPage\",\"@id\":\"https:\\\/\\\/www.cpl.es\\\/producto\\\/los-ciegos-ven-los-cojos-andan-9788498053258\\\/\",\"url\":\"https:\\\/\\\/www.cpl.es\\\/producto\\\/los-ciegos-ven-los-cojos-andan-9788498053258\\\/\",\"name\":\"Los ciegos ven, los cojos andan - CPL\",\"isPartOf\":{\"@id\":\"https:\\\/\\\/www.cpl.es\\\/#website\"},\"primaryImageOfPage\":{\"@id\":\"https:\\\/\\\/www.cpl.es\\\/producto\\\/los-ciegos-ven-los-cojos-andan-9788498053258\\\/#primaryimage\"},\"image\":{\"@id\":\"https:\\\/\\\/www.cpl.es\\\/producto\\\/los-ciegos-ven-los-cojos-andan-9788498053258\\\/#primaryimage\"},\"thumbnailUrl\":\"https:\\\/\\\/www.cpl.es\\\/wp-content\\\/uploads\\\/108081.jpg\",\"datePublished\":\"2023-10-04T00:13:24+00:00\",\"dateModified\":\"2026-02-12T15:53:06+00:00\",\"breadcrumb\":{\"@id\":\"https:\\\/\\\/www.cpl.es\\\/producto\\\/los-ciegos-ven-los-cojos-andan-9788498053258\\\/#breadcrumb\"},\"inLanguage\":\"ca\",\"potentialAction\":[{\"@type\":\"ReadAction\",\"target\":[\"https:\\\/\\\/www.cpl.es\\\/producto\\\/los-ciegos-ven-los-cojos-andan-9788498053258\\\/\"]}]},{\"@type\":\"ImageObject\",\"inLanguage\":\"ca\",\"@id\":\"https:\\\/\\\/www.cpl.es\\\/producto\\\/los-ciegos-ven-los-cojos-andan-9788498053258\\\/#primaryimage\",\"url\":\"https:\\\/\\\/www.cpl.es\\\/wp-content\\\/uploads\\\/108081.jpg\",\"contentUrl\":\"https:\\\/\\\/www.cpl.es\\\/wp-content\\\/uploads\\\/108081.jpg\",\"width\":276,\"height\":419,\"caption\":\"108081.jpg\"},{\"@type\":\"BreadcrumbList\",\"@id\":\"https:\\\/\\\/www.cpl.es\\\/producto\\\/los-ciegos-ven-los-cojos-andan-9788498053258\\\/#breadcrumb\",\"itemListElement\":[{\"@type\":\"ListItem\",\"position\":1,\"name\":\"Portada\",\"item\":\"https:\\\/\\\/www.cpl.es\\\/ca\\\/\"},{\"@type\":\"ListItem\",\"position\":2,\"name\":\"Cat\u00e0leg\",\"item\":\"https:\\\/\\\/www.cpl.es\\\/ca\\\/cataleg\\\/\"},{\"@type\":\"ListItem\",\"position\":3,\"name\":\"Los ciegos ven, los cojos andan\"}]},{\"@type\":\"WebSite\",\"@id\":\"https:\\\/\\\/www.cpl.es\\\/#website\",\"url\":\"https:\\\/\\\/www.cpl.es\\\/\",\"name\":\"CPL\",\"description\":\"Centre de Pastoral Lit\u00fargica de Barcelona\",\"publisher\":{\"@id\":\"https:\\\/\\\/www.cpl.es\\\/#organization\"},\"alternateName\":\"Centre de Pastoral Lit\u00fargica\",\"potentialAction\":[{\"@type\":\"SearchAction\",\"target\":{\"@type\":\"EntryPoint\",\"urlTemplate\":\"https:\\\/\\\/www.cpl.es\\\/?s={search_term_string}\"},\"query-input\":{\"@type\":\"PropertyValueSpecification\",\"valueRequired\":true,\"valueName\":\"search_term_string\"}}],\"inLanguage\":\"ca\"},{\"@type\":\"Organization\",\"@id\":\"https:\\\/\\\/www.cpl.es\\\/#organization\",\"name\":\"Centre de Pastoral Lit\u00fargica\",\"alternateName\":\"Centre de Pastoral Lit\u00fargica de Barcelona\",\"url\":\"https:\\\/\\\/www.cpl.es\\\/\",\"logo\":{\"@type\":\"ImageObject\",\"inLanguage\":\"ca\",\"@id\":\"https:\\\/\\\/www.cpl.es\\\/#\\\/schema\\\/logo\\\/image\\\/\",\"url\":\"https:\\\/\\\/www.cpl.es\\\/wp-content\\\/uploads\\\/logo-cpl.svg\",\"contentUrl\":\"https:\\\/\\\/www.cpl.es\\\/wp-content\\\/uploads\\\/logo-cpl.svg\",\"caption\":\"Centre de Pastoral Lit\u00fargica\"},\"image\":{\"@id\":\"https:\\\/\\\/www.cpl.es\\\/#\\\/schema\\\/logo\\\/image\\\/\"}}]}<\/script>\n<!-- \/ Yoast SEO plugin. -->","yoast_head_json":{"title":"Los ciegos ven, los cojos andan - CPL","robots":{"index":"index","follow":"follow","max-snippet":"max-snippet:-1","max-image-preview":"max-image-preview:large","max-video-preview":"max-video-preview:-1"},"canonical":"https:\/\/www.cpl.es\/producto\/los-ciegos-ven-los-cojos-andan-9788498053258\/","og_locale":"ca_ES","og_type":"article","og_title":"Los ciegos ven, los cojos andan - CPL","og_description":"Puigdollers Noblom, Rodolf","og_url":"https:\/\/www.cpl.es\/producto\/los-ciegos-ven-los-cojos-andan-9788498053258\/","og_site_name":"CPL","article_modified_time":"2026-02-12T15:53:06+00:00","og_image":[{"width":276,"height":419,"url":"https:\/\/www.cpl.es\/wp-content\/uploads\/108081.jpg","type":"image\/jpeg"}],"twitter_card":"summary_large_image","schema":{"@context":"https:\/\/schema.org","@graph":[{"@type":"WebPage","@id":"https:\/\/www.cpl.es\/producto\/los-ciegos-ven-los-cojos-andan-9788498053258\/","url":"https:\/\/www.cpl.es\/producto\/los-ciegos-ven-los-cojos-andan-9788498053258\/","name":"Los ciegos ven, los cojos andan - CPL","isPartOf":{"@id":"https:\/\/www.cpl.es\/#website"},"primaryImageOfPage":{"@id":"https:\/\/www.cpl.es\/producto\/los-ciegos-ven-los-cojos-andan-9788498053258\/#primaryimage"},"image":{"@id":"https:\/\/www.cpl.es\/producto\/los-ciegos-ven-los-cojos-andan-9788498053258\/#primaryimage"},"thumbnailUrl":"https:\/\/www.cpl.es\/wp-content\/uploads\/108081.jpg","datePublished":"2023-10-04T00:13:24+00:00","dateModified":"2026-02-12T15:53:06+00:00","breadcrumb":{"@id":"https:\/\/www.cpl.es\/producto\/los-ciegos-ven-los-cojos-andan-9788498053258\/#breadcrumb"},"inLanguage":"ca","potentialAction":[{"@type":"ReadAction","target":["https:\/\/www.cpl.es\/producto\/los-ciegos-ven-los-cojos-andan-9788498053258\/"]}]},{"@type":"ImageObject","inLanguage":"ca","@id":"https:\/\/www.cpl.es\/producto\/los-ciegos-ven-los-cojos-andan-9788498053258\/#primaryimage","url":"https:\/\/www.cpl.es\/wp-content\/uploads\/108081.jpg","contentUrl":"https:\/\/www.cpl.es\/wp-content\/uploads\/108081.jpg","width":276,"height":419,"caption":"108081.jpg"},{"@type":"BreadcrumbList","@id":"https:\/\/www.cpl.es\/producto\/los-ciegos-ven-los-cojos-andan-9788498053258\/#breadcrumb","itemListElement":[{"@type":"ListItem","position":1,"name":"Portada","item":"https:\/\/www.cpl.es\/ca\/"},{"@type":"ListItem","position":2,"name":"Cat\u00e0leg","item":"https:\/\/www.cpl.es\/ca\/cataleg\/"},{"@type":"ListItem","position":3,"name":"Los ciegos ven, los cojos andan"}]},{"@type":"WebSite","@id":"https:\/\/www.cpl.es\/#website","url":"https:\/\/www.cpl.es\/","name":"CPL","description":"Centre de Pastoral Lit\u00fargica de Barcelona","publisher":{"@id":"https:\/\/www.cpl.es\/#organization"},"alternateName":"Centre de Pastoral Lit\u00fargica","potentialAction":[{"@type":"SearchAction","target":{"@type":"EntryPoint","urlTemplate":"https:\/\/www.cpl.es\/?s={search_term_string}"},"query-input":{"@type":"PropertyValueSpecification","valueRequired":true,"valueName":"search_term_string"}}],"inLanguage":"ca"},{"@type":"Organization","@id":"https:\/\/www.cpl.es\/#organization","name":"Centre de Pastoral Lit\u00fargica","alternateName":"Centre de Pastoral Lit\u00fargica de Barcelona","url":"https:\/\/www.cpl.es\/","logo":{"@type":"ImageObject","inLanguage":"ca","@id":"https:\/\/www.cpl.es\/#\/schema\/logo\/image\/","url":"https:\/\/www.cpl.es\/wp-content\/uploads\/logo-cpl.svg","contentUrl":"https:\/\/www.cpl.es\/wp-content\/uploads\/logo-cpl.svg","caption":"Centre de Pastoral Lit\u00fargica"},"image":{"@id":"https:\/\/www.cpl.es\/#\/schema\/logo\/image\/"}}]}},"_links":{"self":[{"href":"https:\/\/www.cpl.es\/ca\/wp-json\/wp\/v2\/product\/3459","targetHints":{"allow":["GET"]}}],"collection":[{"href":"https:\/\/www.cpl.es\/ca\/wp-json\/wp\/v2\/product"}],"about":[{"href":"https:\/\/www.cpl.es\/ca\/wp-json\/wp\/v2\/types\/product"}],"wp:featuredmedia":[{"embeddable":true,"href":"https:\/\/www.cpl.es\/ca\/wp-json\/wp\/v2\/media\/3460"}],"wp:attachment":[{"href":"https:\/\/www.cpl.es\/ca\/wp-json\/wp\/v2\/media?parent=3459"}],"wp:term":[{"taxonomy":"product_brand","embeddable":true,"href":"https:\/\/www.cpl.es\/ca\/wp-json\/wp\/v2\/product_brand?post=3459"},{"taxonomy":"product_cat","embeddable":true,"href":"https:\/\/www.cpl.es\/ca\/wp-json\/wp\/v2\/product_cat?post=3459"},{"taxonomy":"product_tag","embeddable":true,"href":"https:\/\/www.cpl.es\/ca\/wp-json\/wp\/v2\/product_tag?post=3459"}],"curies":[{"name":"wp","href":"https:\/\/api.w.org\/{rel}","templated":true}]}}