{"id":3220,"date":"2023-10-04T02:06:08","date_gmt":"2023-10-04T00:06:08","guid":{"rendered":"https:\/\/nuevaweb.cpl.es\/producto\/san-rafael-arnaiz-el-hermano-rafael-9788498054095\/"},"modified":"2026-02-12T17:07:16","modified_gmt":"2026-02-12T16:07:16","slug":"san-rafael-arnaiz-el-hermano-rafael-9788498054095","status":"publish","type":"product","link":"https:\/\/www.cpl.es\/ca\/producto\/san-rafael-arnaiz-el-hermano-rafael-9788498054095\/","title":{"rendered":"San Rafael Arn\u00e1iz, el hermano Rafael"},"content":{"rendered":"<p>El joven trapense que hizo de su vida una ofrenda de amor a Dios a favor de los hombres.<\/p>\n<p>Y la hist\u00f3ria empieza as\u00ed:<br \/>&#8216;A veces pensamos en los santos como seres que han vivido en otras \u00e9pocas hist\u00f3ricas, o como personas que han alcanzado la santidad tras un recorrido de largos a\u00f1os sobre la tierra.<br \/>No es el caso de san Rafael Arn\u00e1iz Bar\u00f3n, el hermano Rafael, como le conocemos sus amigos, un joven de nuestro tiempo, que alcanz\u00f3 la santidad con tan s\u00f3lo 27 a\u00f1os. Su paso fugaz por esta vida, dej\u00f3 una estela de luz, que hoy sigue iluminando a cuantos se acercan a \u00e9l&#8230;'<\/p>\n","protected":false},"excerpt":{"rendered":"<p>Aspas Sancho, Conchita<\/p>\n","protected":false},"featured_media":3221,"template":"","meta":{"_acf_changed":false,"inline_featured_image":false},"product_brand":[],"product_cat":[133,112,53,70,154],"product_tag":[],"class_list":{"0":"post-3220","1":"product","2":"type-product","3":"status-publish","4":"has-post-thumbnail","6":"product_cat-santoral-any-liturgic-per-temes","7":"product_cat-santoral","8":"product_cat-santos-y-santas","9":"product_cat-sants-i-santes","10":"product_cat-vida-de-santos","12":"first","13":"instock","14":"taxable","15":"shipping-taxable","16":"purchasable","17":"product-type-simple"},"acf":{"autor":"Aspas Sancho, Conchita","codart":"112166","ediciones":"1","encuadernacion":"Grapado","fecha_de_publicacion":"01\/07\/2010","novedad":false,"paginas":"24","subtitulo":"","orden":"260","portada":false,"idioma":"spa","editorial":[{"ID":6736,"post_author":"2","post_date":"2023-10-06 08:35:24","post_date_gmt":"2023-10-06 06:35:24","post_content":"","post_title":"CPL","post_excerpt":"","post_status":"publish","comment_status":"closed","ping_status":"closed","post_password":"","post_name":"cpl","to_ping":"","pinged":"","post_modified":"2023-10-06 08:35:24","post_modified_gmt":"2023-10-06 06:35:24","post_content_filtered":"","post_parent":0,"guid":"https:\/\/nuevaweb.cpl.es\/editorial\/cpl\/","menu_order":0,"post_type":"editorial","post_mime_type":"","comment_count":"0","filter":"raw"}],"coleccion_num":"166"},"yoast_head":"<!-- This site is optimized with the Yoast SEO plugin v27.3 - https:\/\/yoast.com\/product\/yoast-seo-wordpress\/ -->\n<title>San Rafael Arn\u00e1iz, el hermano Rafael - CPL<\/title>\n<meta name=\"robots\" content=\"index, follow, max-snippet:-1, max-image-preview:large, max-video-preview:-1\" \/>\n<link rel=\"canonical\" href=\"https:\/\/www.cpl.es\/producto\/san-rafael-arnaiz-el-hermano-rafael-9788498054095\/\" \/>\n<meta property=\"og:locale\" content=\"ca_ES\" \/>\n<meta property=\"og:type\" content=\"article\" \/>\n<meta property=\"og:title\" content=\"San Rafael Arn\u00e1iz, el hermano Rafael - CPL\" \/>\n<meta property=\"og:description\" content=\"Aspas Sancho, Conchita\" \/>\n<meta property=\"og:url\" content=\"https:\/\/www.cpl.es\/producto\/san-rafael-arnaiz-el-hermano-rafael-9788498054095\/\" \/>\n<meta property=\"og:site_name\" content=\"CPL\" \/>\n<meta property=\"article:modified_time\" content=\"2026-02-12T16:07:16+00:00\" \/>\n<meta property=\"og:image\" content=\"https:\/\/www.cpl.es\/wp-content\/uploads\/112166.jpg\" \/>\n\t<meta property=\"og:image:width\" content=\"280\" \/>\n\t<meta property=\"og:image:height\" content=\"413\" \/>\n\t<meta property=\"og:image:type\" content=\"image\/jpeg\" \/>\n<meta name=\"twitter:card\" content=\"summary_large_image\" \/>\n<meta name=\"twitter:label1\" content=\"Temps estimat de lectura\" \/>\n\t<meta name=\"twitter:data1\" content=\"1 minut\" \/>\n<script type=\"application\/ld+json\" class=\"yoast-schema-graph\">{\"@context\":\"https:\\\/\\\/schema.org\",\"@graph\":[{\"@type\":\"WebPage\",\"@id\":\"https:\\\/\\\/www.cpl.es\\\/producto\\\/san-rafael-arnaiz-el-hermano-rafael-9788498054095\\\/\",\"url\":\"https:\\\/\\\/www.cpl.es\\\/producto\\\/san-rafael-arnaiz-el-hermano-rafael-9788498054095\\\/\",\"name\":\"San Rafael Arn\u00e1iz, el hermano Rafael - CPL\",\"isPartOf\":{\"@id\":\"https:\\\/\\\/www.cpl.es\\\/#website\"},\"primaryImageOfPage\":{\"@id\":\"https:\\\/\\\/www.cpl.es\\\/producto\\\/san-rafael-arnaiz-el-hermano-rafael-9788498054095\\\/#primaryimage\"},\"image\":{\"@id\":\"https:\\\/\\\/www.cpl.es\\\/producto\\\/san-rafael-arnaiz-el-hermano-rafael-9788498054095\\\/#primaryimage\"},\"thumbnailUrl\":\"https:\\\/\\\/www.cpl.es\\\/wp-content\\\/uploads\\\/112166.jpg\",\"datePublished\":\"2023-10-04T00:06:08+00:00\",\"dateModified\":\"2026-02-12T16:07:16+00:00\",\"breadcrumb\":{\"@id\":\"https:\\\/\\\/www.cpl.es\\\/producto\\\/san-rafael-arnaiz-el-hermano-rafael-9788498054095\\\/#breadcrumb\"},\"inLanguage\":\"ca\",\"potentialAction\":[{\"@type\":\"ReadAction\",\"target\":[\"https:\\\/\\\/www.cpl.es\\\/producto\\\/san-rafael-arnaiz-el-hermano-rafael-9788498054095\\\/\"]}]},{\"@type\":\"ImageObject\",\"inLanguage\":\"ca\",\"@id\":\"https:\\\/\\\/www.cpl.es\\\/producto\\\/san-rafael-arnaiz-el-hermano-rafael-9788498054095\\\/#primaryimage\",\"url\":\"https:\\\/\\\/www.cpl.es\\\/wp-content\\\/uploads\\\/112166.jpg\",\"contentUrl\":\"https:\\\/\\\/www.cpl.es\\\/wp-content\\\/uploads\\\/112166.jpg\",\"width\":280,\"height\":413,\"caption\":\"112166.jpg\"},{\"@type\":\"BreadcrumbList\",\"@id\":\"https:\\\/\\\/www.cpl.es\\\/producto\\\/san-rafael-arnaiz-el-hermano-rafael-9788498054095\\\/#breadcrumb\",\"itemListElement\":[{\"@type\":\"ListItem\",\"position\":1,\"name\":\"Portada\",\"item\":\"https:\\\/\\\/www.cpl.es\\\/ca\\\/\"},{\"@type\":\"ListItem\",\"position\":2,\"name\":\"Cat\u00e0leg\",\"item\":\"https:\\\/\\\/www.cpl.es\\\/ca\\\/cataleg\\\/\"},{\"@type\":\"ListItem\",\"position\":3,\"name\":\"San Rafael Arn\u00e1iz, el hermano Rafael\"}]},{\"@type\":\"WebSite\",\"@id\":\"https:\\\/\\\/www.cpl.es\\\/#website\",\"url\":\"https:\\\/\\\/www.cpl.es\\\/\",\"name\":\"CPL\",\"description\":\"Centre de Pastoral Lit\u00fargica de Barcelona\",\"publisher\":{\"@id\":\"https:\\\/\\\/www.cpl.es\\\/#organization\"},\"alternateName\":\"Centre de Pastoral Lit\u00fargica\",\"potentialAction\":[{\"@type\":\"SearchAction\",\"target\":{\"@type\":\"EntryPoint\",\"urlTemplate\":\"https:\\\/\\\/www.cpl.es\\\/?s={search_term_string}\"},\"query-input\":{\"@type\":\"PropertyValueSpecification\",\"valueRequired\":true,\"valueName\":\"search_term_string\"}}],\"inLanguage\":\"ca\"},{\"@type\":\"Organization\",\"@id\":\"https:\\\/\\\/www.cpl.es\\\/#organization\",\"name\":\"Centre de Pastoral Lit\u00fargica\",\"alternateName\":\"Centre de Pastoral Lit\u00fargica de Barcelona\",\"url\":\"https:\\\/\\\/www.cpl.es\\\/\",\"logo\":{\"@type\":\"ImageObject\",\"inLanguage\":\"ca\",\"@id\":\"https:\\\/\\\/www.cpl.es\\\/#\\\/schema\\\/logo\\\/image\\\/\",\"url\":\"https:\\\/\\\/www.cpl.es\\\/wp-content\\\/uploads\\\/logo-cpl.svg\",\"contentUrl\":\"https:\\\/\\\/www.cpl.es\\\/wp-content\\\/uploads\\\/logo-cpl.svg\",\"caption\":\"Centre de Pastoral Lit\u00fargica\"},\"image\":{\"@id\":\"https:\\\/\\\/www.cpl.es\\\/#\\\/schema\\\/logo\\\/image\\\/\"}}]}<\/script>\n<!-- \/ Yoast SEO plugin. -->","yoast_head_json":{"title":"San Rafael Arn\u00e1iz, el hermano Rafael - CPL","robots":{"index":"index","follow":"follow","max-snippet":"max-snippet:-1","max-image-preview":"max-image-preview:large","max-video-preview":"max-video-preview:-1"},"canonical":"https:\/\/www.cpl.es\/producto\/san-rafael-arnaiz-el-hermano-rafael-9788498054095\/","og_locale":"ca_ES","og_type":"article","og_title":"San Rafael Arn\u00e1iz, el hermano Rafael - CPL","og_description":"Aspas Sancho, Conchita","og_url":"https:\/\/www.cpl.es\/producto\/san-rafael-arnaiz-el-hermano-rafael-9788498054095\/","og_site_name":"CPL","article_modified_time":"2026-02-12T16:07:16+00:00","og_image":[{"width":280,"height":413,"url":"https:\/\/www.cpl.es\/wp-content\/uploads\/112166.jpg","type":"image\/jpeg"}],"twitter_card":"summary_large_image","twitter_misc":{"Temps estimat de lectura":"1 minut"},"schema":{"@context":"https:\/\/schema.org","@graph":[{"@type":"WebPage","@id":"https:\/\/www.cpl.es\/producto\/san-rafael-arnaiz-el-hermano-rafael-9788498054095\/","url":"https:\/\/www.cpl.es\/producto\/san-rafael-arnaiz-el-hermano-rafael-9788498054095\/","name":"San Rafael Arn\u00e1iz, el hermano Rafael - CPL","isPartOf":{"@id":"https:\/\/www.cpl.es\/#website"},"primaryImageOfPage":{"@id":"https:\/\/www.cpl.es\/producto\/san-rafael-arnaiz-el-hermano-rafael-9788498054095\/#primaryimage"},"image":{"@id":"https:\/\/www.cpl.es\/producto\/san-rafael-arnaiz-el-hermano-rafael-9788498054095\/#primaryimage"},"thumbnailUrl":"https:\/\/www.cpl.es\/wp-content\/uploads\/112166.jpg","datePublished":"2023-10-04T00:06:08+00:00","dateModified":"2026-02-12T16:07:16+00:00","breadcrumb":{"@id":"https:\/\/www.cpl.es\/producto\/san-rafael-arnaiz-el-hermano-rafael-9788498054095\/#breadcrumb"},"inLanguage":"ca","potentialAction":[{"@type":"ReadAction","target":["https:\/\/www.cpl.es\/producto\/san-rafael-arnaiz-el-hermano-rafael-9788498054095\/"]}]},{"@type":"ImageObject","inLanguage":"ca","@id":"https:\/\/www.cpl.es\/producto\/san-rafael-arnaiz-el-hermano-rafael-9788498054095\/#primaryimage","url":"https:\/\/www.cpl.es\/wp-content\/uploads\/112166.jpg","contentUrl":"https:\/\/www.cpl.es\/wp-content\/uploads\/112166.jpg","width":280,"height":413,"caption":"112166.jpg"},{"@type":"BreadcrumbList","@id":"https:\/\/www.cpl.es\/producto\/san-rafael-arnaiz-el-hermano-rafael-9788498054095\/#breadcrumb","itemListElement":[{"@type":"ListItem","position":1,"name":"Portada","item":"https:\/\/www.cpl.es\/ca\/"},{"@type":"ListItem","position":2,"name":"Cat\u00e0leg","item":"https:\/\/www.cpl.es\/ca\/cataleg\/"},{"@type":"ListItem","position":3,"name":"San Rafael Arn\u00e1iz, el hermano Rafael"}]},{"@type":"WebSite","@id":"https:\/\/www.cpl.es\/#website","url":"https:\/\/www.cpl.es\/","name":"CPL","description":"Centre de Pastoral Lit\u00fargica de Barcelona","publisher":{"@id":"https:\/\/www.cpl.es\/#organization"},"alternateName":"Centre de Pastoral Lit\u00fargica","potentialAction":[{"@type":"SearchAction","target":{"@type":"EntryPoint","urlTemplate":"https:\/\/www.cpl.es\/?s={search_term_string}"},"query-input":{"@type":"PropertyValueSpecification","valueRequired":true,"valueName":"search_term_string"}}],"inLanguage":"ca"},{"@type":"Organization","@id":"https:\/\/www.cpl.es\/#organization","name":"Centre de Pastoral Lit\u00fargica","alternateName":"Centre de Pastoral Lit\u00fargica de Barcelona","url":"https:\/\/www.cpl.es\/","logo":{"@type":"ImageObject","inLanguage":"ca","@id":"https:\/\/www.cpl.es\/#\/schema\/logo\/image\/","url":"https:\/\/www.cpl.es\/wp-content\/uploads\/logo-cpl.svg","contentUrl":"https:\/\/www.cpl.es\/wp-content\/uploads\/logo-cpl.svg","caption":"Centre de Pastoral Lit\u00fargica"},"image":{"@id":"https:\/\/www.cpl.es\/#\/schema\/logo\/image\/"}}]}},"_links":{"self":[{"href":"https:\/\/www.cpl.es\/ca\/wp-json\/wp\/v2\/product\/3220","targetHints":{"allow":["GET"]}}],"collection":[{"href":"https:\/\/www.cpl.es\/ca\/wp-json\/wp\/v2\/product"}],"about":[{"href":"https:\/\/www.cpl.es\/ca\/wp-json\/wp\/v2\/types\/product"}],"wp:featuredmedia":[{"embeddable":true,"href":"https:\/\/www.cpl.es\/ca\/wp-json\/wp\/v2\/media\/3221"}],"wp:attachment":[{"href":"https:\/\/www.cpl.es\/ca\/wp-json\/wp\/v2\/media?parent=3220"}],"wp:term":[{"taxonomy":"product_brand","embeddable":true,"href":"https:\/\/www.cpl.es\/ca\/wp-json\/wp\/v2\/product_brand?post=3220"},{"taxonomy":"product_cat","embeddable":true,"href":"https:\/\/www.cpl.es\/ca\/wp-json\/wp\/v2\/product_cat?post=3220"},{"taxonomy":"product_tag","embeddable":true,"href":"https:\/\/www.cpl.es\/ca\/wp-json\/wp\/v2\/product_tag?post=3220"}],"curies":[{"name":"wp","href":"https:\/\/api.w.org\/{rel}","templated":true}]}}