{"id":3208,"date":"2023-10-04T02:05:45","date_gmt":"2023-10-04T00:05:45","guid":{"rendered":"https:\/\/nuevaweb.cpl.es\/producto\/pablo-siervo-de-jesucristo-llamado-a-ser-apostol-9788498054163\/"},"modified":"2026-02-12T17:45:47","modified_gmt":"2026-02-12T16:45:47","slug":"pablo-siervo-de-jesucristo-llamado-a-ser-apostol-9788498054163","status":"publish","type":"product","link":"https:\/\/www.cpl.es\/ca\/producto\/pablo-siervo-de-jesucristo-llamado-a-ser-apostol-9788498054163\/","title":{"rendered":"Pablo, siervo de Jesucristo, llamado a ser ap\u00f3stol"},"content":{"rendered":"<p>Gracias a Pablo, tambi\u00e9n nosotros somos cristianos aunque no seamos de origen jud\u00edo. Esta afirmaci\u00f3n, en el inicio del presente libro, nos invita a  descubrir, a lo largo de sus p\u00e1ginas, la fuerte personalidad de este gran ap\u00f3stol, y seguir las apasionantes vicisitudes de su vida. Para profundizar, a partir de ah\u00ed, en el sentido de su labor misionera, y en el rico mensaje que nos llega sobre todo a trav\u00e9s de sus cartas.<br \/>Aunque parezca lo contrario, Pablo, en realidad, sigue siendo para nosotros en muchos aspectos un desconocido. Acercarse a \u00e9l y conocerlo mejor supondr\u00e1, sin duda, un valioso enriquecimiento para nuestra vida cristiana.<br \/>Jordi Latorre Castillo (Barcelona, 1958), sacerdote salesiano, doctor en Teolog\u00eda B\u00edblica, es profesor de Sagrada Escritura en varios centros superiores de estudios, al tiempo que ha participado en numerosas escuelas de catequistas y anima frecuentemente retiros y tandas de ejercicios espirituales para j\u00f3venes y adultos.<\/p>\n","protected":false},"excerpt":{"rendered":"<p>Latorre Castillo, Jordi<\/p>\n","protected":false},"featured_media":3209,"template":"","meta":{"_acf_changed":false,"inline_featured_image":false},"product_brand":[],"product_cat":[59,82,49,73,65,88],"product_tag":[],"class_list":{"0":"post-3208","1":"product","2":"type-product","3":"status-publish","4":"has-post-thumbnail","6":"product_cat-biblia","7":"product_cat-biblia-per-temes-catala","8":"product_cat-emaus","9":"product_cat-emaus-colleccions-catala","10":"product_cat-espiritualidad","11":"product_cat-espiritualitat","13":"first","14":"instock","15":"taxable","16":"shipping-taxable","17":"purchasable","18":"product-type-simple"},"acf":{"autor":"Latorre Castillo, Jordi","codart":"108088","ediciones":"1","encuadernacion":"R\u00fastica","fecha_de_publicacion":"01\/07\/2010","novedad":false,"paginas":"88","subtitulo":"","orden":"140","portada":false,"idioma":"spa","editorial":[{"ID":6736,"post_author":"2","post_date":"2023-10-06 08:35:24","post_date_gmt":"2023-10-06 06:35:24","post_content":"","post_title":"CPL","post_excerpt":"","post_status":"publish","comment_status":"closed","ping_status":"closed","post_password":"","post_name":"cpl","to_ping":"","pinged":"","post_modified":"2023-10-06 08:35:24","post_modified_gmt":"2023-10-06 06:35:24","post_content_filtered":"","post_parent":0,"guid":"https:\/\/nuevaweb.cpl.es\/editorial\/cpl\/","menu_order":0,"post_type":"editorial","post_mime_type":"","comment_count":"0","filter":"raw"}],"coleccion_num":"88"},"yoast_head":"<!-- This site is optimized with the Yoast SEO plugin v27.3 - https:\/\/yoast.com\/product\/yoast-seo-wordpress\/ -->\n<title>Pablo, siervo de Jesucristo, llamado a ser ap\u00f3stol - CPL<\/title>\n<meta name=\"robots\" content=\"index, follow, max-snippet:-1, max-image-preview:large, max-video-preview:-1\" \/>\n<link rel=\"canonical\" href=\"https:\/\/www.cpl.es\/producto\/pablo-siervo-de-jesucristo-llamado-a-ser-apostol-9788498054163\/\" \/>\n<meta property=\"og:locale\" content=\"ca_ES\" \/>\n<meta property=\"og:type\" content=\"article\" \/>\n<meta property=\"og:title\" content=\"Pablo, siervo de Jesucristo, llamado a ser ap\u00f3stol - CPL\" \/>\n<meta property=\"og:description\" content=\"Latorre Castillo, Jordi\" \/>\n<meta property=\"og:url\" content=\"https:\/\/www.cpl.es\/producto\/pablo-siervo-de-jesucristo-llamado-a-ser-apostol-9788498054163\/\" \/>\n<meta property=\"og:site_name\" content=\"CPL\" \/>\n<meta property=\"article:modified_time\" content=\"2026-02-12T16:45:47+00:00\" \/>\n<meta property=\"og:image\" content=\"https:\/\/www.cpl.es\/wp-content\/uploads\/108088.jpg\" \/>\n\t<meta property=\"og:image:width\" content=\"280\" \/>\n\t<meta property=\"og:image:height\" content=\"444\" \/>\n\t<meta property=\"og:image:type\" content=\"image\/jpeg\" \/>\n<meta name=\"twitter:card\" content=\"summary_large_image\" \/>\n<meta name=\"twitter:label1\" content=\"Temps estimat de lectura\" \/>\n\t<meta name=\"twitter:data1\" content=\"1 minut\" \/>\n<script type=\"application\/ld+json\" class=\"yoast-schema-graph\">{\"@context\":\"https:\\\/\\\/schema.org\",\"@graph\":[{\"@type\":\"WebPage\",\"@id\":\"https:\\\/\\\/www.cpl.es\\\/producto\\\/pablo-siervo-de-jesucristo-llamado-a-ser-apostol-9788498054163\\\/\",\"url\":\"https:\\\/\\\/www.cpl.es\\\/producto\\\/pablo-siervo-de-jesucristo-llamado-a-ser-apostol-9788498054163\\\/\",\"name\":\"Pablo, siervo de Jesucristo, llamado a ser ap\u00f3stol - CPL\",\"isPartOf\":{\"@id\":\"https:\\\/\\\/www.cpl.es\\\/#website\"},\"primaryImageOfPage\":{\"@id\":\"https:\\\/\\\/www.cpl.es\\\/producto\\\/pablo-siervo-de-jesucristo-llamado-a-ser-apostol-9788498054163\\\/#primaryimage\"},\"image\":{\"@id\":\"https:\\\/\\\/www.cpl.es\\\/producto\\\/pablo-siervo-de-jesucristo-llamado-a-ser-apostol-9788498054163\\\/#primaryimage\"},\"thumbnailUrl\":\"https:\\\/\\\/www.cpl.es\\\/wp-content\\\/uploads\\\/108088.jpg\",\"datePublished\":\"2023-10-04T00:05:45+00:00\",\"dateModified\":\"2026-02-12T16:45:47+00:00\",\"breadcrumb\":{\"@id\":\"https:\\\/\\\/www.cpl.es\\\/producto\\\/pablo-siervo-de-jesucristo-llamado-a-ser-apostol-9788498054163\\\/#breadcrumb\"},\"inLanguage\":\"ca\",\"potentialAction\":[{\"@type\":\"ReadAction\",\"target\":[\"https:\\\/\\\/www.cpl.es\\\/producto\\\/pablo-siervo-de-jesucristo-llamado-a-ser-apostol-9788498054163\\\/\"]}]},{\"@type\":\"ImageObject\",\"inLanguage\":\"ca\",\"@id\":\"https:\\\/\\\/www.cpl.es\\\/producto\\\/pablo-siervo-de-jesucristo-llamado-a-ser-apostol-9788498054163\\\/#primaryimage\",\"url\":\"https:\\\/\\\/www.cpl.es\\\/wp-content\\\/uploads\\\/108088.jpg\",\"contentUrl\":\"https:\\\/\\\/www.cpl.es\\\/wp-content\\\/uploads\\\/108088.jpg\",\"width\":280,\"height\":444,\"caption\":\"108088.jpg\"},{\"@type\":\"BreadcrumbList\",\"@id\":\"https:\\\/\\\/www.cpl.es\\\/producto\\\/pablo-siervo-de-jesucristo-llamado-a-ser-apostol-9788498054163\\\/#breadcrumb\",\"itemListElement\":[{\"@type\":\"ListItem\",\"position\":1,\"name\":\"Portada\",\"item\":\"https:\\\/\\\/www.cpl.es\\\/ca\\\/\"},{\"@type\":\"ListItem\",\"position\":2,\"name\":\"Cat\u00e0leg\",\"item\":\"https:\\\/\\\/www.cpl.es\\\/ca\\\/cataleg\\\/\"},{\"@type\":\"ListItem\",\"position\":3,\"name\":\"Pablo, siervo de Jesucristo, llamado a ser ap\u00f3stol\"}]},{\"@type\":\"WebSite\",\"@id\":\"https:\\\/\\\/www.cpl.es\\\/#website\",\"url\":\"https:\\\/\\\/www.cpl.es\\\/\",\"name\":\"CPL\",\"description\":\"Centre de Pastoral Lit\u00fargica de Barcelona\",\"publisher\":{\"@id\":\"https:\\\/\\\/www.cpl.es\\\/#organization\"},\"alternateName\":\"Centre de Pastoral Lit\u00fargica\",\"potentialAction\":[{\"@type\":\"SearchAction\",\"target\":{\"@type\":\"EntryPoint\",\"urlTemplate\":\"https:\\\/\\\/www.cpl.es\\\/?s={search_term_string}\"},\"query-input\":{\"@type\":\"PropertyValueSpecification\",\"valueRequired\":true,\"valueName\":\"search_term_string\"}}],\"inLanguage\":\"ca\"},{\"@type\":\"Organization\",\"@id\":\"https:\\\/\\\/www.cpl.es\\\/#organization\",\"name\":\"Centre de Pastoral Lit\u00fargica\",\"alternateName\":\"Centre de Pastoral Lit\u00fargica de Barcelona\",\"url\":\"https:\\\/\\\/www.cpl.es\\\/\",\"logo\":{\"@type\":\"ImageObject\",\"inLanguage\":\"ca\",\"@id\":\"https:\\\/\\\/www.cpl.es\\\/#\\\/schema\\\/logo\\\/image\\\/\",\"url\":\"https:\\\/\\\/www.cpl.es\\\/wp-content\\\/uploads\\\/logo-cpl.svg\",\"contentUrl\":\"https:\\\/\\\/www.cpl.es\\\/wp-content\\\/uploads\\\/logo-cpl.svg\",\"caption\":\"Centre de Pastoral Lit\u00fargica\"},\"image\":{\"@id\":\"https:\\\/\\\/www.cpl.es\\\/#\\\/schema\\\/logo\\\/image\\\/\"}}]}<\/script>\n<!-- \/ Yoast SEO plugin. -->","yoast_head_json":{"title":"Pablo, siervo de Jesucristo, llamado a ser ap\u00f3stol - CPL","robots":{"index":"index","follow":"follow","max-snippet":"max-snippet:-1","max-image-preview":"max-image-preview:large","max-video-preview":"max-video-preview:-1"},"canonical":"https:\/\/www.cpl.es\/producto\/pablo-siervo-de-jesucristo-llamado-a-ser-apostol-9788498054163\/","og_locale":"ca_ES","og_type":"article","og_title":"Pablo, siervo de Jesucristo, llamado a ser ap\u00f3stol - CPL","og_description":"Latorre Castillo, Jordi","og_url":"https:\/\/www.cpl.es\/producto\/pablo-siervo-de-jesucristo-llamado-a-ser-apostol-9788498054163\/","og_site_name":"CPL","article_modified_time":"2026-02-12T16:45:47+00:00","og_image":[{"width":280,"height":444,"url":"https:\/\/www.cpl.es\/wp-content\/uploads\/108088.jpg","type":"image\/jpeg"}],"twitter_card":"summary_large_image","twitter_misc":{"Temps estimat de lectura":"1 minut"},"schema":{"@context":"https:\/\/schema.org","@graph":[{"@type":"WebPage","@id":"https:\/\/www.cpl.es\/producto\/pablo-siervo-de-jesucristo-llamado-a-ser-apostol-9788498054163\/","url":"https:\/\/www.cpl.es\/producto\/pablo-siervo-de-jesucristo-llamado-a-ser-apostol-9788498054163\/","name":"Pablo, siervo de Jesucristo, llamado a ser ap\u00f3stol - CPL","isPartOf":{"@id":"https:\/\/www.cpl.es\/#website"},"primaryImageOfPage":{"@id":"https:\/\/www.cpl.es\/producto\/pablo-siervo-de-jesucristo-llamado-a-ser-apostol-9788498054163\/#primaryimage"},"image":{"@id":"https:\/\/www.cpl.es\/producto\/pablo-siervo-de-jesucristo-llamado-a-ser-apostol-9788498054163\/#primaryimage"},"thumbnailUrl":"https:\/\/www.cpl.es\/wp-content\/uploads\/108088.jpg","datePublished":"2023-10-04T00:05:45+00:00","dateModified":"2026-02-12T16:45:47+00:00","breadcrumb":{"@id":"https:\/\/www.cpl.es\/producto\/pablo-siervo-de-jesucristo-llamado-a-ser-apostol-9788498054163\/#breadcrumb"},"inLanguage":"ca","potentialAction":[{"@type":"ReadAction","target":["https:\/\/www.cpl.es\/producto\/pablo-siervo-de-jesucristo-llamado-a-ser-apostol-9788498054163\/"]}]},{"@type":"ImageObject","inLanguage":"ca","@id":"https:\/\/www.cpl.es\/producto\/pablo-siervo-de-jesucristo-llamado-a-ser-apostol-9788498054163\/#primaryimage","url":"https:\/\/www.cpl.es\/wp-content\/uploads\/108088.jpg","contentUrl":"https:\/\/www.cpl.es\/wp-content\/uploads\/108088.jpg","width":280,"height":444,"caption":"108088.jpg"},{"@type":"BreadcrumbList","@id":"https:\/\/www.cpl.es\/producto\/pablo-siervo-de-jesucristo-llamado-a-ser-apostol-9788498054163\/#breadcrumb","itemListElement":[{"@type":"ListItem","position":1,"name":"Portada","item":"https:\/\/www.cpl.es\/ca\/"},{"@type":"ListItem","position":2,"name":"Cat\u00e0leg","item":"https:\/\/www.cpl.es\/ca\/cataleg\/"},{"@type":"ListItem","position":3,"name":"Pablo, siervo de Jesucristo, llamado a ser ap\u00f3stol"}]},{"@type":"WebSite","@id":"https:\/\/www.cpl.es\/#website","url":"https:\/\/www.cpl.es\/","name":"CPL","description":"Centre de Pastoral Lit\u00fargica de Barcelona","publisher":{"@id":"https:\/\/www.cpl.es\/#organization"},"alternateName":"Centre de Pastoral Lit\u00fargica","potentialAction":[{"@type":"SearchAction","target":{"@type":"EntryPoint","urlTemplate":"https:\/\/www.cpl.es\/?s={search_term_string}"},"query-input":{"@type":"PropertyValueSpecification","valueRequired":true,"valueName":"search_term_string"}}],"inLanguage":"ca"},{"@type":"Organization","@id":"https:\/\/www.cpl.es\/#organization","name":"Centre de Pastoral Lit\u00fargica","alternateName":"Centre de Pastoral Lit\u00fargica de Barcelona","url":"https:\/\/www.cpl.es\/","logo":{"@type":"ImageObject","inLanguage":"ca","@id":"https:\/\/www.cpl.es\/#\/schema\/logo\/image\/","url":"https:\/\/www.cpl.es\/wp-content\/uploads\/logo-cpl.svg","contentUrl":"https:\/\/www.cpl.es\/wp-content\/uploads\/logo-cpl.svg","caption":"Centre de Pastoral Lit\u00fargica"},"image":{"@id":"https:\/\/www.cpl.es\/#\/schema\/logo\/image\/"}}]}},"_links":{"self":[{"href":"https:\/\/www.cpl.es\/ca\/wp-json\/wp\/v2\/product\/3208","targetHints":{"allow":["GET"]}}],"collection":[{"href":"https:\/\/www.cpl.es\/ca\/wp-json\/wp\/v2\/product"}],"about":[{"href":"https:\/\/www.cpl.es\/ca\/wp-json\/wp\/v2\/types\/product"}],"wp:featuredmedia":[{"embeddable":true,"href":"https:\/\/www.cpl.es\/ca\/wp-json\/wp\/v2\/media\/3209"}],"wp:attachment":[{"href":"https:\/\/www.cpl.es\/ca\/wp-json\/wp\/v2\/media?parent=3208"}],"wp:term":[{"taxonomy":"product_brand","embeddable":true,"href":"https:\/\/www.cpl.es\/ca\/wp-json\/wp\/v2\/product_brand?post=3208"},{"taxonomy":"product_cat","embeddable":true,"href":"https:\/\/www.cpl.es\/ca\/wp-json\/wp\/v2\/product_cat?post=3208"},{"taxonomy":"product_tag","embeddable":true,"href":"https:\/\/www.cpl.es\/ca\/wp-json\/wp\/v2\/product_tag?post=3208"}],"curies":[{"name":"wp","href":"https:\/\/api.w.org\/{rel}","templated":true}]}}