{"id":2925,"date":"2023-10-04T01:56:51","date_gmt":"2023-10-03T23:56:51","guid":{"rendered":"https:\/\/nuevaweb.cpl.es\/producto\/la-pascua-en-la-tradicion-y-en-sus-fuentes-9788498055405\/"},"modified":"2026-02-12T17:42:25","modified_gmt":"2026-02-12T16:42:25","slug":"la-pascua-en-la-tradicion-y-en-sus-fuentes-9788498055405","status":"publish","type":"product","link":"https:\/\/www.cpl.es\/ca\/producto\/la-pascua-en-la-tradicion-y-en-sus-fuentes-9788498055405\/","title":{"rendered":"La Pascua en la tradici\u00f3n y en sus fuentes"},"content":{"rendered":"<p>Una recopilaci\u00f3n de los testimonios m\u00e1s importantes, b\u00edblicos, patr\u00edsticos, can\u00f3nicos y lit\u00fargicos, referentes a la Pascua. Este es el contenido de este libro, fruto de muchos a\u00f1os de trabajo, y que pretende ayudar a descubrir el modo c\u00f3mo las comunidades cristianas han entendido la Pascua y c\u00f3mo la han celebrado a lo largo del tiempo. Un libro elaborado con una gran seriedad cient\u00edfica, pero al mismo tiempo de un uso muy accesible. <br \/>Las fuentes que el libro pone a nuestro alcance se nos ofrecen convenientemente contextualizadas, se\u00f1alando la \u00e9poca en que fueron producidas, los autores que las formularon cuando es posible saberlo, las \u00e1reas geogr\u00e1ficas en que deben situarse. Y permite, as\u00ed, recorrer el proceso hist\u00f3rico que ha ido siguiendo la celebraci\u00f3n central cristiana, su desarrollo, la formaci\u00f3n de las distintas tradiciones, tambi\u00e9n las controversias que ha originado. En definitiva, una muy valiosa aportaci\u00f3n al conocimiento lit\u00fargico, y un material imprescindible para toda persona que quiera profundizar en \u00e9l.<\/p>\n<p>Jos\u00e9 Manuel Bernal Llorente (Alfaro, La Rioja, 1936) curs\u00f3 estudios de especialidad lit\u00fargica en el Instituto Superior de Liturgia de Par\u00eds, fue catedr\u00e1tico de Teolog\u00eda Dogm\u00e1tica en la Pontificia Universidad de Santo Tom\u00e1s de Aquino en Roma y en la Facultad de Teolog\u00eda de Valencia, colabor\u00f3 asiduamente en las revistas Phase y Oraci\u00f3n de las Horas, y es autor de distintas publicaciones especialmente de tema lit\u00fargico.<\/p>\n<p><\/p>\n","protected":false},"excerpt":{"rendered":"<p>Bernal Llorente, Jos\u00e9 Manuel<\/p>\n","protected":false},"featured_media":2926,"template":"","meta":{"_acf_changed":false,"inline_featured_image":false},"product_brand":[],"product_cat":[74,46,107,62,85,109,128,108,129,130],"product_tag":[],"class_list":{"0":"post-2925","1":"product","2":"type-product","3":"status-publish","4":"has-post-thumbnail","6":"product_cat-biblioteca-liturgica-colleccions-catala","7":"product_cat-biblioteca-liturgica","8":"product_cat-cuaresma","9":"product_cat-historia-de-la-liturgia","10":"product_cat-historia-de-la-liturgia-per-temes-catala","11":"product_cat-tiempo-de-pascua","12":"product_cat-quaresma","13":"product_cat-semana-santa-triduo-pascual","14":"product_cat-setmana-santa-tridu-pasqual","15":"product_cat-temps-de-pasqua","17":"first","18":"instock","19":"taxable","20":"shipping-taxable","21":"purchasable","22":"product-type-simple"},"acf":{"autor":"Bernal Llorente, Jos\u00e9 Manuel","codart":"111041","ediciones":"1","encuadernacion":"R\u00fastica","fecha_de_publicacion":"03\/02\/2012","novedad":false,"paginas":"256","subtitulo":"","orden":"45","portada":false,"idioma":"spa","editorial":[{"ID":6736,"post_author":"2","post_date":"2023-10-06 08:35:24","post_date_gmt":"2023-10-06 06:35:24","post_content":"","post_title":"CPL","post_excerpt":"","post_status":"publish","comment_status":"closed","ping_status":"closed","post_password":"","post_name":"cpl","to_ping":"","pinged":"","post_modified":"2023-10-06 08:35:24","post_modified_gmt":"2023-10-06 06:35:24","post_content_filtered":"","post_parent":0,"guid":"https:\/\/nuevaweb.cpl.es\/editorial\/cpl\/","menu_order":0,"post_type":"editorial","post_mime_type":"","comment_count":"0","filter":"raw"}],"coleccion_num":"41"},"yoast_head":"<!-- This site is optimized with the Yoast SEO plugin v27.3 - https:\/\/yoast.com\/product\/yoast-seo-wordpress\/ -->\n<title>La Pascua en la tradici\u00f3n y en sus fuentes - CPL<\/title>\n<meta name=\"robots\" content=\"index, follow, max-snippet:-1, max-image-preview:large, max-video-preview:-1\" \/>\n<link rel=\"canonical\" href=\"https:\/\/www.cpl.es\/producto\/la-pascua-en-la-tradicion-y-en-sus-fuentes-9788498055405\/\" \/>\n<meta property=\"og:locale\" content=\"ca_ES\" \/>\n<meta property=\"og:type\" content=\"article\" \/>\n<meta property=\"og:title\" content=\"La Pascua en la tradici\u00f3n y en sus fuentes - CPL\" \/>\n<meta property=\"og:description\" content=\"Bernal Llorente, Jos\u00e9 Manuel\" \/>\n<meta property=\"og:url\" content=\"https:\/\/www.cpl.es\/producto\/la-pascua-en-la-tradicion-y-en-sus-fuentes-9788498055405\/\" \/>\n<meta property=\"og:site_name\" content=\"CPL\" \/>\n<meta property=\"article:modified_time\" content=\"2026-02-12T16:42:25+00:00\" \/>\n<meta property=\"og:image\" content=\"https:\/\/www.cpl.es\/wp-content\/uploads\/111041.jpg\" \/>\n\t<meta property=\"og:image:width\" content=\"240\" \/>\n\t<meta property=\"og:image:height\" content=\"346\" \/>\n\t<meta property=\"og:image:type\" content=\"image\/jpeg\" \/>\n<meta name=\"twitter:card\" content=\"summary_large_image\" \/>\n<meta name=\"twitter:label1\" content=\"Temps estimat de lectura\" \/>\n\t<meta name=\"twitter:data1\" content=\"1 minut\" \/>\n<script type=\"application\/ld+json\" class=\"yoast-schema-graph\">{\"@context\":\"https:\\\/\\\/schema.org\",\"@graph\":[{\"@type\":\"WebPage\",\"@id\":\"https:\\\/\\\/www.cpl.es\\\/producto\\\/la-pascua-en-la-tradicion-y-en-sus-fuentes-9788498055405\\\/\",\"url\":\"https:\\\/\\\/www.cpl.es\\\/producto\\\/la-pascua-en-la-tradicion-y-en-sus-fuentes-9788498055405\\\/\",\"name\":\"La Pascua en la tradici\u00f3n y en sus fuentes - CPL\",\"isPartOf\":{\"@id\":\"https:\\\/\\\/www.cpl.es\\\/#website\"},\"primaryImageOfPage\":{\"@id\":\"https:\\\/\\\/www.cpl.es\\\/producto\\\/la-pascua-en-la-tradicion-y-en-sus-fuentes-9788498055405\\\/#primaryimage\"},\"image\":{\"@id\":\"https:\\\/\\\/www.cpl.es\\\/producto\\\/la-pascua-en-la-tradicion-y-en-sus-fuentes-9788498055405\\\/#primaryimage\"},\"thumbnailUrl\":\"https:\\\/\\\/www.cpl.es\\\/wp-content\\\/uploads\\\/111041.jpg\",\"datePublished\":\"2023-10-03T23:56:51+00:00\",\"dateModified\":\"2026-02-12T16:42:25+00:00\",\"breadcrumb\":{\"@id\":\"https:\\\/\\\/www.cpl.es\\\/producto\\\/la-pascua-en-la-tradicion-y-en-sus-fuentes-9788498055405\\\/#breadcrumb\"},\"inLanguage\":\"ca\",\"potentialAction\":[{\"@type\":\"ReadAction\",\"target\":[\"https:\\\/\\\/www.cpl.es\\\/producto\\\/la-pascua-en-la-tradicion-y-en-sus-fuentes-9788498055405\\\/\"]}]},{\"@type\":\"ImageObject\",\"inLanguage\":\"ca\",\"@id\":\"https:\\\/\\\/www.cpl.es\\\/producto\\\/la-pascua-en-la-tradicion-y-en-sus-fuentes-9788498055405\\\/#primaryimage\",\"url\":\"https:\\\/\\\/www.cpl.es\\\/wp-content\\\/uploads\\\/111041.jpg\",\"contentUrl\":\"https:\\\/\\\/www.cpl.es\\\/wp-content\\\/uploads\\\/111041.jpg\",\"width\":240,\"height\":346,\"caption\":\"111041.jpg\"},{\"@type\":\"BreadcrumbList\",\"@id\":\"https:\\\/\\\/www.cpl.es\\\/producto\\\/la-pascua-en-la-tradicion-y-en-sus-fuentes-9788498055405\\\/#breadcrumb\",\"itemListElement\":[{\"@type\":\"ListItem\",\"position\":1,\"name\":\"Portada\",\"item\":\"https:\\\/\\\/www.cpl.es\\\/ca\\\/\"},{\"@type\":\"ListItem\",\"position\":2,\"name\":\"Cat\u00e0leg\",\"item\":\"https:\\\/\\\/www.cpl.es\\\/ca\\\/cataleg\\\/\"},{\"@type\":\"ListItem\",\"position\":3,\"name\":\"La Pascua en la tradici\u00f3n y en sus fuentes\"}]},{\"@type\":\"WebSite\",\"@id\":\"https:\\\/\\\/www.cpl.es\\\/#website\",\"url\":\"https:\\\/\\\/www.cpl.es\\\/\",\"name\":\"CPL\",\"description\":\"Centre de Pastoral Lit\u00fargica de Barcelona\",\"publisher\":{\"@id\":\"https:\\\/\\\/www.cpl.es\\\/#organization\"},\"alternateName\":\"Centre de Pastoral Lit\u00fargica\",\"potentialAction\":[{\"@type\":\"SearchAction\",\"target\":{\"@type\":\"EntryPoint\",\"urlTemplate\":\"https:\\\/\\\/www.cpl.es\\\/?s={search_term_string}\"},\"query-input\":{\"@type\":\"PropertyValueSpecification\",\"valueRequired\":true,\"valueName\":\"search_term_string\"}}],\"inLanguage\":\"ca\"},{\"@type\":\"Organization\",\"@id\":\"https:\\\/\\\/www.cpl.es\\\/#organization\",\"name\":\"Centre de Pastoral Lit\u00fargica\",\"alternateName\":\"Centre de Pastoral Lit\u00fargica de Barcelona\",\"url\":\"https:\\\/\\\/www.cpl.es\\\/\",\"logo\":{\"@type\":\"ImageObject\",\"inLanguage\":\"ca\",\"@id\":\"https:\\\/\\\/www.cpl.es\\\/#\\\/schema\\\/logo\\\/image\\\/\",\"url\":\"https:\\\/\\\/www.cpl.es\\\/wp-content\\\/uploads\\\/logo-cpl.svg\",\"contentUrl\":\"https:\\\/\\\/www.cpl.es\\\/wp-content\\\/uploads\\\/logo-cpl.svg\",\"caption\":\"Centre de Pastoral Lit\u00fargica\"},\"image\":{\"@id\":\"https:\\\/\\\/www.cpl.es\\\/#\\\/schema\\\/logo\\\/image\\\/\"}}]}<\/script>\n<!-- \/ Yoast SEO plugin. -->","yoast_head_json":{"title":"La Pascua en la tradici\u00f3n y en sus fuentes - CPL","robots":{"index":"index","follow":"follow","max-snippet":"max-snippet:-1","max-image-preview":"max-image-preview:large","max-video-preview":"max-video-preview:-1"},"canonical":"https:\/\/www.cpl.es\/producto\/la-pascua-en-la-tradicion-y-en-sus-fuentes-9788498055405\/","og_locale":"ca_ES","og_type":"article","og_title":"La Pascua en la tradici\u00f3n y en sus fuentes - CPL","og_description":"Bernal Llorente, Jos\u00e9 Manuel","og_url":"https:\/\/www.cpl.es\/producto\/la-pascua-en-la-tradicion-y-en-sus-fuentes-9788498055405\/","og_site_name":"CPL","article_modified_time":"2026-02-12T16:42:25+00:00","og_image":[{"width":240,"height":346,"url":"https:\/\/www.cpl.es\/wp-content\/uploads\/111041.jpg","type":"image\/jpeg"}],"twitter_card":"summary_large_image","twitter_misc":{"Temps estimat de lectura":"1 minut"},"schema":{"@context":"https:\/\/schema.org","@graph":[{"@type":"WebPage","@id":"https:\/\/www.cpl.es\/producto\/la-pascua-en-la-tradicion-y-en-sus-fuentes-9788498055405\/","url":"https:\/\/www.cpl.es\/producto\/la-pascua-en-la-tradicion-y-en-sus-fuentes-9788498055405\/","name":"La Pascua en la tradici\u00f3n y en sus fuentes - CPL","isPartOf":{"@id":"https:\/\/www.cpl.es\/#website"},"primaryImageOfPage":{"@id":"https:\/\/www.cpl.es\/producto\/la-pascua-en-la-tradicion-y-en-sus-fuentes-9788498055405\/#primaryimage"},"image":{"@id":"https:\/\/www.cpl.es\/producto\/la-pascua-en-la-tradicion-y-en-sus-fuentes-9788498055405\/#primaryimage"},"thumbnailUrl":"https:\/\/www.cpl.es\/wp-content\/uploads\/111041.jpg","datePublished":"2023-10-03T23:56:51+00:00","dateModified":"2026-02-12T16:42:25+00:00","breadcrumb":{"@id":"https:\/\/www.cpl.es\/producto\/la-pascua-en-la-tradicion-y-en-sus-fuentes-9788498055405\/#breadcrumb"},"inLanguage":"ca","potentialAction":[{"@type":"ReadAction","target":["https:\/\/www.cpl.es\/producto\/la-pascua-en-la-tradicion-y-en-sus-fuentes-9788498055405\/"]}]},{"@type":"ImageObject","inLanguage":"ca","@id":"https:\/\/www.cpl.es\/producto\/la-pascua-en-la-tradicion-y-en-sus-fuentes-9788498055405\/#primaryimage","url":"https:\/\/www.cpl.es\/wp-content\/uploads\/111041.jpg","contentUrl":"https:\/\/www.cpl.es\/wp-content\/uploads\/111041.jpg","width":240,"height":346,"caption":"111041.jpg"},{"@type":"BreadcrumbList","@id":"https:\/\/www.cpl.es\/producto\/la-pascua-en-la-tradicion-y-en-sus-fuentes-9788498055405\/#breadcrumb","itemListElement":[{"@type":"ListItem","position":1,"name":"Portada","item":"https:\/\/www.cpl.es\/ca\/"},{"@type":"ListItem","position":2,"name":"Cat\u00e0leg","item":"https:\/\/www.cpl.es\/ca\/cataleg\/"},{"@type":"ListItem","position":3,"name":"La Pascua en la tradici\u00f3n y en sus fuentes"}]},{"@type":"WebSite","@id":"https:\/\/www.cpl.es\/#website","url":"https:\/\/www.cpl.es\/","name":"CPL","description":"Centre de Pastoral Lit\u00fargica de Barcelona","publisher":{"@id":"https:\/\/www.cpl.es\/#organization"},"alternateName":"Centre de Pastoral Lit\u00fargica","potentialAction":[{"@type":"SearchAction","target":{"@type":"EntryPoint","urlTemplate":"https:\/\/www.cpl.es\/?s={search_term_string}"},"query-input":{"@type":"PropertyValueSpecification","valueRequired":true,"valueName":"search_term_string"}}],"inLanguage":"ca"},{"@type":"Organization","@id":"https:\/\/www.cpl.es\/#organization","name":"Centre de Pastoral Lit\u00fargica","alternateName":"Centre de Pastoral Lit\u00fargica de Barcelona","url":"https:\/\/www.cpl.es\/","logo":{"@type":"ImageObject","inLanguage":"ca","@id":"https:\/\/www.cpl.es\/#\/schema\/logo\/image\/","url":"https:\/\/www.cpl.es\/wp-content\/uploads\/logo-cpl.svg","contentUrl":"https:\/\/www.cpl.es\/wp-content\/uploads\/logo-cpl.svg","caption":"Centre de Pastoral Lit\u00fargica"},"image":{"@id":"https:\/\/www.cpl.es\/#\/schema\/logo\/image\/"}}]}},"_links":{"self":[{"href":"https:\/\/www.cpl.es\/ca\/wp-json\/wp\/v2\/product\/2925","targetHints":{"allow":["GET"]}}],"collection":[{"href":"https:\/\/www.cpl.es\/ca\/wp-json\/wp\/v2\/product"}],"about":[{"href":"https:\/\/www.cpl.es\/ca\/wp-json\/wp\/v2\/types\/product"}],"wp:featuredmedia":[{"embeddable":true,"href":"https:\/\/www.cpl.es\/ca\/wp-json\/wp\/v2\/media\/2926"}],"wp:attachment":[{"href":"https:\/\/www.cpl.es\/ca\/wp-json\/wp\/v2\/media?parent=2925"}],"wp:term":[{"taxonomy":"product_brand","embeddable":true,"href":"https:\/\/www.cpl.es\/ca\/wp-json\/wp\/v2\/product_brand?post=2925"},{"taxonomy":"product_cat","embeddable":true,"href":"https:\/\/www.cpl.es\/ca\/wp-json\/wp\/v2\/product_cat?post=2925"},{"taxonomy":"product_tag","embeddable":true,"href":"https:\/\/www.cpl.es\/ca\/wp-json\/wp\/v2\/product_tag?post=2925"}],"curies":[{"name":"wp","href":"https:\/\/api.w.org\/{rel}","templated":true}]}}