{"id":2898,"date":"2023-10-04T01:56:03","date_gmt":"2023-10-03T23:56:03","guid":{"rendered":"https:\/\/nuevaweb.cpl.es\/producto\/dieciseis-via-crucis-9788498055382\/"},"modified":"2024-01-31T11:23:16","modified_gmt":"2024-01-31T10:23:16","slug":"dieciseis-via-crucis-9788498055382","status":"publish","type":"product","link":"https:\/\/www.cpl.es\/ca\/producto\/dieciseis-via-crucis-9788498055382\/","title":{"rendered":"Diecis\u00e9is v\u00eda crucis"},"content":{"rendered":"<p>Un amplia selecci\u00f3n de v\u00eda crucis, algunos ya publicados y otros nuevos, siguiendo las estaciones tradicionales o siguiendo los relatos evang\u00e9licos. Para vivir mejor esta valiosa pr\u00e1ctica cristiana.<\/p>\n<p>Una amplia recopilaci\u00f3n de v\u00eda crucis, de distintas formas y estilos, una parte ya publicados y otros totalmente nuevos, unos con las estaciones tradicionales y otros siguiendo los relatos evang\u00e9licos, e incluso uno reducido, con s\u00f3lo siete estaciones, para iniciar a los ni\u00f1os en esta tradicional forma de revivir la pasi\u00f3n de Cristo.<br \/>La pr\u00e1ctica del v\u00eda crucis, tan antigua y popular, que tiene su lugar m\u00e1s propio en el tiempo de Cuaresma pero que puede realizarse en cualquier otra \u00e9poca del a\u00f1o, es sin duda una magn\u00edfica forma de acercarse vivencialmente, contemplativamente, a este momento central de la historia de la salvaci\u00f3n: los \u00faltimos momentos de la vida de Jes\u00fas, su camino hasta el Calvario, donde, entregando su vida, abri\u00f3 las puertas de la vida m\u00e1s plena para toda la humanidad. Y una magn\u00edfica forma, tambi\u00e9n, para comprender mejor lo que este camino debe significar para nuestras vidas, para ser aut\u00e9nticamente cristianos en este mundo nuestro.<\/p>\n","protected":false},"excerpt":{"rendered":"<p>vv.aa.<\/p>\n","protected":false},"featured_media":2899,"template":"","meta":{"_acf_changed":false,"inline_featured_image":false},"product_brand":[],"product_cat":[75,44,64,87,108,129],"product_tag":[],"class_list":{"0":"post-2898","1":"product","2":"type-product","3":"status-publish","4":"has-post-thumbnail","6":"product_cat-dossiers-cpl-colleccions-catala","7":"product_cat-dossiers-cpl","8":"product_cat-religiosidad-popular","9":"product_cat-religiositat-popular","10":"product_cat-semana-santa-triduo-pascual","11":"product_cat-setmana-santa-tridu-pasqual","13":"first","14":"instock","15":"taxable","16":"shipping-taxable","17":"purchasable","18":"product-type-simple"},"acf":{"autor":"vv.aa.","codart":"101123","ediciones":"1","encuadernacion":"R\u00fastica","fecha_de_publicacion":"11\/04\/2019","novedad":false,"paginas":"168","subtitulo":"","orden":"5","portada":false,"idioma":"spa","editorial":[{"ID":6736,"post_author":"2","post_date":"2023-10-06 08:35:24","post_date_gmt":"2023-10-06 06:35:24","post_content":"","post_title":"CPL","post_excerpt":"","post_status":"publish","comment_status":"closed","ping_status":"closed","post_password":"","post_name":"cpl","to_ping":"","pinged":"","post_modified":"2023-10-06 08:35:24","post_modified_gmt":"2023-10-06 06:35:24","post_content_filtered":"","post_parent":0,"guid":"https:\/\/nuevaweb.cpl.es\/editorial\/cpl\/","menu_order":0,"post_type":"editorial","post_mime_type":"","comment_count":"0","filter":"raw"}]},"yoast_head":"<!-- This site is optimized with the Yoast SEO plugin v27.3 - https:\/\/yoast.com\/product\/yoast-seo-wordpress\/ -->\n<title>Diecis\u00e9is v\u00eda crucis - CPL<\/title>\n<meta name=\"robots\" content=\"index, follow, max-snippet:-1, max-image-preview:large, max-video-preview:-1\" \/>\n<link rel=\"canonical\" href=\"https:\/\/www.cpl.es\/producto\/dieciseis-via-crucis-9788498055382\/\" \/>\n<meta property=\"og:locale\" content=\"ca_ES\" \/>\n<meta property=\"og:type\" content=\"article\" \/>\n<meta property=\"og:title\" content=\"Diecis\u00e9is v\u00eda crucis - CPL\" \/>\n<meta property=\"og:description\" content=\"vv.aa.\" \/>\n<meta property=\"og:url\" content=\"https:\/\/www.cpl.es\/producto\/dieciseis-via-crucis-9788498055382\/\" \/>\n<meta property=\"og:site_name\" content=\"CPL\" \/>\n<meta property=\"article:modified_time\" content=\"2024-01-31T10:23:16+00:00\" \/>\n<meta property=\"og:image\" content=\"https:\/\/www.cpl.es\/wp-content\/uploads\/101123.jpg\" \/>\n\t<meta property=\"og:image:width\" content=\"280\" \/>\n\t<meta property=\"og:image:height\" content=\"373\" \/>\n\t<meta property=\"og:image:type\" content=\"image\/jpeg\" \/>\n<meta name=\"twitter:card\" content=\"summary_large_image\" \/>\n<meta name=\"twitter:label1\" content=\"Temps estimat de lectura\" \/>\n\t<meta name=\"twitter:data1\" content=\"1 minut\" \/>\n<script type=\"application\/ld+json\" class=\"yoast-schema-graph\">{\"@context\":\"https:\\\/\\\/schema.org\",\"@graph\":[{\"@type\":\"WebPage\",\"@id\":\"https:\\\/\\\/www.cpl.es\\\/producto\\\/dieciseis-via-crucis-9788498055382\\\/\",\"url\":\"https:\\\/\\\/www.cpl.es\\\/producto\\\/dieciseis-via-crucis-9788498055382\\\/\",\"name\":\"Diecis\u00e9is v\u00eda crucis - CPL\",\"isPartOf\":{\"@id\":\"https:\\\/\\\/www.cpl.es\\\/#website\"},\"primaryImageOfPage\":{\"@id\":\"https:\\\/\\\/www.cpl.es\\\/producto\\\/dieciseis-via-crucis-9788498055382\\\/#primaryimage\"},\"image\":{\"@id\":\"https:\\\/\\\/www.cpl.es\\\/producto\\\/dieciseis-via-crucis-9788498055382\\\/#primaryimage\"},\"thumbnailUrl\":\"https:\\\/\\\/www.cpl.es\\\/wp-content\\\/uploads\\\/101123.jpg\",\"datePublished\":\"2023-10-03T23:56:03+00:00\",\"dateModified\":\"2024-01-31T10:23:16+00:00\",\"breadcrumb\":{\"@id\":\"https:\\\/\\\/www.cpl.es\\\/producto\\\/dieciseis-via-crucis-9788498055382\\\/#breadcrumb\"},\"inLanguage\":\"ca\",\"potentialAction\":[{\"@type\":\"ReadAction\",\"target\":[\"https:\\\/\\\/www.cpl.es\\\/producto\\\/dieciseis-via-crucis-9788498055382\\\/\"]}]},{\"@type\":\"ImageObject\",\"inLanguage\":\"ca\",\"@id\":\"https:\\\/\\\/www.cpl.es\\\/producto\\\/dieciseis-via-crucis-9788498055382\\\/#primaryimage\",\"url\":\"https:\\\/\\\/www.cpl.es\\\/wp-content\\\/uploads\\\/101123.jpg\",\"contentUrl\":\"https:\\\/\\\/www.cpl.es\\\/wp-content\\\/uploads\\\/101123.jpg\",\"width\":280,\"height\":373,\"caption\":\"101123.jpg\"},{\"@type\":\"BreadcrumbList\",\"@id\":\"https:\\\/\\\/www.cpl.es\\\/producto\\\/dieciseis-via-crucis-9788498055382\\\/#breadcrumb\",\"itemListElement\":[{\"@type\":\"ListItem\",\"position\":1,\"name\":\"Portada\",\"item\":\"https:\\\/\\\/www.cpl.es\\\/ca\\\/\"},{\"@type\":\"ListItem\",\"position\":2,\"name\":\"Cat\u00e0leg\",\"item\":\"https:\\\/\\\/www.cpl.es\\\/ca\\\/cataleg\\\/\"},{\"@type\":\"ListItem\",\"position\":3,\"name\":\"Diecis\u00e9is v\u00eda crucis\"}]},{\"@type\":\"WebSite\",\"@id\":\"https:\\\/\\\/www.cpl.es\\\/#website\",\"url\":\"https:\\\/\\\/www.cpl.es\\\/\",\"name\":\"CPL\",\"description\":\"Centre de Pastoral Lit\u00fargica de Barcelona\",\"publisher\":{\"@id\":\"https:\\\/\\\/www.cpl.es\\\/#organization\"},\"alternateName\":\"Centre de Pastoral Lit\u00fargica\",\"potentialAction\":[{\"@type\":\"SearchAction\",\"target\":{\"@type\":\"EntryPoint\",\"urlTemplate\":\"https:\\\/\\\/www.cpl.es\\\/?s={search_term_string}\"},\"query-input\":{\"@type\":\"PropertyValueSpecification\",\"valueRequired\":true,\"valueName\":\"search_term_string\"}}],\"inLanguage\":\"ca\"},{\"@type\":\"Organization\",\"@id\":\"https:\\\/\\\/www.cpl.es\\\/#organization\",\"name\":\"Centre de Pastoral Lit\u00fargica\",\"alternateName\":\"Centre de Pastoral Lit\u00fargica de Barcelona\",\"url\":\"https:\\\/\\\/www.cpl.es\\\/\",\"logo\":{\"@type\":\"ImageObject\",\"inLanguage\":\"ca\",\"@id\":\"https:\\\/\\\/www.cpl.es\\\/#\\\/schema\\\/logo\\\/image\\\/\",\"url\":\"https:\\\/\\\/www.cpl.es\\\/wp-content\\\/uploads\\\/logo-cpl.svg\",\"contentUrl\":\"https:\\\/\\\/www.cpl.es\\\/wp-content\\\/uploads\\\/logo-cpl.svg\",\"caption\":\"Centre de Pastoral Lit\u00fargica\"},\"image\":{\"@id\":\"https:\\\/\\\/www.cpl.es\\\/#\\\/schema\\\/logo\\\/image\\\/\"}}]}<\/script>\n<!-- \/ Yoast SEO plugin. -->","yoast_head_json":{"title":"Diecis\u00e9is v\u00eda crucis - CPL","robots":{"index":"index","follow":"follow","max-snippet":"max-snippet:-1","max-image-preview":"max-image-preview:large","max-video-preview":"max-video-preview:-1"},"canonical":"https:\/\/www.cpl.es\/producto\/dieciseis-via-crucis-9788498055382\/","og_locale":"ca_ES","og_type":"article","og_title":"Diecis\u00e9is v\u00eda crucis - CPL","og_description":"vv.aa.","og_url":"https:\/\/www.cpl.es\/producto\/dieciseis-via-crucis-9788498055382\/","og_site_name":"CPL","article_modified_time":"2024-01-31T10:23:16+00:00","og_image":[{"width":280,"height":373,"url":"https:\/\/www.cpl.es\/wp-content\/uploads\/101123.jpg","type":"image\/jpeg"}],"twitter_card":"summary_large_image","twitter_misc":{"Temps estimat de lectura":"1 minut"},"schema":{"@context":"https:\/\/schema.org","@graph":[{"@type":"WebPage","@id":"https:\/\/www.cpl.es\/producto\/dieciseis-via-crucis-9788498055382\/","url":"https:\/\/www.cpl.es\/producto\/dieciseis-via-crucis-9788498055382\/","name":"Diecis\u00e9is v\u00eda crucis - CPL","isPartOf":{"@id":"https:\/\/www.cpl.es\/#website"},"primaryImageOfPage":{"@id":"https:\/\/www.cpl.es\/producto\/dieciseis-via-crucis-9788498055382\/#primaryimage"},"image":{"@id":"https:\/\/www.cpl.es\/producto\/dieciseis-via-crucis-9788498055382\/#primaryimage"},"thumbnailUrl":"https:\/\/www.cpl.es\/wp-content\/uploads\/101123.jpg","datePublished":"2023-10-03T23:56:03+00:00","dateModified":"2024-01-31T10:23:16+00:00","breadcrumb":{"@id":"https:\/\/www.cpl.es\/producto\/dieciseis-via-crucis-9788498055382\/#breadcrumb"},"inLanguage":"ca","potentialAction":[{"@type":"ReadAction","target":["https:\/\/www.cpl.es\/producto\/dieciseis-via-crucis-9788498055382\/"]}]},{"@type":"ImageObject","inLanguage":"ca","@id":"https:\/\/www.cpl.es\/producto\/dieciseis-via-crucis-9788498055382\/#primaryimage","url":"https:\/\/www.cpl.es\/wp-content\/uploads\/101123.jpg","contentUrl":"https:\/\/www.cpl.es\/wp-content\/uploads\/101123.jpg","width":280,"height":373,"caption":"101123.jpg"},{"@type":"BreadcrumbList","@id":"https:\/\/www.cpl.es\/producto\/dieciseis-via-crucis-9788498055382\/#breadcrumb","itemListElement":[{"@type":"ListItem","position":1,"name":"Portada","item":"https:\/\/www.cpl.es\/ca\/"},{"@type":"ListItem","position":2,"name":"Cat\u00e0leg","item":"https:\/\/www.cpl.es\/ca\/cataleg\/"},{"@type":"ListItem","position":3,"name":"Diecis\u00e9is v\u00eda crucis"}]},{"@type":"WebSite","@id":"https:\/\/www.cpl.es\/#website","url":"https:\/\/www.cpl.es\/","name":"CPL","description":"Centre de Pastoral Lit\u00fargica de Barcelona","publisher":{"@id":"https:\/\/www.cpl.es\/#organization"},"alternateName":"Centre de Pastoral Lit\u00fargica","potentialAction":[{"@type":"SearchAction","target":{"@type":"EntryPoint","urlTemplate":"https:\/\/www.cpl.es\/?s={search_term_string}"},"query-input":{"@type":"PropertyValueSpecification","valueRequired":true,"valueName":"search_term_string"}}],"inLanguage":"ca"},{"@type":"Organization","@id":"https:\/\/www.cpl.es\/#organization","name":"Centre de Pastoral Lit\u00fargica","alternateName":"Centre de Pastoral Lit\u00fargica de Barcelona","url":"https:\/\/www.cpl.es\/","logo":{"@type":"ImageObject","inLanguage":"ca","@id":"https:\/\/www.cpl.es\/#\/schema\/logo\/image\/","url":"https:\/\/www.cpl.es\/wp-content\/uploads\/logo-cpl.svg","contentUrl":"https:\/\/www.cpl.es\/wp-content\/uploads\/logo-cpl.svg","caption":"Centre de Pastoral Lit\u00fargica"},"image":{"@id":"https:\/\/www.cpl.es\/#\/schema\/logo\/image\/"}}]}},"_links":{"self":[{"href":"https:\/\/www.cpl.es\/ca\/wp-json\/wp\/v2\/product\/2898","targetHints":{"allow":["GET"]}}],"collection":[{"href":"https:\/\/www.cpl.es\/ca\/wp-json\/wp\/v2\/product"}],"about":[{"href":"https:\/\/www.cpl.es\/ca\/wp-json\/wp\/v2\/types\/product"}],"wp:featuredmedia":[{"embeddable":true,"href":"https:\/\/www.cpl.es\/ca\/wp-json\/wp\/v2\/media\/2899"}],"wp:attachment":[{"href":"https:\/\/www.cpl.es\/ca\/wp-json\/wp\/v2\/media?parent=2898"}],"wp:term":[{"taxonomy":"product_brand","embeddable":true,"href":"https:\/\/www.cpl.es\/ca\/wp-json\/wp\/v2\/product_brand?post=2898"},{"taxonomy":"product_cat","embeddable":true,"href":"https:\/\/www.cpl.es\/ca\/wp-json\/wp\/v2\/product_cat?post=2898"},{"taxonomy":"product_tag","embeddable":true,"href":"https:\/\/www.cpl.es\/ca\/wp-json\/wp\/v2\/product_tag?post=2898"}],"curies":[{"name":"wp","href":"https:\/\/api.w.org\/{rel}","templated":true}]}}