{"id":23119,"date":"2026-01-26T08:53:01","date_gmt":"2026-01-26T07:53:01","guid":{"rendered":"https:\/\/www.cpl.es\/producto\/levangeli-de-mateu-edicio-comentada-9788491657347\/"},"modified":"2026-03-19T16:08:05","modified_gmt":"2026-03-19T15:08:05","slug":"levangeli-de-mateu-edicio-comentada-9788491657347","status":"publish","type":"product","link":"https:\/\/www.cpl.es\/ca\/producto\/levangeli-de-mateu-edicio-comentada-9788491657347\/","title":{"rendered":"L&#8217;evangeli de Mateu. Edici\u00f3 comentada"},"content":{"rendered":"<p>L\u2019Evangeli de Mateu \u00e9s el primer dels vint-i-set llibres que formen el Nou Testament. El text dels quatre evangelis recull els relats sobre la vida, fets i paraules de Jes\u00fas, transmesos oralment pels seus seguidors, fins que passats uns anys van esdevenir escriptura.<\/p>\n<p>L\u2019Evangeli \u00e9s la Bona Not\u00edcia absoluta perqu\u00e8 ve del mateix D\u00e9u, Creador de l\u2019univers. Aqu\u00ed se\u2019ns dona a con\u00e8ixer una hist\u00f2ria que salva perqu\u00e8 omple de sentit les nostres vides. D\u00e9u ha volgut que conegu\u00e9ssim Jes\u00fas, el seu Fill, que ha nascut de Maria. La vida de Jes\u00fas i el seu missatge se situa en un moment concret de la hist\u00f2ria: Jes\u00fas va morir clavat en una creu a Jerusalem, l\u2019any 30 de la nostra era, perqu\u00e8 el seu missatge no va agradar als poderosos d\u2019aquell temps (ni de cap altre temps). Uns homes van fer morir Jes\u00fas, per\u00f2 D\u00e9u el va ressuscitar d\u2019entre els morts. Com el Ressuscitat, Jes\u00fas \u00e9s present en la vida de les comunitats de seguidors de Jes\u00fas de Natzaret. Som els qui formem l\u2019Esgl\u00e9sia.<\/p>\n<p>Aquesta edici\u00f3 incorpora notes breus i molt accessibles, destacades en requadres de colors, que ajudaran a entendre millor cada passatge del text: qui s\u00f3n els personatges que hi apareixen, qu\u00e8 significaven les paraules o expressions concretes en el seu temps, o quina relaci\u00f3 tenen amb altres textos de la B\u00edblia.<\/p>\n","protected":false},"excerpt":{"rendered":"<p>vv.aa.<\/p>\n","protected":false},"featured_media":28438,"template":"","meta":{"_acf_changed":false,"inline_featured_image":false},"product_brand":[],"product_cat":[67],"product_tag":[],"class_list":{"0":"post-23119","1":"product","2":"type-product","3":"status-publish","4":"has-post-thumbnail","6":"product_cat-altres-publicacions","8":"first","9":"instock","10":"taxable","11":"shipping-taxable","12":"purchasable","13":"product-type-simple"},"acf":{"autor":"vv.aa.","codart":"250057","ediciones":"1","encuadernacion":"R\u00fastica","fecha_de_publicacion":"23\/01\/2026","novedad":false,"paginas":"0","subtitulo":"","orden":"999","portada":false,"idioma":"cat","coleccion_num":"0","editorial":[{"ID":6736,"post_author":"2","post_date":"2023-10-06 08:35:24","post_date_gmt":"2023-10-06 06:35:24","post_content":"","post_title":"CPL","post_excerpt":"","post_status":"publish","comment_status":"closed","ping_status":"closed","post_password":"","post_name":"cpl","to_ping":"","pinged":"","post_modified":"2023-10-06 08:35:24","post_modified_gmt":"2023-10-06 06:35:24","post_content_filtered":"","post_parent":0,"guid":"https:\/\/nuevaweb.cpl.es\/editorial\/cpl\/","menu_order":0,"post_type":"editorial","post_mime_type":"","comment_count":"0","filter":"raw"}],"autores-libros":"","traductores-libros":"","ilustradores-libros":"","coleccion":"","formato":"","ficha":"","muestra":"","presentacion":"","booktrailer":"","Venta_ebook_1_url":"","Venta_ebook_1_tienda":"","Venta_ebook_1_precio":"","Venta_ebook_2_url":"","Venta_ebook_2_tienda":"","Venta_ebook_2_precio":"","Venta_ebook_3_url":"","Venta_ebook_3_tienda":"","Venta_ebook_3_precio":"","Venta_ebook_4_url":"","Venta_ebook_4_tienda":"","Venta_ebook_4_precio":"","Venta_ebook_5_url":"","Venta_ebook_5_tienda":"","Venta_ebook_5_precio":"","Venta_ebook_6_url":"","Venta_ebook_6_tienda":"","Venta_ebook_6_precio":"","recomendamos":"","mas_vendido":"","tarifa":""},"yoast_head":"<!-- This site is optimized with the Yoast SEO plugin v27.3 - https:\/\/yoast.com\/product\/yoast-seo-wordpress\/ -->\n<title>L&#039;evangeli de Mateu. Edici\u00f3 comentada - CPL<\/title>\n<meta name=\"robots\" content=\"index, follow, max-snippet:-1, max-image-preview:large, max-video-preview:-1\" \/>\n<link rel=\"canonical\" href=\"https:\/\/www.cpl.es\/producto\/levangeli-de-mateu-edicio-comentada-9788491657347\/\" \/>\n<meta property=\"og:locale\" content=\"ca_ES\" \/>\n<meta property=\"og:type\" content=\"article\" \/>\n<meta property=\"og:title\" content=\"L&#039;evangeli de Mateu. Edici\u00f3 comentada - CPL\" \/>\n<meta property=\"og:description\" content=\"vv.aa.\" \/>\n<meta property=\"og:url\" content=\"https:\/\/www.cpl.es\/producto\/levangeli-de-mateu-edicio-comentada-9788491657347\/\" \/>\n<meta property=\"og:site_name\" content=\"CPL\" \/>\n<meta property=\"article:modified_time\" content=\"2026-03-19T15:08:05+00:00\" \/>\n<meta property=\"og:image\" content=\"https:\/\/www.cpl.es\/wp-content\/uploads\/9788491657347-5.jpg\" \/>\n\t<meta property=\"og:image:width\" content=\"216\" \/>\n\t<meta property=\"og:image:height\" content=\"300\" \/>\n\t<meta property=\"og:image:type\" content=\"image\/jpeg\" \/>\n<meta name=\"twitter:card\" content=\"summary_large_image\" \/>\n<meta name=\"twitter:label1\" content=\"Temps estimat de lectura\" \/>\n\t<meta name=\"twitter:data1\" content=\"2 minuts\" \/>\n<script type=\"application\/ld+json\" class=\"yoast-schema-graph\">{\"@context\":\"https:\\\/\\\/schema.org\",\"@graph\":[{\"@type\":\"WebPage\",\"@id\":\"https:\\\/\\\/www.cpl.es\\\/producto\\\/levangeli-de-mateu-edicio-comentada-9788491657347\\\/\",\"url\":\"https:\\\/\\\/www.cpl.es\\\/producto\\\/levangeli-de-mateu-edicio-comentada-9788491657347\\\/\",\"name\":\"L'evangeli de Mateu. Edici\u00f3 comentada - CPL\",\"isPartOf\":{\"@id\":\"https:\\\/\\\/www.cpl.es\\\/#website\"},\"primaryImageOfPage\":{\"@id\":\"https:\\\/\\\/www.cpl.es\\\/producto\\\/levangeli-de-mateu-edicio-comentada-9788491657347\\\/#primaryimage\"},\"image\":{\"@id\":\"https:\\\/\\\/www.cpl.es\\\/producto\\\/levangeli-de-mateu-edicio-comentada-9788491657347\\\/#primaryimage\"},\"thumbnailUrl\":\"https:\\\/\\\/www.cpl.es\\\/wp-content\\\/uploads\\\/9788491657347-5.jpg\",\"datePublished\":\"2026-01-26T07:53:01+00:00\",\"dateModified\":\"2026-03-19T15:08:05+00:00\",\"breadcrumb\":{\"@id\":\"https:\\\/\\\/www.cpl.es\\\/producto\\\/levangeli-de-mateu-edicio-comentada-9788491657347\\\/#breadcrumb\"},\"inLanguage\":\"ca\",\"potentialAction\":[{\"@type\":\"ReadAction\",\"target\":[\"https:\\\/\\\/www.cpl.es\\\/producto\\\/levangeli-de-mateu-edicio-comentada-9788491657347\\\/\"]}]},{\"@type\":\"ImageObject\",\"inLanguage\":\"ca\",\"@id\":\"https:\\\/\\\/www.cpl.es\\\/producto\\\/levangeli-de-mateu-edicio-comentada-9788491657347\\\/#primaryimage\",\"url\":\"https:\\\/\\\/www.cpl.es\\\/wp-content\\\/uploads\\\/9788491657347-5.jpg\",\"contentUrl\":\"https:\\\/\\\/www.cpl.es\\\/wp-content\\\/uploads\\\/9788491657347-5.jpg\",\"width\":216,\"height\":300,\"caption\":\"9788491657347.jpg\"},{\"@type\":\"BreadcrumbList\",\"@id\":\"https:\\\/\\\/www.cpl.es\\\/producto\\\/levangeli-de-mateu-edicio-comentada-9788491657347\\\/#breadcrumb\",\"itemListElement\":[{\"@type\":\"ListItem\",\"position\":1,\"name\":\"Portada\",\"item\":\"https:\\\/\\\/www.cpl.es\\\/ca\\\/\"},{\"@type\":\"ListItem\",\"position\":2,\"name\":\"Cat\u00e0leg\",\"item\":\"https:\\\/\\\/www.cpl.es\\\/ca\\\/cataleg\\\/\"},{\"@type\":\"ListItem\",\"position\":3,\"name\":\"L&#8217;evangeli de Mateu. Edici\u00f3 comentada\"}]},{\"@type\":\"WebSite\",\"@id\":\"https:\\\/\\\/www.cpl.es\\\/#website\",\"url\":\"https:\\\/\\\/www.cpl.es\\\/\",\"name\":\"CPL\",\"description\":\"Centre de Pastoral Lit\u00fargica de Barcelona\",\"publisher\":{\"@id\":\"https:\\\/\\\/www.cpl.es\\\/#organization\"},\"alternateName\":\"Centre de Pastoral Lit\u00fargica\",\"potentialAction\":[{\"@type\":\"SearchAction\",\"target\":{\"@type\":\"EntryPoint\",\"urlTemplate\":\"https:\\\/\\\/www.cpl.es\\\/?s={search_term_string}\"},\"query-input\":{\"@type\":\"PropertyValueSpecification\",\"valueRequired\":true,\"valueName\":\"search_term_string\"}}],\"inLanguage\":\"ca\"},{\"@type\":\"Organization\",\"@id\":\"https:\\\/\\\/www.cpl.es\\\/#organization\",\"name\":\"Centre de Pastoral Lit\u00fargica\",\"alternateName\":\"Centre de Pastoral Lit\u00fargica de Barcelona\",\"url\":\"https:\\\/\\\/www.cpl.es\\\/\",\"logo\":{\"@type\":\"ImageObject\",\"inLanguage\":\"ca\",\"@id\":\"https:\\\/\\\/www.cpl.es\\\/#\\\/schema\\\/logo\\\/image\\\/\",\"url\":\"https:\\\/\\\/www.cpl.es\\\/wp-content\\\/uploads\\\/logo-cpl.svg\",\"contentUrl\":\"https:\\\/\\\/www.cpl.es\\\/wp-content\\\/uploads\\\/logo-cpl.svg\",\"caption\":\"Centre de Pastoral Lit\u00fargica\"},\"image\":{\"@id\":\"https:\\\/\\\/www.cpl.es\\\/#\\\/schema\\\/logo\\\/image\\\/\"}}]}<\/script>\n<!-- \/ Yoast SEO plugin. -->","yoast_head_json":{"title":"L'evangeli de Mateu. Edici\u00f3 comentada - CPL","robots":{"index":"index","follow":"follow","max-snippet":"max-snippet:-1","max-image-preview":"max-image-preview:large","max-video-preview":"max-video-preview:-1"},"canonical":"https:\/\/www.cpl.es\/producto\/levangeli-de-mateu-edicio-comentada-9788491657347\/","og_locale":"ca_ES","og_type":"article","og_title":"L'evangeli de Mateu. Edici\u00f3 comentada - CPL","og_description":"vv.aa.","og_url":"https:\/\/www.cpl.es\/producto\/levangeli-de-mateu-edicio-comentada-9788491657347\/","og_site_name":"CPL","article_modified_time":"2026-03-19T15:08:05+00:00","og_image":[{"width":216,"height":300,"url":"https:\/\/www.cpl.es\/wp-content\/uploads\/9788491657347-5.jpg","type":"image\/jpeg"}],"twitter_card":"summary_large_image","twitter_misc":{"Temps estimat de lectura":"2 minuts"},"schema":{"@context":"https:\/\/schema.org","@graph":[{"@type":"WebPage","@id":"https:\/\/www.cpl.es\/producto\/levangeli-de-mateu-edicio-comentada-9788491657347\/","url":"https:\/\/www.cpl.es\/producto\/levangeli-de-mateu-edicio-comentada-9788491657347\/","name":"L'evangeli de Mateu. Edici\u00f3 comentada - CPL","isPartOf":{"@id":"https:\/\/www.cpl.es\/#website"},"primaryImageOfPage":{"@id":"https:\/\/www.cpl.es\/producto\/levangeli-de-mateu-edicio-comentada-9788491657347\/#primaryimage"},"image":{"@id":"https:\/\/www.cpl.es\/producto\/levangeli-de-mateu-edicio-comentada-9788491657347\/#primaryimage"},"thumbnailUrl":"https:\/\/www.cpl.es\/wp-content\/uploads\/9788491657347-5.jpg","datePublished":"2026-01-26T07:53:01+00:00","dateModified":"2026-03-19T15:08:05+00:00","breadcrumb":{"@id":"https:\/\/www.cpl.es\/producto\/levangeli-de-mateu-edicio-comentada-9788491657347\/#breadcrumb"},"inLanguage":"ca","potentialAction":[{"@type":"ReadAction","target":["https:\/\/www.cpl.es\/producto\/levangeli-de-mateu-edicio-comentada-9788491657347\/"]}]},{"@type":"ImageObject","inLanguage":"ca","@id":"https:\/\/www.cpl.es\/producto\/levangeli-de-mateu-edicio-comentada-9788491657347\/#primaryimage","url":"https:\/\/www.cpl.es\/wp-content\/uploads\/9788491657347-5.jpg","contentUrl":"https:\/\/www.cpl.es\/wp-content\/uploads\/9788491657347-5.jpg","width":216,"height":300,"caption":"9788491657347.jpg"},{"@type":"BreadcrumbList","@id":"https:\/\/www.cpl.es\/producto\/levangeli-de-mateu-edicio-comentada-9788491657347\/#breadcrumb","itemListElement":[{"@type":"ListItem","position":1,"name":"Portada","item":"https:\/\/www.cpl.es\/ca\/"},{"@type":"ListItem","position":2,"name":"Cat\u00e0leg","item":"https:\/\/www.cpl.es\/ca\/cataleg\/"},{"@type":"ListItem","position":3,"name":"L&#8217;evangeli de Mateu. Edici\u00f3 comentada"}]},{"@type":"WebSite","@id":"https:\/\/www.cpl.es\/#website","url":"https:\/\/www.cpl.es\/","name":"CPL","description":"Centre de Pastoral Lit\u00fargica de Barcelona","publisher":{"@id":"https:\/\/www.cpl.es\/#organization"},"alternateName":"Centre de Pastoral Lit\u00fargica","potentialAction":[{"@type":"SearchAction","target":{"@type":"EntryPoint","urlTemplate":"https:\/\/www.cpl.es\/?s={search_term_string}"},"query-input":{"@type":"PropertyValueSpecification","valueRequired":true,"valueName":"search_term_string"}}],"inLanguage":"ca"},{"@type":"Organization","@id":"https:\/\/www.cpl.es\/#organization","name":"Centre de Pastoral Lit\u00fargica","alternateName":"Centre de Pastoral Lit\u00fargica de Barcelona","url":"https:\/\/www.cpl.es\/","logo":{"@type":"ImageObject","inLanguage":"ca","@id":"https:\/\/www.cpl.es\/#\/schema\/logo\/image\/","url":"https:\/\/www.cpl.es\/wp-content\/uploads\/logo-cpl.svg","contentUrl":"https:\/\/www.cpl.es\/wp-content\/uploads\/logo-cpl.svg","caption":"Centre de Pastoral Lit\u00fargica"},"image":{"@id":"https:\/\/www.cpl.es\/#\/schema\/logo\/image\/"}}]}},"_links":{"self":[{"href":"https:\/\/www.cpl.es\/ca\/wp-json\/wp\/v2\/product\/23119","targetHints":{"allow":["GET"]}}],"collection":[{"href":"https:\/\/www.cpl.es\/ca\/wp-json\/wp\/v2\/product"}],"about":[{"href":"https:\/\/www.cpl.es\/ca\/wp-json\/wp\/v2\/types\/product"}],"wp:featuredmedia":[{"embeddable":true,"href":"https:\/\/www.cpl.es\/ca\/wp-json\/wp\/v2\/media\/28438"}],"wp:attachment":[{"href":"https:\/\/www.cpl.es\/ca\/wp-json\/wp\/v2\/media?parent=23119"}],"wp:term":[{"taxonomy":"product_brand","embeddable":true,"href":"https:\/\/www.cpl.es\/ca\/wp-json\/wp\/v2\/product_brand?post=23119"},{"taxonomy":"product_cat","embeddable":true,"href":"https:\/\/www.cpl.es\/ca\/wp-json\/wp\/v2\/product_cat?post=23119"},{"taxonomy":"product_tag","embeddable":true,"href":"https:\/\/www.cpl.es\/ca\/wp-json\/wp\/v2\/product_tag?post=23119"}],"curies":[{"name":"wp","href":"https:\/\/api.w.org\/{rel}","templated":true}]}}