{"id":2187,"date":"2023-10-04T01:34:07","date_gmt":"2023-10-03T23:34:07","guid":{"rendered":"https:\/\/nuevaweb.cpl.es\/producto\/el-pare-damia-apostol-entre-els-leprosos-9788498058208\/"},"modified":"2026-02-12T18:05:49","modified_gmt":"2026-02-12T17:05:49","slug":"el-pare-damia-apostol-entre-els-leprosos-9788498058208","status":"publish","type":"product","link":"https:\/\/www.cpl.es\/ca\/producto\/el-pare-damia-apostol-entre-els-leprosos-9788498058208\/","title":{"rendered":"El pare Dami\u00e0, ap\u00f2stol entre els leprosos"},"content":{"rendered":"<p>Un testimoni d\u2019entrega personal, fins a la mort, al servei dels m\u00e9s abandonats.<\/p>\n<p>I la hist\u00f2ria comen\u00e7a aix\u00ed:<\/p>\n<p>&#8216;Probablement, en el nostre context, si esmentem sant Dami\u00e0 de Veuster correm el risc de no ser compresos per ning\u00fa. Una altra cosa \u00e9s si parlem del &#8216;pare Dami\u00e0, ap\u00f2stol entre els leprosos'. Ara s\u00ed que seran molts els qui sabran a qui ens referim. I encara la comprensi\u00f3 ser\u00e0 m\u00e9s general si diem, simplement, el pare Dami\u00e0 de Molokai. El que pot el cine! Basta el t\u00edtol d\u2019una pel\u00b7l\u00edcula filmada l\u2019any 1959 per popularitzar aquest personatge i identificar-lo amb el nom del lloc on actu\u00e0 heroicament. Molokai, l\u2019illa male\u00efda \u00e9s el t\u00edtol del film que don\u00e0 a con\u00e8ixer en el nostre pa\u00eds el sant, la<br \/>biografia del qual pretenem oferir aqu\u00ed'.<\/p>\n","protected":false},"excerpt":{"rendered":"<p>Rodr\u00edguez, Carlos<\/p>\n","protected":false},"featured_media":2188,"template":"","meta":{"_acf_changed":false,"inline_featured_image":false},"product_brand":[],"product_cat":[133,70,155],"product_tag":[],"class_list":{"0":"post-2187","1":"product","2":"type-product","3":"status-publish","4":"has-post-thumbnail","6":"product_cat-santoral-any-liturgic-per-temes","7":"product_cat-sants-i-santes","8":"product_cat-vida-de-sants","10":"first","11":"instock","12":"taxable","13":"shipping-taxable","14":"purchasable","15":"product-type-simple"},"acf":{"autor":"Rodr\u00edguez, Carlos","codart":"212225","ediciones":"1","encuadernacion":"Grapado","fecha_de_publicacion":"14\/07\/2015","novedad":false,"paginas":"32","subtitulo":"","orden":"55","portada":false,"idioma":"cat","editorial":[{"ID":6736,"post_author":"2","post_date":"2023-10-06 08:35:24","post_date_gmt":"2023-10-06 06:35:24","post_content":"","post_title":"CPL","post_excerpt":"","post_status":"publish","comment_status":"closed","ping_status":"closed","post_password":"","post_name":"cpl","to_ping":"","pinged":"","post_modified":"2023-10-06 08:35:24","post_modified_gmt":"2023-10-06 06:35:24","post_content_filtered":"","post_parent":0,"guid":"https:\/\/nuevaweb.cpl.es\/editorial\/cpl\/","menu_order":0,"post_type":"editorial","post_mime_type":"","comment_count":"0","filter":"raw"}],"coleccion_num":"225"},"yoast_head":"<!-- This site is optimized with the Yoast SEO plugin v27.3 - https:\/\/yoast.com\/product\/yoast-seo-wordpress\/ -->\n<title>El pare Dami\u00e0, ap\u00f2stol entre els leprosos - CPL<\/title>\n<meta name=\"robots\" content=\"index, follow, max-snippet:-1, max-image-preview:large, max-video-preview:-1\" \/>\n<link rel=\"canonical\" href=\"https:\/\/www.cpl.es\/producto\/el-pare-damia-apostol-entre-els-leprosos-9788498058208\/\" \/>\n<meta property=\"og:locale\" content=\"ca_ES\" \/>\n<meta property=\"og:type\" content=\"article\" \/>\n<meta property=\"og:title\" content=\"El pare Dami\u00e0, ap\u00f2stol entre els leprosos - CPL\" \/>\n<meta property=\"og:description\" content=\"Rodr\u00edguez, Carlos\" \/>\n<meta property=\"og:url\" content=\"https:\/\/www.cpl.es\/producto\/el-pare-damia-apostol-entre-els-leprosos-9788498058208\/\" \/>\n<meta property=\"og:site_name\" content=\"CPL\" \/>\n<meta property=\"article:modified_time\" content=\"2026-02-12T17:05:49+00:00\" \/>\n<meta property=\"og:image\" content=\"https:\/\/www.cpl.es\/wp-content\/uploads\/212225.jpg\" \/>\n\t<meta property=\"og:image:width\" content=\"280\" \/>\n\t<meta property=\"og:image:height\" content=\"421\" \/>\n\t<meta property=\"og:image:type\" content=\"image\/jpeg\" \/>\n<meta name=\"twitter:card\" content=\"summary_large_image\" \/>\n<meta name=\"twitter:label1\" content=\"Temps estimat de lectura\" \/>\n\t<meta name=\"twitter:data1\" content=\"1 minut\" \/>\n<script type=\"application\/ld+json\" class=\"yoast-schema-graph\">{\"@context\":\"https:\\\/\\\/schema.org\",\"@graph\":[{\"@type\":\"WebPage\",\"@id\":\"https:\\\/\\\/www.cpl.es\\\/producto\\\/el-pare-damia-apostol-entre-els-leprosos-9788498058208\\\/\",\"url\":\"https:\\\/\\\/www.cpl.es\\\/producto\\\/el-pare-damia-apostol-entre-els-leprosos-9788498058208\\\/\",\"name\":\"El pare Dami\u00e0, ap\u00f2stol entre els leprosos - CPL\",\"isPartOf\":{\"@id\":\"https:\\\/\\\/www.cpl.es\\\/#website\"},\"primaryImageOfPage\":{\"@id\":\"https:\\\/\\\/www.cpl.es\\\/producto\\\/el-pare-damia-apostol-entre-els-leprosos-9788498058208\\\/#primaryimage\"},\"image\":{\"@id\":\"https:\\\/\\\/www.cpl.es\\\/producto\\\/el-pare-damia-apostol-entre-els-leprosos-9788498058208\\\/#primaryimage\"},\"thumbnailUrl\":\"https:\\\/\\\/www.cpl.es\\\/wp-content\\\/uploads\\\/212225.jpg\",\"datePublished\":\"2023-10-03T23:34:07+00:00\",\"dateModified\":\"2026-02-12T17:05:49+00:00\",\"breadcrumb\":{\"@id\":\"https:\\\/\\\/www.cpl.es\\\/producto\\\/el-pare-damia-apostol-entre-els-leprosos-9788498058208\\\/#breadcrumb\"},\"inLanguage\":\"ca\",\"potentialAction\":[{\"@type\":\"ReadAction\",\"target\":[\"https:\\\/\\\/www.cpl.es\\\/producto\\\/el-pare-damia-apostol-entre-els-leprosos-9788498058208\\\/\"]}]},{\"@type\":\"ImageObject\",\"inLanguage\":\"ca\",\"@id\":\"https:\\\/\\\/www.cpl.es\\\/producto\\\/el-pare-damia-apostol-entre-els-leprosos-9788498058208\\\/#primaryimage\",\"url\":\"https:\\\/\\\/www.cpl.es\\\/wp-content\\\/uploads\\\/212225.jpg\",\"contentUrl\":\"https:\\\/\\\/www.cpl.es\\\/wp-content\\\/uploads\\\/212225.jpg\",\"width\":280,\"height\":421,\"caption\":\"212225.jpg\"},{\"@type\":\"BreadcrumbList\",\"@id\":\"https:\\\/\\\/www.cpl.es\\\/producto\\\/el-pare-damia-apostol-entre-els-leprosos-9788498058208\\\/#breadcrumb\",\"itemListElement\":[{\"@type\":\"ListItem\",\"position\":1,\"name\":\"Portada\",\"item\":\"https:\\\/\\\/www.cpl.es\\\/ca\\\/\"},{\"@type\":\"ListItem\",\"position\":2,\"name\":\"Cat\u00e0leg\",\"item\":\"https:\\\/\\\/www.cpl.es\\\/ca\\\/cataleg\\\/\"},{\"@type\":\"ListItem\",\"position\":3,\"name\":\"El pare Dami\u00e0, ap\u00f2stol entre els leprosos\"}]},{\"@type\":\"WebSite\",\"@id\":\"https:\\\/\\\/www.cpl.es\\\/#website\",\"url\":\"https:\\\/\\\/www.cpl.es\\\/\",\"name\":\"CPL\",\"description\":\"Centre de Pastoral Lit\u00fargica de Barcelona\",\"publisher\":{\"@id\":\"https:\\\/\\\/www.cpl.es\\\/#organization\"},\"alternateName\":\"Centre de Pastoral Lit\u00fargica\",\"potentialAction\":[{\"@type\":\"SearchAction\",\"target\":{\"@type\":\"EntryPoint\",\"urlTemplate\":\"https:\\\/\\\/www.cpl.es\\\/?s={search_term_string}\"},\"query-input\":{\"@type\":\"PropertyValueSpecification\",\"valueRequired\":true,\"valueName\":\"search_term_string\"}}],\"inLanguage\":\"ca\"},{\"@type\":\"Organization\",\"@id\":\"https:\\\/\\\/www.cpl.es\\\/#organization\",\"name\":\"Centre de Pastoral Lit\u00fargica\",\"alternateName\":\"Centre de Pastoral Lit\u00fargica de Barcelona\",\"url\":\"https:\\\/\\\/www.cpl.es\\\/\",\"logo\":{\"@type\":\"ImageObject\",\"inLanguage\":\"ca\",\"@id\":\"https:\\\/\\\/www.cpl.es\\\/#\\\/schema\\\/logo\\\/image\\\/\",\"url\":\"https:\\\/\\\/www.cpl.es\\\/wp-content\\\/uploads\\\/logo-cpl.svg\",\"contentUrl\":\"https:\\\/\\\/www.cpl.es\\\/wp-content\\\/uploads\\\/logo-cpl.svg\",\"caption\":\"Centre de Pastoral Lit\u00fargica\"},\"image\":{\"@id\":\"https:\\\/\\\/www.cpl.es\\\/#\\\/schema\\\/logo\\\/image\\\/\"}}]}<\/script>\n<!-- \/ Yoast SEO plugin. -->","yoast_head_json":{"title":"El pare Dami\u00e0, ap\u00f2stol entre els leprosos - CPL","robots":{"index":"index","follow":"follow","max-snippet":"max-snippet:-1","max-image-preview":"max-image-preview:large","max-video-preview":"max-video-preview:-1"},"canonical":"https:\/\/www.cpl.es\/producto\/el-pare-damia-apostol-entre-els-leprosos-9788498058208\/","og_locale":"ca_ES","og_type":"article","og_title":"El pare Dami\u00e0, ap\u00f2stol entre els leprosos - CPL","og_description":"Rodr\u00edguez, Carlos","og_url":"https:\/\/www.cpl.es\/producto\/el-pare-damia-apostol-entre-els-leprosos-9788498058208\/","og_site_name":"CPL","article_modified_time":"2026-02-12T17:05:49+00:00","og_image":[{"width":280,"height":421,"url":"https:\/\/www.cpl.es\/wp-content\/uploads\/212225.jpg","type":"image\/jpeg"}],"twitter_card":"summary_large_image","twitter_misc":{"Temps estimat de lectura":"1 minut"},"schema":{"@context":"https:\/\/schema.org","@graph":[{"@type":"WebPage","@id":"https:\/\/www.cpl.es\/producto\/el-pare-damia-apostol-entre-els-leprosos-9788498058208\/","url":"https:\/\/www.cpl.es\/producto\/el-pare-damia-apostol-entre-els-leprosos-9788498058208\/","name":"El pare Dami\u00e0, ap\u00f2stol entre els leprosos - CPL","isPartOf":{"@id":"https:\/\/www.cpl.es\/#website"},"primaryImageOfPage":{"@id":"https:\/\/www.cpl.es\/producto\/el-pare-damia-apostol-entre-els-leprosos-9788498058208\/#primaryimage"},"image":{"@id":"https:\/\/www.cpl.es\/producto\/el-pare-damia-apostol-entre-els-leprosos-9788498058208\/#primaryimage"},"thumbnailUrl":"https:\/\/www.cpl.es\/wp-content\/uploads\/212225.jpg","datePublished":"2023-10-03T23:34:07+00:00","dateModified":"2026-02-12T17:05:49+00:00","breadcrumb":{"@id":"https:\/\/www.cpl.es\/producto\/el-pare-damia-apostol-entre-els-leprosos-9788498058208\/#breadcrumb"},"inLanguage":"ca","potentialAction":[{"@type":"ReadAction","target":["https:\/\/www.cpl.es\/producto\/el-pare-damia-apostol-entre-els-leprosos-9788498058208\/"]}]},{"@type":"ImageObject","inLanguage":"ca","@id":"https:\/\/www.cpl.es\/producto\/el-pare-damia-apostol-entre-els-leprosos-9788498058208\/#primaryimage","url":"https:\/\/www.cpl.es\/wp-content\/uploads\/212225.jpg","contentUrl":"https:\/\/www.cpl.es\/wp-content\/uploads\/212225.jpg","width":280,"height":421,"caption":"212225.jpg"},{"@type":"BreadcrumbList","@id":"https:\/\/www.cpl.es\/producto\/el-pare-damia-apostol-entre-els-leprosos-9788498058208\/#breadcrumb","itemListElement":[{"@type":"ListItem","position":1,"name":"Portada","item":"https:\/\/www.cpl.es\/ca\/"},{"@type":"ListItem","position":2,"name":"Cat\u00e0leg","item":"https:\/\/www.cpl.es\/ca\/cataleg\/"},{"@type":"ListItem","position":3,"name":"El pare Dami\u00e0, ap\u00f2stol entre els leprosos"}]},{"@type":"WebSite","@id":"https:\/\/www.cpl.es\/#website","url":"https:\/\/www.cpl.es\/","name":"CPL","description":"Centre de Pastoral Lit\u00fargica de Barcelona","publisher":{"@id":"https:\/\/www.cpl.es\/#organization"},"alternateName":"Centre de Pastoral Lit\u00fargica","potentialAction":[{"@type":"SearchAction","target":{"@type":"EntryPoint","urlTemplate":"https:\/\/www.cpl.es\/?s={search_term_string}"},"query-input":{"@type":"PropertyValueSpecification","valueRequired":true,"valueName":"search_term_string"}}],"inLanguage":"ca"},{"@type":"Organization","@id":"https:\/\/www.cpl.es\/#organization","name":"Centre de Pastoral Lit\u00fargica","alternateName":"Centre de Pastoral Lit\u00fargica de Barcelona","url":"https:\/\/www.cpl.es\/","logo":{"@type":"ImageObject","inLanguage":"ca","@id":"https:\/\/www.cpl.es\/#\/schema\/logo\/image\/","url":"https:\/\/www.cpl.es\/wp-content\/uploads\/logo-cpl.svg","contentUrl":"https:\/\/www.cpl.es\/wp-content\/uploads\/logo-cpl.svg","caption":"Centre de Pastoral Lit\u00fargica"},"image":{"@id":"https:\/\/www.cpl.es\/#\/schema\/logo\/image\/"}}]}},"_links":{"self":[{"href":"https:\/\/www.cpl.es\/ca\/wp-json\/wp\/v2\/product\/2187","targetHints":{"allow":["GET"]}}],"collection":[{"href":"https:\/\/www.cpl.es\/ca\/wp-json\/wp\/v2\/product"}],"about":[{"href":"https:\/\/www.cpl.es\/ca\/wp-json\/wp\/v2\/types\/product"}],"wp:featuredmedia":[{"embeddable":true,"href":"https:\/\/www.cpl.es\/ca\/wp-json\/wp\/v2\/media\/2188"}],"wp:attachment":[{"href":"https:\/\/www.cpl.es\/ca\/wp-json\/wp\/v2\/media?parent=2187"}],"wp:term":[{"taxonomy":"product_brand","embeddable":true,"href":"https:\/\/www.cpl.es\/ca\/wp-json\/wp\/v2\/product_brand?post=2187"},{"taxonomy":"product_cat","embeddable":true,"href":"https:\/\/www.cpl.es\/ca\/wp-json\/wp\/v2\/product_cat?post=2187"},{"taxonomy":"product_tag","embeddable":true,"href":"https:\/\/www.cpl.es\/ca\/wp-json\/wp\/v2\/product_tag?post=2187"}],"curies":[{"name":"wp","href":"https:\/\/api.w.org\/{rel}","templated":true}]}}