{"id":2100,"date":"2023-10-04T01:31:27","date_gmt":"2023-10-03T23:31:27","guid":{"rendered":"https:\/\/nuevaweb.cpl.es\/producto\/teologia-de-la-palabra-a-la-luz-de-la-dei-verbum-9788498058628\/"},"modified":"2023-12-05T13:38:21","modified_gmt":"2023-12-05T12:38:21","slug":"teologia-de-la-palabra-a-la-luz-de-la-dei-verbum-9788498058628","status":"publish","type":"product","link":"https:\/\/www.cpl.es\/ca\/producto\/teologia-de-la-palabra-a-la-luz-de-la-dei-verbum-9788498058628\/","title":{"rendered":"Teolog\u00eda de la palabra. A la luz de la Dei Verbum"},"content":{"rendered":"<p>Una de las tareas m\u00e1s apasionantes de la teolog\u00eda es situarse en la gran Tradici\u00f3n de la Iglesia y avanzarse a leer la Escritura seg\u00fan el Esp\u00edritu con el que fue escrita. Hay que elaborar una hermen\u00e9utica del dogma, desplegar los n\u00facleos y las intuiciones de los Concilios y del Magisterio, sumergirse en los arm\u00f3nicos de la \u00ablex orandi\u00bb y del<br \/>entramado sacramental de la Iglesia, comprender el \u00absensus fidei del pueblo de Dios y su praxis de vida evang\u00e9lica en el decurso de los a\u00f1os y de los siglos. Todo ello, sin embargo, debe realizarse sin evitar las preguntas y las demandas m\u00faltiples que llegan del mundo, donde conviven creyentes y no creyentes, gente de una confesi\u00f3n religiosa y de otra, aut\u00f3ctonos e inmigrantes, integrados y alternativos. Con su teolog\u00eda de la historia, la Dei Verbum contribuye a precisar el lugar de la Palabra que se hace presente en la humanidad y, en \u00faltimo t\u00e9rmino, a mostrar el rostro de un Dios, que \u00abdispuso en su sabidur\u00eda revelarse a S\u00ed mismo\u00bb; de este modo \u00ab los hombres, por medio de Cristo, Verbo encarnado, tienen acceso al Padre en el Esp\u00edritu Santo\u00bb (DV 2).<\/p>\n<p>Armand Puig i T\u00e0rrech (La Selva del Camp, 1953), presb\u00edtero, es Rector del Ateneo Universitario San Paciano y profesor ordinario de Nuevo Testamento en la Facultad de Teolog\u00eda de Catalu\u00f1a. Doctor en Sagrada Escritura por<br \/>la Pontifi cia Comisi\u00f3n B\u00edblica (1984), ha sido el coordinador de la \u00abB\u00edblia Catalana. Traducci\u00f3 interconfessional\u00bb (BCI, 1993, 2007). Es miembro de la Asociaci\u00f3n B\u00edblica de Catalu\u00f1a, de la Real Academia de Doctores, y de la \u00abStudiorum Novi Testamenti Societas\u00bb, de la que fue presidente (2011-2012). Tambi\u00e9n fue presidente de la Junta de Decanos de Teolog\u00eda de Espa\u00f1a y Portugal (2009-2011). Autor de decenas de libros y art\u00edculos sobre ex\u00e9gesis b\u00edblica, espiritualidad y traducciones b\u00edblicas catalanas medievales.<\/p>\n","protected":false},"excerpt":{"rendered":"<p>Puig Tarrech, Armand<\/p>\n","protected":false},"featured_media":2101,"template":"","meta":{"_acf_changed":false,"inline_featured_image":false},"product_brand":[],"product_cat":[59,82,100,99,84,61],"product_tag":[],"class_list":{"0":"post-2100","1":"product","2":"type-product","3":"status-publish","4":"has-post-thumbnail","6":"product_cat-biblia","7":"product_cat-biblia-per-temes-catala","8":"product_cat-cpl-libri-colleccions-catala","9":"product_cat-cpl-libri","10":"product_cat-liturgia-i-teologia","11":"product_cat-liturgia-y-teologia","13":"first","14":"instock","15":"taxable","16":"shipping-taxable","17":"purchasable","18":"product-type-simple"},"acf":{"autor":"Puig Tarrech, Armand","codart":"117020","ediciones":"1","encuadernacion":"R\u00fastica","fecha_de_publicacion":"09\/11\/2015","novedad":false,"paginas":"372","subtitulo":"","orden":"20","portada":false,"idioma":"spa","editorial":[{"ID":6736,"post_author":"2","post_date":"2023-10-06 08:35:24","post_date_gmt":"2023-10-06 06:35:24","post_content":"","post_title":"CPL","post_excerpt":"","post_status":"publish","comment_status":"closed","ping_status":"closed","post_password":"","post_name":"cpl","to_ping":"","pinged":"","post_modified":"2023-10-06 08:35:24","post_modified_gmt":"2023-10-06 06:35:24","post_content_filtered":"","post_parent":0,"guid":"https:\/\/nuevaweb.cpl.es\/editorial\/cpl\/","menu_order":0,"post_type":"editorial","post_mime_type":"","comment_count":"0","filter":"raw"}]},"yoast_head":"<!-- This site is optimized with the Yoast SEO plugin v27.3 - https:\/\/yoast.com\/product\/yoast-seo-wordpress\/ -->\n<title>Teolog\u00eda de la palabra. A la luz de la Dei Verbum - CPL<\/title>\n<meta name=\"robots\" content=\"index, follow, max-snippet:-1, max-image-preview:large, max-video-preview:-1\" \/>\n<link rel=\"canonical\" href=\"https:\/\/www.cpl.es\/producto\/teologia-de-la-palabra-a-la-luz-de-la-dei-verbum-9788498058628\/\" \/>\n<meta property=\"og:locale\" content=\"ca_ES\" \/>\n<meta property=\"og:type\" content=\"article\" \/>\n<meta property=\"og:title\" content=\"Teolog\u00eda de la palabra. A la luz de la Dei Verbum - CPL\" \/>\n<meta property=\"og:description\" content=\"Puig Tarrech, Armand\" \/>\n<meta property=\"og:url\" content=\"https:\/\/www.cpl.es\/producto\/teologia-de-la-palabra-a-la-luz-de-la-dei-verbum-9788498058628\/\" \/>\n<meta property=\"og:site_name\" content=\"CPL\" \/>\n<meta property=\"article:modified_time\" content=\"2023-12-05T12:38:21+00:00\" \/>\n<meta property=\"og:image\" content=\"https:\/\/www.cpl.es\/wp-content\/uploads\/117020.jpg\" \/>\n\t<meta property=\"og:image:width\" content=\"794\" \/>\n\t<meta property=\"og:image:height\" content=\"1161\" \/>\n\t<meta property=\"og:image:type\" content=\"image\/jpeg\" \/>\n<meta name=\"twitter:card\" content=\"summary_large_image\" \/>\n<meta name=\"twitter:label1\" content=\"Temps estimat de lectura\" \/>\n\t<meta name=\"twitter:data1\" content=\"2 minuts\" \/>\n<script type=\"application\/ld+json\" class=\"yoast-schema-graph\">{\"@context\":\"https:\\\/\\\/schema.org\",\"@graph\":[{\"@type\":\"WebPage\",\"@id\":\"https:\\\/\\\/www.cpl.es\\\/producto\\\/teologia-de-la-palabra-a-la-luz-de-la-dei-verbum-9788498058628\\\/\",\"url\":\"https:\\\/\\\/www.cpl.es\\\/producto\\\/teologia-de-la-palabra-a-la-luz-de-la-dei-verbum-9788498058628\\\/\",\"name\":\"Teolog\u00eda de la palabra. A la luz de la Dei Verbum - CPL\",\"isPartOf\":{\"@id\":\"https:\\\/\\\/www.cpl.es\\\/#website\"},\"primaryImageOfPage\":{\"@id\":\"https:\\\/\\\/www.cpl.es\\\/producto\\\/teologia-de-la-palabra-a-la-luz-de-la-dei-verbum-9788498058628\\\/#primaryimage\"},\"image\":{\"@id\":\"https:\\\/\\\/www.cpl.es\\\/producto\\\/teologia-de-la-palabra-a-la-luz-de-la-dei-verbum-9788498058628\\\/#primaryimage\"},\"thumbnailUrl\":\"https:\\\/\\\/www.cpl.es\\\/wp-content\\\/uploads\\\/117020.jpg\",\"datePublished\":\"2023-10-03T23:31:27+00:00\",\"dateModified\":\"2023-12-05T12:38:21+00:00\",\"breadcrumb\":{\"@id\":\"https:\\\/\\\/www.cpl.es\\\/producto\\\/teologia-de-la-palabra-a-la-luz-de-la-dei-verbum-9788498058628\\\/#breadcrumb\"},\"inLanguage\":\"ca\",\"potentialAction\":[{\"@type\":\"ReadAction\",\"target\":[\"https:\\\/\\\/www.cpl.es\\\/producto\\\/teologia-de-la-palabra-a-la-luz-de-la-dei-verbum-9788498058628\\\/\"]}]},{\"@type\":\"ImageObject\",\"inLanguage\":\"ca\",\"@id\":\"https:\\\/\\\/www.cpl.es\\\/producto\\\/teologia-de-la-palabra-a-la-luz-de-la-dei-verbum-9788498058628\\\/#primaryimage\",\"url\":\"https:\\\/\\\/www.cpl.es\\\/wp-content\\\/uploads\\\/117020.jpg\",\"contentUrl\":\"https:\\\/\\\/www.cpl.es\\\/wp-content\\\/uploads\\\/117020.jpg\",\"width\":794,\"height\":1161,\"caption\":\"117020.jpg\"},{\"@type\":\"BreadcrumbList\",\"@id\":\"https:\\\/\\\/www.cpl.es\\\/producto\\\/teologia-de-la-palabra-a-la-luz-de-la-dei-verbum-9788498058628\\\/#breadcrumb\",\"itemListElement\":[{\"@type\":\"ListItem\",\"position\":1,\"name\":\"Portada\",\"item\":\"https:\\\/\\\/www.cpl.es\\\/ca\\\/\"},{\"@type\":\"ListItem\",\"position\":2,\"name\":\"Cat\u00e0leg\",\"item\":\"https:\\\/\\\/www.cpl.es\\\/ca\\\/cataleg\\\/\"},{\"@type\":\"ListItem\",\"position\":3,\"name\":\"Teolog\u00eda de la palabra. A la luz de la Dei Verbum\"}]},{\"@type\":\"WebSite\",\"@id\":\"https:\\\/\\\/www.cpl.es\\\/#website\",\"url\":\"https:\\\/\\\/www.cpl.es\\\/\",\"name\":\"CPL\",\"description\":\"Centre de Pastoral Lit\u00fargica de Barcelona\",\"publisher\":{\"@id\":\"https:\\\/\\\/www.cpl.es\\\/#organization\"},\"alternateName\":\"Centre de Pastoral Lit\u00fargica\",\"potentialAction\":[{\"@type\":\"SearchAction\",\"target\":{\"@type\":\"EntryPoint\",\"urlTemplate\":\"https:\\\/\\\/www.cpl.es\\\/?s={search_term_string}\"},\"query-input\":{\"@type\":\"PropertyValueSpecification\",\"valueRequired\":true,\"valueName\":\"search_term_string\"}}],\"inLanguage\":\"ca\"},{\"@type\":\"Organization\",\"@id\":\"https:\\\/\\\/www.cpl.es\\\/#organization\",\"name\":\"Centre de Pastoral Lit\u00fargica\",\"alternateName\":\"Centre de Pastoral Lit\u00fargica de Barcelona\",\"url\":\"https:\\\/\\\/www.cpl.es\\\/\",\"logo\":{\"@type\":\"ImageObject\",\"inLanguage\":\"ca\",\"@id\":\"https:\\\/\\\/www.cpl.es\\\/#\\\/schema\\\/logo\\\/image\\\/\",\"url\":\"https:\\\/\\\/www.cpl.es\\\/wp-content\\\/uploads\\\/logo-cpl.svg\",\"contentUrl\":\"https:\\\/\\\/www.cpl.es\\\/wp-content\\\/uploads\\\/logo-cpl.svg\",\"caption\":\"Centre de Pastoral Lit\u00fargica\"},\"image\":{\"@id\":\"https:\\\/\\\/www.cpl.es\\\/#\\\/schema\\\/logo\\\/image\\\/\"}}]}<\/script>\n<!-- \/ Yoast SEO plugin. -->","yoast_head_json":{"title":"Teolog\u00eda de la palabra. A la luz de la Dei Verbum - CPL","robots":{"index":"index","follow":"follow","max-snippet":"max-snippet:-1","max-image-preview":"max-image-preview:large","max-video-preview":"max-video-preview:-1"},"canonical":"https:\/\/www.cpl.es\/producto\/teologia-de-la-palabra-a-la-luz-de-la-dei-verbum-9788498058628\/","og_locale":"ca_ES","og_type":"article","og_title":"Teolog\u00eda de la palabra. A la luz de la Dei Verbum - CPL","og_description":"Puig Tarrech, Armand","og_url":"https:\/\/www.cpl.es\/producto\/teologia-de-la-palabra-a-la-luz-de-la-dei-verbum-9788498058628\/","og_site_name":"CPL","article_modified_time":"2023-12-05T12:38:21+00:00","og_image":[{"width":794,"height":1161,"url":"https:\/\/www.cpl.es\/wp-content\/uploads\/117020.jpg","type":"image\/jpeg"}],"twitter_card":"summary_large_image","twitter_misc":{"Temps estimat de lectura":"2 minuts"},"schema":{"@context":"https:\/\/schema.org","@graph":[{"@type":"WebPage","@id":"https:\/\/www.cpl.es\/producto\/teologia-de-la-palabra-a-la-luz-de-la-dei-verbum-9788498058628\/","url":"https:\/\/www.cpl.es\/producto\/teologia-de-la-palabra-a-la-luz-de-la-dei-verbum-9788498058628\/","name":"Teolog\u00eda de la palabra. A la luz de la Dei Verbum - CPL","isPartOf":{"@id":"https:\/\/www.cpl.es\/#website"},"primaryImageOfPage":{"@id":"https:\/\/www.cpl.es\/producto\/teologia-de-la-palabra-a-la-luz-de-la-dei-verbum-9788498058628\/#primaryimage"},"image":{"@id":"https:\/\/www.cpl.es\/producto\/teologia-de-la-palabra-a-la-luz-de-la-dei-verbum-9788498058628\/#primaryimage"},"thumbnailUrl":"https:\/\/www.cpl.es\/wp-content\/uploads\/117020.jpg","datePublished":"2023-10-03T23:31:27+00:00","dateModified":"2023-12-05T12:38:21+00:00","breadcrumb":{"@id":"https:\/\/www.cpl.es\/producto\/teologia-de-la-palabra-a-la-luz-de-la-dei-verbum-9788498058628\/#breadcrumb"},"inLanguage":"ca","potentialAction":[{"@type":"ReadAction","target":["https:\/\/www.cpl.es\/producto\/teologia-de-la-palabra-a-la-luz-de-la-dei-verbum-9788498058628\/"]}]},{"@type":"ImageObject","inLanguage":"ca","@id":"https:\/\/www.cpl.es\/producto\/teologia-de-la-palabra-a-la-luz-de-la-dei-verbum-9788498058628\/#primaryimage","url":"https:\/\/www.cpl.es\/wp-content\/uploads\/117020.jpg","contentUrl":"https:\/\/www.cpl.es\/wp-content\/uploads\/117020.jpg","width":794,"height":1161,"caption":"117020.jpg"},{"@type":"BreadcrumbList","@id":"https:\/\/www.cpl.es\/producto\/teologia-de-la-palabra-a-la-luz-de-la-dei-verbum-9788498058628\/#breadcrumb","itemListElement":[{"@type":"ListItem","position":1,"name":"Portada","item":"https:\/\/www.cpl.es\/ca\/"},{"@type":"ListItem","position":2,"name":"Cat\u00e0leg","item":"https:\/\/www.cpl.es\/ca\/cataleg\/"},{"@type":"ListItem","position":3,"name":"Teolog\u00eda de la palabra. A la luz de la Dei Verbum"}]},{"@type":"WebSite","@id":"https:\/\/www.cpl.es\/#website","url":"https:\/\/www.cpl.es\/","name":"CPL","description":"Centre de Pastoral Lit\u00fargica de Barcelona","publisher":{"@id":"https:\/\/www.cpl.es\/#organization"},"alternateName":"Centre de Pastoral Lit\u00fargica","potentialAction":[{"@type":"SearchAction","target":{"@type":"EntryPoint","urlTemplate":"https:\/\/www.cpl.es\/?s={search_term_string}"},"query-input":{"@type":"PropertyValueSpecification","valueRequired":true,"valueName":"search_term_string"}}],"inLanguage":"ca"},{"@type":"Organization","@id":"https:\/\/www.cpl.es\/#organization","name":"Centre de Pastoral Lit\u00fargica","alternateName":"Centre de Pastoral Lit\u00fargica de Barcelona","url":"https:\/\/www.cpl.es\/","logo":{"@type":"ImageObject","inLanguage":"ca","@id":"https:\/\/www.cpl.es\/#\/schema\/logo\/image\/","url":"https:\/\/www.cpl.es\/wp-content\/uploads\/logo-cpl.svg","contentUrl":"https:\/\/www.cpl.es\/wp-content\/uploads\/logo-cpl.svg","caption":"Centre de Pastoral Lit\u00fargica"},"image":{"@id":"https:\/\/www.cpl.es\/#\/schema\/logo\/image\/"}}]}},"_links":{"self":[{"href":"https:\/\/www.cpl.es\/ca\/wp-json\/wp\/v2\/product\/2100","targetHints":{"allow":["GET"]}}],"collection":[{"href":"https:\/\/www.cpl.es\/ca\/wp-json\/wp\/v2\/product"}],"about":[{"href":"https:\/\/www.cpl.es\/ca\/wp-json\/wp\/v2\/types\/product"}],"wp:featuredmedia":[{"embeddable":true,"href":"https:\/\/www.cpl.es\/ca\/wp-json\/wp\/v2\/media\/2101"}],"wp:attachment":[{"href":"https:\/\/www.cpl.es\/ca\/wp-json\/wp\/v2\/media?parent=2100"}],"wp:term":[{"taxonomy":"product_brand","embeddable":true,"href":"https:\/\/www.cpl.es\/ca\/wp-json\/wp\/v2\/product_brand?post=2100"},{"taxonomy":"product_cat","embeddable":true,"href":"https:\/\/www.cpl.es\/ca\/wp-json\/wp\/v2\/product_cat?post=2100"},{"taxonomy":"product_tag","embeddable":true,"href":"https:\/\/www.cpl.es\/ca\/wp-json\/wp\/v2\/product_tag?post=2100"}],"curies":[{"name":"wp","href":"https:\/\/api.w.org\/{rel}","templated":true}]}}