{"id":20282,"date":"2025-10-03T10:08:00","date_gmt":"2025-10-03T08:08:00","guid":{"rendered":"https:\/\/www.cpl.es\/producto\/apostar-por-la-esperanza-tercer-dietario-de-un-misionero-de-la-misericordia-9788491657118\/"},"modified":"2026-02-12T16:57:29","modified_gmt":"2026-02-12T15:57:29","slug":"apostar-por-la-esperanza-tercer-dietario-de-un-misionero-de-la-misericordia-9788491657118","status":"publish","type":"product","link":"https:\/\/www.cpl.es\/ca\/producto\/apostar-por-la-esperanza-tercer-dietario-de-un-misionero-de-la-misericordia-9788491657118\/","title":{"rendered":"Apostar por la esperanza. Tercer dietario de un misionero de la misericordia"},"content":{"rendered":"<p>Bernab\u00e9 Dalmau i Ribalta nos ofrece un tercer y \u00faltimo dietario para reflexionar m\u00e1s a fondo sobre el a\u00f1o jubilar, puesto bajo el signo de la esperanza, la virtud que tanto nos falta, el ancla de salvaci\u00f3n. Desde esta perspectiva, hace una relectura de los principales acontecimientos eclesiales y mundiales, pero tambi\u00e9n de su ministerio como \u00abmisionero de la misericordia\u00bb. <\/p>\n<p><\/p>\n<p>Bernab\u00e9 Dalmau (Igualada, Barcelona, 1944), es monje de Montserrat, licenciado en teolog\u00eda y en derecho can\u00f3nico, experto en liturgia, director de la revista Documents d\u2019Esgl\u00e9sia y miembro del Centre de Pastoral Lit\u00fargica, en el que \u00faltimamente ha publicado diversas obras tanto de car\u00e1cter lit\u00fargico como de vida cristiana.<\/p>\n","protected":false},"excerpt":{"rendered":"<p>Dalmau i Ribalta, Bernab\u00e9<\/p>\n","protected":false},"featured_media":20771,"template":"","meta":{"_acf_changed":false,"inline_featured_image":false},"product_brand":[],"product_cat":[32,33,73,49],"product_tag":[],"class_list":{"0":"post-20282","1":"product","2":"type-product","3":"status-publish","4":"has-post-thumbnail","6":"product_cat-castellano","7":"product_cat-catala","8":"product_cat-emaus-colleccions-catala","9":"product_cat-emaus","11":"first","12":"instock","13":"taxable","14":"shipping-taxable","15":"purchasable","16":"product-type-simple"},"acf":{"autor":"Dalmau i Ribalta, Bernab\u00e9","codart":"108185","ediciones":"1","encuadernacion":"R\u00fastica","fecha_de_publicacion":"13\/10\/2025","novedad":false,"paginas":"100","subtitulo":"","orden":"999","portada":false,"idioma":"spa","coleccion_num":"185","editorial":[{"ID":6736,"post_author":"2","post_date":"2023-10-06 08:35:24","post_date_gmt":"2023-10-06 06:35:24","post_content":"","post_title":"CPL","post_excerpt":"","post_status":"publish","comment_status":"closed","ping_status":"closed","post_password":"","post_name":"cpl","to_ping":"","pinged":"","post_modified":"2023-10-06 08:35:24","post_modified_gmt":"2023-10-06 06:35:24","post_content_filtered":"","post_parent":0,"guid":"https:\/\/nuevaweb.cpl.es\/editorial\/cpl\/","menu_order":0,"post_type":"editorial","post_mime_type":"","comment_count":"0","filter":"raw"}]},"yoast_head":"<!-- This site is optimized with the Yoast SEO plugin v27.3 - https:\/\/yoast.com\/product\/yoast-seo-wordpress\/ -->\n<title>Apostar por la esperanza. Tercer dietario de un misionero de la misericordia - CPL<\/title>\n<meta name=\"robots\" content=\"index, follow, max-snippet:-1, max-image-preview:large, max-video-preview:-1\" \/>\n<link rel=\"canonical\" href=\"https:\/\/www.cpl.es\/producto\/apostar-por-la-esperanza-tercer-dietario-de-un-misionero-de-la-misericordia-9788491657118\/\" \/>\n<meta property=\"og:locale\" content=\"ca_ES\" \/>\n<meta property=\"og:type\" content=\"article\" \/>\n<meta property=\"og:title\" content=\"Apostar por la esperanza. Tercer dietario de un misionero de la misericordia - CPL\" \/>\n<meta property=\"og:description\" content=\"Dalmau i Ribalta, Bernab\u00e9\" \/>\n<meta property=\"og:url\" content=\"https:\/\/www.cpl.es\/producto\/apostar-por-la-esperanza-tercer-dietario-de-un-misionero-de-la-misericordia-9788491657118\/\" \/>\n<meta property=\"og:site_name\" content=\"CPL\" \/>\n<meta property=\"article:modified_time\" content=\"2026-02-12T15:57:29+00:00\" \/>\n<meta property=\"og:image\" content=\"https:\/\/www.cpl.es\/wp-content\/uploads\/9788491657118-2.jpg\" \/>\n\t<meta property=\"og:image:width\" content=\"1417\" \/>\n\t<meta property=\"og:image:height\" content=\"2244\" \/>\n\t<meta property=\"og:image:type\" content=\"image\/jpeg\" \/>\n<meta name=\"twitter:card\" content=\"summary_large_image\" \/>\n<meta name=\"twitter:label1\" content=\"Temps estimat de lectura\" \/>\n\t<meta name=\"twitter:data1\" content=\"1 minut\" \/>\n<script type=\"application\/ld+json\" class=\"yoast-schema-graph\">{\"@context\":\"https:\\\/\\\/schema.org\",\"@graph\":[{\"@type\":\"WebPage\",\"@id\":\"https:\\\/\\\/www.cpl.es\\\/producto\\\/apostar-por-la-esperanza-tercer-dietario-de-un-misionero-de-la-misericordia-9788491657118\\\/\",\"url\":\"https:\\\/\\\/www.cpl.es\\\/producto\\\/apostar-por-la-esperanza-tercer-dietario-de-un-misionero-de-la-misericordia-9788491657118\\\/\",\"name\":\"Apostar por la esperanza. Tercer dietario de un misionero de la misericordia - CPL\",\"isPartOf\":{\"@id\":\"https:\\\/\\\/www.cpl.es\\\/#website\"},\"primaryImageOfPage\":{\"@id\":\"https:\\\/\\\/www.cpl.es\\\/producto\\\/apostar-por-la-esperanza-tercer-dietario-de-un-misionero-de-la-misericordia-9788491657118\\\/#primaryimage\"},\"image\":{\"@id\":\"https:\\\/\\\/www.cpl.es\\\/producto\\\/apostar-por-la-esperanza-tercer-dietario-de-un-misionero-de-la-misericordia-9788491657118\\\/#primaryimage\"},\"thumbnailUrl\":\"https:\\\/\\\/www.cpl.es\\\/wp-content\\\/uploads\\\/9788491657118-2.jpg\",\"datePublished\":\"2025-10-03T08:08:00+00:00\",\"dateModified\":\"2026-02-12T15:57:29+00:00\",\"breadcrumb\":{\"@id\":\"https:\\\/\\\/www.cpl.es\\\/producto\\\/apostar-por-la-esperanza-tercer-dietario-de-un-misionero-de-la-misericordia-9788491657118\\\/#breadcrumb\"},\"inLanguage\":\"ca\",\"potentialAction\":[{\"@type\":\"ReadAction\",\"target\":[\"https:\\\/\\\/www.cpl.es\\\/producto\\\/apostar-por-la-esperanza-tercer-dietario-de-un-misionero-de-la-misericordia-9788491657118\\\/\"]}]},{\"@type\":\"ImageObject\",\"inLanguage\":\"ca\",\"@id\":\"https:\\\/\\\/www.cpl.es\\\/producto\\\/apostar-por-la-esperanza-tercer-dietario-de-un-misionero-de-la-misericordia-9788491657118\\\/#primaryimage\",\"url\":\"https:\\\/\\\/www.cpl.es\\\/wp-content\\\/uploads\\\/9788491657118-2.jpg\",\"contentUrl\":\"https:\\\/\\\/www.cpl.es\\\/wp-content\\\/uploads\\\/9788491657118-2.jpg\",\"width\":1417,\"height\":2244,\"caption\":\"9788491657118.jpg\"},{\"@type\":\"BreadcrumbList\",\"@id\":\"https:\\\/\\\/www.cpl.es\\\/producto\\\/apostar-por-la-esperanza-tercer-dietario-de-un-misionero-de-la-misericordia-9788491657118\\\/#breadcrumb\",\"itemListElement\":[{\"@type\":\"ListItem\",\"position\":1,\"name\":\"Portada\",\"item\":\"https:\\\/\\\/www.cpl.es\\\/ca\\\/\"},{\"@type\":\"ListItem\",\"position\":2,\"name\":\"Cat\u00e0leg\",\"item\":\"https:\\\/\\\/www.cpl.es\\\/ca\\\/cataleg\\\/\"},{\"@type\":\"ListItem\",\"position\":3,\"name\":\"Apostar por la esperanza. Tercer dietario de un misionero de la misericordia\"}]},{\"@type\":\"WebSite\",\"@id\":\"https:\\\/\\\/www.cpl.es\\\/#website\",\"url\":\"https:\\\/\\\/www.cpl.es\\\/\",\"name\":\"CPL\",\"description\":\"Centre de Pastoral Lit\u00fargica de Barcelona\",\"publisher\":{\"@id\":\"https:\\\/\\\/www.cpl.es\\\/#organization\"},\"alternateName\":\"Centre de Pastoral Lit\u00fargica\",\"potentialAction\":[{\"@type\":\"SearchAction\",\"target\":{\"@type\":\"EntryPoint\",\"urlTemplate\":\"https:\\\/\\\/www.cpl.es\\\/?s={search_term_string}\"},\"query-input\":{\"@type\":\"PropertyValueSpecification\",\"valueRequired\":true,\"valueName\":\"search_term_string\"}}],\"inLanguage\":\"ca\"},{\"@type\":\"Organization\",\"@id\":\"https:\\\/\\\/www.cpl.es\\\/#organization\",\"name\":\"Centre de Pastoral Lit\u00fargica\",\"alternateName\":\"Centre de Pastoral Lit\u00fargica de Barcelona\",\"url\":\"https:\\\/\\\/www.cpl.es\\\/\",\"logo\":{\"@type\":\"ImageObject\",\"inLanguage\":\"ca\",\"@id\":\"https:\\\/\\\/www.cpl.es\\\/#\\\/schema\\\/logo\\\/image\\\/\",\"url\":\"https:\\\/\\\/www.cpl.es\\\/wp-content\\\/uploads\\\/logo-cpl.svg\",\"contentUrl\":\"https:\\\/\\\/www.cpl.es\\\/wp-content\\\/uploads\\\/logo-cpl.svg\",\"caption\":\"Centre de Pastoral Lit\u00fargica\"},\"image\":{\"@id\":\"https:\\\/\\\/www.cpl.es\\\/#\\\/schema\\\/logo\\\/image\\\/\"}}]}<\/script>\n<!-- \/ Yoast SEO plugin. -->","yoast_head_json":{"title":"Apostar por la esperanza. Tercer dietario de un misionero de la misericordia - CPL","robots":{"index":"index","follow":"follow","max-snippet":"max-snippet:-1","max-image-preview":"max-image-preview:large","max-video-preview":"max-video-preview:-1"},"canonical":"https:\/\/www.cpl.es\/producto\/apostar-por-la-esperanza-tercer-dietario-de-un-misionero-de-la-misericordia-9788491657118\/","og_locale":"ca_ES","og_type":"article","og_title":"Apostar por la esperanza. Tercer dietario de un misionero de la misericordia - CPL","og_description":"Dalmau i Ribalta, Bernab\u00e9","og_url":"https:\/\/www.cpl.es\/producto\/apostar-por-la-esperanza-tercer-dietario-de-un-misionero-de-la-misericordia-9788491657118\/","og_site_name":"CPL","article_modified_time":"2026-02-12T15:57:29+00:00","og_image":[{"width":1417,"height":2244,"url":"https:\/\/www.cpl.es\/wp-content\/uploads\/9788491657118-2.jpg","type":"image\/jpeg"}],"twitter_card":"summary_large_image","twitter_misc":{"Temps estimat de lectura":"1 minut"},"schema":{"@context":"https:\/\/schema.org","@graph":[{"@type":"WebPage","@id":"https:\/\/www.cpl.es\/producto\/apostar-por-la-esperanza-tercer-dietario-de-un-misionero-de-la-misericordia-9788491657118\/","url":"https:\/\/www.cpl.es\/producto\/apostar-por-la-esperanza-tercer-dietario-de-un-misionero-de-la-misericordia-9788491657118\/","name":"Apostar por la esperanza. Tercer dietario de un misionero de la misericordia - CPL","isPartOf":{"@id":"https:\/\/www.cpl.es\/#website"},"primaryImageOfPage":{"@id":"https:\/\/www.cpl.es\/producto\/apostar-por-la-esperanza-tercer-dietario-de-un-misionero-de-la-misericordia-9788491657118\/#primaryimage"},"image":{"@id":"https:\/\/www.cpl.es\/producto\/apostar-por-la-esperanza-tercer-dietario-de-un-misionero-de-la-misericordia-9788491657118\/#primaryimage"},"thumbnailUrl":"https:\/\/www.cpl.es\/wp-content\/uploads\/9788491657118-2.jpg","datePublished":"2025-10-03T08:08:00+00:00","dateModified":"2026-02-12T15:57:29+00:00","breadcrumb":{"@id":"https:\/\/www.cpl.es\/producto\/apostar-por-la-esperanza-tercer-dietario-de-un-misionero-de-la-misericordia-9788491657118\/#breadcrumb"},"inLanguage":"ca","potentialAction":[{"@type":"ReadAction","target":["https:\/\/www.cpl.es\/producto\/apostar-por-la-esperanza-tercer-dietario-de-un-misionero-de-la-misericordia-9788491657118\/"]}]},{"@type":"ImageObject","inLanguage":"ca","@id":"https:\/\/www.cpl.es\/producto\/apostar-por-la-esperanza-tercer-dietario-de-un-misionero-de-la-misericordia-9788491657118\/#primaryimage","url":"https:\/\/www.cpl.es\/wp-content\/uploads\/9788491657118-2.jpg","contentUrl":"https:\/\/www.cpl.es\/wp-content\/uploads\/9788491657118-2.jpg","width":1417,"height":2244,"caption":"9788491657118.jpg"},{"@type":"BreadcrumbList","@id":"https:\/\/www.cpl.es\/producto\/apostar-por-la-esperanza-tercer-dietario-de-un-misionero-de-la-misericordia-9788491657118\/#breadcrumb","itemListElement":[{"@type":"ListItem","position":1,"name":"Portada","item":"https:\/\/www.cpl.es\/ca\/"},{"@type":"ListItem","position":2,"name":"Cat\u00e0leg","item":"https:\/\/www.cpl.es\/ca\/cataleg\/"},{"@type":"ListItem","position":3,"name":"Apostar por la esperanza. Tercer dietario de un misionero de la misericordia"}]},{"@type":"WebSite","@id":"https:\/\/www.cpl.es\/#website","url":"https:\/\/www.cpl.es\/","name":"CPL","description":"Centre de Pastoral Lit\u00fargica de Barcelona","publisher":{"@id":"https:\/\/www.cpl.es\/#organization"},"alternateName":"Centre de Pastoral Lit\u00fargica","potentialAction":[{"@type":"SearchAction","target":{"@type":"EntryPoint","urlTemplate":"https:\/\/www.cpl.es\/?s={search_term_string}"},"query-input":{"@type":"PropertyValueSpecification","valueRequired":true,"valueName":"search_term_string"}}],"inLanguage":"ca"},{"@type":"Organization","@id":"https:\/\/www.cpl.es\/#organization","name":"Centre de Pastoral Lit\u00fargica","alternateName":"Centre de Pastoral Lit\u00fargica de Barcelona","url":"https:\/\/www.cpl.es\/","logo":{"@type":"ImageObject","inLanguage":"ca","@id":"https:\/\/www.cpl.es\/#\/schema\/logo\/image\/","url":"https:\/\/www.cpl.es\/wp-content\/uploads\/logo-cpl.svg","contentUrl":"https:\/\/www.cpl.es\/wp-content\/uploads\/logo-cpl.svg","caption":"Centre de Pastoral Lit\u00fargica"},"image":{"@id":"https:\/\/www.cpl.es\/#\/schema\/logo\/image\/"}}]}},"_links":{"self":[{"href":"https:\/\/www.cpl.es\/ca\/wp-json\/wp\/v2\/product\/20282","targetHints":{"allow":["GET"]}}],"collection":[{"href":"https:\/\/www.cpl.es\/ca\/wp-json\/wp\/v2\/product"}],"about":[{"href":"https:\/\/www.cpl.es\/ca\/wp-json\/wp\/v2\/types\/product"}],"wp:featuredmedia":[{"embeddable":true,"href":"https:\/\/www.cpl.es\/ca\/wp-json\/wp\/v2\/media\/20771"}],"wp:attachment":[{"href":"https:\/\/www.cpl.es\/ca\/wp-json\/wp\/v2\/media?parent=20282"}],"wp:term":[{"taxonomy":"product_brand","embeddable":true,"href":"https:\/\/www.cpl.es\/ca\/wp-json\/wp\/v2\/product_brand?post=20282"},{"taxonomy":"product_cat","embeddable":true,"href":"https:\/\/www.cpl.es\/ca\/wp-json\/wp\/v2\/product_cat?post=20282"},{"taxonomy":"product_tag","embeddable":true,"href":"https:\/\/www.cpl.es\/ca\/wp-json\/wp\/v2\/product_tag?post=20282"}],"curies":[{"name":"wp","href":"https:\/\/api.w.org\/{rel}","templated":true}]}}