{"id":19459,"date":"2025-06-10T14:13:01","date_gmt":"2025-06-10T12:13:01","guid":{"rendered":"https:\/\/www.cpl.es\/producto\/encender-la-esperanza-doce-pistas-para-un-gran-reto-9788491657026\/"},"modified":"2026-02-12T16:57:26","modified_gmt":"2026-02-12T15:57:26","slug":"encender-la-esperanzadoce-pistas-para-un-gran-reto-9788491657026","status":"publish","type":"product","link":"https:\/\/www.cpl.es\/ca\/producto\/encender-la-esperanzadoce-pistas-para-un-gran-reto-9788491657026\/","title":{"rendered":"Encender la esperanza.Doce pistas para un gran reto"},"content":{"rendered":"<p> \u00abEncender la esperanza\u00bb es una de las intenciones del Jubileo 2025. Y, a prop\u00f3sito del Jubileo, este libro pretende contribuir a mantener viva la llama de la esperanza m\u00e1s all\u00e1 de este a\u00f1o que, como todo, pasar\u00e1. Para ello, proponemos diversos temas para la reflexi\u00f3n, sea con aportaciones de quienes los han estudiado a fondo, sea con testimonios de vida: el propio significado del a\u00f1o jubilar en los or\u00edgenes; la paz; el ecumenismo y su b\u00fasqueda de la unidad; el reto de afrontar la enfermedad y la muerte; el perd\u00f3n; los pobres, nuestros hermanos; la familia, escuela de vida; los j\u00f3venes; la hospitalidad; las personas encarceladas. Al final de cada cap\u00edtulo presentamos unas pistas \u00abpara la reflexi\u00f3n y el trabajo en grupo\u00bb, como un medio, si sirve, para \u00abencender la esperanza\u00bb (o mantener encendida su llama) en las vidas de los lectores. <br \/> Josep Maria Romaguera ha vivido y trabajado pastoralmente en las parroquias y en la JOC y el ACO de Sant Andreu de la Barca, Badalona, L\u2019Hospitalet de Llobregat y los barrios de Nou Barris, el Bon Pastor de Barcelona. Ha sido consiliario de la CIJOC. Actualmente, es p\u00e1rroco de las parroquias de Santa Eulalia de M\u00e9rida y San Jos\u00e9 de L\u2019Hospitalet de Llobregat. Es presidente del Centre de Pastoral Lit\u00fargica desde el 2017. Maria Guarch es fil\u00f3loga catalana. Ha sido militante y responsable federal de la JOC y actualmente est\u00e1 implicada en el ACO. Es colaboradora en el programa Llevat dins la pasta, de la Pastoral Obrera de Catalunya en R\u00e0dio Estel, y en la revista L\u2019Agulla. Es la responsable de publicaciones del CPL.<\/p>\n","protected":false},"excerpt":{"rendered":"<p>Romaguera Bach, Josep Maria; Guarch i Parera, Maria<\/p>\n","protected":false},"featured_media":19648,"template":"","meta":{"_acf_changed":false,"inline_featured_image":false},"product_brand":[],"product_cat":[73,49],"product_tag":[],"class_list":{"0":"post-19459","1":"product","2":"type-product","3":"status-publish","4":"has-post-thumbnail","6":"product_cat-emaus-colleccions-catala","7":"product_cat-emaus","9":"first","10":"instock","11":"taxable","12":"shipping-taxable","13":"purchasable","14":"product-type-simple"},"acf":{"autor":"Romaguera Bach, Josep Maria; Guarch i Parera, Maria","codart":"108184","ediciones":"1","encuadernacion":"R\u00fastica","fecha_de_publicacion":"10\/06\/2025","novedad":true,"paginas":"144","subtitulo":"","orden":"0","portada":true,"idioma":"spa","coleccion_num":"184","editorial":[{"ID":6736,"post_author":"2","post_date":"2023-10-06 08:35:24","post_date_gmt":"2023-10-06 06:35:24","post_content":"","post_title":"CPL","post_excerpt":"","post_status":"publish","comment_status":"closed","ping_status":"closed","post_password":"","post_name":"cpl","to_ping":"","pinged":"","post_modified":"2023-10-06 08:35:24","post_modified_gmt":"2023-10-06 06:35:24","post_content_filtered":"","post_parent":0,"guid":"https:\/\/nuevaweb.cpl.es\/editorial\/cpl\/","menu_order":0,"post_type":"editorial","post_mime_type":"","comment_count":"0","filter":"raw"}],"booktrailer":"","ficha":"","muestra":"","presentacion":"","autores-libros":"","traductores-libros":"","ilustradores-libros":"","coleccion":"","formato":"","Venta_ebook_1_url":"","Venta_ebook_1_tienda":"","Venta_ebook_1_precio":"","Venta_ebook_2_url":"","Venta_ebook_2_tienda":"","Venta_ebook_2_precio":"","Venta_ebook_3_url":"","Venta_ebook_3_tienda":"","Venta_ebook_3_precio":"","Venta_ebook_4_url":"","Venta_ebook_4_tienda":"","Venta_ebook_4_precio":"","Venta_ebook_5_url":"","Venta_ebook_5_tienda":"","Venta_ebook_5_precio":"","Venta_ebook_6_url":"","Venta_ebook_6_tienda":"","Venta_ebook_6_precio":"","recomendamos":"","mas_vendido":"","tarifa":""},"yoast_head":"<!-- This site is optimized with the Yoast SEO plugin v27.3 - https:\/\/yoast.com\/product\/yoast-seo-wordpress\/ -->\n<title>Encender la esperanza.Doce pistas para un gran reto - CPL<\/title>\n<meta name=\"robots\" content=\"index, follow, max-snippet:-1, max-image-preview:large, max-video-preview:-1\" \/>\n<link rel=\"canonical\" href=\"https:\/\/www.cpl.es\/producto\/encender-la-esperanzadoce-pistas-para-un-gran-reto-9788491657026\/\" \/>\n<meta property=\"og:locale\" content=\"ca_ES\" \/>\n<meta property=\"og:type\" content=\"article\" \/>\n<meta property=\"og:title\" content=\"Encender la esperanza.Doce pistas para un gran reto - CPL\" \/>\n<meta property=\"og:description\" content=\"Romaguera Bach, Josep Maria; Guarch i Parera, Maria\" \/>\n<meta property=\"og:url\" content=\"https:\/\/www.cpl.es\/producto\/encender-la-esperanzadoce-pistas-para-un-gran-reto-9788491657026\/\" \/>\n<meta property=\"og:site_name\" content=\"CPL\" \/>\n<meta property=\"article:modified_time\" content=\"2026-02-12T15:57:26+00:00\" \/>\n<meta property=\"og:image\" content=\"https:\/\/www.cpl.es\/wp-content\/uploads\/9788491657026-3.jpg\" \/>\n\t<meta property=\"og:image:width\" content=\"189\" \/>\n\t<meta property=\"og:image:height\" content=\"300\" \/>\n\t<meta property=\"og:image:type\" content=\"image\/jpeg\" \/>\n<meta name=\"twitter:card\" content=\"summary_large_image\" \/>\n<meta name=\"twitter:label1\" content=\"Temps estimat de lectura\" \/>\n\t<meta name=\"twitter:data1\" content=\"2 minuts\" \/>\n<script type=\"application\/ld+json\" class=\"yoast-schema-graph\">{\"@context\":\"https:\\\/\\\/schema.org\",\"@graph\":[{\"@type\":\"WebPage\",\"@id\":\"https:\\\/\\\/www.cpl.es\\\/producto\\\/encender-la-esperanzadoce-pistas-para-un-gran-reto-9788491657026\\\/\",\"url\":\"https:\\\/\\\/www.cpl.es\\\/producto\\\/encender-la-esperanzadoce-pistas-para-un-gran-reto-9788491657026\\\/\",\"name\":\"Encender la esperanza.Doce pistas para un gran reto - CPL\",\"isPartOf\":{\"@id\":\"https:\\\/\\\/www.cpl.es\\\/#website\"},\"primaryImageOfPage\":{\"@id\":\"https:\\\/\\\/www.cpl.es\\\/producto\\\/encender-la-esperanzadoce-pistas-para-un-gran-reto-9788491657026\\\/#primaryimage\"},\"image\":{\"@id\":\"https:\\\/\\\/www.cpl.es\\\/producto\\\/encender-la-esperanzadoce-pistas-para-un-gran-reto-9788491657026\\\/#primaryimage\"},\"thumbnailUrl\":\"https:\\\/\\\/www.cpl.es\\\/wp-content\\\/uploads\\\/9788491657026-3.jpg\",\"datePublished\":\"2025-06-10T12:13:01+00:00\",\"dateModified\":\"2026-02-12T15:57:26+00:00\",\"breadcrumb\":{\"@id\":\"https:\\\/\\\/www.cpl.es\\\/producto\\\/encender-la-esperanzadoce-pistas-para-un-gran-reto-9788491657026\\\/#breadcrumb\"},\"inLanguage\":\"ca\",\"potentialAction\":[{\"@type\":\"ReadAction\",\"target\":[\"https:\\\/\\\/www.cpl.es\\\/producto\\\/encender-la-esperanzadoce-pistas-para-un-gran-reto-9788491657026\\\/\"]}]},{\"@type\":\"ImageObject\",\"inLanguage\":\"ca\",\"@id\":\"https:\\\/\\\/www.cpl.es\\\/producto\\\/encender-la-esperanzadoce-pistas-para-un-gran-reto-9788491657026\\\/#primaryimage\",\"url\":\"https:\\\/\\\/www.cpl.es\\\/wp-content\\\/uploads\\\/9788491657026-3.jpg\",\"contentUrl\":\"https:\\\/\\\/www.cpl.es\\\/wp-content\\\/uploads\\\/9788491657026-3.jpg\",\"width\":189,\"height\":300,\"caption\":\"9788491657026.jpg\"},{\"@type\":\"BreadcrumbList\",\"@id\":\"https:\\\/\\\/www.cpl.es\\\/producto\\\/encender-la-esperanzadoce-pistas-para-un-gran-reto-9788491657026\\\/#breadcrumb\",\"itemListElement\":[{\"@type\":\"ListItem\",\"position\":1,\"name\":\"Portada\",\"item\":\"https:\\\/\\\/www.cpl.es\\\/ca\\\/\"},{\"@type\":\"ListItem\",\"position\":2,\"name\":\"Cat\u00e0leg\",\"item\":\"https:\\\/\\\/www.cpl.es\\\/ca\\\/cataleg\\\/\"},{\"@type\":\"ListItem\",\"position\":3,\"name\":\"Encender la esperanza.Doce pistas para un gran reto\"}]},{\"@type\":\"WebSite\",\"@id\":\"https:\\\/\\\/www.cpl.es\\\/#website\",\"url\":\"https:\\\/\\\/www.cpl.es\\\/\",\"name\":\"CPL\",\"description\":\"Centre de Pastoral Lit\u00fargica de Barcelona\",\"publisher\":{\"@id\":\"https:\\\/\\\/www.cpl.es\\\/#organization\"},\"alternateName\":\"Centre de Pastoral Lit\u00fargica\",\"potentialAction\":[{\"@type\":\"SearchAction\",\"target\":{\"@type\":\"EntryPoint\",\"urlTemplate\":\"https:\\\/\\\/www.cpl.es\\\/?s={search_term_string}\"},\"query-input\":{\"@type\":\"PropertyValueSpecification\",\"valueRequired\":true,\"valueName\":\"search_term_string\"}}],\"inLanguage\":\"ca\"},{\"@type\":\"Organization\",\"@id\":\"https:\\\/\\\/www.cpl.es\\\/#organization\",\"name\":\"Centre de Pastoral Lit\u00fargica\",\"alternateName\":\"Centre de Pastoral Lit\u00fargica de Barcelona\",\"url\":\"https:\\\/\\\/www.cpl.es\\\/\",\"logo\":{\"@type\":\"ImageObject\",\"inLanguage\":\"ca\",\"@id\":\"https:\\\/\\\/www.cpl.es\\\/#\\\/schema\\\/logo\\\/image\\\/\",\"url\":\"https:\\\/\\\/www.cpl.es\\\/wp-content\\\/uploads\\\/logo-cpl.svg\",\"contentUrl\":\"https:\\\/\\\/www.cpl.es\\\/wp-content\\\/uploads\\\/logo-cpl.svg\",\"caption\":\"Centre de Pastoral Lit\u00fargica\"},\"image\":{\"@id\":\"https:\\\/\\\/www.cpl.es\\\/#\\\/schema\\\/logo\\\/image\\\/\"}}]}<\/script>\n<!-- \/ Yoast SEO plugin. -->","yoast_head_json":{"title":"Encender la esperanza.Doce pistas para un gran reto - CPL","robots":{"index":"index","follow":"follow","max-snippet":"max-snippet:-1","max-image-preview":"max-image-preview:large","max-video-preview":"max-video-preview:-1"},"canonical":"https:\/\/www.cpl.es\/producto\/encender-la-esperanzadoce-pistas-para-un-gran-reto-9788491657026\/","og_locale":"ca_ES","og_type":"article","og_title":"Encender la esperanza.Doce pistas para un gran reto - CPL","og_description":"Romaguera Bach, Josep Maria; Guarch i Parera, Maria","og_url":"https:\/\/www.cpl.es\/producto\/encender-la-esperanzadoce-pistas-para-un-gran-reto-9788491657026\/","og_site_name":"CPL","article_modified_time":"2026-02-12T15:57:26+00:00","og_image":[{"width":189,"height":300,"url":"https:\/\/www.cpl.es\/wp-content\/uploads\/9788491657026-3.jpg","type":"image\/jpeg"}],"twitter_card":"summary_large_image","twitter_misc":{"Temps estimat de lectura":"2 minuts"},"schema":{"@context":"https:\/\/schema.org","@graph":[{"@type":"WebPage","@id":"https:\/\/www.cpl.es\/producto\/encender-la-esperanzadoce-pistas-para-un-gran-reto-9788491657026\/","url":"https:\/\/www.cpl.es\/producto\/encender-la-esperanzadoce-pistas-para-un-gran-reto-9788491657026\/","name":"Encender la esperanza.Doce pistas para un gran reto - CPL","isPartOf":{"@id":"https:\/\/www.cpl.es\/#website"},"primaryImageOfPage":{"@id":"https:\/\/www.cpl.es\/producto\/encender-la-esperanzadoce-pistas-para-un-gran-reto-9788491657026\/#primaryimage"},"image":{"@id":"https:\/\/www.cpl.es\/producto\/encender-la-esperanzadoce-pistas-para-un-gran-reto-9788491657026\/#primaryimage"},"thumbnailUrl":"https:\/\/www.cpl.es\/wp-content\/uploads\/9788491657026-3.jpg","datePublished":"2025-06-10T12:13:01+00:00","dateModified":"2026-02-12T15:57:26+00:00","breadcrumb":{"@id":"https:\/\/www.cpl.es\/producto\/encender-la-esperanzadoce-pistas-para-un-gran-reto-9788491657026\/#breadcrumb"},"inLanguage":"ca","potentialAction":[{"@type":"ReadAction","target":["https:\/\/www.cpl.es\/producto\/encender-la-esperanzadoce-pistas-para-un-gran-reto-9788491657026\/"]}]},{"@type":"ImageObject","inLanguage":"ca","@id":"https:\/\/www.cpl.es\/producto\/encender-la-esperanzadoce-pistas-para-un-gran-reto-9788491657026\/#primaryimage","url":"https:\/\/www.cpl.es\/wp-content\/uploads\/9788491657026-3.jpg","contentUrl":"https:\/\/www.cpl.es\/wp-content\/uploads\/9788491657026-3.jpg","width":189,"height":300,"caption":"9788491657026.jpg"},{"@type":"BreadcrumbList","@id":"https:\/\/www.cpl.es\/producto\/encender-la-esperanzadoce-pistas-para-un-gran-reto-9788491657026\/#breadcrumb","itemListElement":[{"@type":"ListItem","position":1,"name":"Portada","item":"https:\/\/www.cpl.es\/ca\/"},{"@type":"ListItem","position":2,"name":"Cat\u00e0leg","item":"https:\/\/www.cpl.es\/ca\/cataleg\/"},{"@type":"ListItem","position":3,"name":"Encender la esperanza.Doce pistas para un gran reto"}]},{"@type":"WebSite","@id":"https:\/\/www.cpl.es\/#website","url":"https:\/\/www.cpl.es\/","name":"CPL","description":"Centre de Pastoral Lit\u00fargica de Barcelona","publisher":{"@id":"https:\/\/www.cpl.es\/#organization"},"alternateName":"Centre de Pastoral Lit\u00fargica","potentialAction":[{"@type":"SearchAction","target":{"@type":"EntryPoint","urlTemplate":"https:\/\/www.cpl.es\/?s={search_term_string}"},"query-input":{"@type":"PropertyValueSpecification","valueRequired":true,"valueName":"search_term_string"}}],"inLanguage":"ca"},{"@type":"Organization","@id":"https:\/\/www.cpl.es\/#organization","name":"Centre de Pastoral Lit\u00fargica","alternateName":"Centre de Pastoral Lit\u00fargica de Barcelona","url":"https:\/\/www.cpl.es\/","logo":{"@type":"ImageObject","inLanguage":"ca","@id":"https:\/\/www.cpl.es\/#\/schema\/logo\/image\/","url":"https:\/\/www.cpl.es\/wp-content\/uploads\/logo-cpl.svg","contentUrl":"https:\/\/www.cpl.es\/wp-content\/uploads\/logo-cpl.svg","caption":"Centre de Pastoral Lit\u00fargica"},"image":{"@id":"https:\/\/www.cpl.es\/#\/schema\/logo\/image\/"}}]}},"_links":{"self":[{"href":"https:\/\/www.cpl.es\/ca\/wp-json\/wp\/v2\/product\/19459","targetHints":{"allow":["GET"]}}],"collection":[{"href":"https:\/\/www.cpl.es\/ca\/wp-json\/wp\/v2\/product"}],"about":[{"href":"https:\/\/www.cpl.es\/ca\/wp-json\/wp\/v2\/types\/product"}],"wp:featuredmedia":[{"embeddable":true,"href":"https:\/\/www.cpl.es\/ca\/wp-json\/wp\/v2\/media\/19648"}],"wp:attachment":[{"href":"https:\/\/www.cpl.es\/ca\/wp-json\/wp\/v2\/media?parent=19459"}],"wp:term":[{"taxonomy":"product_brand","embeddable":true,"href":"https:\/\/www.cpl.es\/ca\/wp-json\/wp\/v2\/product_brand?post=19459"},{"taxonomy":"product_cat","embeddable":true,"href":"https:\/\/www.cpl.es\/ca\/wp-json\/wp\/v2\/product_cat?post=19459"},{"taxonomy":"product_tag","embeddable":true,"href":"https:\/\/www.cpl.es\/ca\/wp-json\/wp\/v2\/product_tag?post=19459"}],"curies":[{"name":"wp","href":"https:\/\/api.w.org\/{rel}","templated":true}]}}