{"id":18932,"date":"2025-04-23T13:28:01","date_gmt":"2025-04-23T11:28:01","guid":{"rendered":"https:\/\/www.cpl.es\/producto\/la-bona-nova-de-jesus-9788491656883\/"},"modified":"2026-03-25T13:48:27","modified_gmt":"2026-03-25T12:48:27","slug":"la-bona-nova-de-jesus-9788491656883","status":"publish","type":"product","link":"https:\/\/www.cpl.es\/ca\/producto\/la-bona-nova-de-jesus-9788491656883\/","title":{"rendered":"La bona nova de Jes\u00fas"},"content":{"rendered":"<p> Aquesta publicaci\u00f3 vol contribuir a ajudar els fidels a acostar-se a la Sagrada Escriptura d\u2019una manera clara i entenedora, principalment, a la selecci\u00f3 d\u2019evangelis dominicals s\u00e0viament triats per l\u2019actual Ordenaci\u00f3 de Lectures de la Missa, fruit tamb\u00e9 dels ensenyaments i directrius del Concili Vatic\u00e0 II. \u201cCal, doncs, que tots els clergues, sobretot els sacerdots de Crist i tots els qui, com els diaques o els catequistes, es dediquen leg\u00edtimament al ministeri de la paraula, es llancin a con\u00e8ixer les Escriptures, mitjan\u00e7ant una lectura espiritual ass\u00eddua i un estudi diligent, per tal que cap d\u2019ells no esdevingui \u00abpredicador buit i superficial de la paraula de D\u00e9u, com qui no l\u2019escolta pas en el seu interior\u00bb. A ells pertoca de comunicar als fidels que els han estat confiats, les immenses riqueses de la paraula divina, sobretot en la sagrada lit\u00fargia\u201d (Dei VerbumVerbum 25). Un petit volum amb comentaris a l\u2019evangeli dels tres cicles de lectures dominicals, la seva immensa majoria publicats durant els anys 2018\u20132022 al Full Dominical de l\u2019arxidi\u00f2cesi de Barcelona i en altres di\u00f2cesis germanes. <br \/> Jordi Latorre i Castillo (Barcelona 1958), salesi\u00e0 des de 1976 i prevere des del 1985. Llicenciat en Ci\u00e8ncies B\u00edbliques pel Pontifici Institut B\u00edblic, Doctor en Teologia B\u00edblica per la Facultat de Teologia de Catalunya. Va ser responsable de formaci\u00f3 de la Prov\u00edncia salesiana de Catalunya, Arag\u00f3 i Balears; membre de l\u2019equip formatiu en l\u2019etapa de formaci\u00f3 espec\u00edfica de joves salesians i de la Comissi\u00f3 diocesana de Pastoral Sagramental de l\u2019Arxidi\u00f2cesi de Barcelona. \u00c9s professor de la Facultat de Teologia de Catalunya, i director de l\u2019Institut Superior de Ci\u00e8ncies Religioses Don Bosco de Barcelona. \u00c9s col\u00b7laborador del Centre de Pastoral Lit\u00fargica de Barcelona a trav\u00e9s del Consell de la revista Phase. Des de fa molts anys acompanya espiritualment diversos preveres, religiosos i laics.<\/p>\n","protected":false},"excerpt":{"rendered":"<p>Latorre Castillo, Jordi<\/p>\n","protected":false},"featured_media":28643,"template":"","meta":{"_acf_changed":false,"inline_featured_image":false},"product_brand":[],"product_cat":[15],"product_tag":[],"class_list":{"0":"post-18932","1":"product","2":"type-product","3":"status-publish","4":"has-post-thumbnail","6":"product_cat-sin-categorizar","8":"first","9":"instock","10":"taxable","11":"shipping-taxable","12":"purchasable","13":"product-type-simple"},"acf":{"autor":"Latorre Castillo, Jordi","codart":"250053","ediciones":"1","encuadernacion":"R\u00fastica","fecha_de_publicacion":"02\/04\/2025","novedad":false,"paginas":"400","subtitulo":"Comentari als evangelis dominicals. Cicles A, B i C","orden":"999","portada":false,"idioma":"cat","coleccion_num":"0","editorial":[{"ID":6736,"post_author":"2","post_date":"2023-10-06 08:35:24","post_date_gmt":"2023-10-06 06:35:24","post_content":"","post_title":"CPL","post_excerpt":"","post_status":"publish","comment_status":"closed","ping_status":"closed","post_password":"","post_name":"cpl","to_ping":"","pinged":"","post_modified":"2023-10-06 08:35:24","post_modified_gmt":"2023-10-06 06:35:24","post_content_filtered":"","post_parent":0,"guid":"https:\/\/nuevaweb.cpl.es\/editorial\/cpl\/","menu_order":0,"post_type":"editorial","post_mime_type":"","comment_count":"0","filter":"raw"}]},"yoast_head":"<!-- This site is optimized with the Yoast SEO plugin v27.3 - https:\/\/yoast.com\/product\/yoast-seo-wordpress\/ -->\n<title>La bona nova de Jes\u00fas - CPL<\/title>\n<meta name=\"robots\" content=\"index, follow, max-snippet:-1, max-image-preview:large, max-video-preview:-1\" \/>\n<link rel=\"canonical\" href=\"https:\/\/www.cpl.es\/producto\/la-bona-nova-de-jesus-9788491656883\/\" \/>\n<meta property=\"og:locale\" content=\"ca_ES\" \/>\n<meta property=\"og:type\" content=\"article\" \/>\n<meta property=\"og:title\" content=\"La bona nova de Jes\u00fas - CPL\" \/>\n<meta property=\"og:description\" content=\"Latorre Castillo, Jordi\" \/>\n<meta property=\"og:url\" content=\"https:\/\/www.cpl.es\/producto\/la-bona-nova-de-jesus-9788491656883\/\" \/>\n<meta property=\"og:site_name\" content=\"CPL\" \/>\n<meta property=\"article:modified_time\" content=\"2026-03-25T12:48:27+00:00\" \/>\n<meta property=\"og:image\" content=\"https:\/\/www.cpl.es\/wp-content\/uploads\/9788491656883-5.jpg\" \/>\n\t<meta property=\"og:image:width\" content=\"205\" \/>\n\t<meta property=\"og:image:height\" content=\"300\" \/>\n\t<meta property=\"og:image:type\" content=\"image\/jpeg\" \/>\n<meta name=\"twitter:card\" content=\"summary_large_image\" \/>\n<meta name=\"twitter:label1\" content=\"Temps estimat de lectura\" \/>\n\t<meta name=\"twitter:data1\" content=\"2 minuts\" \/>\n<script type=\"application\/ld+json\" class=\"yoast-schema-graph\">{\"@context\":\"https:\\\/\\\/schema.org\",\"@graph\":[{\"@type\":\"WebPage\",\"@id\":\"https:\\\/\\\/www.cpl.es\\\/producto\\\/la-bona-nova-de-jesus-9788491656883\\\/\",\"url\":\"https:\\\/\\\/www.cpl.es\\\/producto\\\/la-bona-nova-de-jesus-9788491656883\\\/\",\"name\":\"La bona nova de Jes\u00fas - CPL\",\"isPartOf\":{\"@id\":\"https:\\\/\\\/www.cpl.es\\\/#website\"},\"primaryImageOfPage\":{\"@id\":\"https:\\\/\\\/www.cpl.es\\\/producto\\\/la-bona-nova-de-jesus-9788491656883\\\/#primaryimage\"},\"image\":{\"@id\":\"https:\\\/\\\/www.cpl.es\\\/producto\\\/la-bona-nova-de-jesus-9788491656883\\\/#primaryimage\"},\"thumbnailUrl\":\"https:\\\/\\\/www.cpl.es\\\/wp-content\\\/uploads\\\/9788491656883-5.jpg\",\"datePublished\":\"2025-04-23T11:28:01+00:00\",\"dateModified\":\"2026-03-25T12:48:27+00:00\",\"breadcrumb\":{\"@id\":\"https:\\\/\\\/www.cpl.es\\\/producto\\\/la-bona-nova-de-jesus-9788491656883\\\/#breadcrumb\"},\"inLanguage\":\"ca\",\"potentialAction\":[{\"@type\":\"ReadAction\",\"target\":[\"https:\\\/\\\/www.cpl.es\\\/producto\\\/la-bona-nova-de-jesus-9788491656883\\\/\"]}]},{\"@type\":\"ImageObject\",\"inLanguage\":\"ca\",\"@id\":\"https:\\\/\\\/www.cpl.es\\\/producto\\\/la-bona-nova-de-jesus-9788491656883\\\/#primaryimage\",\"url\":\"https:\\\/\\\/www.cpl.es\\\/wp-content\\\/uploads\\\/9788491656883-5.jpg\",\"contentUrl\":\"https:\\\/\\\/www.cpl.es\\\/wp-content\\\/uploads\\\/9788491656883-5.jpg\",\"width\":205,\"height\":300,\"caption\":\"9788491656883.jpg\"},{\"@type\":\"BreadcrumbList\",\"@id\":\"https:\\\/\\\/www.cpl.es\\\/producto\\\/la-bona-nova-de-jesus-9788491656883\\\/#breadcrumb\",\"itemListElement\":[{\"@type\":\"ListItem\",\"position\":1,\"name\":\"Portada\",\"item\":\"https:\\\/\\\/www.cpl.es\\\/ca\\\/\"},{\"@type\":\"ListItem\",\"position\":2,\"name\":\"Cat\u00e0leg\",\"item\":\"https:\\\/\\\/www.cpl.es\\\/ca\\\/cataleg\\\/\"},{\"@type\":\"ListItem\",\"position\":3,\"name\":\"La bona nova de Jes\u00fas\"}]},{\"@type\":\"WebSite\",\"@id\":\"https:\\\/\\\/www.cpl.es\\\/#website\",\"url\":\"https:\\\/\\\/www.cpl.es\\\/\",\"name\":\"CPL\",\"description\":\"Centre de Pastoral Lit\u00fargica de Barcelona\",\"publisher\":{\"@id\":\"https:\\\/\\\/www.cpl.es\\\/#organization\"},\"alternateName\":\"Centre de Pastoral Lit\u00fargica\",\"potentialAction\":[{\"@type\":\"SearchAction\",\"target\":{\"@type\":\"EntryPoint\",\"urlTemplate\":\"https:\\\/\\\/www.cpl.es\\\/?s={search_term_string}\"},\"query-input\":{\"@type\":\"PropertyValueSpecification\",\"valueRequired\":true,\"valueName\":\"search_term_string\"}}],\"inLanguage\":\"ca\"},{\"@type\":\"Organization\",\"@id\":\"https:\\\/\\\/www.cpl.es\\\/#organization\",\"name\":\"Centre de Pastoral Lit\u00fargica\",\"alternateName\":\"Centre de Pastoral Lit\u00fargica de Barcelona\",\"url\":\"https:\\\/\\\/www.cpl.es\\\/\",\"logo\":{\"@type\":\"ImageObject\",\"inLanguage\":\"ca\",\"@id\":\"https:\\\/\\\/www.cpl.es\\\/#\\\/schema\\\/logo\\\/image\\\/\",\"url\":\"https:\\\/\\\/www.cpl.es\\\/wp-content\\\/uploads\\\/logo-cpl.svg\",\"contentUrl\":\"https:\\\/\\\/www.cpl.es\\\/wp-content\\\/uploads\\\/logo-cpl.svg\",\"caption\":\"Centre de Pastoral Lit\u00fargica\"},\"image\":{\"@id\":\"https:\\\/\\\/www.cpl.es\\\/#\\\/schema\\\/logo\\\/image\\\/\"}}]}<\/script>\n<!-- \/ Yoast SEO plugin. -->","yoast_head_json":{"title":"La bona nova de Jes\u00fas - CPL","robots":{"index":"index","follow":"follow","max-snippet":"max-snippet:-1","max-image-preview":"max-image-preview:large","max-video-preview":"max-video-preview:-1"},"canonical":"https:\/\/www.cpl.es\/producto\/la-bona-nova-de-jesus-9788491656883\/","og_locale":"ca_ES","og_type":"article","og_title":"La bona nova de Jes\u00fas - CPL","og_description":"Latorre Castillo, Jordi","og_url":"https:\/\/www.cpl.es\/producto\/la-bona-nova-de-jesus-9788491656883\/","og_site_name":"CPL","article_modified_time":"2026-03-25T12:48:27+00:00","og_image":[{"width":205,"height":300,"url":"https:\/\/www.cpl.es\/wp-content\/uploads\/9788491656883-5.jpg","type":"image\/jpeg"}],"twitter_card":"summary_large_image","twitter_misc":{"Temps estimat de lectura":"2 minuts"},"schema":{"@context":"https:\/\/schema.org","@graph":[{"@type":"WebPage","@id":"https:\/\/www.cpl.es\/producto\/la-bona-nova-de-jesus-9788491656883\/","url":"https:\/\/www.cpl.es\/producto\/la-bona-nova-de-jesus-9788491656883\/","name":"La bona nova de Jes\u00fas - CPL","isPartOf":{"@id":"https:\/\/www.cpl.es\/#website"},"primaryImageOfPage":{"@id":"https:\/\/www.cpl.es\/producto\/la-bona-nova-de-jesus-9788491656883\/#primaryimage"},"image":{"@id":"https:\/\/www.cpl.es\/producto\/la-bona-nova-de-jesus-9788491656883\/#primaryimage"},"thumbnailUrl":"https:\/\/www.cpl.es\/wp-content\/uploads\/9788491656883-5.jpg","datePublished":"2025-04-23T11:28:01+00:00","dateModified":"2026-03-25T12:48:27+00:00","breadcrumb":{"@id":"https:\/\/www.cpl.es\/producto\/la-bona-nova-de-jesus-9788491656883\/#breadcrumb"},"inLanguage":"ca","potentialAction":[{"@type":"ReadAction","target":["https:\/\/www.cpl.es\/producto\/la-bona-nova-de-jesus-9788491656883\/"]}]},{"@type":"ImageObject","inLanguage":"ca","@id":"https:\/\/www.cpl.es\/producto\/la-bona-nova-de-jesus-9788491656883\/#primaryimage","url":"https:\/\/www.cpl.es\/wp-content\/uploads\/9788491656883-5.jpg","contentUrl":"https:\/\/www.cpl.es\/wp-content\/uploads\/9788491656883-5.jpg","width":205,"height":300,"caption":"9788491656883.jpg"},{"@type":"BreadcrumbList","@id":"https:\/\/www.cpl.es\/producto\/la-bona-nova-de-jesus-9788491656883\/#breadcrumb","itemListElement":[{"@type":"ListItem","position":1,"name":"Portada","item":"https:\/\/www.cpl.es\/ca\/"},{"@type":"ListItem","position":2,"name":"Cat\u00e0leg","item":"https:\/\/www.cpl.es\/ca\/cataleg\/"},{"@type":"ListItem","position":3,"name":"La bona nova de Jes\u00fas"}]},{"@type":"WebSite","@id":"https:\/\/www.cpl.es\/#website","url":"https:\/\/www.cpl.es\/","name":"CPL","description":"Centre de Pastoral Lit\u00fargica de Barcelona","publisher":{"@id":"https:\/\/www.cpl.es\/#organization"},"alternateName":"Centre de Pastoral Lit\u00fargica","potentialAction":[{"@type":"SearchAction","target":{"@type":"EntryPoint","urlTemplate":"https:\/\/www.cpl.es\/?s={search_term_string}"},"query-input":{"@type":"PropertyValueSpecification","valueRequired":true,"valueName":"search_term_string"}}],"inLanguage":"ca"},{"@type":"Organization","@id":"https:\/\/www.cpl.es\/#organization","name":"Centre de Pastoral Lit\u00fargica","alternateName":"Centre de Pastoral Lit\u00fargica de Barcelona","url":"https:\/\/www.cpl.es\/","logo":{"@type":"ImageObject","inLanguage":"ca","@id":"https:\/\/www.cpl.es\/#\/schema\/logo\/image\/","url":"https:\/\/www.cpl.es\/wp-content\/uploads\/logo-cpl.svg","contentUrl":"https:\/\/www.cpl.es\/wp-content\/uploads\/logo-cpl.svg","caption":"Centre de Pastoral Lit\u00fargica"},"image":{"@id":"https:\/\/www.cpl.es\/#\/schema\/logo\/image\/"}}]}},"_links":{"self":[{"href":"https:\/\/www.cpl.es\/ca\/wp-json\/wp\/v2\/product\/18932","targetHints":{"allow":["GET"]}}],"collection":[{"href":"https:\/\/www.cpl.es\/ca\/wp-json\/wp\/v2\/product"}],"about":[{"href":"https:\/\/www.cpl.es\/ca\/wp-json\/wp\/v2\/types\/product"}],"wp:featuredmedia":[{"embeddable":true,"href":"https:\/\/www.cpl.es\/ca\/wp-json\/wp\/v2\/media\/28643"}],"wp:attachment":[{"href":"https:\/\/www.cpl.es\/ca\/wp-json\/wp\/v2\/media?parent=18932"}],"wp:term":[{"taxonomy":"product_brand","embeddable":true,"href":"https:\/\/www.cpl.es\/ca\/wp-json\/wp\/v2\/product_brand?post=18932"},{"taxonomy":"product_cat","embeddable":true,"href":"https:\/\/www.cpl.es\/ca\/wp-json\/wp\/v2\/product_cat?post=18932"},{"taxonomy":"product_tag","embeddable":true,"href":"https:\/\/www.cpl.es\/ca\/wp-json\/wp\/v2\/product_tag?post=18932"}],"curies":[{"name":"wp","href":"https:\/\/api.w.org\/{rel}","templated":true}]}}