{"id":1890,"date":"2023-10-04T01:24:55","date_gmt":"2023-10-03T23:24:55","guid":{"rendered":"https:\/\/nuevaweb.cpl.es\/producto\/memoria-de-nuestra-redencion-tratado-de-la-misa-9788498056501\/"},"modified":"2026-02-12T17:38:53","modified_gmt":"2026-02-12T16:38:53","slug":"memoria-de-nuestra-redencion-tratado-de-la-misa-9788498056501","status":"publish","type":"product","link":"https:\/\/www.cpl.es\/ca\/producto\/memoria-de-nuestra-redencion-tratado-de-la-misa-9788498056501\/","title":{"rendered":"Memoria de nuestra redenci\u00f3n. Tratado de la misa"},"content":{"rendered":"<p>Esta obra, de autor an\u00f3nimo, se compone de treinta y siete cap\u00edtulos que van describiendo la forma lit\u00fargica de la celebraci\u00f3n de la Eucarist\u00eda en el siglo XV. La preocupaci\u00f3n por cuidar, en todas las clases sociales y estados, que la vida sea genuinamente cristiana, cuidando la educaci\u00f3n de la mente y del hombre interior a trav\u00e9s de la meditaci\u00f3n y el examen inspirados en las Sagradas Escritura, ser\u00e1n los rasgos de la espiritualidad entonces considerada moderna.<\/p>\n<p>Jes\u00fas R. Folgado Garc\u00eda (Madrid 1981). Es presb\u00edtero de la di\u00f3cesis de Getafe. Actualmente es p\u00e1rroco en Sevilla la Nueva (Madrid). Doctor en Teolog\u00eda lit\u00fargica por la Universidad Eclesi\u00e1stica San D\u00e1maso de Madrid. Es profesor en el Instituto de Ciencias Religiosas de San D\u00e1maso, secci\u00f3n a distancia, en su sede de Getafe y del Centro Diocesano de Teolog\u00eda de Getafe. Es miembro de la Asociaci\u00f3n Espa\u00f1ola de Profesores de Liturgia. Ha publicado diversos estudios sobre historia de la liturgia y sobre la relaci\u00f3n entre las diversas artes y la liturgia.<\/p>\n<p>(Cuadernos Phase 233)<\/p>\n","protected":false},"excerpt":{"rendered":"<p>Ed. Jes\u00fas R. Folgado Garc\u00eda<\/p>\n","protected":false},"featured_media":1891,"template":"","meta":{"_acf_changed":false,"inline_featured_image":false},"product_brand":[],"product_cat":[151,153,69,54,85,62],"product_tag":[],"class_list":{"0":"post-1890","1":"product","2":"type-product","3":"status-publish","4":"has-post-thumbnail","6":"product_cat-celebracio-de-la-missa-celebracio-de-la-missa-per-temes","7":"product_cat-celebracion-de-la-misa-celebracion-de-la-misa-por-temas","8":"product_cat-cuadernos-phase-colleccions-catala","9":"product_cat-cuadernos-phase","10":"product_cat-historia-de-la-liturgia-per-temes-catala","11":"product_cat-historia-de-la-liturgia","13":"first","14":"instock","15":"taxable","16":"shipping-taxable","17":"purchasable","18":"product-type-simple"},"acf":{"autor":"Ed. Jes\u00fas R. Folgado Garc\u00eda","codart":"110233","ediciones":"1","encuadernacion":"R\u00fastica","fecha_de_publicacion":"06\/10\/2016","novedad":false,"paginas":"168","subtitulo":"","orden":"999","portada":false,"idioma":"spa","editorial":[{"ID":6736,"post_author":"2","post_date":"2023-10-06 08:35:24","post_date_gmt":"2023-10-06 06:35:24","post_content":"","post_title":"CPL","post_excerpt":"","post_status":"publish","comment_status":"closed","ping_status":"closed","post_password":"","post_name":"cpl","to_ping":"","pinged":"","post_modified":"2023-10-06 08:35:24","post_modified_gmt":"2023-10-06 06:35:24","post_content_filtered":"","post_parent":0,"guid":"https:\/\/nuevaweb.cpl.es\/editorial\/cpl\/","menu_order":0,"post_type":"editorial","post_mime_type":"","comment_count":"0","filter":"raw"}],"coleccion_num":"233"},"yoast_head":"<!-- This site is optimized with the Yoast SEO plugin v27.3 - https:\/\/yoast.com\/product\/yoast-seo-wordpress\/ -->\n<title>Memoria de nuestra redenci\u00f3n. Tratado de la misa - CPL<\/title>\n<meta name=\"robots\" content=\"index, follow, max-snippet:-1, max-image-preview:large, max-video-preview:-1\" \/>\n<link rel=\"canonical\" href=\"https:\/\/www.cpl.es\/producto\/memoria-de-nuestra-redencion-tratado-de-la-misa-9788498056501\/\" \/>\n<meta property=\"og:locale\" content=\"ca_ES\" \/>\n<meta property=\"og:type\" content=\"article\" \/>\n<meta property=\"og:title\" content=\"Memoria de nuestra redenci\u00f3n. Tratado de la misa - CPL\" \/>\n<meta property=\"og:description\" content=\"Ed. Jes\u00fas R. Folgado Garc\u00eda\" \/>\n<meta property=\"og:url\" content=\"https:\/\/www.cpl.es\/producto\/memoria-de-nuestra-redencion-tratado-de-la-misa-9788498056501\/\" \/>\n<meta property=\"og:site_name\" content=\"CPL\" \/>\n<meta property=\"article:modified_time\" content=\"2026-02-12T16:38:53+00:00\" \/>\n<meta property=\"og:image\" content=\"https:\/\/www.cpl.es\/wp-content\/uploads\/110233.jpg\" \/>\n\t<meta property=\"og:image:width\" content=\"281\" \/>\n\t<meta property=\"og:image:height\" content=\"422\" \/>\n\t<meta property=\"og:image:type\" content=\"image\/jpeg\" \/>\n<meta name=\"twitter:card\" content=\"summary_large_image\" \/>\n<meta name=\"twitter:label1\" content=\"Temps estimat de lectura\" \/>\n\t<meta name=\"twitter:data1\" content=\"1 minut\" \/>\n<script type=\"application\/ld+json\" class=\"yoast-schema-graph\">{\"@context\":\"https:\\\/\\\/schema.org\",\"@graph\":[{\"@type\":\"WebPage\",\"@id\":\"https:\\\/\\\/www.cpl.es\\\/producto\\\/memoria-de-nuestra-redencion-tratado-de-la-misa-9788498056501\\\/\",\"url\":\"https:\\\/\\\/www.cpl.es\\\/producto\\\/memoria-de-nuestra-redencion-tratado-de-la-misa-9788498056501\\\/\",\"name\":\"Memoria de nuestra redenci\u00f3n. Tratado de la misa - CPL\",\"isPartOf\":{\"@id\":\"https:\\\/\\\/www.cpl.es\\\/#website\"},\"primaryImageOfPage\":{\"@id\":\"https:\\\/\\\/www.cpl.es\\\/producto\\\/memoria-de-nuestra-redencion-tratado-de-la-misa-9788498056501\\\/#primaryimage\"},\"image\":{\"@id\":\"https:\\\/\\\/www.cpl.es\\\/producto\\\/memoria-de-nuestra-redencion-tratado-de-la-misa-9788498056501\\\/#primaryimage\"},\"thumbnailUrl\":\"https:\\\/\\\/www.cpl.es\\\/wp-content\\\/uploads\\\/110233.jpg\",\"datePublished\":\"2023-10-03T23:24:55+00:00\",\"dateModified\":\"2026-02-12T16:38:53+00:00\",\"breadcrumb\":{\"@id\":\"https:\\\/\\\/www.cpl.es\\\/producto\\\/memoria-de-nuestra-redencion-tratado-de-la-misa-9788498056501\\\/#breadcrumb\"},\"inLanguage\":\"ca\",\"potentialAction\":[{\"@type\":\"ReadAction\",\"target\":[\"https:\\\/\\\/www.cpl.es\\\/producto\\\/memoria-de-nuestra-redencion-tratado-de-la-misa-9788498056501\\\/\"]}]},{\"@type\":\"ImageObject\",\"inLanguage\":\"ca\",\"@id\":\"https:\\\/\\\/www.cpl.es\\\/producto\\\/memoria-de-nuestra-redencion-tratado-de-la-misa-9788498056501\\\/#primaryimage\",\"url\":\"https:\\\/\\\/www.cpl.es\\\/wp-content\\\/uploads\\\/110233.jpg\",\"contentUrl\":\"https:\\\/\\\/www.cpl.es\\\/wp-content\\\/uploads\\\/110233.jpg\",\"width\":281,\"height\":422,\"caption\":\"110233.jpg\"},{\"@type\":\"BreadcrumbList\",\"@id\":\"https:\\\/\\\/www.cpl.es\\\/producto\\\/memoria-de-nuestra-redencion-tratado-de-la-misa-9788498056501\\\/#breadcrumb\",\"itemListElement\":[{\"@type\":\"ListItem\",\"position\":1,\"name\":\"Portada\",\"item\":\"https:\\\/\\\/www.cpl.es\\\/ca\\\/\"},{\"@type\":\"ListItem\",\"position\":2,\"name\":\"Cat\u00e0leg\",\"item\":\"https:\\\/\\\/www.cpl.es\\\/ca\\\/cataleg\\\/\"},{\"@type\":\"ListItem\",\"position\":3,\"name\":\"Memoria de nuestra redenci\u00f3n. Tratado de la misa\"}]},{\"@type\":\"WebSite\",\"@id\":\"https:\\\/\\\/www.cpl.es\\\/#website\",\"url\":\"https:\\\/\\\/www.cpl.es\\\/\",\"name\":\"CPL\",\"description\":\"Centre de Pastoral Lit\u00fargica de Barcelona\",\"publisher\":{\"@id\":\"https:\\\/\\\/www.cpl.es\\\/#organization\"},\"alternateName\":\"Centre de Pastoral Lit\u00fargica\",\"potentialAction\":[{\"@type\":\"SearchAction\",\"target\":{\"@type\":\"EntryPoint\",\"urlTemplate\":\"https:\\\/\\\/www.cpl.es\\\/?s={search_term_string}\"},\"query-input\":{\"@type\":\"PropertyValueSpecification\",\"valueRequired\":true,\"valueName\":\"search_term_string\"}}],\"inLanguage\":\"ca\"},{\"@type\":\"Organization\",\"@id\":\"https:\\\/\\\/www.cpl.es\\\/#organization\",\"name\":\"Centre de Pastoral Lit\u00fargica\",\"alternateName\":\"Centre de Pastoral Lit\u00fargica de Barcelona\",\"url\":\"https:\\\/\\\/www.cpl.es\\\/\",\"logo\":{\"@type\":\"ImageObject\",\"inLanguage\":\"ca\",\"@id\":\"https:\\\/\\\/www.cpl.es\\\/#\\\/schema\\\/logo\\\/image\\\/\",\"url\":\"https:\\\/\\\/www.cpl.es\\\/wp-content\\\/uploads\\\/logo-cpl.svg\",\"contentUrl\":\"https:\\\/\\\/www.cpl.es\\\/wp-content\\\/uploads\\\/logo-cpl.svg\",\"caption\":\"Centre de Pastoral Lit\u00fargica\"},\"image\":{\"@id\":\"https:\\\/\\\/www.cpl.es\\\/#\\\/schema\\\/logo\\\/image\\\/\"}}]}<\/script>\n<!-- \/ Yoast SEO plugin. -->","yoast_head_json":{"title":"Memoria de nuestra redenci\u00f3n. Tratado de la misa - CPL","robots":{"index":"index","follow":"follow","max-snippet":"max-snippet:-1","max-image-preview":"max-image-preview:large","max-video-preview":"max-video-preview:-1"},"canonical":"https:\/\/www.cpl.es\/producto\/memoria-de-nuestra-redencion-tratado-de-la-misa-9788498056501\/","og_locale":"ca_ES","og_type":"article","og_title":"Memoria de nuestra redenci\u00f3n. Tratado de la misa - CPL","og_description":"Ed. Jes\u00fas R. Folgado Garc\u00eda","og_url":"https:\/\/www.cpl.es\/producto\/memoria-de-nuestra-redencion-tratado-de-la-misa-9788498056501\/","og_site_name":"CPL","article_modified_time":"2026-02-12T16:38:53+00:00","og_image":[{"width":281,"height":422,"url":"https:\/\/www.cpl.es\/wp-content\/uploads\/110233.jpg","type":"image\/jpeg"}],"twitter_card":"summary_large_image","twitter_misc":{"Temps estimat de lectura":"1 minut"},"schema":{"@context":"https:\/\/schema.org","@graph":[{"@type":"WebPage","@id":"https:\/\/www.cpl.es\/producto\/memoria-de-nuestra-redencion-tratado-de-la-misa-9788498056501\/","url":"https:\/\/www.cpl.es\/producto\/memoria-de-nuestra-redencion-tratado-de-la-misa-9788498056501\/","name":"Memoria de nuestra redenci\u00f3n. Tratado de la misa - CPL","isPartOf":{"@id":"https:\/\/www.cpl.es\/#website"},"primaryImageOfPage":{"@id":"https:\/\/www.cpl.es\/producto\/memoria-de-nuestra-redencion-tratado-de-la-misa-9788498056501\/#primaryimage"},"image":{"@id":"https:\/\/www.cpl.es\/producto\/memoria-de-nuestra-redencion-tratado-de-la-misa-9788498056501\/#primaryimage"},"thumbnailUrl":"https:\/\/www.cpl.es\/wp-content\/uploads\/110233.jpg","datePublished":"2023-10-03T23:24:55+00:00","dateModified":"2026-02-12T16:38:53+00:00","breadcrumb":{"@id":"https:\/\/www.cpl.es\/producto\/memoria-de-nuestra-redencion-tratado-de-la-misa-9788498056501\/#breadcrumb"},"inLanguage":"ca","potentialAction":[{"@type":"ReadAction","target":["https:\/\/www.cpl.es\/producto\/memoria-de-nuestra-redencion-tratado-de-la-misa-9788498056501\/"]}]},{"@type":"ImageObject","inLanguage":"ca","@id":"https:\/\/www.cpl.es\/producto\/memoria-de-nuestra-redencion-tratado-de-la-misa-9788498056501\/#primaryimage","url":"https:\/\/www.cpl.es\/wp-content\/uploads\/110233.jpg","contentUrl":"https:\/\/www.cpl.es\/wp-content\/uploads\/110233.jpg","width":281,"height":422,"caption":"110233.jpg"},{"@type":"BreadcrumbList","@id":"https:\/\/www.cpl.es\/producto\/memoria-de-nuestra-redencion-tratado-de-la-misa-9788498056501\/#breadcrumb","itemListElement":[{"@type":"ListItem","position":1,"name":"Portada","item":"https:\/\/www.cpl.es\/ca\/"},{"@type":"ListItem","position":2,"name":"Cat\u00e0leg","item":"https:\/\/www.cpl.es\/ca\/cataleg\/"},{"@type":"ListItem","position":3,"name":"Memoria de nuestra redenci\u00f3n. Tratado de la misa"}]},{"@type":"WebSite","@id":"https:\/\/www.cpl.es\/#website","url":"https:\/\/www.cpl.es\/","name":"CPL","description":"Centre de Pastoral Lit\u00fargica de Barcelona","publisher":{"@id":"https:\/\/www.cpl.es\/#organization"},"alternateName":"Centre de Pastoral Lit\u00fargica","potentialAction":[{"@type":"SearchAction","target":{"@type":"EntryPoint","urlTemplate":"https:\/\/www.cpl.es\/?s={search_term_string}"},"query-input":{"@type":"PropertyValueSpecification","valueRequired":true,"valueName":"search_term_string"}}],"inLanguage":"ca"},{"@type":"Organization","@id":"https:\/\/www.cpl.es\/#organization","name":"Centre de Pastoral Lit\u00fargica","alternateName":"Centre de Pastoral Lit\u00fargica de Barcelona","url":"https:\/\/www.cpl.es\/","logo":{"@type":"ImageObject","inLanguage":"ca","@id":"https:\/\/www.cpl.es\/#\/schema\/logo\/image\/","url":"https:\/\/www.cpl.es\/wp-content\/uploads\/logo-cpl.svg","contentUrl":"https:\/\/www.cpl.es\/wp-content\/uploads\/logo-cpl.svg","caption":"Centre de Pastoral Lit\u00fargica"},"image":{"@id":"https:\/\/www.cpl.es\/#\/schema\/logo\/image\/"}}]}},"_links":{"self":[{"href":"https:\/\/www.cpl.es\/ca\/wp-json\/wp\/v2\/product\/1890","targetHints":{"allow":["GET"]}}],"collection":[{"href":"https:\/\/www.cpl.es\/ca\/wp-json\/wp\/v2\/product"}],"about":[{"href":"https:\/\/www.cpl.es\/ca\/wp-json\/wp\/v2\/types\/product"}],"wp:featuredmedia":[{"embeddable":true,"href":"https:\/\/www.cpl.es\/ca\/wp-json\/wp\/v2\/media\/1891"}],"wp:attachment":[{"href":"https:\/\/www.cpl.es\/ca\/wp-json\/wp\/v2\/media?parent=1890"}],"wp:term":[{"taxonomy":"product_brand","embeddable":true,"href":"https:\/\/www.cpl.es\/ca\/wp-json\/wp\/v2\/product_brand?post=1890"},{"taxonomy":"product_cat","embeddable":true,"href":"https:\/\/www.cpl.es\/ca\/wp-json\/wp\/v2\/product_cat?post=1890"},{"taxonomy":"product_tag","embeddable":true,"href":"https:\/\/www.cpl.es\/ca\/wp-json\/wp\/v2\/product_tag?post=1890"}],"curies":[{"name":"wp","href":"https:\/\/api.w.org\/{rel}","templated":true}]}}