{"id":18084,"date":"2025-01-31T12:53:01","date_gmt":"2025-01-31T11:53:01","guid":{"rendered":"https:\/\/www.cpl.es\/producto\/el-leccionario-biblico-bienal-de-la-liturgia-de-las-horas-tras-el-concilio-vaticano-ii-9788491656760\/"},"modified":"2026-02-12T16:47:33","modified_gmt":"2026-02-12T15:47:33","slug":"el-leccionario-biblico-bienal-de-la-liturgia-de-las-horas-tras-el-concilio-vaticano-ii-9788491656760","status":"publish","type":"product","link":"https:\/\/www.cpl.es\/ca\/producto\/el-leccionario-biblico-bienal-de-la-liturgia-de-las-horas-tras-el-concilio-vaticano-ii-9788491656760\/","title":{"rendered":"El leccionario b\u00edblico bienal de la Liturgia de las Horas tras el Concilio Vaticano II"},"content":{"rendered":"<p> Resumen: El Concilio Vaticano II impuls\u00f3 una mayor abundancia en las lecturas b\u00edblicas de la liturgia. Para ello, entre otras iniciativas, se propuso un ciclo bienal para el oficio de lectura de la Liturgia de las Horas, pero no lleg\u00f3 a ver la luz en la edici\u00f3n t\u00edpica de este libro lit\u00fargico. Sin embargo, desde entonces se ha ido trabajando en una edici\u00f3n bienal del oficio de lectura tanto b\u00edblico como patr\u00edstico. Este estudio recoge la relaci\u00f3n comparativa de citas b\u00edblicas de cada uno de los d\u00edas del a\u00f1o lit\u00fargico para el oficio de lectura bienal junto con sentencia-resumen correspondiente desde el proyecto inicial preparado por el Consilium hasta su reciente presentaci\u00f3n definitiva en 2020. Palabras clave: ciclo bienal b\u00edblico, Liturgia de las Horas, maitines, oficio de lectura, reforma lit\u00fargica. Abstract: The Second Vatican Council encouraged a greater abundance of biblical readings in the liturgy. To achieve this, among other initiatives, a biennial cycle was proposed for the Office of Readings in the Liturgy of the Hours. However, this cycle did not materialize in the typical edition of this liturgical book. Nevertheless, efforts have since continued toward a biennial edition of the Office of Readings, including both biblical and patristic texts. This study presents a comparative analysis of the biblical citations for each day of the Liturgical Year in the biennial Office of Readings, along with corresponding summary sentences, tracing the development from the initial project prepared by the Consilium to its definitive presentation in 2020. Keywords: biennial biblical cycle, Liturgy of the Hours, Matins, Office of Readings, liturgical reform.<\/p>\n","protected":false},"excerpt":{"rendered":"<p>Go\u00f1i, Jos\u00e9 Antonio (ed.)<\/p>\n","protected":false},"featured_media":20726,"template":"","meta":{"_acf_changed":false,"inline_featured_image":false},"product_brand":[],"product_cat":[69,54],"product_tag":[],"class_list":{"0":"post-18084","1":"product","2":"type-product","3":"status-publish","4":"has-post-thumbnail","6":"product_cat-cuadernos-phase-colleccions-catala","7":"product_cat-cuadernos-phase","9":"first","10":"instock","11":"taxable","12":"shipping-taxable","13":"purchasable","14":"product-type-simple"},"acf":{"autor":"Go\u00f1i, Jos\u00e9 Antonio (ed.)","codart":"110283","ediciones":"1","encuadernacion":"R\u00fastica","fecha_de_publicacion":"31\/01\/2025","novedad":true,"paginas":"220","subtitulo":"","orden":"999","portada":false,"idioma":"spa","coleccion_num":"283","editorial":[{"ID":6736,"post_author":"2","post_date":"2023-10-06 08:35:24","post_date_gmt":"2023-10-06 06:35:24","post_content":"","post_title":"CPL","post_excerpt":"","post_status":"publish","comment_status":"closed","ping_status":"closed","post_password":"","post_name":"cpl","to_ping":"","pinged":"","post_modified":"2023-10-06 08:35:24","post_modified_gmt":"2023-10-06 06:35:24","post_content_filtered":"","post_parent":0,"guid":"https:\/\/nuevaweb.cpl.es\/editorial\/cpl\/","menu_order":0,"post_type":"editorial","post_mime_type":"","comment_count":"0","filter":"raw"}],"booktrailer":"","ficha":"","muestra":"","presentacion":""},"yoast_head":"<!-- This site is optimized with the Yoast SEO plugin v27.3 - https:\/\/yoast.com\/product\/yoast-seo-wordpress\/ -->\n<title>El leccionario b\u00edblico bienal de la Liturgia de las Horas tras el Concilio Vaticano II - CPL<\/title>\n<meta name=\"robots\" content=\"index, follow, max-snippet:-1, max-image-preview:large, max-video-preview:-1\" \/>\n<link rel=\"canonical\" href=\"https:\/\/www.cpl.es\/producto\/el-leccionario-biblico-bienal-de-la-liturgia-de-las-horas-tras-el-concilio-vaticano-ii-9788491656760\/\" \/>\n<meta property=\"og:locale\" content=\"ca_ES\" \/>\n<meta property=\"og:type\" content=\"article\" \/>\n<meta property=\"og:title\" content=\"El leccionario b\u00edblico bienal de la Liturgia de las Horas tras el Concilio Vaticano II - CPL\" \/>\n<meta property=\"og:description\" content=\"Go\u00f1i, Jos\u00e9 Antonio (ed.)\" \/>\n<meta property=\"og:url\" content=\"https:\/\/www.cpl.es\/producto\/el-leccionario-biblico-bienal-de-la-liturgia-de-las-horas-tras-el-concilio-vaticano-ii-9788491656760\/\" \/>\n<meta property=\"og:site_name\" content=\"CPL\" \/>\n<meta property=\"article:modified_time\" content=\"2026-02-12T15:47:33+00:00\" \/>\n<meta property=\"og:image\" content=\"https:\/\/www.cpl.es\/wp-content\/uploads\/9788491656760-3.jpg\" \/>\n\t<meta property=\"og:image:width\" content=\"199\" \/>\n\t<meta property=\"og:image:height\" content=\"300\" \/>\n\t<meta property=\"og:image:type\" content=\"image\/jpeg\" \/>\n<meta name=\"twitter:card\" content=\"summary_large_image\" \/>\n<meta name=\"twitter:label1\" content=\"Temps estimat de lectura\" \/>\n\t<meta name=\"twitter:data1\" content=\"1 minut\" \/>\n<script type=\"application\/ld+json\" class=\"yoast-schema-graph\">{\"@context\":\"https:\\\/\\\/schema.org\",\"@graph\":[{\"@type\":\"WebPage\",\"@id\":\"https:\\\/\\\/www.cpl.es\\\/producto\\\/el-leccionario-biblico-bienal-de-la-liturgia-de-las-horas-tras-el-concilio-vaticano-ii-9788491656760\\\/\",\"url\":\"https:\\\/\\\/www.cpl.es\\\/producto\\\/el-leccionario-biblico-bienal-de-la-liturgia-de-las-horas-tras-el-concilio-vaticano-ii-9788491656760\\\/\",\"name\":\"El leccionario b\u00edblico bienal de la Liturgia de las Horas tras el Concilio Vaticano II - CPL\",\"isPartOf\":{\"@id\":\"https:\\\/\\\/www.cpl.es\\\/#website\"},\"primaryImageOfPage\":{\"@id\":\"https:\\\/\\\/www.cpl.es\\\/producto\\\/el-leccionario-biblico-bienal-de-la-liturgia-de-las-horas-tras-el-concilio-vaticano-ii-9788491656760\\\/#primaryimage\"},\"image\":{\"@id\":\"https:\\\/\\\/www.cpl.es\\\/producto\\\/el-leccionario-biblico-bienal-de-la-liturgia-de-las-horas-tras-el-concilio-vaticano-ii-9788491656760\\\/#primaryimage\"},\"thumbnailUrl\":\"https:\\\/\\\/www.cpl.es\\\/wp-content\\\/uploads\\\/9788491656760-3.jpg\",\"datePublished\":\"2025-01-31T11:53:01+00:00\",\"dateModified\":\"2026-02-12T15:47:33+00:00\",\"breadcrumb\":{\"@id\":\"https:\\\/\\\/www.cpl.es\\\/producto\\\/el-leccionario-biblico-bienal-de-la-liturgia-de-las-horas-tras-el-concilio-vaticano-ii-9788491656760\\\/#breadcrumb\"},\"inLanguage\":\"ca\",\"potentialAction\":[{\"@type\":\"ReadAction\",\"target\":[\"https:\\\/\\\/www.cpl.es\\\/producto\\\/el-leccionario-biblico-bienal-de-la-liturgia-de-las-horas-tras-el-concilio-vaticano-ii-9788491656760\\\/\"]}]},{\"@type\":\"ImageObject\",\"inLanguage\":\"ca\",\"@id\":\"https:\\\/\\\/www.cpl.es\\\/producto\\\/el-leccionario-biblico-bienal-de-la-liturgia-de-las-horas-tras-el-concilio-vaticano-ii-9788491656760\\\/#primaryimage\",\"url\":\"https:\\\/\\\/www.cpl.es\\\/wp-content\\\/uploads\\\/9788491656760-3.jpg\",\"contentUrl\":\"https:\\\/\\\/www.cpl.es\\\/wp-content\\\/uploads\\\/9788491656760-3.jpg\",\"width\":199,\"height\":300,\"caption\":\"9788491656760.jpg\"},{\"@type\":\"BreadcrumbList\",\"@id\":\"https:\\\/\\\/www.cpl.es\\\/producto\\\/el-leccionario-biblico-bienal-de-la-liturgia-de-las-horas-tras-el-concilio-vaticano-ii-9788491656760\\\/#breadcrumb\",\"itemListElement\":[{\"@type\":\"ListItem\",\"position\":1,\"name\":\"Portada\",\"item\":\"https:\\\/\\\/www.cpl.es\\\/ca\\\/\"},{\"@type\":\"ListItem\",\"position\":2,\"name\":\"Cat\u00e0leg\",\"item\":\"https:\\\/\\\/www.cpl.es\\\/ca\\\/cataleg\\\/\"},{\"@type\":\"ListItem\",\"position\":3,\"name\":\"El leccionario b\u00edblico bienal de la Liturgia de las Horas tras el Concilio Vaticano II\"}]},{\"@type\":\"WebSite\",\"@id\":\"https:\\\/\\\/www.cpl.es\\\/#website\",\"url\":\"https:\\\/\\\/www.cpl.es\\\/\",\"name\":\"CPL\",\"description\":\"Centre de Pastoral Lit\u00fargica de Barcelona\",\"publisher\":{\"@id\":\"https:\\\/\\\/www.cpl.es\\\/#organization\"},\"alternateName\":\"Centre de Pastoral Lit\u00fargica\",\"potentialAction\":[{\"@type\":\"SearchAction\",\"target\":{\"@type\":\"EntryPoint\",\"urlTemplate\":\"https:\\\/\\\/www.cpl.es\\\/?s={search_term_string}\"},\"query-input\":{\"@type\":\"PropertyValueSpecification\",\"valueRequired\":true,\"valueName\":\"search_term_string\"}}],\"inLanguage\":\"ca\"},{\"@type\":\"Organization\",\"@id\":\"https:\\\/\\\/www.cpl.es\\\/#organization\",\"name\":\"Centre de Pastoral Lit\u00fargica\",\"alternateName\":\"Centre de Pastoral Lit\u00fargica de Barcelona\",\"url\":\"https:\\\/\\\/www.cpl.es\\\/\",\"logo\":{\"@type\":\"ImageObject\",\"inLanguage\":\"ca\",\"@id\":\"https:\\\/\\\/www.cpl.es\\\/#\\\/schema\\\/logo\\\/image\\\/\",\"url\":\"https:\\\/\\\/www.cpl.es\\\/wp-content\\\/uploads\\\/logo-cpl.svg\",\"contentUrl\":\"https:\\\/\\\/www.cpl.es\\\/wp-content\\\/uploads\\\/logo-cpl.svg\",\"caption\":\"Centre de Pastoral Lit\u00fargica\"},\"image\":{\"@id\":\"https:\\\/\\\/www.cpl.es\\\/#\\\/schema\\\/logo\\\/image\\\/\"}}]}<\/script>\n<!-- \/ Yoast SEO plugin. -->","yoast_head_json":{"title":"El leccionario b\u00edblico bienal de la Liturgia de las Horas tras el Concilio Vaticano II - CPL","robots":{"index":"index","follow":"follow","max-snippet":"max-snippet:-1","max-image-preview":"max-image-preview:large","max-video-preview":"max-video-preview:-1"},"canonical":"https:\/\/www.cpl.es\/producto\/el-leccionario-biblico-bienal-de-la-liturgia-de-las-horas-tras-el-concilio-vaticano-ii-9788491656760\/","og_locale":"ca_ES","og_type":"article","og_title":"El leccionario b\u00edblico bienal de la Liturgia de las Horas tras el Concilio Vaticano II - CPL","og_description":"Go\u00f1i, Jos\u00e9 Antonio (ed.)","og_url":"https:\/\/www.cpl.es\/producto\/el-leccionario-biblico-bienal-de-la-liturgia-de-las-horas-tras-el-concilio-vaticano-ii-9788491656760\/","og_site_name":"CPL","article_modified_time":"2026-02-12T15:47:33+00:00","og_image":[{"width":199,"height":300,"url":"https:\/\/www.cpl.es\/wp-content\/uploads\/9788491656760-3.jpg","type":"image\/jpeg"}],"twitter_card":"summary_large_image","twitter_misc":{"Temps estimat de lectura":"1 minut"},"schema":{"@context":"https:\/\/schema.org","@graph":[{"@type":"WebPage","@id":"https:\/\/www.cpl.es\/producto\/el-leccionario-biblico-bienal-de-la-liturgia-de-las-horas-tras-el-concilio-vaticano-ii-9788491656760\/","url":"https:\/\/www.cpl.es\/producto\/el-leccionario-biblico-bienal-de-la-liturgia-de-las-horas-tras-el-concilio-vaticano-ii-9788491656760\/","name":"El leccionario b\u00edblico bienal de la Liturgia de las Horas tras el Concilio Vaticano II - CPL","isPartOf":{"@id":"https:\/\/www.cpl.es\/#website"},"primaryImageOfPage":{"@id":"https:\/\/www.cpl.es\/producto\/el-leccionario-biblico-bienal-de-la-liturgia-de-las-horas-tras-el-concilio-vaticano-ii-9788491656760\/#primaryimage"},"image":{"@id":"https:\/\/www.cpl.es\/producto\/el-leccionario-biblico-bienal-de-la-liturgia-de-las-horas-tras-el-concilio-vaticano-ii-9788491656760\/#primaryimage"},"thumbnailUrl":"https:\/\/www.cpl.es\/wp-content\/uploads\/9788491656760-3.jpg","datePublished":"2025-01-31T11:53:01+00:00","dateModified":"2026-02-12T15:47:33+00:00","breadcrumb":{"@id":"https:\/\/www.cpl.es\/producto\/el-leccionario-biblico-bienal-de-la-liturgia-de-las-horas-tras-el-concilio-vaticano-ii-9788491656760\/#breadcrumb"},"inLanguage":"ca","potentialAction":[{"@type":"ReadAction","target":["https:\/\/www.cpl.es\/producto\/el-leccionario-biblico-bienal-de-la-liturgia-de-las-horas-tras-el-concilio-vaticano-ii-9788491656760\/"]}]},{"@type":"ImageObject","inLanguage":"ca","@id":"https:\/\/www.cpl.es\/producto\/el-leccionario-biblico-bienal-de-la-liturgia-de-las-horas-tras-el-concilio-vaticano-ii-9788491656760\/#primaryimage","url":"https:\/\/www.cpl.es\/wp-content\/uploads\/9788491656760-3.jpg","contentUrl":"https:\/\/www.cpl.es\/wp-content\/uploads\/9788491656760-3.jpg","width":199,"height":300,"caption":"9788491656760.jpg"},{"@type":"BreadcrumbList","@id":"https:\/\/www.cpl.es\/producto\/el-leccionario-biblico-bienal-de-la-liturgia-de-las-horas-tras-el-concilio-vaticano-ii-9788491656760\/#breadcrumb","itemListElement":[{"@type":"ListItem","position":1,"name":"Portada","item":"https:\/\/www.cpl.es\/ca\/"},{"@type":"ListItem","position":2,"name":"Cat\u00e0leg","item":"https:\/\/www.cpl.es\/ca\/cataleg\/"},{"@type":"ListItem","position":3,"name":"El leccionario b\u00edblico bienal de la Liturgia de las Horas tras el Concilio Vaticano II"}]},{"@type":"WebSite","@id":"https:\/\/www.cpl.es\/#website","url":"https:\/\/www.cpl.es\/","name":"CPL","description":"Centre de Pastoral Lit\u00fargica de Barcelona","publisher":{"@id":"https:\/\/www.cpl.es\/#organization"},"alternateName":"Centre de Pastoral Lit\u00fargica","potentialAction":[{"@type":"SearchAction","target":{"@type":"EntryPoint","urlTemplate":"https:\/\/www.cpl.es\/?s={search_term_string}"},"query-input":{"@type":"PropertyValueSpecification","valueRequired":true,"valueName":"search_term_string"}}],"inLanguage":"ca"},{"@type":"Organization","@id":"https:\/\/www.cpl.es\/#organization","name":"Centre de Pastoral Lit\u00fargica","alternateName":"Centre de Pastoral Lit\u00fargica de Barcelona","url":"https:\/\/www.cpl.es\/","logo":{"@type":"ImageObject","inLanguage":"ca","@id":"https:\/\/www.cpl.es\/#\/schema\/logo\/image\/","url":"https:\/\/www.cpl.es\/wp-content\/uploads\/logo-cpl.svg","contentUrl":"https:\/\/www.cpl.es\/wp-content\/uploads\/logo-cpl.svg","caption":"Centre de Pastoral Lit\u00fargica"},"image":{"@id":"https:\/\/www.cpl.es\/#\/schema\/logo\/image\/"}}]}},"_links":{"self":[{"href":"https:\/\/www.cpl.es\/ca\/wp-json\/wp\/v2\/product\/18084","targetHints":{"allow":["GET"]}}],"collection":[{"href":"https:\/\/www.cpl.es\/ca\/wp-json\/wp\/v2\/product"}],"about":[{"href":"https:\/\/www.cpl.es\/ca\/wp-json\/wp\/v2\/types\/product"}],"wp:featuredmedia":[{"embeddable":true,"href":"https:\/\/www.cpl.es\/ca\/wp-json\/wp\/v2\/media\/20726"}],"wp:attachment":[{"href":"https:\/\/www.cpl.es\/ca\/wp-json\/wp\/v2\/media?parent=18084"}],"wp:term":[{"taxonomy":"product_brand","embeddable":true,"href":"https:\/\/www.cpl.es\/ca\/wp-json\/wp\/v2\/product_brand?post=18084"},{"taxonomy":"product_cat","embeddable":true,"href":"https:\/\/www.cpl.es\/ca\/wp-json\/wp\/v2\/product_cat?post=18084"},{"taxonomy":"product_tag","embeddable":true,"href":"https:\/\/www.cpl.es\/ca\/wp-json\/wp\/v2\/product_tag?post=18084"}],"curies":[{"name":"wp","href":"https:\/\/api.w.org\/{rel}","templated":true}]}}