{"id":17382,"date":"2024-12-19T18:38:01","date_gmt":"2024-12-19T17:38:01","guid":{"rendered":"https:\/\/www.cpl.es\/producto\/pelegrins-desperanca-guia-i-materials-per-viure-el-jubileu-2025-9788491656661\/"},"modified":"2026-01-07T08:47:14","modified_gmt":"2026-01-07T07:47:14","slug":"pelegrins-desperanca-guia-i-materials-per-viure-el-jubileu-2025-9788491656661","status":"publish","type":"product","link":"https:\/\/www.cpl.es\/ca\/producto\/pelegrins-desperanca-guia-i-materials-per-viure-el-jubileu-2025-9788491656661\/","title":{"rendered":"Pelegrins d&#8217;esperan\u00e7a. Guia i materials per viure el Jubileu 2025"},"content":{"rendered":"<p> El Jubileu 2025 obre un cam\u00ed d\u2019esperan\u00e7a per a totes aquelles persones que desitgen viure una trobada viva i personal amb Jesucrist, porta de salvaci\u00f3. Aquest llibre pot ajudar-nos en aquest cam\u00ed, ja que ens endinsa en el significat del Jubileu a partir de les seves arrels b\u00edbliques i el seu desenvolupament en la hist\u00f2ria de l\u2019Esgl\u00e9sia. Exposa tamb\u00e9 els signes caracter\u00edstics de tot Any Sant, aix\u00ed com la documentaci\u00f3 del Jubileu 2025: lema, logo, oraci\u00f3, himne, calendari, butlla, indulg\u00e8ncies. Com que Roma \u00e9s el centre cap al qual tendeixen les peregrinacions jubilars, es presenten breument les seves esgl\u00e9sies vinculades al present Any Sant. Finalment, es recull la lit\u00fargia preparada per al Jubileu 2025: els tres formularis de missa amb les seves lectures, complementades amb un subsidi lit\u00fargic.<\/p>\n","protected":false},"excerpt":{"rendered":"<p>Go\u00f1i Beasoain de Paulorena, Jos\u00e9 Antonio<\/p>\n","protected":false},"featured_media":17977,"template":"","meta":{"_acf_changed":false,"inline_featured_image":false},"product_brand":[],"product_cat":[75],"product_tag":[],"class_list":{"0":"post-17382","1":"product","2":"type-product","3":"status-publish","4":"has-post-thumbnail","6":"product_cat-dossiers-cpl-colleccions-catala","8":"first","9":"instock","10":"taxable","11":"shipping-taxable","12":"purchasable","13":"product-type-simple"},"acf":{"autor":"Go\u00f1i Beasoain de Paulorena, Jos\u00e9 Antonio","codart":"201164","ediciones":"1","encuadernacion":"R\u00fastica","fecha_de_publicacion":"19\/12\/2024","novedad":false,"paginas":"186","subtitulo":"","orden":"999","portada":false,"idioma":"cat","coleccion_num":"164","editorial":[{"ID":6736,"post_author":"2","post_date":"2023-10-06 08:35:24","post_date_gmt":"2023-10-06 06:35:24","post_content":"","post_title":"CPL","post_excerpt":"","post_status":"publish","comment_status":"closed","ping_status":"closed","post_password":"","post_name":"cpl","to_ping":"","pinged":"","post_modified":"2023-10-06 08:35:24","post_modified_gmt":"2023-10-06 06:35:24","post_content_filtered":"","post_parent":0,"guid":"https:\/\/nuevaweb.cpl.es\/editorial\/cpl\/","menu_order":0,"post_type":"editorial","post_mime_type":"","comment_count":"0","filter":"raw"}]},"yoast_head":"<!-- This site is optimized with the Yoast SEO plugin v27.3 - https:\/\/yoast.com\/product\/yoast-seo-wordpress\/ -->\n<title>Pelegrins d&#039;esperan\u00e7a. Guia i materials per viure el Jubileu 2025 - CPL<\/title>\n<meta name=\"robots\" content=\"index, follow, max-snippet:-1, max-image-preview:large, max-video-preview:-1\" \/>\n<link rel=\"canonical\" href=\"https:\/\/www.cpl.es\/producto\/pelegrins-desperanca-guia-i-materials-per-viure-el-jubileu-2025-9788491656661\/\" \/>\n<meta property=\"og:locale\" content=\"ca_ES\" \/>\n<meta property=\"og:type\" content=\"article\" \/>\n<meta property=\"og:title\" content=\"Pelegrins d&#039;esperan\u00e7a. Guia i materials per viure el Jubileu 2025 - CPL\" \/>\n<meta property=\"og:description\" content=\"Go\u00f1i Beasoain de Paulorena, Jos\u00e9 Antonio\" \/>\n<meta property=\"og:url\" content=\"https:\/\/www.cpl.es\/producto\/pelegrins-desperanca-guia-i-materials-per-viure-el-jubileu-2025-9788491656661\/\" \/>\n<meta property=\"og:site_name\" content=\"CPL\" \/>\n<meta property=\"article:modified_time\" content=\"2026-01-07T07:47:14+00:00\" \/>\n<meta property=\"og:image\" content=\"https:\/\/www.cpl.es\/wp-content\/uploads\/9788491656661-1.jpg\" \/>\n\t<meta property=\"og:image:width\" content=\"216\" \/>\n\t<meta property=\"og:image:height\" content=\"300\" \/>\n\t<meta property=\"og:image:type\" content=\"image\/jpeg\" \/>\n<meta name=\"twitter:card\" content=\"summary_large_image\" \/>\n<meta name=\"twitter:label1\" content=\"Temps estimat de lectura\" \/>\n\t<meta name=\"twitter:data1\" content=\"1 minut\" \/>\n<script type=\"application\/ld+json\" class=\"yoast-schema-graph\">{\"@context\":\"https:\\\/\\\/schema.org\",\"@graph\":[{\"@type\":\"WebPage\",\"@id\":\"https:\\\/\\\/www.cpl.es\\\/producto\\\/pelegrins-desperanca-guia-i-materials-per-viure-el-jubileu-2025-9788491656661\\\/\",\"url\":\"https:\\\/\\\/www.cpl.es\\\/producto\\\/pelegrins-desperanca-guia-i-materials-per-viure-el-jubileu-2025-9788491656661\\\/\",\"name\":\"Pelegrins d'esperan\u00e7a. Guia i materials per viure el Jubileu 2025 - CPL\",\"isPartOf\":{\"@id\":\"https:\\\/\\\/www.cpl.es\\\/#website\"},\"primaryImageOfPage\":{\"@id\":\"https:\\\/\\\/www.cpl.es\\\/producto\\\/pelegrins-desperanca-guia-i-materials-per-viure-el-jubileu-2025-9788491656661\\\/#primaryimage\"},\"image\":{\"@id\":\"https:\\\/\\\/www.cpl.es\\\/producto\\\/pelegrins-desperanca-guia-i-materials-per-viure-el-jubileu-2025-9788491656661\\\/#primaryimage\"},\"thumbnailUrl\":\"https:\\\/\\\/www.cpl.es\\\/wp-content\\\/uploads\\\/9788491656661-1.jpg\",\"datePublished\":\"2024-12-19T17:38:01+00:00\",\"dateModified\":\"2026-01-07T07:47:14+00:00\",\"breadcrumb\":{\"@id\":\"https:\\\/\\\/www.cpl.es\\\/producto\\\/pelegrins-desperanca-guia-i-materials-per-viure-el-jubileu-2025-9788491656661\\\/#breadcrumb\"},\"inLanguage\":\"ca\",\"potentialAction\":[{\"@type\":\"ReadAction\",\"target\":[\"https:\\\/\\\/www.cpl.es\\\/producto\\\/pelegrins-desperanca-guia-i-materials-per-viure-el-jubileu-2025-9788491656661\\\/\"]}]},{\"@type\":\"ImageObject\",\"inLanguage\":\"ca\",\"@id\":\"https:\\\/\\\/www.cpl.es\\\/producto\\\/pelegrins-desperanca-guia-i-materials-per-viure-el-jubileu-2025-9788491656661\\\/#primaryimage\",\"url\":\"https:\\\/\\\/www.cpl.es\\\/wp-content\\\/uploads\\\/9788491656661-1.jpg\",\"contentUrl\":\"https:\\\/\\\/www.cpl.es\\\/wp-content\\\/uploads\\\/9788491656661-1.jpg\",\"width\":216,\"height\":300,\"caption\":\"9788491656661.jpg\"},{\"@type\":\"BreadcrumbList\",\"@id\":\"https:\\\/\\\/www.cpl.es\\\/producto\\\/pelegrins-desperanca-guia-i-materials-per-viure-el-jubileu-2025-9788491656661\\\/#breadcrumb\",\"itemListElement\":[{\"@type\":\"ListItem\",\"position\":1,\"name\":\"Portada\",\"item\":\"https:\\\/\\\/www.cpl.es\\\/ca\\\/\"},{\"@type\":\"ListItem\",\"position\":2,\"name\":\"Cat\u00e0leg\",\"item\":\"https:\\\/\\\/www.cpl.es\\\/ca\\\/cataleg\\\/\"},{\"@type\":\"ListItem\",\"position\":3,\"name\":\"Pelegrins d&#8217;esperan\u00e7a. Guia i materials per viure el Jubileu 2025\"}]},{\"@type\":\"WebSite\",\"@id\":\"https:\\\/\\\/www.cpl.es\\\/#website\",\"url\":\"https:\\\/\\\/www.cpl.es\\\/\",\"name\":\"CPL\",\"description\":\"Centre de Pastoral Lit\u00fargica de Barcelona\",\"publisher\":{\"@id\":\"https:\\\/\\\/www.cpl.es\\\/#organization\"},\"alternateName\":\"Centre de Pastoral Lit\u00fargica\",\"potentialAction\":[{\"@type\":\"SearchAction\",\"target\":{\"@type\":\"EntryPoint\",\"urlTemplate\":\"https:\\\/\\\/www.cpl.es\\\/?s={search_term_string}\"},\"query-input\":{\"@type\":\"PropertyValueSpecification\",\"valueRequired\":true,\"valueName\":\"search_term_string\"}}],\"inLanguage\":\"ca\"},{\"@type\":\"Organization\",\"@id\":\"https:\\\/\\\/www.cpl.es\\\/#organization\",\"name\":\"Centre de Pastoral Lit\u00fargica\",\"alternateName\":\"Centre de Pastoral Lit\u00fargica de Barcelona\",\"url\":\"https:\\\/\\\/www.cpl.es\\\/\",\"logo\":{\"@type\":\"ImageObject\",\"inLanguage\":\"ca\",\"@id\":\"https:\\\/\\\/www.cpl.es\\\/#\\\/schema\\\/logo\\\/image\\\/\",\"url\":\"https:\\\/\\\/www.cpl.es\\\/wp-content\\\/uploads\\\/logo-cpl.svg\",\"contentUrl\":\"https:\\\/\\\/www.cpl.es\\\/wp-content\\\/uploads\\\/logo-cpl.svg\",\"caption\":\"Centre de Pastoral Lit\u00fargica\"},\"image\":{\"@id\":\"https:\\\/\\\/www.cpl.es\\\/#\\\/schema\\\/logo\\\/image\\\/\"}}]}<\/script>\n<!-- \/ Yoast SEO plugin. -->","yoast_head_json":{"title":"Pelegrins d'esperan\u00e7a. Guia i materials per viure el Jubileu 2025 - CPL","robots":{"index":"index","follow":"follow","max-snippet":"max-snippet:-1","max-image-preview":"max-image-preview:large","max-video-preview":"max-video-preview:-1"},"canonical":"https:\/\/www.cpl.es\/producto\/pelegrins-desperanca-guia-i-materials-per-viure-el-jubileu-2025-9788491656661\/","og_locale":"ca_ES","og_type":"article","og_title":"Pelegrins d'esperan\u00e7a. Guia i materials per viure el Jubileu 2025 - CPL","og_description":"Go\u00f1i Beasoain de Paulorena, Jos\u00e9 Antonio","og_url":"https:\/\/www.cpl.es\/producto\/pelegrins-desperanca-guia-i-materials-per-viure-el-jubileu-2025-9788491656661\/","og_site_name":"CPL","article_modified_time":"2026-01-07T07:47:14+00:00","og_image":[{"width":216,"height":300,"url":"https:\/\/www.cpl.es\/wp-content\/uploads\/9788491656661-1.jpg","type":"image\/jpeg"}],"twitter_card":"summary_large_image","twitter_misc":{"Temps estimat de lectura":"1 minut"},"schema":{"@context":"https:\/\/schema.org","@graph":[{"@type":"WebPage","@id":"https:\/\/www.cpl.es\/producto\/pelegrins-desperanca-guia-i-materials-per-viure-el-jubileu-2025-9788491656661\/","url":"https:\/\/www.cpl.es\/producto\/pelegrins-desperanca-guia-i-materials-per-viure-el-jubileu-2025-9788491656661\/","name":"Pelegrins d'esperan\u00e7a. Guia i materials per viure el Jubileu 2025 - CPL","isPartOf":{"@id":"https:\/\/www.cpl.es\/#website"},"primaryImageOfPage":{"@id":"https:\/\/www.cpl.es\/producto\/pelegrins-desperanca-guia-i-materials-per-viure-el-jubileu-2025-9788491656661\/#primaryimage"},"image":{"@id":"https:\/\/www.cpl.es\/producto\/pelegrins-desperanca-guia-i-materials-per-viure-el-jubileu-2025-9788491656661\/#primaryimage"},"thumbnailUrl":"https:\/\/www.cpl.es\/wp-content\/uploads\/9788491656661-1.jpg","datePublished":"2024-12-19T17:38:01+00:00","dateModified":"2026-01-07T07:47:14+00:00","breadcrumb":{"@id":"https:\/\/www.cpl.es\/producto\/pelegrins-desperanca-guia-i-materials-per-viure-el-jubileu-2025-9788491656661\/#breadcrumb"},"inLanguage":"ca","potentialAction":[{"@type":"ReadAction","target":["https:\/\/www.cpl.es\/producto\/pelegrins-desperanca-guia-i-materials-per-viure-el-jubileu-2025-9788491656661\/"]}]},{"@type":"ImageObject","inLanguage":"ca","@id":"https:\/\/www.cpl.es\/producto\/pelegrins-desperanca-guia-i-materials-per-viure-el-jubileu-2025-9788491656661\/#primaryimage","url":"https:\/\/www.cpl.es\/wp-content\/uploads\/9788491656661-1.jpg","contentUrl":"https:\/\/www.cpl.es\/wp-content\/uploads\/9788491656661-1.jpg","width":216,"height":300,"caption":"9788491656661.jpg"},{"@type":"BreadcrumbList","@id":"https:\/\/www.cpl.es\/producto\/pelegrins-desperanca-guia-i-materials-per-viure-el-jubileu-2025-9788491656661\/#breadcrumb","itemListElement":[{"@type":"ListItem","position":1,"name":"Portada","item":"https:\/\/www.cpl.es\/ca\/"},{"@type":"ListItem","position":2,"name":"Cat\u00e0leg","item":"https:\/\/www.cpl.es\/ca\/cataleg\/"},{"@type":"ListItem","position":3,"name":"Pelegrins d&#8217;esperan\u00e7a. Guia i materials per viure el Jubileu 2025"}]},{"@type":"WebSite","@id":"https:\/\/www.cpl.es\/#website","url":"https:\/\/www.cpl.es\/","name":"CPL","description":"Centre de Pastoral Lit\u00fargica de Barcelona","publisher":{"@id":"https:\/\/www.cpl.es\/#organization"},"alternateName":"Centre de Pastoral Lit\u00fargica","potentialAction":[{"@type":"SearchAction","target":{"@type":"EntryPoint","urlTemplate":"https:\/\/www.cpl.es\/?s={search_term_string}"},"query-input":{"@type":"PropertyValueSpecification","valueRequired":true,"valueName":"search_term_string"}}],"inLanguage":"ca"},{"@type":"Organization","@id":"https:\/\/www.cpl.es\/#organization","name":"Centre de Pastoral Lit\u00fargica","alternateName":"Centre de Pastoral Lit\u00fargica de Barcelona","url":"https:\/\/www.cpl.es\/","logo":{"@type":"ImageObject","inLanguage":"ca","@id":"https:\/\/www.cpl.es\/#\/schema\/logo\/image\/","url":"https:\/\/www.cpl.es\/wp-content\/uploads\/logo-cpl.svg","contentUrl":"https:\/\/www.cpl.es\/wp-content\/uploads\/logo-cpl.svg","caption":"Centre de Pastoral Lit\u00fargica"},"image":{"@id":"https:\/\/www.cpl.es\/#\/schema\/logo\/image\/"}}]}},"_links":{"self":[{"href":"https:\/\/www.cpl.es\/ca\/wp-json\/wp\/v2\/product\/17382","targetHints":{"allow":["GET"]}}],"collection":[{"href":"https:\/\/www.cpl.es\/ca\/wp-json\/wp\/v2\/product"}],"about":[{"href":"https:\/\/www.cpl.es\/ca\/wp-json\/wp\/v2\/types\/product"}],"wp:featuredmedia":[{"embeddable":true,"href":"https:\/\/www.cpl.es\/ca\/wp-json\/wp\/v2\/media\/17977"}],"wp:attachment":[{"href":"https:\/\/www.cpl.es\/ca\/wp-json\/wp\/v2\/media?parent=17382"}],"wp:term":[{"taxonomy":"product_brand","embeddable":true,"href":"https:\/\/www.cpl.es\/ca\/wp-json\/wp\/v2\/product_brand?post=17382"},{"taxonomy":"product_cat","embeddable":true,"href":"https:\/\/www.cpl.es\/ca\/wp-json\/wp\/v2\/product_cat?post=17382"},{"taxonomy":"product_tag","embeddable":true,"href":"https:\/\/www.cpl.es\/ca\/wp-json\/wp\/v2\/product_tag?post=17382"}],"curies":[{"name":"wp","href":"https:\/\/api.w.org\/{rel}","templated":true}]}}