{"id":1725,"date":"2023-10-04T01:19:51","date_gmt":"2023-10-03T23:19:51","guid":{"rendered":"https:\/\/nuevaweb.cpl.es\/producto\/la-mare-de-deu-dels-desemparats-9788491650225\/"},"modified":"2026-02-12T18:08:20","modified_gmt":"2026-02-12T17:08:20","slug":"la-mare-de-deu-dels-desemparats-9788491650225","status":"publish","type":"product","link":"https:\/\/www.cpl.es\/ca\/producto\/la-mare-de-deu-dels-desemparats-9788491650225\/","title":{"rendered":"La Mare de D\u00e9u dels Desemparats"},"content":{"rendered":"<p>Una advocaci\u00f3 de Maria nascuda, a Val\u00e8ncia, per a l\u2019atenci\u00f3 als m\u00e9s febles i abandonats<\/p>\n<p>I la hist\u00f2ria comen\u00e7a aix\u00ed:<\/p>\n<p>La devoci\u00f3 dels valencians a la Mare de D\u00e9u dels Desemparats t\u00e9 el seu punt culminant cada segon diumenge de maig, quan se celebra la seua festa. L\u2019advocaci\u00f3 a aquesta santa imatge t\u00e9 el seu origen al segle XV, quan fra Joan Gilabert Jofr\u00e9, frare mercedari del convent de la Merc\u00e8 de Val\u00e8ncia, encoratj\u00e0 els valencians amb el seu serm\u00f3 a protegir els malalts mentals, naixent aix\u00ed, a partir de l\u2019exhortaci\u00f3 de fra Jofr\u00e9, l\u2019Hospital d\u2019Ignoscens, Folls e Orats&#8230;&#8217;<\/p>\n","protected":false},"excerpt":{"rendered":"<p>Bausset i Verdu, Josep Miquel<\/p>\n","protected":false},"featured_media":1726,"template":"","meta":{"_acf_changed":false,"inline_featured_image":false},"product_brand":[],"product_cat":[133,70,155],"product_tag":[],"class_list":["post-1725","product","type-product","status-publish","has-post-thumbnail","product_cat-santoral-any-liturgic-per-temes","product_cat-sants-i-santes","product_cat-vida-de-sants","first","instock","taxable","shipping-taxable","purchasable","product-type-simple"],"acf":{"autor":"Bausset i Verdu, Josep Miquel","codart":"212249","ediciones":"1","encuadernacion":"Grapado","fecha_de_publicacion":"30\/05\/2017","novedad":false,"paginas":"28","subtitulo":"","orden":"0","portada":false,"idioma":"cat","editorial":[{"ID":6736,"post_author":"2","post_date":"2023-10-06 08:35:24","post_date_gmt":"2023-10-06 06:35:24","post_content":"","post_title":"CPL","post_excerpt":"","post_status":"publish","comment_status":"closed","ping_status":"closed","post_password":"","post_name":"cpl","to_ping":"","pinged":"","post_modified":"2023-10-06 08:35:24","post_modified_gmt":"2023-10-06 06:35:24","post_content_filtered":"","post_parent":0,"guid":"https:\/\/nuevaweb.cpl.es\/editorial\/cpl\/","menu_order":0,"post_type":"editorial","post_mime_type":"","comment_count":"0","filter":"raw"}],"coleccion_num":"249"},"yoast_head":"<!-- This site is optimized with the Yoast SEO plugin v28.3 - https:\/\/yoast.com\/product\/yoast-seo-wordpress\/ -->\n<title>La Mare de D\u00e9u dels Desemparats - CPL<\/title>\n<meta name=\"robots\" content=\"index, follow, max-snippet:-1, max-image-preview:large, max-video-preview:-1\" \/>\n<link rel=\"canonical\" href=\"https:\/\/www.cpl.es\/producto\/la-mare-de-deu-dels-desemparats-9788491650225\/\" \/>\n<meta property=\"og:locale\" content=\"ca_ES\" \/>\n<meta property=\"og:type\" content=\"article\" \/>\n<meta property=\"og:title\" content=\"La Mare de D\u00e9u dels Desemparats - CPL\" \/>\n<meta property=\"og:description\" content=\"Bausset i Verdu, Josep Miquel\" \/>\n<meta property=\"og:url\" content=\"https:\/\/www.cpl.es\/producto\/la-mare-de-deu-dels-desemparats-9788491650225\/\" \/>\n<meta property=\"og:site_name\" content=\"CPL\" \/>\n<meta property=\"article:modified_time\" content=\"2026-02-12T17:08:20+00:00\" \/>\n<meta property=\"og:image\" content=\"https:\/\/www.cpl.es\/wp-content\/uploads\/212249.jpg\" \/>\n\t<meta property=\"og:image:width\" content=\"280\" \/>\n\t<meta property=\"og:image:height\" content=\"414\" \/>\n\t<meta property=\"og:image:type\" content=\"image\/jpeg\" \/>\n<meta name=\"twitter:card\" content=\"summary_large_image\" \/>\n<meta name=\"twitter:label1\" content=\"Temps estimat de lectura\" \/>\n\t<meta name=\"twitter:data1\" content=\"1 minut\" \/>\n<script type=\"application\/ld+json\" class=\"yoast-schema-graph\">{\"@context\":\"https:\\\/\\\/schema.org\",\"@graph\":[{\"@type\":\"WebPage\",\"@id\":\"https:\\\/\\\/www.cpl.es\\\/producto\\\/la-mare-de-deu-dels-desemparats-9788491650225\\\/\",\"url\":\"https:\\\/\\\/www.cpl.es\\\/producto\\\/la-mare-de-deu-dels-desemparats-9788491650225\\\/\",\"name\":\"La Mare de D\u00e9u dels Desemparats - CPL\",\"isPartOf\":{\"@id\":\"https:\\\/\\\/www.cpl.es\\\/#website\"},\"primaryImageOfPage\":{\"@id\":\"https:\\\/\\\/www.cpl.es\\\/producto\\\/la-mare-de-deu-dels-desemparats-9788491650225\\\/#primaryimage\"},\"image\":{\"@id\":\"https:\\\/\\\/www.cpl.es\\\/producto\\\/la-mare-de-deu-dels-desemparats-9788491650225\\\/#primaryimage\"},\"thumbnailUrl\":\"https:\\\/\\\/www.cpl.es\\\/wp-content\\\/uploads\\\/212249.jpg\",\"datePublished\":\"2023-10-03T23:19:51+00:00\",\"dateModified\":\"2026-02-12T17:08:20+00:00\",\"breadcrumb\":{\"@id\":\"https:\\\/\\\/www.cpl.es\\\/producto\\\/la-mare-de-deu-dels-desemparats-9788491650225\\\/#breadcrumb\"},\"inLanguage\":\"ca\",\"potentialAction\":[{\"@type\":\"ReadAction\",\"target\":[\"https:\\\/\\\/www.cpl.es\\\/producto\\\/la-mare-de-deu-dels-desemparats-9788491650225\\\/\"]}]},{\"@type\":\"ImageObject\",\"inLanguage\":\"ca\",\"@id\":\"https:\\\/\\\/www.cpl.es\\\/producto\\\/la-mare-de-deu-dels-desemparats-9788491650225\\\/#primaryimage\",\"url\":\"https:\\\/\\\/www.cpl.es\\\/wp-content\\\/uploads\\\/212249.jpg\",\"contentUrl\":\"https:\\\/\\\/www.cpl.es\\\/wp-content\\\/uploads\\\/212249.jpg\",\"width\":280,\"height\":414,\"caption\":\"212249.jpg\"},{\"@type\":\"BreadcrumbList\",\"@id\":\"https:\\\/\\\/www.cpl.es\\\/producto\\\/la-mare-de-deu-dels-desemparats-9788491650225\\\/#breadcrumb\",\"itemListElement\":[{\"@type\":\"ListItem\",\"position\":1,\"name\":\"Portada\",\"item\":\"https:\\\/\\\/www.cpl.es\\\/ca\\\/\"},{\"@type\":\"ListItem\",\"position\":2,\"name\":\"Cat\u00e0leg\",\"item\":\"https:\\\/\\\/www.cpl.es\\\/ca\\\/cataleg\\\/\"},{\"@type\":\"ListItem\",\"position\":3,\"name\":\"La Mare de D\u00e9u dels Desemparats\"}]},{\"@type\":\"WebSite\",\"@id\":\"https:\\\/\\\/www.cpl.es\\\/#website\",\"url\":\"https:\\\/\\\/www.cpl.es\\\/\",\"name\":\"CPL\",\"description\":\"Centre de Pastoral Lit\u00fargica de Barcelona\",\"publisher\":{\"@id\":\"https:\\\/\\\/www.cpl.es\\\/#organization\"},\"alternateName\":\"Centre de Pastoral Lit\u00fargica\",\"potentialAction\":[{\"@type\":\"SearchAction\",\"target\":{\"@type\":\"EntryPoint\",\"urlTemplate\":\"https:\\\/\\\/www.cpl.es\\\/?s={search_term_string}\"},\"query-input\":{\"@type\":\"PropertyValueSpecification\",\"valueRequired\":true,\"valueName\":\"search_term_string\"}}],\"inLanguage\":\"ca\"},{\"@type\":\"Organization\",\"@id\":\"https:\\\/\\\/www.cpl.es\\\/#organization\",\"name\":\"Centre de Pastoral Lit\u00fargica\",\"alternateName\":\"Centre de Pastoral Lit\u00fargica de Barcelona\",\"url\":\"https:\\\/\\\/www.cpl.es\\\/\",\"logo\":{\"@type\":\"ImageObject\",\"inLanguage\":\"ca\",\"@id\":\"https:\\\/\\\/www.cpl.es\\\/#\\\/schema\\\/logo\\\/image\\\/\",\"url\":\"https:\\\/\\\/www.cpl.es\\\/wp-content\\\/uploads\\\/logo-cpl.svg\",\"contentUrl\":\"https:\\\/\\\/www.cpl.es\\\/wp-content\\\/uploads\\\/logo-cpl.svg\",\"caption\":\"Centre de Pastoral Lit\u00fargica\"},\"image\":{\"@id\":\"https:\\\/\\\/www.cpl.es\\\/#\\\/schema\\\/logo\\\/image\\\/\"}}]}<\/script>\n<!-- \/ Yoast SEO plugin. -->","yoast_head_json":{"title":"La Mare de D\u00e9u dels Desemparats - CPL","robots":{"index":"index","follow":"follow","max-snippet":"max-snippet:-1","max-image-preview":"max-image-preview:large","max-video-preview":"max-video-preview:-1"},"canonical":"https:\/\/www.cpl.es\/producto\/la-mare-de-deu-dels-desemparats-9788491650225\/","og_locale":"ca_ES","og_type":"article","og_title":"La Mare de D\u00e9u dels Desemparats - CPL","og_description":"Bausset i Verdu, Josep Miquel","og_url":"https:\/\/www.cpl.es\/producto\/la-mare-de-deu-dels-desemparats-9788491650225\/","og_site_name":"CPL","article_modified_time":"2026-02-12T17:08:20+00:00","og_image":[{"width":280,"height":414,"url":"https:\/\/www.cpl.es\/wp-content\/uploads\/212249.jpg","type":"image\/jpeg"}],"twitter_card":"summary_large_image","twitter_misc":{"Temps estimat de lectura":"1 minut"},"schema":{"@context":"https:\/\/schema.org","@graph":[{"@type":"WebPage","@id":"https:\/\/www.cpl.es\/producto\/la-mare-de-deu-dels-desemparats-9788491650225\/","url":"https:\/\/www.cpl.es\/producto\/la-mare-de-deu-dels-desemparats-9788491650225\/","name":"La Mare de D\u00e9u dels Desemparats - CPL","isPartOf":{"@id":"https:\/\/www.cpl.es\/#website"},"primaryImageOfPage":{"@id":"https:\/\/www.cpl.es\/producto\/la-mare-de-deu-dels-desemparats-9788491650225\/#primaryimage"},"image":{"@id":"https:\/\/www.cpl.es\/producto\/la-mare-de-deu-dels-desemparats-9788491650225\/#primaryimage"},"thumbnailUrl":"https:\/\/www.cpl.es\/wp-content\/uploads\/212249.jpg","datePublished":"2023-10-03T23:19:51+00:00","dateModified":"2026-02-12T17:08:20+00:00","breadcrumb":{"@id":"https:\/\/www.cpl.es\/producto\/la-mare-de-deu-dels-desemparats-9788491650225\/#breadcrumb"},"inLanguage":"ca","potentialAction":[{"@type":"ReadAction","target":["https:\/\/www.cpl.es\/producto\/la-mare-de-deu-dels-desemparats-9788491650225\/"]}]},{"@type":"ImageObject","inLanguage":"ca","@id":"https:\/\/www.cpl.es\/producto\/la-mare-de-deu-dels-desemparats-9788491650225\/#primaryimage","url":"https:\/\/www.cpl.es\/wp-content\/uploads\/212249.jpg","contentUrl":"https:\/\/www.cpl.es\/wp-content\/uploads\/212249.jpg","width":280,"height":414,"caption":"212249.jpg"},{"@type":"BreadcrumbList","@id":"https:\/\/www.cpl.es\/producto\/la-mare-de-deu-dels-desemparats-9788491650225\/#breadcrumb","itemListElement":[{"@type":"ListItem","position":1,"name":"Portada","item":"https:\/\/www.cpl.es\/ca\/"},{"@type":"ListItem","position":2,"name":"Cat\u00e0leg","item":"https:\/\/www.cpl.es\/ca\/cataleg\/"},{"@type":"ListItem","position":3,"name":"La Mare de D\u00e9u dels Desemparats"}]},{"@type":"WebSite","@id":"https:\/\/www.cpl.es\/#website","url":"https:\/\/www.cpl.es\/","name":"CPL","description":"Centre de Pastoral Lit\u00fargica de Barcelona","publisher":{"@id":"https:\/\/www.cpl.es\/#organization"},"alternateName":"Centre de Pastoral Lit\u00fargica","potentialAction":[{"@type":"SearchAction","target":{"@type":"EntryPoint","urlTemplate":"https:\/\/www.cpl.es\/?s={search_term_string}"},"query-input":{"@type":"PropertyValueSpecification","valueRequired":true,"valueName":"search_term_string"}}],"inLanguage":"ca"},{"@type":"Organization","@id":"https:\/\/www.cpl.es\/#organization","name":"Centre de Pastoral Lit\u00fargica","alternateName":"Centre de Pastoral Lit\u00fargica de Barcelona","url":"https:\/\/www.cpl.es\/","logo":{"@type":"ImageObject","inLanguage":"ca","@id":"https:\/\/www.cpl.es\/#\/schema\/logo\/image\/","url":"https:\/\/www.cpl.es\/wp-content\/uploads\/logo-cpl.svg","contentUrl":"https:\/\/www.cpl.es\/wp-content\/uploads\/logo-cpl.svg","caption":"Centre de Pastoral Lit\u00fargica"},"image":{"@id":"https:\/\/www.cpl.es\/#\/schema\/logo\/image\/"}}]}},"_links":{"self":[{"href":"https:\/\/www.cpl.es\/ca\/wp-json\/wp\/v2\/product\/1725","targetHints":{"allow":["GET"]}}],"collection":[{"href":"https:\/\/www.cpl.es\/ca\/wp-json\/wp\/v2\/product"}],"about":[{"href":"https:\/\/www.cpl.es\/ca\/wp-json\/wp\/v2\/types\/product"}],"wp:featuredmedia":[{"embeddable":true,"href":"https:\/\/www.cpl.es\/ca\/wp-json\/wp\/v2\/media\/1726"}],"wp:attachment":[{"href":"https:\/\/www.cpl.es\/ca\/wp-json\/wp\/v2\/media?parent=1725"}],"wp:term":[{"taxonomy":"product_brand","embeddable":true,"href":"https:\/\/www.cpl.es\/ca\/wp-json\/wp\/v2\/product_brand?post=1725"},{"taxonomy":"product_cat","embeddable":true,"href":"https:\/\/www.cpl.es\/ca\/wp-json\/wp\/v2\/product_cat?post=1725"},{"taxonomy":"product_tag","embeddable":true,"href":"https:\/\/www.cpl.es\/ca\/wp-json\/wp\/v2\/product_tag?post=1725"}],"curies":[{"name":"wp","href":"https:\/\/api.w.org\/{rel}","templated":true}]}}