{"id":16974,"date":"2024-11-20T16:53:01","date_gmt":"2024-11-20T15:53:01","guid":{"rendered":"https:\/\/www.cpl.es\/producto\/material-liturgico-para-el-jubileo-2025-9788491656555\/"},"modified":"2025-10-03T11:11:26","modified_gmt":"2025-10-03T09:11:26","slug":"material-liturgico-para-el-jubileo-2025-9788491656555","status":"publish","type":"product","link":"https:\/\/www.cpl.es\/ca\/producto\/material-liturgico-para-el-jubileo-2025-9788491656555\/","title":{"rendered":"Material lit\u00fargico para el Jubileo 2025"},"content":{"rendered":"<p> Este compendio recoge los tres formularios de misa junto con las lecturas b\u00edblicas correspondientes que ha preparado el Dicasterio para la Evangelizaci\u00f3n para que el Jubileo 2025 sea celebrado en las parroquias, en las comunidades religiosas o en otros lugares de culto. Para complementar este material ofrecemos, adem\u00e1s, un subsidio lit\u00fargico que contiene por quintuplicado monici\u00f3n de entrada, invocaciones para la tercera f\u00f3rmula del acto penitencial, guion para la homil\u00eda e intenciones para la oraci\u00f3n universal con su correspondiente introducci\u00f3n y oraci\u00f3n conclusiva. Un recurso esencial para vivir este A\u00f1o Santo fruct\u00edferamente y que el \u00abtestimonio creyente pueda ser en el mundo \u2013como desea el Papa\u2013 levadura de genuina esperanza, anuncio de cielos nuevos y tierra nueva, donde habite la justicia y la concordia entre los pueblos, orientados hacia el cumplimiento de la promesa del Se\u00f1or\u00bb (Spes non confundit, n\u00fam. 25).<\/p>\n","protected":false},"excerpt":{"rendered":"<p>.<\/p>\n","protected":false},"featured_media":17147,"template":"","meta":{"_acf_changed":false,"inline_featured_image":false},"product_brand":[],"product_cat":[67,56],"product_tag":[],"class_list":{"0":"post-16974","1":"product","2":"type-product","3":"status-publish","4":"has-post-thumbnail","6":"product_cat-altres-publicacions","7":"product_cat-otras-publicaciones","9":"first","10":"instock","11":"taxable","12":"shipping-taxable","13":"purchasable","14":"product-type-simple"},"acf":{"autor":".","codart":"113039","ediciones":"1","encuadernacion":"R\u00fastica","fecha_de_publicacion":"20\/11\/2024","novedad":true,"paginas":"40","subtitulo":"Formularios de misa. Lecturas para la liturgia de la Palabra. Subsidios lit\u00fargicos","orden":"999","portada":true,"idioma":"spa","coleccion_num":"39","booktrailer":"","ficha":"","muestra":"","presentacion":"","editorial":[{"ID":6736,"post_author":"2","post_date":"2023-10-06 08:35:24","post_date_gmt":"2023-10-06 06:35:24","post_content":"","post_title":"CPL","post_excerpt":"","post_status":"publish","comment_status":"closed","ping_status":"closed","post_password":"","post_name":"cpl","to_ping":"","pinged":"","post_modified":"2023-10-06 08:35:24","post_modified_gmt":"2023-10-06 06:35:24","post_content_filtered":"","post_parent":0,"guid":"https:\/\/nuevaweb.cpl.es\/editorial\/cpl\/","menu_order":0,"post_type":"editorial","post_mime_type":"","comment_count":"0","filter":"raw"}],"autores-libros":"","traductores-libros":"","ilustradores-libros":"","coleccion":"","formato":"","Venta_ebook_1_url":"","Venta_ebook_1_tienda":"","Venta_ebook_1_precio":"","Venta_ebook_2_url":"","Venta_ebook_2_tienda":"","Venta_ebook_2_precio":"","Venta_ebook_3_url":"","Venta_ebook_3_tienda":"","Venta_ebook_3_precio":"","Venta_ebook_4_url":"","Venta_ebook_4_tienda":"","Venta_ebook_4_precio":"","Venta_ebook_5_url":"","Venta_ebook_5_tienda":"","Venta_ebook_5_precio":"","Venta_ebook_6_url":"","Venta_ebook_6_tienda":"","Venta_ebook_6_precio":"","recomendamos":"","mas_vendido":"","tarifa":""},"yoast_head":"<!-- This site is optimized with the Yoast SEO plugin v27.3 - https:\/\/yoast.com\/product\/yoast-seo-wordpress\/ -->\n<title>Material lit\u00fargico para el Jubileo 2025 - CPL<\/title>\n<meta name=\"robots\" content=\"index, follow, max-snippet:-1, max-image-preview:large, max-video-preview:-1\" \/>\n<link rel=\"canonical\" href=\"https:\/\/www.cpl.es\/producto\/material-liturgico-para-el-jubileo-2025-9788491656555\/\" \/>\n<meta property=\"og:locale\" content=\"ca_ES\" \/>\n<meta property=\"og:type\" content=\"article\" \/>\n<meta property=\"og:title\" content=\"Material lit\u00fargico para el Jubileo 2025 - CPL\" \/>\n<meta property=\"og:description\" content=\".\" \/>\n<meta property=\"og:url\" content=\"https:\/\/www.cpl.es\/producto\/material-liturgico-para-el-jubileo-2025-9788491656555\/\" \/>\n<meta property=\"og:site_name\" content=\"CPL\" \/>\n<meta property=\"article:modified_time\" content=\"2025-10-03T09:11:26+00:00\" \/>\n<meta property=\"og:image\" content=\"https:\/\/www.cpl.es\/wp-content\/uploads\/9788491656555-5.jpg\" \/>\n\t<meta property=\"og:image:width\" content=\"216\" \/>\n\t<meta property=\"og:image:height\" content=\"300\" \/>\n\t<meta property=\"og:image:type\" content=\"image\/jpeg\" \/>\n<meta name=\"twitter:card\" content=\"summary_large_image\" \/>\n<meta name=\"twitter:label1\" content=\"Temps estimat de lectura\" \/>\n\t<meta name=\"twitter:data1\" content=\"1 minut\" \/>\n<script type=\"application\/ld+json\" class=\"yoast-schema-graph\">{\"@context\":\"https:\\\/\\\/schema.org\",\"@graph\":[{\"@type\":\"WebPage\",\"@id\":\"https:\\\/\\\/www.cpl.es\\\/producto\\\/material-liturgico-para-el-jubileo-2025-9788491656555\\\/\",\"url\":\"https:\\\/\\\/www.cpl.es\\\/producto\\\/material-liturgico-para-el-jubileo-2025-9788491656555\\\/\",\"name\":\"Material lit\u00fargico para el Jubileo 2025 - CPL\",\"isPartOf\":{\"@id\":\"https:\\\/\\\/www.cpl.es\\\/#website\"},\"primaryImageOfPage\":{\"@id\":\"https:\\\/\\\/www.cpl.es\\\/producto\\\/material-liturgico-para-el-jubileo-2025-9788491656555\\\/#primaryimage\"},\"image\":{\"@id\":\"https:\\\/\\\/www.cpl.es\\\/producto\\\/material-liturgico-para-el-jubileo-2025-9788491656555\\\/#primaryimage\"},\"thumbnailUrl\":\"https:\\\/\\\/www.cpl.es\\\/wp-content\\\/uploads\\\/9788491656555-5.jpg\",\"datePublished\":\"2024-11-20T15:53:01+00:00\",\"dateModified\":\"2025-10-03T09:11:26+00:00\",\"breadcrumb\":{\"@id\":\"https:\\\/\\\/www.cpl.es\\\/producto\\\/material-liturgico-para-el-jubileo-2025-9788491656555\\\/#breadcrumb\"},\"inLanguage\":\"ca\",\"potentialAction\":[{\"@type\":\"ReadAction\",\"target\":[\"https:\\\/\\\/www.cpl.es\\\/producto\\\/material-liturgico-para-el-jubileo-2025-9788491656555\\\/\"]}]},{\"@type\":\"ImageObject\",\"inLanguage\":\"ca\",\"@id\":\"https:\\\/\\\/www.cpl.es\\\/producto\\\/material-liturgico-para-el-jubileo-2025-9788491656555\\\/#primaryimage\",\"url\":\"https:\\\/\\\/www.cpl.es\\\/wp-content\\\/uploads\\\/9788491656555-5.jpg\",\"contentUrl\":\"https:\\\/\\\/www.cpl.es\\\/wp-content\\\/uploads\\\/9788491656555-5.jpg\",\"width\":216,\"height\":300,\"caption\":\"9788491656555.jpg\"},{\"@type\":\"BreadcrumbList\",\"@id\":\"https:\\\/\\\/www.cpl.es\\\/producto\\\/material-liturgico-para-el-jubileo-2025-9788491656555\\\/#breadcrumb\",\"itemListElement\":[{\"@type\":\"ListItem\",\"position\":1,\"name\":\"Portada\",\"item\":\"https:\\\/\\\/www.cpl.es\\\/ca\\\/\"},{\"@type\":\"ListItem\",\"position\":2,\"name\":\"Cat\u00e0leg\",\"item\":\"https:\\\/\\\/www.cpl.es\\\/ca\\\/cataleg\\\/\"},{\"@type\":\"ListItem\",\"position\":3,\"name\":\"Material lit\u00fargico para el Jubileo 2025\"}]},{\"@type\":\"WebSite\",\"@id\":\"https:\\\/\\\/www.cpl.es\\\/#website\",\"url\":\"https:\\\/\\\/www.cpl.es\\\/\",\"name\":\"CPL\",\"description\":\"Centre de Pastoral Lit\u00fargica de Barcelona\",\"publisher\":{\"@id\":\"https:\\\/\\\/www.cpl.es\\\/#organization\"},\"alternateName\":\"Centre de Pastoral Lit\u00fargica\",\"potentialAction\":[{\"@type\":\"SearchAction\",\"target\":{\"@type\":\"EntryPoint\",\"urlTemplate\":\"https:\\\/\\\/www.cpl.es\\\/?s={search_term_string}\"},\"query-input\":{\"@type\":\"PropertyValueSpecification\",\"valueRequired\":true,\"valueName\":\"search_term_string\"}}],\"inLanguage\":\"ca\"},{\"@type\":\"Organization\",\"@id\":\"https:\\\/\\\/www.cpl.es\\\/#organization\",\"name\":\"Centre de Pastoral Lit\u00fargica\",\"alternateName\":\"Centre de Pastoral Lit\u00fargica de Barcelona\",\"url\":\"https:\\\/\\\/www.cpl.es\\\/\",\"logo\":{\"@type\":\"ImageObject\",\"inLanguage\":\"ca\",\"@id\":\"https:\\\/\\\/www.cpl.es\\\/#\\\/schema\\\/logo\\\/image\\\/\",\"url\":\"https:\\\/\\\/www.cpl.es\\\/wp-content\\\/uploads\\\/logo-cpl.svg\",\"contentUrl\":\"https:\\\/\\\/www.cpl.es\\\/wp-content\\\/uploads\\\/logo-cpl.svg\",\"caption\":\"Centre de Pastoral Lit\u00fargica\"},\"image\":{\"@id\":\"https:\\\/\\\/www.cpl.es\\\/#\\\/schema\\\/logo\\\/image\\\/\"}}]}<\/script>\n<!-- \/ Yoast SEO plugin. -->","yoast_head_json":{"title":"Material lit\u00fargico para el Jubileo 2025 - CPL","robots":{"index":"index","follow":"follow","max-snippet":"max-snippet:-1","max-image-preview":"max-image-preview:large","max-video-preview":"max-video-preview:-1"},"canonical":"https:\/\/www.cpl.es\/producto\/material-liturgico-para-el-jubileo-2025-9788491656555\/","og_locale":"ca_ES","og_type":"article","og_title":"Material lit\u00fargico para el Jubileo 2025 - CPL","og_description":".","og_url":"https:\/\/www.cpl.es\/producto\/material-liturgico-para-el-jubileo-2025-9788491656555\/","og_site_name":"CPL","article_modified_time":"2025-10-03T09:11:26+00:00","og_image":[{"width":216,"height":300,"url":"https:\/\/www.cpl.es\/wp-content\/uploads\/9788491656555-5.jpg","type":"image\/jpeg"}],"twitter_card":"summary_large_image","twitter_misc":{"Temps estimat de lectura":"1 minut"},"schema":{"@context":"https:\/\/schema.org","@graph":[{"@type":"WebPage","@id":"https:\/\/www.cpl.es\/producto\/material-liturgico-para-el-jubileo-2025-9788491656555\/","url":"https:\/\/www.cpl.es\/producto\/material-liturgico-para-el-jubileo-2025-9788491656555\/","name":"Material lit\u00fargico para el Jubileo 2025 - CPL","isPartOf":{"@id":"https:\/\/www.cpl.es\/#website"},"primaryImageOfPage":{"@id":"https:\/\/www.cpl.es\/producto\/material-liturgico-para-el-jubileo-2025-9788491656555\/#primaryimage"},"image":{"@id":"https:\/\/www.cpl.es\/producto\/material-liturgico-para-el-jubileo-2025-9788491656555\/#primaryimage"},"thumbnailUrl":"https:\/\/www.cpl.es\/wp-content\/uploads\/9788491656555-5.jpg","datePublished":"2024-11-20T15:53:01+00:00","dateModified":"2025-10-03T09:11:26+00:00","breadcrumb":{"@id":"https:\/\/www.cpl.es\/producto\/material-liturgico-para-el-jubileo-2025-9788491656555\/#breadcrumb"},"inLanguage":"ca","potentialAction":[{"@type":"ReadAction","target":["https:\/\/www.cpl.es\/producto\/material-liturgico-para-el-jubileo-2025-9788491656555\/"]}]},{"@type":"ImageObject","inLanguage":"ca","@id":"https:\/\/www.cpl.es\/producto\/material-liturgico-para-el-jubileo-2025-9788491656555\/#primaryimage","url":"https:\/\/www.cpl.es\/wp-content\/uploads\/9788491656555-5.jpg","contentUrl":"https:\/\/www.cpl.es\/wp-content\/uploads\/9788491656555-5.jpg","width":216,"height":300,"caption":"9788491656555.jpg"},{"@type":"BreadcrumbList","@id":"https:\/\/www.cpl.es\/producto\/material-liturgico-para-el-jubileo-2025-9788491656555\/#breadcrumb","itemListElement":[{"@type":"ListItem","position":1,"name":"Portada","item":"https:\/\/www.cpl.es\/ca\/"},{"@type":"ListItem","position":2,"name":"Cat\u00e0leg","item":"https:\/\/www.cpl.es\/ca\/cataleg\/"},{"@type":"ListItem","position":3,"name":"Material lit\u00fargico para el Jubileo 2025"}]},{"@type":"WebSite","@id":"https:\/\/www.cpl.es\/#website","url":"https:\/\/www.cpl.es\/","name":"CPL","description":"Centre de Pastoral Lit\u00fargica de Barcelona","publisher":{"@id":"https:\/\/www.cpl.es\/#organization"},"alternateName":"Centre de Pastoral Lit\u00fargica","potentialAction":[{"@type":"SearchAction","target":{"@type":"EntryPoint","urlTemplate":"https:\/\/www.cpl.es\/?s={search_term_string}"},"query-input":{"@type":"PropertyValueSpecification","valueRequired":true,"valueName":"search_term_string"}}],"inLanguage":"ca"},{"@type":"Organization","@id":"https:\/\/www.cpl.es\/#organization","name":"Centre de Pastoral Lit\u00fargica","alternateName":"Centre de Pastoral Lit\u00fargica de Barcelona","url":"https:\/\/www.cpl.es\/","logo":{"@type":"ImageObject","inLanguage":"ca","@id":"https:\/\/www.cpl.es\/#\/schema\/logo\/image\/","url":"https:\/\/www.cpl.es\/wp-content\/uploads\/logo-cpl.svg","contentUrl":"https:\/\/www.cpl.es\/wp-content\/uploads\/logo-cpl.svg","caption":"Centre de Pastoral Lit\u00fargica"},"image":{"@id":"https:\/\/www.cpl.es\/#\/schema\/logo\/image\/"}}]}},"_links":{"self":[{"href":"https:\/\/www.cpl.es\/ca\/wp-json\/wp\/v2\/product\/16974","targetHints":{"allow":["GET"]}}],"collection":[{"href":"https:\/\/www.cpl.es\/ca\/wp-json\/wp\/v2\/product"}],"about":[{"href":"https:\/\/www.cpl.es\/ca\/wp-json\/wp\/v2\/types\/product"}],"wp:featuredmedia":[{"embeddable":true,"href":"https:\/\/www.cpl.es\/ca\/wp-json\/wp\/v2\/media\/17147"}],"wp:attachment":[{"href":"https:\/\/www.cpl.es\/ca\/wp-json\/wp\/v2\/media?parent=16974"}],"wp:term":[{"taxonomy":"product_brand","embeddable":true,"href":"https:\/\/www.cpl.es\/ca\/wp-json\/wp\/v2\/product_brand?post=16974"},{"taxonomy":"product_cat","embeddable":true,"href":"https:\/\/www.cpl.es\/ca\/wp-json\/wp\/v2\/product_cat?post=16974"},{"taxonomy":"product_tag","embeddable":true,"href":"https:\/\/www.cpl.es\/ca\/wp-json\/wp\/v2\/product_tag?post=16974"}],"curies":[{"name":"wp","href":"https:\/\/api.w.org\/{rel}","templated":true}]}}