{"id":16743,"date":"2024-11-14T12:48:02","date_gmt":"2024-11-14T11:48:02","guid":{"rendered":"https:\/\/www.cpl.es\/producto\/la-obra-del-espiritu-en-jesus-y-en-la-iglesia-lucas-evangelio-y-hechos-de-los-apostoles-9788491656494\/"},"modified":"2025-10-03T11:11:52","modified_gmt":"2025-10-03T09:11:52","slug":"la-obra-del-espiritu-en-jesus-y-en-la-iglesia-lucas-evangelio-y-hechos-de-los-apostoles-9788491656494","status":"publish","type":"product","link":"https:\/\/www.cpl.es\/ca\/producto\/la-obra-del-espiritu-en-jesus-y-en-la-iglesia-lucas-evangelio-y-hechos-de-los-apostoles-9788491656494\/","title":{"rendered":"La obra del esp\u00edritu en Jes\u00fas y en la iglesia. Lucas: Evangelio y Hechos de los ap\u00f3stoles"},"content":{"rendered":"<p> La obra del Esp\u00edritu Santo en Jes\u00fas y en la Iglesia es una edici\u00f3n conjunta de la obra lucana, es decir, del Evangelio seg\u00fan Lucas, que es el primer volumen de la obra, y de los Hechos de los Ap\u00f3stoles, que es el segundo. La edici\u00f3n conjunta de las dos partes de la obra es toda una invitaci\u00f3n a ser le\u00edda en su intenci\u00f3n original de mostrar la obra del Esp\u00edritu Santo que se manifest\u00f3 en Jes\u00fas, el Mes\u00edas, Hijo de Dios, y la obra que fue continuada en la predicaci\u00f3n de sus disc\u00edpulos, con la formaci\u00f3n de comunidades abiertas no solo a los jud\u00edos, sino tambi\u00e9n a todos.  La narraci\u00f3n evang\u00e9lica se presenta como el criterio para poder discernir con posterioridad la acci\u00f3n de los ap\u00f3stoles y la formaci\u00f3n de las distintas comunidades: no se trata de la iniciativa personal de determinados personajes, sino de la verdadera acci\u00f3n del Esp\u00edritu que lleva a plenitud la vivencia espiritual del pueblo de Israel.  Una introducci\u00f3n clara y concisa da las pautas de lectura de esta obra, que en la narraci\u00f3n evang\u00e9lica tiene como fuente principal el Evangelio seg\u00fan Marcos y marca distancias respecto a ciertas afirmaciones de las comunidades mateanas. La obra va dirigida a Te\u00f3filo, que es identificado con uno de los hijos de An\u00e1s y sumo sacerdote en los a\u00f1os 37-41. Es la respuesta a los grandes interrogantes que se le plantearon tras la destrucci\u00f3n de Jerusal\u00e9n en el a\u00f1o 70. Un extenso vocabulario permite al lector entender las diversas expresiones del texto. Un libro que mira con ojos renovados una obra bimilenaria. Rodolfo Puigdollers Noblom (Barcelona, 1948) es escolapio, doctor en teolog\u00eda y p\u00e1rroco de las parroquias de Sant Sadurn\u00ed, de la Roca del Vall\u00e8s y de Santa Maria del Jaire, de la Torreta, en la di\u00f3cesis de Terrassa. Profesor de Nuevo Testamento en la Facultat de Teologia de Catalunya y en el Institut Superior de Ci\u00e8ncies Religioses de Vic. Es autor de una amplia serie de publicaciones b\u00edblicas, catequ\u00e9ticas y pastorales, algunas de las cuales han sido editadas por el Centre de Pastoral Lit\u00fargica. De publicaci\u00f3n reciente: La Buena Noticia de Jes\u00fas. El Evangelio seg\u00fan Marcos; El cumplimiento de la esperanza. El Evangelio seg\u00fan Mateo.<\/p>\n","protected":false},"excerpt":{"rendered":"<p>Puigdollers Noblom, Rodolfo<\/p>\n","protected":false},"featured_media":16746,"template":"","meta":{"_acf_changed":false,"inline_featured_image":false},"product_brand":[],"product_cat":[32,33,100,99],"product_tag":[],"class_list":{"0":"post-16743","1":"product","2":"type-product","3":"status-publish","4":"has-post-thumbnail","6":"product_cat-castellano","7":"product_cat-catala","8":"product_cat-cpl-libri-colleccions-catala","9":"product_cat-cpl-libri","11":"first","12":"instock","13":"taxable","14":"shipping-taxable","15":"purchasable","16":"product-type-simple"},"acf":{"autor":"Puigdollers Noblom, Rodolfo","codart":"117064","ediciones":"1","encuadernacion":"R\u00fastica","fecha_de_publicacion":"14\/11\/2024","novedad":true,"paginas":"600","subtitulo":"Con vocabulario b\u00edblico","orden":"990","portada":true,"idioma":"spa","coleccion_num":"64","editorial":[{"ID":6736,"post_author":"2","post_date":"2023-10-06 08:35:24","post_date_gmt":"2023-10-06 06:35:24","post_content":"","post_title":"CPL","post_excerpt":"","post_status":"publish","comment_status":"closed","ping_status":"closed","post_password":"","post_name":"cpl","to_ping":"","pinged":"","post_modified":"2023-10-06 08:35:24","post_modified_gmt":"2023-10-06 06:35:24","post_content_filtered":"","post_parent":0,"guid":"https:\/\/nuevaweb.cpl.es\/editorial\/cpl\/","menu_order":0,"post_type":"editorial","post_mime_type":"","comment_count":"0","filter":"raw"}],"booktrailer":"","ficha":"","muestra":"","presentacion":""},"yoast_head":"<!-- This site is optimized with the Yoast SEO plugin v27.3 - https:\/\/yoast.com\/product\/yoast-seo-wordpress\/ -->\n<title>La obra del esp\u00edritu en Jes\u00fas y en la iglesia. Lucas: Evangelio y Hechos de los ap\u00f3stoles - CPL<\/title>\n<meta name=\"robots\" content=\"index, follow, max-snippet:-1, max-image-preview:large, max-video-preview:-1\" \/>\n<link rel=\"canonical\" href=\"https:\/\/www.cpl.es\/producto\/la-obra-del-espiritu-en-jesus-y-en-la-iglesia-lucas-evangelio-y-hechos-de-los-apostoles-9788491656494\/\" \/>\n<meta property=\"og:locale\" content=\"ca_ES\" \/>\n<meta property=\"og:type\" content=\"article\" \/>\n<meta property=\"og:title\" content=\"La obra del esp\u00edritu en Jes\u00fas y en la iglesia. Lucas: Evangelio y Hechos de los ap\u00f3stoles - CPL\" \/>\n<meta property=\"og:description\" content=\"Puigdollers Noblom, Rodolfo\" \/>\n<meta property=\"og:url\" content=\"https:\/\/www.cpl.es\/producto\/la-obra-del-espiritu-en-jesus-y-en-la-iglesia-lucas-evangelio-y-hechos-de-los-apostoles-9788491656494\/\" \/>\n<meta property=\"og:site_name\" content=\"CPL\" \/>\n<meta property=\"article:modified_time\" content=\"2025-10-03T09:11:52+00:00\" \/>\n<meta property=\"og:image\" content=\"https:\/\/www.cpl.es\/wp-content\/uploads\/9788491656494-1.jpg\" \/>\n\t<meta property=\"og:image:width\" content=\"205\" \/>\n\t<meta property=\"og:image:height\" content=\"300\" \/>\n\t<meta property=\"og:image:type\" content=\"image\/jpeg\" \/>\n<meta name=\"twitter:card\" content=\"summary_large_image\" \/>\n<meta name=\"twitter:label1\" content=\"Temps estimat de lectura\" \/>\n\t<meta name=\"twitter:data1\" content=\"2 minuts\" \/>\n<script type=\"application\/ld+json\" class=\"yoast-schema-graph\">{\"@context\":\"https:\\\/\\\/schema.org\",\"@graph\":[{\"@type\":\"WebPage\",\"@id\":\"https:\\\/\\\/www.cpl.es\\\/producto\\\/la-obra-del-espiritu-en-jesus-y-en-la-iglesia-lucas-evangelio-y-hechos-de-los-apostoles-9788491656494\\\/\",\"url\":\"https:\\\/\\\/www.cpl.es\\\/producto\\\/la-obra-del-espiritu-en-jesus-y-en-la-iglesia-lucas-evangelio-y-hechos-de-los-apostoles-9788491656494\\\/\",\"name\":\"La obra del esp\u00edritu en Jes\u00fas y en la iglesia. Lucas: Evangelio y Hechos de los ap\u00f3stoles - CPL\",\"isPartOf\":{\"@id\":\"https:\\\/\\\/www.cpl.es\\\/#website\"},\"primaryImageOfPage\":{\"@id\":\"https:\\\/\\\/www.cpl.es\\\/producto\\\/la-obra-del-espiritu-en-jesus-y-en-la-iglesia-lucas-evangelio-y-hechos-de-los-apostoles-9788491656494\\\/#primaryimage\"},\"image\":{\"@id\":\"https:\\\/\\\/www.cpl.es\\\/producto\\\/la-obra-del-espiritu-en-jesus-y-en-la-iglesia-lucas-evangelio-y-hechos-de-los-apostoles-9788491656494\\\/#primaryimage\"},\"thumbnailUrl\":\"https:\\\/\\\/www.cpl.es\\\/wp-content\\\/uploads\\\/9788491656494-1.jpg\",\"datePublished\":\"2024-11-14T11:48:02+00:00\",\"dateModified\":\"2025-10-03T09:11:52+00:00\",\"breadcrumb\":{\"@id\":\"https:\\\/\\\/www.cpl.es\\\/producto\\\/la-obra-del-espiritu-en-jesus-y-en-la-iglesia-lucas-evangelio-y-hechos-de-los-apostoles-9788491656494\\\/#breadcrumb\"},\"inLanguage\":\"ca\",\"potentialAction\":[{\"@type\":\"ReadAction\",\"target\":[\"https:\\\/\\\/www.cpl.es\\\/producto\\\/la-obra-del-espiritu-en-jesus-y-en-la-iglesia-lucas-evangelio-y-hechos-de-los-apostoles-9788491656494\\\/\"]}]},{\"@type\":\"ImageObject\",\"inLanguage\":\"ca\",\"@id\":\"https:\\\/\\\/www.cpl.es\\\/producto\\\/la-obra-del-espiritu-en-jesus-y-en-la-iglesia-lucas-evangelio-y-hechos-de-los-apostoles-9788491656494\\\/#primaryimage\",\"url\":\"https:\\\/\\\/www.cpl.es\\\/wp-content\\\/uploads\\\/9788491656494-1.jpg\",\"contentUrl\":\"https:\\\/\\\/www.cpl.es\\\/wp-content\\\/uploads\\\/9788491656494-1.jpg\",\"width\":205,\"height\":300,\"caption\":\"9788491656494.jpg\"},{\"@type\":\"BreadcrumbList\",\"@id\":\"https:\\\/\\\/www.cpl.es\\\/producto\\\/la-obra-del-espiritu-en-jesus-y-en-la-iglesia-lucas-evangelio-y-hechos-de-los-apostoles-9788491656494\\\/#breadcrumb\",\"itemListElement\":[{\"@type\":\"ListItem\",\"position\":1,\"name\":\"Portada\",\"item\":\"https:\\\/\\\/www.cpl.es\\\/ca\\\/\"},{\"@type\":\"ListItem\",\"position\":2,\"name\":\"Cat\u00e0leg\",\"item\":\"https:\\\/\\\/www.cpl.es\\\/ca\\\/cataleg\\\/\"},{\"@type\":\"ListItem\",\"position\":3,\"name\":\"La obra del esp\u00edritu en Jes\u00fas y en la iglesia. Lucas: Evangelio y Hechos de los ap\u00f3stoles\"}]},{\"@type\":\"WebSite\",\"@id\":\"https:\\\/\\\/www.cpl.es\\\/#website\",\"url\":\"https:\\\/\\\/www.cpl.es\\\/\",\"name\":\"CPL\",\"description\":\"Centre de Pastoral Lit\u00fargica de Barcelona\",\"publisher\":{\"@id\":\"https:\\\/\\\/www.cpl.es\\\/#organization\"},\"alternateName\":\"Centre de Pastoral Lit\u00fargica\",\"potentialAction\":[{\"@type\":\"SearchAction\",\"target\":{\"@type\":\"EntryPoint\",\"urlTemplate\":\"https:\\\/\\\/www.cpl.es\\\/?s={search_term_string}\"},\"query-input\":{\"@type\":\"PropertyValueSpecification\",\"valueRequired\":true,\"valueName\":\"search_term_string\"}}],\"inLanguage\":\"ca\"},{\"@type\":\"Organization\",\"@id\":\"https:\\\/\\\/www.cpl.es\\\/#organization\",\"name\":\"Centre de Pastoral Lit\u00fargica\",\"alternateName\":\"Centre de Pastoral Lit\u00fargica de Barcelona\",\"url\":\"https:\\\/\\\/www.cpl.es\\\/\",\"logo\":{\"@type\":\"ImageObject\",\"inLanguage\":\"ca\",\"@id\":\"https:\\\/\\\/www.cpl.es\\\/#\\\/schema\\\/logo\\\/image\\\/\",\"url\":\"https:\\\/\\\/www.cpl.es\\\/wp-content\\\/uploads\\\/logo-cpl.svg\",\"contentUrl\":\"https:\\\/\\\/www.cpl.es\\\/wp-content\\\/uploads\\\/logo-cpl.svg\",\"caption\":\"Centre de Pastoral Lit\u00fargica\"},\"image\":{\"@id\":\"https:\\\/\\\/www.cpl.es\\\/#\\\/schema\\\/logo\\\/image\\\/\"}}]}<\/script>\n<!-- \/ Yoast SEO plugin. -->","yoast_head_json":{"title":"La obra del esp\u00edritu en Jes\u00fas y en la iglesia. Lucas: Evangelio y Hechos de los ap\u00f3stoles - CPL","robots":{"index":"index","follow":"follow","max-snippet":"max-snippet:-1","max-image-preview":"max-image-preview:large","max-video-preview":"max-video-preview:-1"},"canonical":"https:\/\/www.cpl.es\/producto\/la-obra-del-espiritu-en-jesus-y-en-la-iglesia-lucas-evangelio-y-hechos-de-los-apostoles-9788491656494\/","og_locale":"ca_ES","og_type":"article","og_title":"La obra del esp\u00edritu en Jes\u00fas y en la iglesia. Lucas: Evangelio y Hechos de los ap\u00f3stoles - CPL","og_description":"Puigdollers Noblom, Rodolfo","og_url":"https:\/\/www.cpl.es\/producto\/la-obra-del-espiritu-en-jesus-y-en-la-iglesia-lucas-evangelio-y-hechos-de-los-apostoles-9788491656494\/","og_site_name":"CPL","article_modified_time":"2025-10-03T09:11:52+00:00","og_image":[{"width":205,"height":300,"url":"https:\/\/www.cpl.es\/wp-content\/uploads\/9788491656494-1.jpg","type":"image\/jpeg"}],"twitter_card":"summary_large_image","twitter_misc":{"Temps estimat de lectura":"2 minuts"},"schema":{"@context":"https:\/\/schema.org","@graph":[{"@type":"WebPage","@id":"https:\/\/www.cpl.es\/producto\/la-obra-del-espiritu-en-jesus-y-en-la-iglesia-lucas-evangelio-y-hechos-de-los-apostoles-9788491656494\/","url":"https:\/\/www.cpl.es\/producto\/la-obra-del-espiritu-en-jesus-y-en-la-iglesia-lucas-evangelio-y-hechos-de-los-apostoles-9788491656494\/","name":"La obra del esp\u00edritu en Jes\u00fas y en la iglesia. Lucas: Evangelio y Hechos de los ap\u00f3stoles - CPL","isPartOf":{"@id":"https:\/\/www.cpl.es\/#website"},"primaryImageOfPage":{"@id":"https:\/\/www.cpl.es\/producto\/la-obra-del-espiritu-en-jesus-y-en-la-iglesia-lucas-evangelio-y-hechos-de-los-apostoles-9788491656494\/#primaryimage"},"image":{"@id":"https:\/\/www.cpl.es\/producto\/la-obra-del-espiritu-en-jesus-y-en-la-iglesia-lucas-evangelio-y-hechos-de-los-apostoles-9788491656494\/#primaryimage"},"thumbnailUrl":"https:\/\/www.cpl.es\/wp-content\/uploads\/9788491656494-1.jpg","datePublished":"2024-11-14T11:48:02+00:00","dateModified":"2025-10-03T09:11:52+00:00","breadcrumb":{"@id":"https:\/\/www.cpl.es\/producto\/la-obra-del-espiritu-en-jesus-y-en-la-iglesia-lucas-evangelio-y-hechos-de-los-apostoles-9788491656494\/#breadcrumb"},"inLanguage":"ca","potentialAction":[{"@type":"ReadAction","target":["https:\/\/www.cpl.es\/producto\/la-obra-del-espiritu-en-jesus-y-en-la-iglesia-lucas-evangelio-y-hechos-de-los-apostoles-9788491656494\/"]}]},{"@type":"ImageObject","inLanguage":"ca","@id":"https:\/\/www.cpl.es\/producto\/la-obra-del-espiritu-en-jesus-y-en-la-iglesia-lucas-evangelio-y-hechos-de-los-apostoles-9788491656494\/#primaryimage","url":"https:\/\/www.cpl.es\/wp-content\/uploads\/9788491656494-1.jpg","contentUrl":"https:\/\/www.cpl.es\/wp-content\/uploads\/9788491656494-1.jpg","width":205,"height":300,"caption":"9788491656494.jpg"},{"@type":"BreadcrumbList","@id":"https:\/\/www.cpl.es\/producto\/la-obra-del-espiritu-en-jesus-y-en-la-iglesia-lucas-evangelio-y-hechos-de-los-apostoles-9788491656494\/#breadcrumb","itemListElement":[{"@type":"ListItem","position":1,"name":"Portada","item":"https:\/\/www.cpl.es\/ca\/"},{"@type":"ListItem","position":2,"name":"Cat\u00e0leg","item":"https:\/\/www.cpl.es\/ca\/cataleg\/"},{"@type":"ListItem","position":3,"name":"La obra del esp\u00edritu en Jes\u00fas y en la iglesia. Lucas: Evangelio y Hechos de los ap\u00f3stoles"}]},{"@type":"WebSite","@id":"https:\/\/www.cpl.es\/#website","url":"https:\/\/www.cpl.es\/","name":"CPL","description":"Centre de Pastoral Lit\u00fargica de Barcelona","publisher":{"@id":"https:\/\/www.cpl.es\/#organization"},"alternateName":"Centre de Pastoral Lit\u00fargica","potentialAction":[{"@type":"SearchAction","target":{"@type":"EntryPoint","urlTemplate":"https:\/\/www.cpl.es\/?s={search_term_string}"},"query-input":{"@type":"PropertyValueSpecification","valueRequired":true,"valueName":"search_term_string"}}],"inLanguage":"ca"},{"@type":"Organization","@id":"https:\/\/www.cpl.es\/#organization","name":"Centre de Pastoral Lit\u00fargica","alternateName":"Centre de Pastoral Lit\u00fargica de Barcelona","url":"https:\/\/www.cpl.es\/","logo":{"@type":"ImageObject","inLanguage":"ca","@id":"https:\/\/www.cpl.es\/#\/schema\/logo\/image\/","url":"https:\/\/www.cpl.es\/wp-content\/uploads\/logo-cpl.svg","contentUrl":"https:\/\/www.cpl.es\/wp-content\/uploads\/logo-cpl.svg","caption":"Centre de Pastoral Lit\u00fargica"},"image":{"@id":"https:\/\/www.cpl.es\/#\/schema\/logo\/image\/"}}]}},"_links":{"self":[{"href":"https:\/\/www.cpl.es\/ca\/wp-json\/wp\/v2\/product\/16743","targetHints":{"allow":["GET"]}}],"collection":[{"href":"https:\/\/www.cpl.es\/ca\/wp-json\/wp\/v2\/product"}],"about":[{"href":"https:\/\/www.cpl.es\/ca\/wp-json\/wp\/v2\/types\/product"}],"wp:featuredmedia":[{"embeddable":true,"href":"https:\/\/www.cpl.es\/ca\/wp-json\/wp\/v2\/media\/16746"}],"wp:attachment":[{"href":"https:\/\/www.cpl.es\/ca\/wp-json\/wp\/v2\/media?parent=16743"}],"wp:term":[{"taxonomy":"product_brand","embeddable":true,"href":"https:\/\/www.cpl.es\/ca\/wp-json\/wp\/v2\/product_brand?post=16743"},{"taxonomy":"product_cat","embeddable":true,"href":"https:\/\/www.cpl.es\/ca\/wp-json\/wp\/v2\/product_cat?post=16743"},{"taxonomy":"product_tag","embeddable":true,"href":"https:\/\/www.cpl.es\/ca\/wp-json\/wp\/v2\/product_tag?post=16743"}],"curies":[{"name":"wp","href":"https:\/\/api.w.org\/{rel}","templated":true}]}}