{"id":16690,"date":"2024-11-13T08:48:21","date_gmt":"2024-11-13T07:48:21","guid":{"rendered":"https:\/\/www.cpl.es\/producto\/els-martirs-del-paraguai-una-vida-entregada-9788491656456\/"},"modified":"2026-02-12T17:28:05","modified_gmt":"2026-02-12T16:28:05","slug":"els-martirs-del-paraguai-una-vida-entregada-9788491656456","status":"publish","type":"product","link":"https:\/\/www.cpl.es\/ca\/producto\/els-martirs-del-paraguai-una-vida-entregada-9788491656456\/","title":{"rendered":"Els m\u00e0rtirs del Paraguai. Una vida entregada"},"content":{"rendered":"<p> Roc Gonz\u00e1lez de Santa Cruz va n\u00e9ixer a Asunci\u00f3n (Paraguai), en 1596. Va entrar a la Companyia de Jes\u00fas el 1609. Va treballar amb els guaran\u00eds en aquelles regions, vivint a les reduccions, intruint-los en la fe i la vida cristiana. Va ser martiritzat per professar la fe el 15 de novembre de 1628 juntament amb Alonso Rodr\u00edguez, jesu\u00efta (nascut a Zamora, Espanya). Dos dies despr\u00e9s i en una altra reducci\u00f3, el jesu\u00efta Joan del Castillo (Belmonte, Espanya) va patir un cruel\u00edssim martiri. Havia estat un intr\u00e8pid defensor dels indis contra els seus opressors. Van ser canonitzats per Juan Pau II a Asunci\u00f3n el 1988. Festa: 15 de novembre<\/p>\n","protected":false},"excerpt":{"rendered":"<p>Cabrera Milano, David Sj<\/p>\n","protected":false},"featured_media":16691,"template":"","meta":{"_acf_changed":false,"inline_featured_image":false},"product_brand":[],"product_cat":[70],"product_tag":[],"class_list":{"0":"post-16690","1":"product","2":"type-product","3":"status-publish","4":"has-post-thumbnail","6":"product_cat-sants-i-santes","8":"first","9":"instock","10":"taxable","11":"shipping-taxable","12":"purchasable","13":"product-type-simple"},"acf":{"autor":"Cabrera Milano, David Sj","codart":"212301","ediciones":"1","encuadernacion":"Grapa","fecha_de_publicacion":"21\/10\/2024","novedad":true,"paginas":"32","subtitulo":"","orden":"999","portada":true,"idioma":"cat","coleccion_num":"301","booktrailer":"","ficha":"","muestra":"","presentacion":"","editorial":[{"ID":6736,"post_author":"2","post_date":"2023-10-06 08:35:24","post_date_gmt":"2023-10-06 06:35:24","post_content":"","post_title":"CPL","post_excerpt":"","post_status":"publish","comment_status":"closed","ping_status":"closed","post_password":"","post_name":"cpl","to_ping":"","pinged":"","post_modified":"2023-10-06 08:35:24","post_modified_gmt":"2023-10-06 06:35:24","post_content_filtered":"","post_parent":0,"guid":"https:\/\/nuevaweb.cpl.es\/editorial\/cpl\/","menu_order":0,"post_type":"editorial","post_mime_type":"","comment_count":"0","filter":"raw"}]},"yoast_head":"<!-- This site is optimized with the Yoast SEO plugin v27.3 - https:\/\/yoast.com\/product\/yoast-seo-wordpress\/ -->\n<title>Els m\u00e0rtirs del Paraguai. Una vida entregada - CPL<\/title>\n<meta name=\"robots\" content=\"index, follow, max-snippet:-1, max-image-preview:large, max-video-preview:-1\" \/>\n<link rel=\"canonical\" href=\"https:\/\/www.cpl.es\/producto\/els-martirs-del-paraguai-una-vida-entregada-9788491656456\/\" \/>\n<meta property=\"og:locale\" content=\"ca_ES\" \/>\n<meta property=\"og:type\" content=\"article\" \/>\n<meta property=\"og:title\" content=\"Els m\u00e0rtirs del Paraguai. Una vida entregada - CPL\" \/>\n<meta property=\"og:description\" content=\"Cabrera Milano, David Sj\" \/>\n<meta property=\"og:url\" content=\"https:\/\/www.cpl.es\/producto\/els-martirs-del-paraguai-una-vida-entregada-9788491656456\/\" \/>\n<meta property=\"og:site_name\" content=\"CPL\" \/>\n<meta property=\"article:modified_time\" content=\"2026-02-12T16:28:05+00:00\" \/>\n<meta property=\"og:image\" content=\"https:\/\/www.cpl.es\/wp-content\/uploads\/9788491656456.jpg\" \/>\n\t<meta property=\"og:image:width\" content=\"202\" \/>\n\t<meta property=\"og:image:height\" content=\"300\" \/>\n\t<meta property=\"og:image:type\" content=\"image\/jpeg\" \/>\n<meta name=\"twitter:card\" content=\"summary_large_image\" \/>\n<meta name=\"twitter:label1\" content=\"Temps estimat de lectura\" \/>\n\t<meta name=\"twitter:data1\" content=\"1 minut\" \/>\n<script type=\"application\/ld+json\" class=\"yoast-schema-graph\">{\"@context\":\"https:\\\/\\\/schema.org\",\"@graph\":[{\"@type\":\"WebPage\",\"@id\":\"https:\\\/\\\/www.cpl.es\\\/producto\\\/els-martirs-del-paraguai-una-vida-entregada-9788491656456\\\/\",\"url\":\"https:\\\/\\\/www.cpl.es\\\/producto\\\/els-martirs-del-paraguai-una-vida-entregada-9788491656456\\\/\",\"name\":\"Els m\u00e0rtirs del Paraguai. Una vida entregada - CPL\",\"isPartOf\":{\"@id\":\"https:\\\/\\\/www.cpl.es\\\/#website\"},\"primaryImageOfPage\":{\"@id\":\"https:\\\/\\\/www.cpl.es\\\/producto\\\/els-martirs-del-paraguai-una-vida-entregada-9788491656456\\\/#primaryimage\"},\"image\":{\"@id\":\"https:\\\/\\\/www.cpl.es\\\/producto\\\/els-martirs-del-paraguai-una-vida-entregada-9788491656456\\\/#primaryimage\"},\"thumbnailUrl\":\"https:\\\/\\\/www.cpl.es\\\/wp-content\\\/uploads\\\/9788491656456.jpg\",\"datePublished\":\"2024-11-13T07:48:21+00:00\",\"dateModified\":\"2026-02-12T16:28:05+00:00\",\"breadcrumb\":{\"@id\":\"https:\\\/\\\/www.cpl.es\\\/producto\\\/els-martirs-del-paraguai-una-vida-entregada-9788491656456\\\/#breadcrumb\"},\"inLanguage\":\"ca\",\"potentialAction\":[{\"@type\":\"ReadAction\",\"target\":[\"https:\\\/\\\/www.cpl.es\\\/producto\\\/els-martirs-del-paraguai-una-vida-entregada-9788491656456\\\/\"]}]},{\"@type\":\"ImageObject\",\"inLanguage\":\"ca\",\"@id\":\"https:\\\/\\\/www.cpl.es\\\/producto\\\/els-martirs-del-paraguai-una-vida-entregada-9788491656456\\\/#primaryimage\",\"url\":\"https:\\\/\\\/www.cpl.es\\\/wp-content\\\/uploads\\\/9788491656456.jpg\",\"contentUrl\":\"https:\\\/\\\/www.cpl.es\\\/wp-content\\\/uploads\\\/9788491656456.jpg\",\"width\":202,\"height\":300,\"caption\":\"9788491656456.jpg\"},{\"@type\":\"BreadcrumbList\",\"@id\":\"https:\\\/\\\/www.cpl.es\\\/producto\\\/els-martirs-del-paraguai-una-vida-entregada-9788491656456\\\/#breadcrumb\",\"itemListElement\":[{\"@type\":\"ListItem\",\"position\":1,\"name\":\"Portada\",\"item\":\"https:\\\/\\\/www.cpl.es\\\/ca\\\/\"},{\"@type\":\"ListItem\",\"position\":2,\"name\":\"Cat\u00e0leg\",\"item\":\"https:\\\/\\\/www.cpl.es\\\/ca\\\/cataleg\\\/\"},{\"@type\":\"ListItem\",\"position\":3,\"name\":\"Els m\u00e0rtirs del Paraguai. Una vida entregada\"}]},{\"@type\":\"WebSite\",\"@id\":\"https:\\\/\\\/www.cpl.es\\\/#website\",\"url\":\"https:\\\/\\\/www.cpl.es\\\/\",\"name\":\"CPL\",\"description\":\"Centre de Pastoral Lit\u00fargica de Barcelona\",\"publisher\":{\"@id\":\"https:\\\/\\\/www.cpl.es\\\/#organization\"},\"alternateName\":\"Centre de Pastoral Lit\u00fargica\",\"potentialAction\":[{\"@type\":\"SearchAction\",\"target\":{\"@type\":\"EntryPoint\",\"urlTemplate\":\"https:\\\/\\\/www.cpl.es\\\/?s={search_term_string}\"},\"query-input\":{\"@type\":\"PropertyValueSpecification\",\"valueRequired\":true,\"valueName\":\"search_term_string\"}}],\"inLanguage\":\"ca\"},{\"@type\":\"Organization\",\"@id\":\"https:\\\/\\\/www.cpl.es\\\/#organization\",\"name\":\"Centre de Pastoral Lit\u00fargica\",\"alternateName\":\"Centre de Pastoral Lit\u00fargica de Barcelona\",\"url\":\"https:\\\/\\\/www.cpl.es\\\/\",\"logo\":{\"@type\":\"ImageObject\",\"inLanguage\":\"ca\",\"@id\":\"https:\\\/\\\/www.cpl.es\\\/#\\\/schema\\\/logo\\\/image\\\/\",\"url\":\"https:\\\/\\\/www.cpl.es\\\/wp-content\\\/uploads\\\/logo-cpl.svg\",\"contentUrl\":\"https:\\\/\\\/www.cpl.es\\\/wp-content\\\/uploads\\\/logo-cpl.svg\",\"caption\":\"Centre de Pastoral Lit\u00fargica\"},\"image\":{\"@id\":\"https:\\\/\\\/www.cpl.es\\\/#\\\/schema\\\/logo\\\/image\\\/\"}}]}<\/script>\n<!-- \/ Yoast SEO plugin. -->","yoast_head_json":{"title":"Els m\u00e0rtirs del Paraguai. Una vida entregada - CPL","robots":{"index":"index","follow":"follow","max-snippet":"max-snippet:-1","max-image-preview":"max-image-preview:large","max-video-preview":"max-video-preview:-1"},"canonical":"https:\/\/www.cpl.es\/producto\/els-martirs-del-paraguai-una-vida-entregada-9788491656456\/","og_locale":"ca_ES","og_type":"article","og_title":"Els m\u00e0rtirs del Paraguai. Una vida entregada - CPL","og_description":"Cabrera Milano, David Sj","og_url":"https:\/\/www.cpl.es\/producto\/els-martirs-del-paraguai-una-vida-entregada-9788491656456\/","og_site_name":"CPL","article_modified_time":"2026-02-12T16:28:05+00:00","og_image":[{"width":202,"height":300,"url":"https:\/\/www.cpl.es\/wp-content\/uploads\/9788491656456.jpg","type":"image\/jpeg"}],"twitter_card":"summary_large_image","twitter_misc":{"Temps estimat de lectura":"1 minut"},"schema":{"@context":"https:\/\/schema.org","@graph":[{"@type":"WebPage","@id":"https:\/\/www.cpl.es\/producto\/els-martirs-del-paraguai-una-vida-entregada-9788491656456\/","url":"https:\/\/www.cpl.es\/producto\/els-martirs-del-paraguai-una-vida-entregada-9788491656456\/","name":"Els m\u00e0rtirs del Paraguai. Una vida entregada - CPL","isPartOf":{"@id":"https:\/\/www.cpl.es\/#website"},"primaryImageOfPage":{"@id":"https:\/\/www.cpl.es\/producto\/els-martirs-del-paraguai-una-vida-entregada-9788491656456\/#primaryimage"},"image":{"@id":"https:\/\/www.cpl.es\/producto\/els-martirs-del-paraguai-una-vida-entregada-9788491656456\/#primaryimage"},"thumbnailUrl":"https:\/\/www.cpl.es\/wp-content\/uploads\/9788491656456.jpg","datePublished":"2024-11-13T07:48:21+00:00","dateModified":"2026-02-12T16:28:05+00:00","breadcrumb":{"@id":"https:\/\/www.cpl.es\/producto\/els-martirs-del-paraguai-una-vida-entregada-9788491656456\/#breadcrumb"},"inLanguage":"ca","potentialAction":[{"@type":"ReadAction","target":["https:\/\/www.cpl.es\/producto\/els-martirs-del-paraguai-una-vida-entregada-9788491656456\/"]}]},{"@type":"ImageObject","inLanguage":"ca","@id":"https:\/\/www.cpl.es\/producto\/els-martirs-del-paraguai-una-vida-entregada-9788491656456\/#primaryimage","url":"https:\/\/www.cpl.es\/wp-content\/uploads\/9788491656456.jpg","contentUrl":"https:\/\/www.cpl.es\/wp-content\/uploads\/9788491656456.jpg","width":202,"height":300,"caption":"9788491656456.jpg"},{"@type":"BreadcrumbList","@id":"https:\/\/www.cpl.es\/producto\/els-martirs-del-paraguai-una-vida-entregada-9788491656456\/#breadcrumb","itemListElement":[{"@type":"ListItem","position":1,"name":"Portada","item":"https:\/\/www.cpl.es\/ca\/"},{"@type":"ListItem","position":2,"name":"Cat\u00e0leg","item":"https:\/\/www.cpl.es\/ca\/cataleg\/"},{"@type":"ListItem","position":3,"name":"Els m\u00e0rtirs del Paraguai. Una vida entregada"}]},{"@type":"WebSite","@id":"https:\/\/www.cpl.es\/#website","url":"https:\/\/www.cpl.es\/","name":"CPL","description":"Centre de Pastoral Lit\u00fargica de Barcelona","publisher":{"@id":"https:\/\/www.cpl.es\/#organization"},"alternateName":"Centre de Pastoral Lit\u00fargica","potentialAction":[{"@type":"SearchAction","target":{"@type":"EntryPoint","urlTemplate":"https:\/\/www.cpl.es\/?s={search_term_string}"},"query-input":{"@type":"PropertyValueSpecification","valueRequired":true,"valueName":"search_term_string"}}],"inLanguage":"ca"},{"@type":"Organization","@id":"https:\/\/www.cpl.es\/#organization","name":"Centre de Pastoral Lit\u00fargica","alternateName":"Centre de Pastoral Lit\u00fargica de Barcelona","url":"https:\/\/www.cpl.es\/","logo":{"@type":"ImageObject","inLanguage":"ca","@id":"https:\/\/www.cpl.es\/#\/schema\/logo\/image\/","url":"https:\/\/www.cpl.es\/wp-content\/uploads\/logo-cpl.svg","contentUrl":"https:\/\/www.cpl.es\/wp-content\/uploads\/logo-cpl.svg","caption":"Centre de Pastoral Lit\u00fargica"},"image":{"@id":"https:\/\/www.cpl.es\/#\/schema\/logo\/image\/"}}]}},"_links":{"self":[{"href":"https:\/\/www.cpl.es\/ca\/wp-json\/wp\/v2\/product\/16690","targetHints":{"allow":["GET"]}}],"collection":[{"href":"https:\/\/www.cpl.es\/ca\/wp-json\/wp\/v2\/product"}],"about":[{"href":"https:\/\/www.cpl.es\/ca\/wp-json\/wp\/v2\/types\/product"}],"wp:featuredmedia":[{"embeddable":true,"href":"https:\/\/www.cpl.es\/ca\/wp-json\/wp\/v2\/media\/16691"}],"wp:attachment":[{"href":"https:\/\/www.cpl.es\/ca\/wp-json\/wp\/v2\/media?parent=16690"}],"wp:term":[{"taxonomy":"product_brand","embeddable":true,"href":"https:\/\/www.cpl.es\/ca\/wp-json\/wp\/v2\/product_brand?post=16690"},{"taxonomy":"product_cat","embeddable":true,"href":"https:\/\/www.cpl.es\/ca\/wp-json\/wp\/v2\/product_cat?post=16690"},{"taxonomy":"product_tag","embeddable":true,"href":"https:\/\/www.cpl.es\/ca\/wp-json\/wp\/v2\/product_tag?post=16690"}],"curies":[{"name":"wp","href":"https:\/\/api.w.org\/{rel}","templated":true}]}}