{"id":16597,"date":"2024-11-07T09:23:03","date_gmt":"2024-11-07T08:23:03","guid":{"rendered":"https:\/\/www.cpl.es\/producto\/la-explicacion-de-la-eucaristia-9788491656531\/"},"modified":"2026-02-12T16:47:30","modified_gmt":"2026-02-12T15:47:30","slug":"la-explicacion-de-la-eucaristia-9788491656531","status":"publish","type":"product","link":"https:\/\/www.cpl.es\/ca\/producto\/la-explicacion-de-la-eucaristia-9788491656531\/","title":{"rendered":"La explicaci\u00f3n de la Eucarist\u00eda"},"content":{"rendered":"<p> Resumen: En una \u00e9poca en que la participaci\u00f3n en la misa puede, a veces, sentirse rutinaria, el libro del sacerdote franc\u00e9s espiritano Lucien Deiss, La explicaci\u00f3n de la Eucarist\u00eda, sigue siendo una herramienta v\u00e1lida para quienes desean profundizar en la comprensi\u00f3n de la Eucarist\u00eda y vivir la celebraci\u00f3n en todas sus dimensiones esenciales. Y sirve, adem\u00e1s, para que todos los fieles puedan redescubrir su riqueza, no solo como acto ritual, sino como el coraz\u00f3n de la vida cristiana. Palabras clave: acto ritual, asamblea, Eucarist\u00eda, misa, participaci\u00f3n activa, sacramento. Abstract: At a time when participation in the Mass can sometimes feel routine, the book by the French Spiritan priest Lucien Deiss, The explanation of the Eucharist, remains a valid tool for those who wish to deepen their understanding of the Eucharist and to live the celebration in all its essential dimensions. And it also helps all the faithful to rediscover its richness, not only as a ritual act, but as the heart of Christian life. Keywords: active participation, assembly, Eucharist, Mass, sacrament, ritual act. Lucien Deiss, cssp, (1921-2007) sacerdote de la congregaci\u00f3n del Esp\u00edritu Santo, es uno de los precursores de la renovaci\u00f3n b\u00edblica y lit\u00fargica. Especialista en ex\u00e9gesis b\u00edblica, ocup\u00f3 la c\u00e1tedra de Sagrada Escritura y Teolog\u00eda Dogm\u00e1tica en el Grand Scholasticat des P\u00e8res du Saint-Esprit de Par\u00eds. Fue miembro del Comit\u00e9 para la Biblia Ecum\u00e9nica Francesa y redactor lit\u00fargico de la revista Assembl\u00e9e Novelle. Tambi\u00e9n fue compositor de m\u00fasica lit\u00fargica y sus composiciones han resonado en asambleas de todo el mundo: Un solo Se\u00f1or, Pueblo de reyes, Hija de Si\u00f3n o Aleluya. Am\u00e9n.<\/p>\n","protected":false},"excerpt":{"rendered":"<p>Deiss, Lucien<\/p>\n","protected":false},"featured_media":16764,"template":"","meta":{"_acf_changed":false,"inline_featured_image":false},"product_brand":[],"product_cat":[54,69],"product_tag":[],"class_list":{"0":"post-16597","1":"product","2":"type-product","3":"status-publish","4":"has-post-thumbnail","6":"product_cat-cuadernos-phase","7":"product_cat-cuadernos-phase-colleccions-catala","9":"first","10":"instock","11":"taxable","12":"shipping-taxable","13":"purchasable","14":"product-type-simple"},"acf":{"autor":"Deiss, Lucien","codart":"110282","ediciones":"1","encuadernacion":"R\u00fastica","fecha_de_publicacion":"07\/11\/2024","novedad":true,"paginas":"124","subtitulo":"","orden":"999","portada":true,"idioma":"spa","coleccion_num":"282","booktrailer":"","ficha":"","muestra":"","presentacion":"","editorial":[{"ID":6736,"post_author":"2","post_date":"2023-10-06 08:35:24","post_date_gmt":"2023-10-06 06:35:24","post_content":"","post_title":"CPL","post_excerpt":"","post_status":"publish","comment_status":"closed","ping_status":"closed","post_password":"","post_name":"cpl","to_ping":"","pinged":"","post_modified":"2023-10-06 08:35:24","post_modified_gmt":"2023-10-06 06:35:24","post_content_filtered":"","post_parent":0,"guid":"https:\/\/nuevaweb.cpl.es\/editorial\/cpl\/","menu_order":0,"post_type":"editorial","post_mime_type":"","comment_count":"0","filter":"raw"}],"autores-libros":"","traductores-libros":"","ilustradores-libros":"","coleccion":"","formato":"","Venta_ebook_1_url":"","Venta_ebook_1_tienda":"","Venta_ebook_1_precio":"","Venta_ebook_2_url":"","Venta_ebook_2_tienda":"","Venta_ebook_2_precio":"","Venta_ebook_3_url":"","Venta_ebook_3_tienda":"","Venta_ebook_3_precio":"","Venta_ebook_4_url":"","Venta_ebook_4_tienda":"","Venta_ebook_4_precio":"","Venta_ebook_5_url":"","Venta_ebook_5_tienda":"","Venta_ebook_5_precio":"","Venta_ebook_6_url":"","Venta_ebook_6_tienda":"","Venta_ebook_6_precio":"","recomendamos":"","mas_vendido":"","tarifa":""},"yoast_head":"<!-- This site is optimized with the Yoast SEO plugin v27.3 - https:\/\/yoast.com\/product\/yoast-seo-wordpress\/ -->\n<title>La explicaci\u00f3n de la Eucarist\u00eda - CPL<\/title>\n<meta name=\"robots\" content=\"index, follow, max-snippet:-1, max-image-preview:large, max-video-preview:-1\" \/>\n<link rel=\"canonical\" href=\"https:\/\/www.cpl.es\/producto\/la-explicacion-de-la-eucaristia-9788491656531\/\" \/>\n<meta property=\"og:locale\" content=\"ca_ES\" \/>\n<meta property=\"og:type\" content=\"article\" \/>\n<meta property=\"og:title\" content=\"La explicaci\u00f3n de la Eucarist\u00eda - CPL\" \/>\n<meta property=\"og:description\" content=\"Deiss, Lucien\" \/>\n<meta property=\"og:url\" content=\"https:\/\/www.cpl.es\/producto\/la-explicacion-de-la-eucaristia-9788491656531\/\" \/>\n<meta property=\"og:site_name\" content=\"CPL\" \/>\n<meta property=\"article:modified_time\" content=\"2026-02-12T15:47:30+00:00\" \/>\n<meta property=\"og:image\" content=\"https:\/\/www.cpl.es\/wp-content\/uploads\/110282-1.jpg\" \/>\n\t<meta property=\"og:image:width\" content=\"199\" \/>\n\t<meta property=\"og:image:height\" content=\"300\" \/>\n\t<meta property=\"og:image:type\" content=\"image\/jpeg\" \/>\n<meta name=\"twitter:card\" content=\"summary_large_image\" \/>\n<meta name=\"twitter:label1\" content=\"Temps estimat de lectura\" \/>\n\t<meta name=\"twitter:data1\" content=\"2 minuts\" \/>\n<script type=\"application\/ld+json\" class=\"yoast-schema-graph\">{\"@context\":\"https:\\\/\\\/schema.org\",\"@graph\":[{\"@type\":\"WebPage\",\"@id\":\"https:\\\/\\\/www.cpl.es\\\/producto\\\/la-explicacion-de-la-eucaristia-9788491656531\\\/\",\"url\":\"https:\\\/\\\/www.cpl.es\\\/producto\\\/la-explicacion-de-la-eucaristia-9788491656531\\\/\",\"name\":\"La explicaci\u00f3n de la Eucarist\u00eda - CPL\",\"isPartOf\":{\"@id\":\"https:\\\/\\\/www.cpl.es\\\/#website\"},\"primaryImageOfPage\":{\"@id\":\"https:\\\/\\\/www.cpl.es\\\/producto\\\/la-explicacion-de-la-eucaristia-9788491656531\\\/#primaryimage\"},\"image\":{\"@id\":\"https:\\\/\\\/www.cpl.es\\\/producto\\\/la-explicacion-de-la-eucaristia-9788491656531\\\/#primaryimage\"},\"thumbnailUrl\":\"https:\\\/\\\/www.cpl.es\\\/wp-content\\\/uploads\\\/110282-1.jpg\",\"datePublished\":\"2024-11-07T08:23:03+00:00\",\"dateModified\":\"2026-02-12T15:47:30+00:00\",\"breadcrumb\":{\"@id\":\"https:\\\/\\\/www.cpl.es\\\/producto\\\/la-explicacion-de-la-eucaristia-9788491656531\\\/#breadcrumb\"},\"inLanguage\":\"ca\",\"potentialAction\":[{\"@type\":\"ReadAction\",\"target\":[\"https:\\\/\\\/www.cpl.es\\\/producto\\\/la-explicacion-de-la-eucaristia-9788491656531\\\/\"]}]},{\"@type\":\"ImageObject\",\"inLanguage\":\"ca\",\"@id\":\"https:\\\/\\\/www.cpl.es\\\/producto\\\/la-explicacion-de-la-eucaristia-9788491656531\\\/#primaryimage\",\"url\":\"https:\\\/\\\/www.cpl.es\\\/wp-content\\\/uploads\\\/110282-1.jpg\",\"contentUrl\":\"https:\\\/\\\/www.cpl.es\\\/wp-content\\\/uploads\\\/110282-1.jpg\",\"width\":199,\"height\":300,\"caption\":\"110282.jpg\"},{\"@type\":\"BreadcrumbList\",\"@id\":\"https:\\\/\\\/www.cpl.es\\\/producto\\\/la-explicacion-de-la-eucaristia-9788491656531\\\/#breadcrumb\",\"itemListElement\":[{\"@type\":\"ListItem\",\"position\":1,\"name\":\"Portada\",\"item\":\"https:\\\/\\\/www.cpl.es\\\/ca\\\/\"},{\"@type\":\"ListItem\",\"position\":2,\"name\":\"Cat\u00e0leg\",\"item\":\"https:\\\/\\\/www.cpl.es\\\/ca\\\/cataleg\\\/\"},{\"@type\":\"ListItem\",\"position\":3,\"name\":\"La explicaci\u00f3n de la Eucarist\u00eda\"}]},{\"@type\":\"WebSite\",\"@id\":\"https:\\\/\\\/www.cpl.es\\\/#website\",\"url\":\"https:\\\/\\\/www.cpl.es\\\/\",\"name\":\"CPL\",\"description\":\"Centre de Pastoral Lit\u00fargica de Barcelona\",\"publisher\":{\"@id\":\"https:\\\/\\\/www.cpl.es\\\/#organization\"},\"alternateName\":\"Centre de Pastoral Lit\u00fargica\",\"potentialAction\":[{\"@type\":\"SearchAction\",\"target\":{\"@type\":\"EntryPoint\",\"urlTemplate\":\"https:\\\/\\\/www.cpl.es\\\/?s={search_term_string}\"},\"query-input\":{\"@type\":\"PropertyValueSpecification\",\"valueRequired\":true,\"valueName\":\"search_term_string\"}}],\"inLanguage\":\"ca\"},{\"@type\":\"Organization\",\"@id\":\"https:\\\/\\\/www.cpl.es\\\/#organization\",\"name\":\"Centre de Pastoral Lit\u00fargica\",\"alternateName\":\"Centre de Pastoral Lit\u00fargica de Barcelona\",\"url\":\"https:\\\/\\\/www.cpl.es\\\/\",\"logo\":{\"@type\":\"ImageObject\",\"inLanguage\":\"ca\",\"@id\":\"https:\\\/\\\/www.cpl.es\\\/#\\\/schema\\\/logo\\\/image\\\/\",\"url\":\"https:\\\/\\\/www.cpl.es\\\/wp-content\\\/uploads\\\/logo-cpl.svg\",\"contentUrl\":\"https:\\\/\\\/www.cpl.es\\\/wp-content\\\/uploads\\\/logo-cpl.svg\",\"caption\":\"Centre de Pastoral Lit\u00fargica\"},\"image\":{\"@id\":\"https:\\\/\\\/www.cpl.es\\\/#\\\/schema\\\/logo\\\/image\\\/\"}}]}<\/script>\n<!-- \/ Yoast SEO plugin. -->","yoast_head_json":{"title":"La explicaci\u00f3n de la Eucarist\u00eda - CPL","robots":{"index":"index","follow":"follow","max-snippet":"max-snippet:-1","max-image-preview":"max-image-preview:large","max-video-preview":"max-video-preview:-1"},"canonical":"https:\/\/www.cpl.es\/producto\/la-explicacion-de-la-eucaristia-9788491656531\/","og_locale":"ca_ES","og_type":"article","og_title":"La explicaci\u00f3n de la Eucarist\u00eda - CPL","og_description":"Deiss, Lucien","og_url":"https:\/\/www.cpl.es\/producto\/la-explicacion-de-la-eucaristia-9788491656531\/","og_site_name":"CPL","article_modified_time":"2026-02-12T15:47:30+00:00","og_image":[{"width":199,"height":300,"url":"https:\/\/www.cpl.es\/wp-content\/uploads\/110282-1.jpg","type":"image\/jpeg"}],"twitter_card":"summary_large_image","twitter_misc":{"Temps estimat de lectura":"2 minuts"},"schema":{"@context":"https:\/\/schema.org","@graph":[{"@type":"WebPage","@id":"https:\/\/www.cpl.es\/producto\/la-explicacion-de-la-eucaristia-9788491656531\/","url":"https:\/\/www.cpl.es\/producto\/la-explicacion-de-la-eucaristia-9788491656531\/","name":"La explicaci\u00f3n de la Eucarist\u00eda - CPL","isPartOf":{"@id":"https:\/\/www.cpl.es\/#website"},"primaryImageOfPage":{"@id":"https:\/\/www.cpl.es\/producto\/la-explicacion-de-la-eucaristia-9788491656531\/#primaryimage"},"image":{"@id":"https:\/\/www.cpl.es\/producto\/la-explicacion-de-la-eucaristia-9788491656531\/#primaryimage"},"thumbnailUrl":"https:\/\/www.cpl.es\/wp-content\/uploads\/110282-1.jpg","datePublished":"2024-11-07T08:23:03+00:00","dateModified":"2026-02-12T15:47:30+00:00","breadcrumb":{"@id":"https:\/\/www.cpl.es\/producto\/la-explicacion-de-la-eucaristia-9788491656531\/#breadcrumb"},"inLanguage":"ca","potentialAction":[{"@type":"ReadAction","target":["https:\/\/www.cpl.es\/producto\/la-explicacion-de-la-eucaristia-9788491656531\/"]}]},{"@type":"ImageObject","inLanguage":"ca","@id":"https:\/\/www.cpl.es\/producto\/la-explicacion-de-la-eucaristia-9788491656531\/#primaryimage","url":"https:\/\/www.cpl.es\/wp-content\/uploads\/110282-1.jpg","contentUrl":"https:\/\/www.cpl.es\/wp-content\/uploads\/110282-1.jpg","width":199,"height":300,"caption":"110282.jpg"},{"@type":"BreadcrumbList","@id":"https:\/\/www.cpl.es\/producto\/la-explicacion-de-la-eucaristia-9788491656531\/#breadcrumb","itemListElement":[{"@type":"ListItem","position":1,"name":"Portada","item":"https:\/\/www.cpl.es\/ca\/"},{"@type":"ListItem","position":2,"name":"Cat\u00e0leg","item":"https:\/\/www.cpl.es\/ca\/cataleg\/"},{"@type":"ListItem","position":3,"name":"La explicaci\u00f3n de la Eucarist\u00eda"}]},{"@type":"WebSite","@id":"https:\/\/www.cpl.es\/#website","url":"https:\/\/www.cpl.es\/","name":"CPL","description":"Centre de Pastoral Lit\u00fargica de Barcelona","publisher":{"@id":"https:\/\/www.cpl.es\/#organization"},"alternateName":"Centre de Pastoral Lit\u00fargica","potentialAction":[{"@type":"SearchAction","target":{"@type":"EntryPoint","urlTemplate":"https:\/\/www.cpl.es\/?s={search_term_string}"},"query-input":{"@type":"PropertyValueSpecification","valueRequired":true,"valueName":"search_term_string"}}],"inLanguage":"ca"},{"@type":"Organization","@id":"https:\/\/www.cpl.es\/#organization","name":"Centre de Pastoral Lit\u00fargica","alternateName":"Centre de Pastoral Lit\u00fargica de Barcelona","url":"https:\/\/www.cpl.es\/","logo":{"@type":"ImageObject","inLanguage":"ca","@id":"https:\/\/www.cpl.es\/#\/schema\/logo\/image\/","url":"https:\/\/www.cpl.es\/wp-content\/uploads\/logo-cpl.svg","contentUrl":"https:\/\/www.cpl.es\/wp-content\/uploads\/logo-cpl.svg","caption":"Centre de Pastoral Lit\u00fargica"},"image":{"@id":"https:\/\/www.cpl.es\/#\/schema\/logo\/image\/"}}]}},"_links":{"self":[{"href":"https:\/\/www.cpl.es\/ca\/wp-json\/wp\/v2\/product\/16597","targetHints":{"allow":["GET"]}}],"collection":[{"href":"https:\/\/www.cpl.es\/ca\/wp-json\/wp\/v2\/product"}],"about":[{"href":"https:\/\/www.cpl.es\/ca\/wp-json\/wp\/v2\/types\/product"}],"wp:featuredmedia":[{"embeddable":true,"href":"https:\/\/www.cpl.es\/ca\/wp-json\/wp\/v2\/media\/16764"}],"wp:attachment":[{"href":"https:\/\/www.cpl.es\/ca\/wp-json\/wp\/v2\/media?parent=16597"}],"wp:term":[{"taxonomy":"product_brand","embeddable":true,"href":"https:\/\/www.cpl.es\/ca\/wp-json\/wp\/v2\/product_brand?post=16597"},{"taxonomy":"product_cat","embeddable":true,"href":"https:\/\/www.cpl.es\/ca\/wp-json\/wp\/v2\/product_cat?post=16597"},{"taxonomy":"product_tag","embeddable":true,"href":"https:\/\/www.cpl.es\/ca\/wp-json\/wp\/v2\/product_tag?post=16597"}],"curies":[{"name":"wp","href":"https:\/\/api.w.org\/{rel}","templated":true}]}}