{"id":16590,"date":"2024-11-07T09:08:02","date_gmt":"2024-11-07T08:08:02","guid":{"rendered":"https:\/\/www.cpl.es\/producto\/la-liturgia-signo-e-instrumento-de-salvacion-9788491656517\/"},"modified":"2026-02-12T16:47:26","modified_gmt":"2026-02-12T15:47:26","slug":"la-liturgia-signo-e-instrumento-de-salvacion-9788491656517","status":"publish","type":"product","link":"https:\/\/www.cpl.es\/ca\/producto\/la-liturgia-signo-e-instrumento-de-salvacion-9788491656517\/","title":{"rendered":"La liturgia, signo e instrumento de salvaci\u00f3n"},"content":{"rendered":"<p> Resumen: La liturgia no es un simple despliegue simb\u00f3lico o una secuencia ritual, sino que es un signo y un instrumento eficaces de la salvaci\u00f3n porque es la actualizaci\u00f3n real del misterio pascual de Cristo por medio de y en la Iglesia, sacramento de salvaci\u00f3n. La tradici\u00f3n expresa esta realidad en la sentencia los sacramentos realizan lo que significan (significando causant), y esta obra de salvaci\u00f3n se opera en los sacramentos no mec\u00e1nicamente, puesto que es la Trinidad quien gratuitamente tiene la iniciativa. Palabras clave: sacramentos, eficacia sacramental, soteriolog\u00eda, intenci\u00f3n del ministro, validez de los sacramentos. Abstract: The liturgy is not a mere symbolic display or ritual sequence, but is an effective sign and instrument of salvation because it is the real actualization of the Paschal Mystery of Christ through and in the Church, the sacrament of salvation. Tradition expresses this reality in the sentence that the sacraments accomplish what they signify (significans causant), and this work of salvation is not carried out mechanically in the sacraments, since it is the Trinity who freely takes the initiative. Keywords: intention of the minister, sacraments, sacramental efficacy, soteriology, validity of the sacraments.<\/p>\n","protected":false},"excerpt":{"rendered":"<p>Cordovilla, \u00c1ngel; Astigueta, Dami\u00e1n G.; St\u00f6hr, Johannes<\/p>\n","protected":false},"featured_media":16762,"template":"","meta":{"_acf_changed":false,"inline_featured_image":false},"product_brand":[],"product_cat":[69,54],"product_tag":[],"class_list":{"0":"post-16590","1":"product","2":"type-product","3":"status-publish","4":"has-post-thumbnail","6":"product_cat-cuadernos-phase-colleccions-catala","7":"product_cat-cuadernos-phase","9":"first","10":"instock","11":"taxable","12":"shipping-taxable","13":"purchasable","14":"product-type-simple"},"acf":{"autor":"Cordovilla, \u00c1ngel; Astigueta, Dami\u00e1n G.; St\u00f6hr, Johannes","codart":"110281","ediciones":"1","encuadernacion":"R\u00fastica","fecha_de_publicacion":"07\/11\/2024","novedad":true,"paginas":"160","subtitulo":"La calidez de los sacramentos","orden":"999","portada":true,"idioma":"spa","coleccion_num":"281","editorial":[{"ID":6736,"post_author":"2","post_date":"2023-10-06 08:35:24","post_date_gmt":"2023-10-06 06:35:24","post_content":"","post_title":"CPL","post_excerpt":"","post_status":"publish","comment_status":"closed","ping_status":"closed","post_password":"","post_name":"cpl","to_ping":"","pinged":"","post_modified":"2023-10-06 08:35:24","post_modified_gmt":"2023-10-06 06:35:24","post_content_filtered":"","post_parent":0,"guid":"https:\/\/nuevaweb.cpl.es\/editorial\/cpl\/","menu_order":0,"post_type":"editorial","post_mime_type":"","comment_count":"0","filter":"raw"}],"booktrailer":"","ficha":"","muestra":"","presentacion":""},"yoast_head":"<!-- This site is optimized with the Yoast SEO plugin v27.3 - https:\/\/yoast.com\/product\/yoast-seo-wordpress\/ -->\n<title>La liturgia, signo e instrumento de salvaci\u00f3n - CPL<\/title>\n<meta name=\"robots\" content=\"index, follow, max-snippet:-1, max-image-preview:large, max-video-preview:-1\" \/>\n<link rel=\"canonical\" href=\"https:\/\/www.cpl.es\/producto\/la-liturgia-signo-e-instrumento-de-salvacion-9788491656517\/\" \/>\n<meta property=\"og:locale\" content=\"ca_ES\" \/>\n<meta property=\"og:type\" content=\"article\" \/>\n<meta property=\"og:title\" content=\"La liturgia, signo e instrumento de salvaci\u00f3n - CPL\" \/>\n<meta property=\"og:description\" content=\"Cordovilla, \u00c1ngel; Astigueta, Dami\u00e1n G.; St\u00f6hr, Johannes\" \/>\n<meta property=\"og:url\" content=\"https:\/\/www.cpl.es\/producto\/la-liturgia-signo-e-instrumento-de-salvacion-9788491656517\/\" \/>\n<meta property=\"og:site_name\" content=\"CPL\" \/>\n<meta property=\"article:modified_time\" content=\"2026-02-12T15:47:26+00:00\" \/>\n<meta property=\"og:image\" content=\"https:\/\/www.cpl.es\/wp-content\/uploads\/9788491656517-3.jpg\" \/>\n\t<meta property=\"og:image:width\" content=\"201\" \/>\n\t<meta property=\"og:image:height\" content=\"300\" \/>\n\t<meta property=\"og:image:type\" content=\"image\/jpeg\" \/>\n<meta name=\"twitter:card\" content=\"summary_large_image\" \/>\n<meta name=\"twitter:label1\" content=\"Temps estimat de lectura\" \/>\n\t<meta name=\"twitter:data1\" content=\"1 minut\" \/>\n<script type=\"application\/ld+json\" class=\"yoast-schema-graph\">{\"@context\":\"https:\\\/\\\/schema.org\",\"@graph\":[{\"@type\":\"WebPage\",\"@id\":\"https:\\\/\\\/www.cpl.es\\\/producto\\\/la-liturgia-signo-e-instrumento-de-salvacion-9788491656517\\\/\",\"url\":\"https:\\\/\\\/www.cpl.es\\\/producto\\\/la-liturgia-signo-e-instrumento-de-salvacion-9788491656517\\\/\",\"name\":\"La liturgia, signo e instrumento de salvaci\u00f3n - CPL\",\"isPartOf\":{\"@id\":\"https:\\\/\\\/www.cpl.es\\\/#website\"},\"primaryImageOfPage\":{\"@id\":\"https:\\\/\\\/www.cpl.es\\\/producto\\\/la-liturgia-signo-e-instrumento-de-salvacion-9788491656517\\\/#primaryimage\"},\"image\":{\"@id\":\"https:\\\/\\\/www.cpl.es\\\/producto\\\/la-liturgia-signo-e-instrumento-de-salvacion-9788491656517\\\/#primaryimage\"},\"thumbnailUrl\":\"https:\\\/\\\/www.cpl.es\\\/wp-content\\\/uploads\\\/9788491656517-3.jpg\",\"datePublished\":\"2024-11-07T08:08:02+00:00\",\"dateModified\":\"2026-02-12T15:47:26+00:00\",\"breadcrumb\":{\"@id\":\"https:\\\/\\\/www.cpl.es\\\/producto\\\/la-liturgia-signo-e-instrumento-de-salvacion-9788491656517\\\/#breadcrumb\"},\"inLanguage\":\"ca\",\"potentialAction\":[{\"@type\":\"ReadAction\",\"target\":[\"https:\\\/\\\/www.cpl.es\\\/producto\\\/la-liturgia-signo-e-instrumento-de-salvacion-9788491656517\\\/\"]}]},{\"@type\":\"ImageObject\",\"inLanguage\":\"ca\",\"@id\":\"https:\\\/\\\/www.cpl.es\\\/producto\\\/la-liturgia-signo-e-instrumento-de-salvacion-9788491656517\\\/#primaryimage\",\"url\":\"https:\\\/\\\/www.cpl.es\\\/wp-content\\\/uploads\\\/9788491656517-3.jpg\",\"contentUrl\":\"https:\\\/\\\/www.cpl.es\\\/wp-content\\\/uploads\\\/9788491656517-3.jpg\",\"width\":201,\"height\":300,\"caption\":\"9788491656517.jpg\"},{\"@type\":\"BreadcrumbList\",\"@id\":\"https:\\\/\\\/www.cpl.es\\\/producto\\\/la-liturgia-signo-e-instrumento-de-salvacion-9788491656517\\\/#breadcrumb\",\"itemListElement\":[{\"@type\":\"ListItem\",\"position\":1,\"name\":\"Portada\",\"item\":\"https:\\\/\\\/www.cpl.es\\\/ca\\\/\"},{\"@type\":\"ListItem\",\"position\":2,\"name\":\"Cat\u00e0leg\",\"item\":\"https:\\\/\\\/www.cpl.es\\\/ca\\\/cataleg\\\/\"},{\"@type\":\"ListItem\",\"position\":3,\"name\":\"La liturgia, signo e instrumento de salvaci\u00f3n\"}]},{\"@type\":\"WebSite\",\"@id\":\"https:\\\/\\\/www.cpl.es\\\/#website\",\"url\":\"https:\\\/\\\/www.cpl.es\\\/\",\"name\":\"CPL\",\"description\":\"Centre de Pastoral Lit\u00fargica de Barcelona\",\"publisher\":{\"@id\":\"https:\\\/\\\/www.cpl.es\\\/#organization\"},\"alternateName\":\"Centre de Pastoral Lit\u00fargica\",\"potentialAction\":[{\"@type\":\"SearchAction\",\"target\":{\"@type\":\"EntryPoint\",\"urlTemplate\":\"https:\\\/\\\/www.cpl.es\\\/?s={search_term_string}\"},\"query-input\":{\"@type\":\"PropertyValueSpecification\",\"valueRequired\":true,\"valueName\":\"search_term_string\"}}],\"inLanguage\":\"ca\"},{\"@type\":\"Organization\",\"@id\":\"https:\\\/\\\/www.cpl.es\\\/#organization\",\"name\":\"Centre de Pastoral Lit\u00fargica\",\"alternateName\":\"Centre de Pastoral Lit\u00fargica de Barcelona\",\"url\":\"https:\\\/\\\/www.cpl.es\\\/\",\"logo\":{\"@type\":\"ImageObject\",\"inLanguage\":\"ca\",\"@id\":\"https:\\\/\\\/www.cpl.es\\\/#\\\/schema\\\/logo\\\/image\\\/\",\"url\":\"https:\\\/\\\/www.cpl.es\\\/wp-content\\\/uploads\\\/logo-cpl.svg\",\"contentUrl\":\"https:\\\/\\\/www.cpl.es\\\/wp-content\\\/uploads\\\/logo-cpl.svg\",\"caption\":\"Centre de Pastoral Lit\u00fargica\"},\"image\":{\"@id\":\"https:\\\/\\\/www.cpl.es\\\/#\\\/schema\\\/logo\\\/image\\\/\"}}]}<\/script>\n<!-- \/ Yoast SEO plugin. -->","yoast_head_json":{"title":"La liturgia, signo e instrumento de salvaci\u00f3n - CPL","robots":{"index":"index","follow":"follow","max-snippet":"max-snippet:-1","max-image-preview":"max-image-preview:large","max-video-preview":"max-video-preview:-1"},"canonical":"https:\/\/www.cpl.es\/producto\/la-liturgia-signo-e-instrumento-de-salvacion-9788491656517\/","og_locale":"ca_ES","og_type":"article","og_title":"La liturgia, signo e instrumento de salvaci\u00f3n - CPL","og_description":"Cordovilla, \u00c1ngel; Astigueta, Dami\u00e1n G.; St\u00f6hr, Johannes","og_url":"https:\/\/www.cpl.es\/producto\/la-liturgia-signo-e-instrumento-de-salvacion-9788491656517\/","og_site_name":"CPL","article_modified_time":"2026-02-12T15:47:26+00:00","og_image":[{"width":201,"height":300,"url":"https:\/\/www.cpl.es\/wp-content\/uploads\/9788491656517-3.jpg","type":"image\/jpeg"}],"twitter_card":"summary_large_image","twitter_misc":{"Temps estimat de lectura":"1 minut"},"schema":{"@context":"https:\/\/schema.org","@graph":[{"@type":"WebPage","@id":"https:\/\/www.cpl.es\/producto\/la-liturgia-signo-e-instrumento-de-salvacion-9788491656517\/","url":"https:\/\/www.cpl.es\/producto\/la-liturgia-signo-e-instrumento-de-salvacion-9788491656517\/","name":"La liturgia, signo e instrumento de salvaci\u00f3n - CPL","isPartOf":{"@id":"https:\/\/www.cpl.es\/#website"},"primaryImageOfPage":{"@id":"https:\/\/www.cpl.es\/producto\/la-liturgia-signo-e-instrumento-de-salvacion-9788491656517\/#primaryimage"},"image":{"@id":"https:\/\/www.cpl.es\/producto\/la-liturgia-signo-e-instrumento-de-salvacion-9788491656517\/#primaryimage"},"thumbnailUrl":"https:\/\/www.cpl.es\/wp-content\/uploads\/9788491656517-3.jpg","datePublished":"2024-11-07T08:08:02+00:00","dateModified":"2026-02-12T15:47:26+00:00","breadcrumb":{"@id":"https:\/\/www.cpl.es\/producto\/la-liturgia-signo-e-instrumento-de-salvacion-9788491656517\/#breadcrumb"},"inLanguage":"ca","potentialAction":[{"@type":"ReadAction","target":["https:\/\/www.cpl.es\/producto\/la-liturgia-signo-e-instrumento-de-salvacion-9788491656517\/"]}]},{"@type":"ImageObject","inLanguage":"ca","@id":"https:\/\/www.cpl.es\/producto\/la-liturgia-signo-e-instrumento-de-salvacion-9788491656517\/#primaryimage","url":"https:\/\/www.cpl.es\/wp-content\/uploads\/9788491656517-3.jpg","contentUrl":"https:\/\/www.cpl.es\/wp-content\/uploads\/9788491656517-3.jpg","width":201,"height":300,"caption":"9788491656517.jpg"},{"@type":"BreadcrumbList","@id":"https:\/\/www.cpl.es\/producto\/la-liturgia-signo-e-instrumento-de-salvacion-9788491656517\/#breadcrumb","itemListElement":[{"@type":"ListItem","position":1,"name":"Portada","item":"https:\/\/www.cpl.es\/ca\/"},{"@type":"ListItem","position":2,"name":"Cat\u00e0leg","item":"https:\/\/www.cpl.es\/ca\/cataleg\/"},{"@type":"ListItem","position":3,"name":"La liturgia, signo e instrumento de salvaci\u00f3n"}]},{"@type":"WebSite","@id":"https:\/\/www.cpl.es\/#website","url":"https:\/\/www.cpl.es\/","name":"CPL","description":"Centre de Pastoral Lit\u00fargica de Barcelona","publisher":{"@id":"https:\/\/www.cpl.es\/#organization"},"alternateName":"Centre de Pastoral Lit\u00fargica","potentialAction":[{"@type":"SearchAction","target":{"@type":"EntryPoint","urlTemplate":"https:\/\/www.cpl.es\/?s={search_term_string}"},"query-input":{"@type":"PropertyValueSpecification","valueRequired":true,"valueName":"search_term_string"}}],"inLanguage":"ca"},{"@type":"Organization","@id":"https:\/\/www.cpl.es\/#organization","name":"Centre de Pastoral Lit\u00fargica","alternateName":"Centre de Pastoral Lit\u00fargica de Barcelona","url":"https:\/\/www.cpl.es\/","logo":{"@type":"ImageObject","inLanguage":"ca","@id":"https:\/\/www.cpl.es\/#\/schema\/logo\/image\/","url":"https:\/\/www.cpl.es\/wp-content\/uploads\/logo-cpl.svg","contentUrl":"https:\/\/www.cpl.es\/wp-content\/uploads\/logo-cpl.svg","caption":"Centre de Pastoral Lit\u00fargica"},"image":{"@id":"https:\/\/www.cpl.es\/#\/schema\/logo\/image\/"}}]}},"_links":{"self":[{"href":"https:\/\/www.cpl.es\/ca\/wp-json\/wp\/v2\/product\/16590","targetHints":{"allow":["GET"]}}],"collection":[{"href":"https:\/\/www.cpl.es\/ca\/wp-json\/wp\/v2\/product"}],"about":[{"href":"https:\/\/www.cpl.es\/ca\/wp-json\/wp\/v2\/types\/product"}],"wp:featuredmedia":[{"embeddable":true,"href":"https:\/\/www.cpl.es\/ca\/wp-json\/wp\/v2\/media\/16762"}],"wp:attachment":[{"href":"https:\/\/www.cpl.es\/ca\/wp-json\/wp\/v2\/media?parent=16590"}],"wp:term":[{"taxonomy":"product_brand","embeddable":true,"href":"https:\/\/www.cpl.es\/ca\/wp-json\/wp\/v2\/product_brand?post=16590"},{"taxonomy":"product_cat","embeddable":true,"href":"https:\/\/www.cpl.es\/ca\/wp-json\/wp\/v2\/product_cat?post=16590"},{"taxonomy":"product_tag","embeddable":true,"href":"https:\/\/www.cpl.es\/ca\/wp-json\/wp\/v2\/product_tag?post=16590"}],"curies":[{"name":"wp","href":"https:\/\/api.w.org\/{rel}","templated":true}]}}