{"id":16587,"date":"2024-11-07T09:03:02","date_gmt":"2024-11-07T08:03:02","guid":{"rendered":"https:\/\/www.cpl.es\/producto\/lliures-per-estimar-lectura-i-comentari-de-la-carta-als-galates-9788491656524\/"},"modified":"2025-10-03T11:14:31","modified_gmt":"2025-10-03T09:14:31","slug":"lliures-per-estimar-lectura-i-comentari-de-la-carta-als-galates-9788491656524","status":"publish","type":"product","link":"https:\/\/www.cpl.es\/ca\/producto\/lliures-per-estimar-lectura-i-comentari-de-la-carta-als-galates-9788491656524\/","title":{"rendered":"Lliures per estimar. Lectura i comentari de la carta als G\u00e0lates"},"content":{"rendered":"<p> La nostra vida cristiana es fonamenta en la confessi\u00f3 de fe en l\u2019\u00fanic D\u00e9u, viu i veritable que s\u2019ha revelat de manera definitiva, en Jesucrist, per l\u2019Esperit Sant. Aquesta revelaci\u00f3 s\u2019actualitza en el misteri de l\u2019Esgl\u00e9sia, a trav\u00e9s de l\u2019Escriptura, la tradici\u00f3 major de l\u2019Esgl\u00e9sia i el magisteri pontifici com els fidels ens mantenim en la comuni\u00f3 de vida i amor amb el D\u00e9u que parla amb la humanitat. L\u2019ap\u00f2stol sant Pau \u00e9s una icona d\u2019aquest di\u00e0leg de vida, gr\u00e0cia i transformaci\u00f3 vital. En aquesta obra, hi trobareu una presentaci\u00f3 de qui va ser sant Pau. A m\u00e9s, hi podreu llegir un dels escrits m\u00e9s significatius i interpel\u00b7lants de l\u2019ap\u00f2stol: la Carta als G\u00e0lates. Tamb\u00e9 tindreu en les mans una traducci\u00f3 completa en llengua catalana de les catequesis que recentment va dedicar-hi el papa Francesc, signe de la seva actualitat i vig\u00e8ncia. A continuaci\u00f3, comptareu amb una reflexi\u00f3 a partir d\u2019aquesta feli\u00e7 coincid\u00e8ncia b\u00edblica i magisterial, perqu\u00e8 la reflexi\u00f3 teol\u00f2gica no ha de cessar mai, ans al contrari, sempre hem d\u2019endinsar-nos honestament en l\u2019amor del nostre D\u00e9u. Un ep\u00edleg clour\u00e0 l\u2019obra, i deixar\u00e9 un regust d\u2019obertura, perqu\u00e8 tamb\u00e9 la persona lectora pugui continuar-hi des de la fe, l\u2019amor i la llibertat. Marco Aceituno Donoso, (Barcelona, 1981), \u00e9s prevere de la di\u00f2cesi de Terrassa, ordenat l\u2019any 2007. Doctor en teologia, especialitat b\u00edblica, \u00e9s professor estable de l\u2019Ateneu Universitari Sant Paci\u00e0, en la Facultat de Teologia de Catalunya. La seva especialitat \u00e9s el Nou Testament, espec\u00edficament, Cartes paulines i apost\u00f2liques. Membre del Consell permanent de l\u2019esmentada Facultat, tamb\u00e9 \u00e9s director de la Revista Catalana de Teologia. <\/p>\n","protected":false},"excerpt":{"rendered":"<p>Aceituno Donoso, Marcos<\/p>\n","protected":false},"featured_media":16593,"template":"","meta":{"_acf_changed":false,"inline_featured_image":false},"product_brand":[],"product_cat":[100],"product_tag":[],"class_list":{"0":"post-16587","1":"product","2":"type-product","3":"status-publish","4":"has-post-thumbnail","6":"product_cat-cpl-libri-colleccions-catala","8":"first","9":"instock","10":"taxable","11":"shipping-taxable","12":"purchasable","13":"product-type-simple"},"acf":{"autor":"Aceituno Donoso, Marcos","codart":"217063","ediciones":"1","encuadernacion":"R\u00fastica","fecha_de_publicacion":"07\/11\/2024","novedad":true,"paginas":"176","subtitulo":"Catequesis del papa Francesc","orden":"999","portada":true,"idioma":"cat","coleccion_num":"63","booktrailer":"","ficha":"","muestra":"","presentacion":"","editorial":[{"ID":6736,"post_author":"2","post_date":"2023-10-06 08:35:24","post_date_gmt":"2023-10-06 06:35:24","post_content":"","post_title":"CPL","post_excerpt":"","post_status":"publish","comment_status":"closed","ping_status":"closed","post_password":"","post_name":"cpl","to_ping":"","pinged":"","post_modified":"2023-10-06 08:35:24","post_modified_gmt":"2023-10-06 06:35:24","post_content_filtered":"","post_parent":0,"guid":"https:\/\/nuevaweb.cpl.es\/editorial\/cpl\/","menu_order":0,"post_type":"editorial","post_mime_type":"","comment_count":"0","filter":"raw"}]},"yoast_head":"<!-- This site is optimized with the Yoast SEO plugin v27.3 - https:\/\/yoast.com\/product\/yoast-seo-wordpress\/ -->\n<title>Lliures per estimar. Lectura i comentari de la carta als G\u00e0lates - CPL<\/title>\n<meta name=\"robots\" content=\"index, follow, max-snippet:-1, max-image-preview:large, max-video-preview:-1\" \/>\n<link rel=\"canonical\" href=\"https:\/\/www.cpl.es\/producto\/lliures-per-estimar-lectura-i-comentari-de-la-carta-als-galates-9788491656524\/\" \/>\n<meta property=\"og:locale\" content=\"ca_ES\" \/>\n<meta property=\"og:type\" content=\"article\" \/>\n<meta property=\"og:title\" content=\"Lliures per estimar. Lectura i comentari de la carta als G\u00e0lates - CPL\" \/>\n<meta property=\"og:description\" content=\"Aceituno Donoso, Marcos\" \/>\n<meta property=\"og:url\" content=\"https:\/\/www.cpl.es\/producto\/lliures-per-estimar-lectura-i-comentari-de-la-carta-als-galates-9788491656524\/\" \/>\n<meta property=\"og:site_name\" content=\"CPL\" \/>\n<meta property=\"article:modified_time\" content=\"2025-10-03T09:14:31+00:00\" \/>\n<meta property=\"og:image\" content=\"https:\/\/www.cpl.es\/wp-content\/uploads\/9788491656524-1.jpg\" \/>\n\t<meta property=\"og:image:width\" content=\"205\" \/>\n\t<meta property=\"og:image:height\" content=\"300\" \/>\n\t<meta property=\"og:image:type\" content=\"image\/jpeg\" \/>\n<meta name=\"twitter:card\" content=\"summary_large_image\" \/>\n<meta name=\"twitter:label1\" content=\"Temps estimat de lectura\" \/>\n\t<meta name=\"twitter:data1\" content=\"2 minuts\" \/>\n<script type=\"application\/ld+json\" class=\"yoast-schema-graph\">{\"@context\":\"https:\\\/\\\/schema.org\",\"@graph\":[{\"@type\":\"WebPage\",\"@id\":\"https:\\\/\\\/www.cpl.es\\\/producto\\\/lliures-per-estimar-lectura-i-comentari-de-la-carta-als-galates-9788491656524\\\/\",\"url\":\"https:\\\/\\\/www.cpl.es\\\/producto\\\/lliures-per-estimar-lectura-i-comentari-de-la-carta-als-galates-9788491656524\\\/\",\"name\":\"Lliures per estimar. Lectura i comentari de la carta als G\u00e0lates - CPL\",\"isPartOf\":{\"@id\":\"https:\\\/\\\/www.cpl.es\\\/#website\"},\"primaryImageOfPage\":{\"@id\":\"https:\\\/\\\/www.cpl.es\\\/producto\\\/lliures-per-estimar-lectura-i-comentari-de-la-carta-als-galates-9788491656524\\\/#primaryimage\"},\"image\":{\"@id\":\"https:\\\/\\\/www.cpl.es\\\/producto\\\/lliures-per-estimar-lectura-i-comentari-de-la-carta-als-galates-9788491656524\\\/#primaryimage\"},\"thumbnailUrl\":\"https:\\\/\\\/www.cpl.es\\\/wp-content\\\/uploads\\\/9788491656524-1.jpg\",\"datePublished\":\"2024-11-07T08:03:02+00:00\",\"dateModified\":\"2025-10-03T09:14:31+00:00\",\"breadcrumb\":{\"@id\":\"https:\\\/\\\/www.cpl.es\\\/producto\\\/lliures-per-estimar-lectura-i-comentari-de-la-carta-als-galates-9788491656524\\\/#breadcrumb\"},\"inLanguage\":\"ca\",\"potentialAction\":[{\"@type\":\"ReadAction\",\"target\":[\"https:\\\/\\\/www.cpl.es\\\/producto\\\/lliures-per-estimar-lectura-i-comentari-de-la-carta-als-galates-9788491656524\\\/\"]}]},{\"@type\":\"ImageObject\",\"inLanguage\":\"ca\",\"@id\":\"https:\\\/\\\/www.cpl.es\\\/producto\\\/lliures-per-estimar-lectura-i-comentari-de-la-carta-als-galates-9788491656524\\\/#primaryimage\",\"url\":\"https:\\\/\\\/www.cpl.es\\\/wp-content\\\/uploads\\\/9788491656524-1.jpg\",\"contentUrl\":\"https:\\\/\\\/www.cpl.es\\\/wp-content\\\/uploads\\\/9788491656524-1.jpg\",\"width\":205,\"height\":300,\"caption\":\"9788491656524.jpg\"},{\"@type\":\"BreadcrumbList\",\"@id\":\"https:\\\/\\\/www.cpl.es\\\/producto\\\/lliures-per-estimar-lectura-i-comentari-de-la-carta-als-galates-9788491656524\\\/#breadcrumb\",\"itemListElement\":[{\"@type\":\"ListItem\",\"position\":1,\"name\":\"Portada\",\"item\":\"https:\\\/\\\/www.cpl.es\\\/ca\\\/\"},{\"@type\":\"ListItem\",\"position\":2,\"name\":\"Cat\u00e0leg\",\"item\":\"https:\\\/\\\/www.cpl.es\\\/ca\\\/cataleg\\\/\"},{\"@type\":\"ListItem\",\"position\":3,\"name\":\"Lliures per estimar. Lectura i comentari de la carta als G\u00e0lates\"}]},{\"@type\":\"WebSite\",\"@id\":\"https:\\\/\\\/www.cpl.es\\\/#website\",\"url\":\"https:\\\/\\\/www.cpl.es\\\/\",\"name\":\"CPL\",\"description\":\"Centre de Pastoral Lit\u00fargica de Barcelona\",\"publisher\":{\"@id\":\"https:\\\/\\\/www.cpl.es\\\/#organization\"},\"alternateName\":\"Centre de Pastoral Lit\u00fargica\",\"potentialAction\":[{\"@type\":\"SearchAction\",\"target\":{\"@type\":\"EntryPoint\",\"urlTemplate\":\"https:\\\/\\\/www.cpl.es\\\/?s={search_term_string}\"},\"query-input\":{\"@type\":\"PropertyValueSpecification\",\"valueRequired\":true,\"valueName\":\"search_term_string\"}}],\"inLanguage\":\"ca\"},{\"@type\":\"Organization\",\"@id\":\"https:\\\/\\\/www.cpl.es\\\/#organization\",\"name\":\"Centre de Pastoral Lit\u00fargica\",\"alternateName\":\"Centre de Pastoral Lit\u00fargica de Barcelona\",\"url\":\"https:\\\/\\\/www.cpl.es\\\/\",\"logo\":{\"@type\":\"ImageObject\",\"inLanguage\":\"ca\",\"@id\":\"https:\\\/\\\/www.cpl.es\\\/#\\\/schema\\\/logo\\\/image\\\/\",\"url\":\"https:\\\/\\\/www.cpl.es\\\/wp-content\\\/uploads\\\/logo-cpl.svg\",\"contentUrl\":\"https:\\\/\\\/www.cpl.es\\\/wp-content\\\/uploads\\\/logo-cpl.svg\",\"caption\":\"Centre de Pastoral Lit\u00fargica\"},\"image\":{\"@id\":\"https:\\\/\\\/www.cpl.es\\\/#\\\/schema\\\/logo\\\/image\\\/\"}}]}<\/script>\n<!-- \/ Yoast SEO plugin. -->","yoast_head_json":{"title":"Lliures per estimar. Lectura i comentari de la carta als G\u00e0lates - CPL","robots":{"index":"index","follow":"follow","max-snippet":"max-snippet:-1","max-image-preview":"max-image-preview:large","max-video-preview":"max-video-preview:-1"},"canonical":"https:\/\/www.cpl.es\/producto\/lliures-per-estimar-lectura-i-comentari-de-la-carta-als-galates-9788491656524\/","og_locale":"ca_ES","og_type":"article","og_title":"Lliures per estimar. Lectura i comentari de la carta als G\u00e0lates - CPL","og_description":"Aceituno Donoso, Marcos","og_url":"https:\/\/www.cpl.es\/producto\/lliures-per-estimar-lectura-i-comentari-de-la-carta-als-galates-9788491656524\/","og_site_name":"CPL","article_modified_time":"2025-10-03T09:14:31+00:00","og_image":[{"width":205,"height":300,"url":"https:\/\/www.cpl.es\/wp-content\/uploads\/9788491656524-1.jpg","type":"image\/jpeg"}],"twitter_card":"summary_large_image","twitter_misc":{"Temps estimat de lectura":"2 minuts"},"schema":{"@context":"https:\/\/schema.org","@graph":[{"@type":"WebPage","@id":"https:\/\/www.cpl.es\/producto\/lliures-per-estimar-lectura-i-comentari-de-la-carta-als-galates-9788491656524\/","url":"https:\/\/www.cpl.es\/producto\/lliures-per-estimar-lectura-i-comentari-de-la-carta-als-galates-9788491656524\/","name":"Lliures per estimar. Lectura i comentari de la carta als G\u00e0lates - CPL","isPartOf":{"@id":"https:\/\/www.cpl.es\/#website"},"primaryImageOfPage":{"@id":"https:\/\/www.cpl.es\/producto\/lliures-per-estimar-lectura-i-comentari-de-la-carta-als-galates-9788491656524\/#primaryimage"},"image":{"@id":"https:\/\/www.cpl.es\/producto\/lliures-per-estimar-lectura-i-comentari-de-la-carta-als-galates-9788491656524\/#primaryimage"},"thumbnailUrl":"https:\/\/www.cpl.es\/wp-content\/uploads\/9788491656524-1.jpg","datePublished":"2024-11-07T08:03:02+00:00","dateModified":"2025-10-03T09:14:31+00:00","breadcrumb":{"@id":"https:\/\/www.cpl.es\/producto\/lliures-per-estimar-lectura-i-comentari-de-la-carta-als-galates-9788491656524\/#breadcrumb"},"inLanguage":"ca","potentialAction":[{"@type":"ReadAction","target":["https:\/\/www.cpl.es\/producto\/lliures-per-estimar-lectura-i-comentari-de-la-carta-als-galates-9788491656524\/"]}]},{"@type":"ImageObject","inLanguage":"ca","@id":"https:\/\/www.cpl.es\/producto\/lliures-per-estimar-lectura-i-comentari-de-la-carta-als-galates-9788491656524\/#primaryimage","url":"https:\/\/www.cpl.es\/wp-content\/uploads\/9788491656524-1.jpg","contentUrl":"https:\/\/www.cpl.es\/wp-content\/uploads\/9788491656524-1.jpg","width":205,"height":300,"caption":"9788491656524.jpg"},{"@type":"BreadcrumbList","@id":"https:\/\/www.cpl.es\/producto\/lliures-per-estimar-lectura-i-comentari-de-la-carta-als-galates-9788491656524\/#breadcrumb","itemListElement":[{"@type":"ListItem","position":1,"name":"Portada","item":"https:\/\/www.cpl.es\/ca\/"},{"@type":"ListItem","position":2,"name":"Cat\u00e0leg","item":"https:\/\/www.cpl.es\/ca\/cataleg\/"},{"@type":"ListItem","position":3,"name":"Lliures per estimar. Lectura i comentari de la carta als G\u00e0lates"}]},{"@type":"WebSite","@id":"https:\/\/www.cpl.es\/#website","url":"https:\/\/www.cpl.es\/","name":"CPL","description":"Centre de Pastoral Lit\u00fargica de Barcelona","publisher":{"@id":"https:\/\/www.cpl.es\/#organization"},"alternateName":"Centre de Pastoral Lit\u00fargica","potentialAction":[{"@type":"SearchAction","target":{"@type":"EntryPoint","urlTemplate":"https:\/\/www.cpl.es\/?s={search_term_string}"},"query-input":{"@type":"PropertyValueSpecification","valueRequired":true,"valueName":"search_term_string"}}],"inLanguage":"ca"},{"@type":"Organization","@id":"https:\/\/www.cpl.es\/#organization","name":"Centre de Pastoral Lit\u00fargica","alternateName":"Centre de Pastoral Lit\u00fargica de Barcelona","url":"https:\/\/www.cpl.es\/","logo":{"@type":"ImageObject","inLanguage":"ca","@id":"https:\/\/www.cpl.es\/#\/schema\/logo\/image\/","url":"https:\/\/www.cpl.es\/wp-content\/uploads\/logo-cpl.svg","contentUrl":"https:\/\/www.cpl.es\/wp-content\/uploads\/logo-cpl.svg","caption":"Centre de Pastoral Lit\u00fargica"},"image":{"@id":"https:\/\/www.cpl.es\/#\/schema\/logo\/image\/"}}]}},"_links":{"self":[{"href":"https:\/\/www.cpl.es\/ca\/wp-json\/wp\/v2\/product\/16587","targetHints":{"allow":["GET"]}}],"collection":[{"href":"https:\/\/www.cpl.es\/ca\/wp-json\/wp\/v2\/product"}],"about":[{"href":"https:\/\/www.cpl.es\/ca\/wp-json\/wp\/v2\/types\/product"}],"wp:featuredmedia":[{"embeddable":true,"href":"https:\/\/www.cpl.es\/ca\/wp-json\/wp\/v2\/media\/16593"}],"wp:attachment":[{"href":"https:\/\/www.cpl.es\/ca\/wp-json\/wp\/v2\/media?parent=16587"}],"wp:term":[{"taxonomy":"product_brand","embeddable":true,"href":"https:\/\/www.cpl.es\/ca\/wp-json\/wp\/v2\/product_brand?post=16587"},{"taxonomy":"product_cat","embeddable":true,"href":"https:\/\/www.cpl.es\/ca\/wp-json\/wp\/v2\/product_cat?post=16587"},{"taxonomy":"product_tag","embeddable":true,"href":"https:\/\/www.cpl.es\/ca\/wp-json\/wp\/v2\/product_tag?post=16587"}],"curies":[{"name":"wp","href":"https:\/\/api.w.org\/{rel}","templated":true}]}}