{"id":16367,"date":"2024-10-22T13:03:03","date_gmt":"2024-10-22T11:03:03","guid":{"rendered":"https:\/\/www.cpl.es\/producto\/la-nostra-historia-la-meva-joia-9788491656425\/"},"modified":"2025-10-03T11:14:41","modified_gmt":"2025-10-03T09:14:41","slug":"la-nostra-historia-la-meva-joia-9788491656425","status":"publish","type":"product","link":"https:\/\/www.cpl.es\/ca\/producto\/la-nostra-historia-la-meva-joia-9788491656425\/","title":{"rendered":"La nostra hist\u00f2ria, la meva joia"},"content":{"rendered":"<p> Vaig n\u00e9ixer en una ciutat castigada per la viol\u00e8ncia social, la guerra i les seves conseq\u00fc\u00e8ncies de tot ordre, bombardeigs, carestia d\u2019aliments, por i frac\u00e0s comunitari. Vaig cr\u00e9ixer entre els dolors i ressentiments de la postguerra, la prepot\u00e8ncia injusta de la dictadura franquista i la monstruosa proliferaci\u00f3 d\u2019una guerra mundial. Vaig poder rebre recursos comunitaris d\u2019humanisme i de fe cristiana per bandejar el nacionalcatolicisme de la meva ment i el meu cor i em vaig impregnar de l\u2019esperit de la JOC i ACO.  Amb molta gent i grups del Nord i del Sud, de l\u2019Est i l\u2019Oest, hem procurat reeixir enmig de les complexitats i contradiccions de la vida. Encara que sembla que el b\u00e9 \u00e9s m\u00e9s petit i feble que el mal perqu\u00e8 no fa tant de soroll, he pogut continuar fent feina amb esperan\u00e7a i gust de viure. La nostra hist\u00f2ria \u00e9s la meva joia. Vull deixar escrit el meu agra\u00efment a totes les persones i comunitats amb les quals he compartit tantes alegries, penes, consols, resist\u00e8ncies, vida v\u00e0lida i animada! <br \/> Josep Hortet i Gausachs nasqu\u00e9 a Barcelona l\u2019any 1937. Entr\u00e0 als 11 anys al Seminari menor de Barcelona. Va continuar al Seminari Major on estudi\u00e0 Filosofia i Teologia. A dinou anys es va incorporar al moviment de la JOC (Joventut Obrera Cat\u00f2lica). Va ser ordenat de prevere dioces\u00e0 als vint-i-tres anys. Va estudiar a la Universitat Gregoriana de Roma la llic\u00e8ncia en Dret Can\u00f2nic. De retorn a Barcelona va formar part de l\u2019equip de formadors i professors del Seminari. Va ser consiliari general de l\u2019ACO (Acci\u00f3 Cat\u00f2lica Obrera). El Cardenal Arquebisbe de Barcelona, Dr. Narc\u00eds Jubany, va nomenarlo Vicari Episcopal, servei que exerc\u00ed del 1973 al 1987 formant part del Consell de govern dioces\u00e0. Actu\u00e0 com a rector 11 anys a Santa Engr\u00e0cia de Nou Barris i despr\u00e9s, 33 anys, a Mare de D\u00e9u de Port i a sant Bartomeu, de l\u2019arxiprestat de Sants-La Marina. Jubilat el 2022, ha escrit aquestes mem\u00f2ries.<\/p>\n","protected":false},"excerpt":{"rendered":"<p>Hortet Gausachs, Josep<\/p>\n","protected":false},"featured_media":16370,"template":"","meta":{"_acf_changed":false,"inline_featured_image":false},"product_brand":[],"product_cat":[15],"product_tag":[],"class_list":{"0":"post-16367","1":"product","2":"type-product","3":"status-publish","4":"has-post-thumbnail","6":"product_cat-sin-categorizar","8":"first","9":"instock","10":"taxable","11":"shipping-taxable","12":"purchasable","13":"product-type-simple"},"acf":{"autor":"Hortet Gausachs, Josep","codart":"250045","ediciones":"1","encuadernacion":"R\u00fastica","fecha_de_publicacion":"15\/10\/2024","novedad":true,"paginas":"440","subtitulo":"","orden":"999","portada":false,"idioma":"cat","coleccion_num":"0","editorial":[{"ID":6736,"post_author":"2","post_date":"2023-10-06 08:35:24","post_date_gmt":"2023-10-06 06:35:24","post_content":"","post_title":"CPL","post_excerpt":"","post_status":"publish","comment_status":"closed","ping_status":"closed","post_password":"","post_name":"cpl","to_ping":"","pinged":"","post_modified":"2023-10-06 08:35:24","post_modified_gmt":"2023-10-06 06:35:24","post_content_filtered":"","post_parent":0,"guid":"https:\/\/nuevaweb.cpl.es\/editorial\/cpl\/","menu_order":0,"post_type":"editorial","post_mime_type":"","comment_count":"0","filter":"raw"}],"booktrailer":"","ficha":"","muestra":"","presentacion":""},"yoast_head":"<!-- This site is optimized with the Yoast SEO plugin v27.3 - https:\/\/yoast.com\/product\/yoast-seo-wordpress\/ -->\n<title>La nostra hist\u00f2ria, la meva joia - CPL<\/title>\n<meta name=\"robots\" content=\"index, follow, max-snippet:-1, max-image-preview:large, max-video-preview:-1\" \/>\n<link rel=\"canonical\" href=\"https:\/\/www.cpl.es\/producto\/la-nostra-historia-la-meva-joia-9788491656425\/\" \/>\n<meta property=\"og:locale\" content=\"ca_ES\" \/>\n<meta property=\"og:type\" content=\"article\" \/>\n<meta property=\"og:title\" content=\"La nostra hist\u00f2ria, la meva joia - CPL\" \/>\n<meta property=\"og:description\" content=\"Hortet Gausachs, Josep\" \/>\n<meta property=\"og:url\" content=\"https:\/\/www.cpl.es\/producto\/la-nostra-historia-la-meva-joia-9788491656425\/\" \/>\n<meta property=\"og:site_name\" content=\"CPL\" \/>\n<meta property=\"article:modified_time\" content=\"2025-10-03T09:14:41+00:00\" \/>\n<meta property=\"og:image\" content=\"https:\/\/www.cpl.es\/wp-content\/uploads\/9788491656425-1.jpg\" \/>\n\t<meta property=\"og:image:width\" content=\"205\" \/>\n\t<meta property=\"og:image:height\" content=\"300\" \/>\n\t<meta property=\"og:image:type\" content=\"image\/jpeg\" \/>\n<meta name=\"twitter:card\" content=\"summary_large_image\" \/>\n<meta name=\"twitter:label1\" content=\"Temps estimat de lectura\" \/>\n\t<meta name=\"twitter:data1\" content=\"2 minuts\" \/>\n<script type=\"application\/ld+json\" class=\"yoast-schema-graph\">{\"@context\":\"https:\\\/\\\/schema.org\",\"@graph\":[{\"@type\":\"WebPage\",\"@id\":\"https:\\\/\\\/www.cpl.es\\\/producto\\\/la-nostra-historia-la-meva-joia-9788491656425\\\/\",\"url\":\"https:\\\/\\\/www.cpl.es\\\/producto\\\/la-nostra-historia-la-meva-joia-9788491656425\\\/\",\"name\":\"La nostra hist\u00f2ria, la meva joia - CPL\",\"isPartOf\":{\"@id\":\"https:\\\/\\\/www.cpl.es\\\/#website\"},\"primaryImageOfPage\":{\"@id\":\"https:\\\/\\\/www.cpl.es\\\/producto\\\/la-nostra-historia-la-meva-joia-9788491656425\\\/#primaryimage\"},\"image\":{\"@id\":\"https:\\\/\\\/www.cpl.es\\\/producto\\\/la-nostra-historia-la-meva-joia-9788491656425\\\/#primaryimage\"},\"thumbnailUrl\":\"https:\\\/\\\/www.cpl.es\\\/wp-content\\\/uploads\\\/9788491656425-1.jpg\",\"datePublished\":\"2024-10-22T11:03:03+00:00\",\"dateModified\":\"2025-10-03T09:14:41+00:00\",\"breadcrumb\":{\"@id\":\"https:\\\/\\\/www.cpl.es\\\/producto\\\/la-nostra-historia-la-meva-joia-9788491656425\\\/#breadcrumb\"},\"inLanguage\":\"ca\",\"potentialAction\":[{\"@type\":\"ReadAction\",\"target\":[\"https:\\\/\\\/www.cpl.es\\\/producto\\\/la-nostra-historia-la-meva-joia-9788491656425\\\/\"]}]},{\"@type\":\"ImageObject\",\"inLanguage\":\"ca\",\"@id\":\"https:\\\/\\\/www.cpl.es\\\/producto\\\/la-nostra-historia-la-meva-joia-9788491656425\\\/#primaryimage\",\"url\":\"https:\\\/\\\/www.cpl.es\\\/wp-content\\\/uploads\\\/9788491656425-1.jpg\",\"contentUrl\":\"https:\\\/\\\/www.cpl.es\\\/wp-content\\\/uploads\\\/9788491656425-1.jpg\",\"width\":205,\"height\":300,\"caption\":\"9788491656425.jpg\"},{\"@type\":\"BreadcrumbList\",\"@id\":\"https:\\\/\\\/www.cpl.es\\\/producto\\\/la-nostra-historia-la-meva-joia-9788491656425\\\/#breadcrumb\",\"itemListElement\":[{\"@type\":\"ListItem\",\"position\":1,\"name\":\"Portada\",\"item\":\"https:\\\/\\\/www.cpl.es\\\/ca\\\/\"},{\"@type\":\"ListItem\",\"position\":2,\"name\":\"Cat\u00e0leg\",\"item\":\"https:\\\/\\\/www.cpl.es\\\/ca\\\/cataleg\\\/\"},{\"@type\":\"ListItem\",\"position\":3,\"name\":\"La nostra hist\u00f2ria, la meva joia\"}]},{\"@type\":\"WebSite\",\"@id\":\"https:\\\/\\\/www.cpl.es\\\/#website\",\"url\":\"https:\\\/\\\/www.cpl.es\\\/\",\"name\":\"CPL\",\"description\":\"Centre de Pastoral Lit\u00fargica de Barcelona\",\"publisher\":{\"@id\":\"https:\\\/\\\/www.cpl.es\\\/#organization\"},\"alternateName\":\"Centre de Pastoral Lit\u00fargica\",\"potentialAction\":[{\"@type\":\"SearchAction\",\"target\":{\"@type\":\"EntryPoint\",\"urlTemplate\":\"https:\\\/\\\/www.cpl.es\\\/?s={search_term_string}\"},\"query-input\":{\"@type\":\"PropertyValueSpecification\",\"valueRequired\":true,\"valueName\":\"search_term_string\"}}],\"inLanguage\":\"ca\"},{\"@type\":\"Organization\",\"@id\":\"https:\\\/\\\/www.cpl.es\\\/#organization\",\"name\":\"Centre de Pastoral Lit\u00fargica\",\"alternateName\":\"Centre de Pastoral Lit\u00fargica de Barcelona\",\"url\":\"https:\\\/\\\/www.cpl.es\\\/\",\"logo\":{\"@type\":\"ImageObject\",\"inLanguage\":\"ca\",\"@id\":\"https:\\\/\\\/www.cpl.es\\\/#\\\/schema\\\/logo\\\/image\\\/\",\"url\":\"https:\\\/\\\/www.cpl.es\\\/wp-content\\\/uploads\\\/logo-cpl.svg\",\"contentUrl\":\"https:\\\/\\\/www.cpl.es\\\/wp-content\\\/uploads\\\/logo-cpl.svg\",\"caption\":\"Centre de Pastoral Lit\u00fargica\"},\"image\":{\"@id\":\"https:\\\/\\\/www.cpl.es\\\/#\\\/schema\\\/logo\\\/image\\\/\"}}]}<\/script>\n<!-- \/ Yoast SEO plugin. -->","yoast_head_json":{"title":"La nostra hist\u00f2ria, la meva joia - CPL","robots":{"index":"index","follow":"follow","max-snippet":"max-snippet:-1","max-image-preview":"max-image-preview:large","max-video-preview":"max-video-preview:-1"},"canonical":"https:\/\/www.cpl.es\/producto\/la-nostra-historia-la-meva-joia-9788491656425\/","og_locale":"ca_ES","og_type":"article","og_title":"La nostra hist\u00f2ria, la meva joia - CPL","og_description":"Hortet Gausachs, Josep","og_url":"https:\/\/www.cpl.es\/producto\/la-nostra-historia-la-meva-joia-9788491656425\/","og_site_name":"CPL","article_modified_time":"2025-10-03T09:14:41+00:00","og_image":[{"width":205,"height":300,"url":"https:\/\/www.cpl.es\/wp-content\/uploads\/9788491656425-1.jpg","type":"image\/jpeg"}],"twitter_card":"summary_large_image","twitter_misc":{"Temps estimat de lectura":"2 minuts"},"schema":{"@context":"https:\/\/schema.org","@graph":[{"@type":"WebPage","@id":"https:\/\/www.cpl.es\/producto\/la-nostra-historia-la-meva-joia-9788491656425\/","url":"https:\/\/www.cpl.es\/producto\/la-nostra-historia-la-meva-joia-9788491656425\/","name":"La nostra hist\u00f2ria, la meva joia - CPL","isPartOf":{"@id":"https:\/\/www.cpl.es\/#website"},"primaryImageOfPage":{"@id":"https:\/\/www.cpl.es\/producto\/la-nostra-historia-la-meva-joia-9788491656425\/#primaryimage"},"image":{"@id":"https:\/\/www.cpl.es\/producto\/la-nostra-historia-la-meva-joia-9788491656425\/#primaryimage"},"thumbnailUrl":"https:\/\/www.cpl.es\/wp-content\/uploads\/9788491656425-1.jpg","datePublished":"2024-10-22T11:03:03+00:00","dateModified":"2025-10-03T09:14:41+00:00","breadcrumb":{"@id":"https:\/\/www.cpl.es\/producto\/la-nostra-historia-la-meva-joia-9788491656425\/#breadcrumb"},"inLanguage":"ca","potentialAction":[{"@type":"ReadAction","target":["https:\/\/www.cpl.es\/producto\/la-nostra-historia-la-meva-joia-9788491656425\/"]}]},{"@type":"ImageObject","inLanguage":"ca","@id":"https:\/\/www.cpl.es\/producto\/la-nostra-historia-la-meva-joia-9788491656425\/#primaryimage","url":"https:\/\/www.cpl.es\/wp-content\/uploads\/9788491656425-1.jpg","contentUrl":"https:\/\/www.cpl.es\/wp-content\/uploads\/9788491656425-1.jpg","width":205,"height":300,"caption":"9788491656425.jpg"},{"@type":"BreadcrumbList","@id":"https:\/\/www.cpl.es\/producto\/la-nostra-historia-la-meva-joia-9788491656425\/#breadcrumb","itemListElement":[{"@type":"ListItem","position":1,"name":"Portada","item":"https:\/\/www.cpl.es\/ca\/"},{"@type":"ListItem","position":2,"name":"Cat\u00e0leg","item":"https:\/\/www.cpl.es\/ca\/cataleg\/"},{"@type":"ListItem","position":3,"name":"La nostra hist\u00f2ria, la meva joia"}]},{"@type":"WebSite","@id":"https:\/\/www.cpl.es\/#website","url":"https:\/\/www.cpl.es\/","name":"CPL","description":"Centre de Pastoral Lit\u00fargica de Barcelona","publisher":{"@id":"https:\/\/www.cpl.es\/#organization"},"alternateName":"Centre de Pastoral Lit\u00fargica","potentialAction":[{"@type":"SearchAction","target":{"@type":"EntryPoint","urlTemplate":"https:\/\/www.cpl.es\/?s={search_term_string}"},"query-input":{"@type":"PropertyValueSpecification","valueRequired":true,"valueName":"search_term_string"}}],"inLanguage":"ca"},{"@type":"Organization","@id":"https:\/\/www.cpl.es\/#organization","name":"Centre de Pastoral Lit\u00fargica","alternateName":"Centre de Pastoral Lit\u00fargica de Barcelona","url":"https:\/\/www.cpl.es\/","logo":{"@type":"ImageObject","inLanguage":"ca","@id":"https:\/\/www.cpl.es\/#\/schema\/logo\/image\/","url":"https:\/\/www.cpl.es\/wp-content\/uploads\/logo-cpl.svg","contentUrl":"https:\/\/www.cpl.es\/wp-content\/uploads\/logo-cpl.svg","caption":"Centre de Pastoral Lit\u00fargica"},"image":{"@id":"https:\/\/www.cpl.es\/#\/schema\/logo\/image\/"}}]}},"_links":{"self":[{"href":"https:\/\/www.cpl.es\/ca\/wp-json\/wp\/v2\/product\/16367","targetHints":{"allow":["GET"]}}],"collection":[{"href":"https:\/\/www.cpl.es\/ca\/wp-json\/wp\/v2\/product"}],"about":[{"href":"https:\/\/www.cpl.es\/ca\/wp-json\/wp\/v2\/types\/product"}],"wp:featuredmedia":[{"embeddable":true,"href":"https:\/\/www.cpl.es\/ca\/wp-json\/wp\/v2\/media\/16370"}],"wp:attachment":[{"href":"https:\/\/www.cpl.es\/ca\/wp-json\/wp\/v2\/media?parent=16367"}],"wp:term":[{"taxonomy":"product_brand","embeddable":true,"href":"https:\/\/www.cpl.es\/ca\/wp-json\/wp\/v2\/product_brand?post=16367"},{"taxonomy":"product_cat","embeddable":true,"href":"https:\/\/www.cpl.es\/ca\/wp-json\/wp\/v2\/product_cat?post=16367"},{"taxonomy":"product_tag","embeddable":true,"href":"https:\/\/www.cpl.es\/ca\/wp-json\/wp\/v2\/product_tag?post=16367"}],"curies":[{"name":"wp","href":"https:\/\/api.w.org\/{rel}","templated":true}]}}