{"id":1593,"date":"2023-10-04T01:15:49","date_gmt":"2023-10-03T23:15:49","guid":{"rendered":"https:\/\/nuevaweb.cpl.es\/producto\/esglesia-i-regne-en-leucaristia-9788491650843\/"},"modified":"2023-10-04T01:15:52","modified_gmt":"2023-10-03T23:15:52","slug":"esglesia-i-regne-en-leucaristia-9788491650843","status":"publish","type":"product","link":"https:\/\/www.cpl.es\/ca\/producto\/esglesia-i-regne-en-leucaristia-9788491650843\/","title":{"rendered":"Esgl\u00e9sia i Regne en l&#8217;Eucaristia"},"content":{"rendered":"<p>Jaume Fontbona, en aquest llibre, ens ofereix un conjunt de reflexions sobre temes diversos, publicades a la Revista Catalana de Teologia i tamb\u00e9 a la Miscel\u00b7l\u00e0nia en honor del cardenal Llu\u00eds Mart\u00ednez Sistach: Eucaristia i Esgl\u00e9sia, Esgl\u00e9sia i Regne, el la\u00efcat, el sensus fidei, la sinodalitat, la relaci\u00f3 entre Esgl\u00e9sia local i Esgl\u00e9sia universal. Tot plegat, noves aportacions en la construcci\u00f3 de pensament per entendre millor qu\u00e8 fonamenta la vida de l\u2019Esgl\u00e9sia i com podem, ara, en aquest m\u00f3n nostre, fer-ho m\u00e9s viu.<br \/>Jaume Fontbona transmet una manera d\u2019entendre i viure l\u2019Esgl\u00e9sia amb un fort sentiment de comuni\u00f3. L\u2019Eucaristia esdev\u00e9 el punt de conflu\u00e8ncia de les vides de tots els seus membres, que es troben all\u00e0 amb Jesucrist present en una comunitat que vetlla per tots els qui la formen, present en els responsables de la comunitat, present en la Paraula, i present finalment en el Cos partit i la Sang compartida. I d\u2019all\u00e0, d\u2019aquesta trobada, en surt la missi\u00f3 de treballar pel Regne de D\u00e9u amb tots els homes i dones de la terra, la nostra casa comuna, i de portar la Bona Nova a tots els<br \/>germans i germanes que no l\u2019han descoberta.<\/p>\n<p>Jaume Fontbona i Miss\u00e9 (Arenys de Munt, 1958) \u00e9s prevere de Barcelona, rector de la parr\u00f2quia de Crist Rei de La Sagrera, doctor en Teologia, membre del Centre de Pastoral Lit\u00fargica de Barcelona, del qual ha estat president durant<br \/>nou anys, i professor ordinari de la Facultat de Teologia de Catalunya, alhora que compta amb una \u00e0mplia experi\u00e8ncia pastoral en els moviments evangelitzadors d\u2019Acci\u00f3 Cat\u00f2lica. Actualment \u00e9s consiliari nacional de la JOC Nacional de Catalunya i les Illes. En aquest llibre es conjuguen la seva experi\u00e8ncia docent a la Facultat de Teologia amb la seva experi\u00e8ncia pastoral.<\/p>\n","protected":false},"excerpt":{"rendered":"<p>Fontbona Miss\u00e9, Jaume<\/p>\n","protected":false},"featured_media":1594,"template":"","meta":{"_acf_changed":false,"inline_featured_image":false},"product_brand":[],"product_cat":[100],"product_tag":[],"class_list":{"0":"post-1593","1":"product","2":"type-product","3":"status-publish","4":"has-post-thumbnail","6":"product_cat-cpl-libri-colleccions-catala","8":"first","9":"instock","10":"taxable","11":"shipping-taxable","12":"purchasable","13":"product-type-simple"},"acf":{"autor":"Fontbona Miss\u00e9, Jaume","codart":"217032","ediciones":"1","encuadernacion":"R\u00fastica","fecha_de_publicacion":"30\/01\/2018","novedad":false,"paginas":"244","subtitulo":"","orden":"999","portada":false,"idioma":"cat","editorial":[{"ID":6736,"post_author":"2","post_date":"2023-10-06 08:35:24","post_date_gmt":"2023-10-06 06:35:24","post_content":"","post_title":"CPL","post_excerpt":"","post_status":"publish","comment_status":"closed","ping_status":"closed","post_password":"","post_name":"cpl","to_ping":"","pinged":"","post_modified":"2023-10-06 08:35:24","post_modified_gmt":"2023-10-06 06:35:24","post_content_filtered":"","post_parent":0,"guid":"https:\/\/nuevaweb.cpl.es\/editorial\/cpl\/","menu_order":0,"post_type":"editorial","post_mime_type":"","comment_count":"0","filter":"raw"}]},"yoast_head":"<!-- This site is optimized with the Yoast SEO plugin v27.3 - https:\/\/yoast.com\/product\/yoast-seo-wordpress\/ -->\n<title>Esgl\u00e9sia i Regne en l&#039;Eucaristia - CPL<\/title>\n<meta name=\"robots\" content=\"index, follow, max-snippet:-1, max-image-preview:large, max-video-preview:-1\" \/>\n<link rel=\"canonical\" href=\"https:\/\/www.cpl.es\/producto\/esglesia-i-regne-en-leucaristia-9788491650843\/\" \/>\n<meta property=\"og:locale\" content=\"ca_ES\" \/>\n<meta property=\"og:type\" content=\"article\" \/>\n<meta property=\"og:title\" content=\"Esgl\u00e9sia i Regne en l&#039;Eucaristia - CPL\" \/>\n<meta property=\"og:description\" content=\"Fontbona Miss\u00e9, Jaume\" \/>\n<meta property=\"og:url\" content=\"https:\/\/www.cpl.es\/producto\/esglesia-i-regne-en-leucaristia-9788491650843\/\" \/>\n<meta property=\"og:site_name\" content=\"CPL\" \/>\n<meta property=\"article:modified_time\" content=\"2023-10-03T23:15:52+00:00\" \/>\n<meta property=\"og:image\" content=\"https:\/\/www.cpl.es\/wp-content\/uploads\/217032.jpg\" \/>\n\t<meta property=\"og:image:width\" content=\"280\" \/>\n\t<meta property=\"og:image:height\" content=\"410\" \/>\n\t<meta property=\"og:image:type\" content=\"image\/jpeg\" \/>\n<meta name=\"twitter:card\" content=\"summary_large_image\" \/>\n<meta name=\"twitter:label1\" content=\"Temps estimat de lectura\" \/>\n\t<meta name=\"twitter:data1\" content=\"2 minuts\" \/>\n<script type=\"application\/ld+json\" class=\"yoast-schema-graph\">{\"@context\":\"https:\\\/\\\/schema.org\",\"@graph\":[{\"@type\":\"WebPage\",\"@id\":\"https:\\\/\\\/www.cpl.es\\\/producto\\\/esglesia-i-regne-en-leucaristia-9788491650843\\\/\",\"url\":\"https:\\\/\\\/www.cpl.es\\\/producto\\\/esglesia-i-regne-en-leucaristia-9788491650843\\\/\",\"name\":\"Esgl\u00e9sia i Regne en l'Eucaristia - CPL\",\"isPartOf\":{\"@id\":\"https:\\\/\\\/www.cpl.es\\\/#website\"},\"primaryImageOfPage\":{\"@id\":\"https:\\\/\\\/www.cpl.es\\\/producto\\\/esglesia-i-regne-en-leucaristia-9788491650843\\\/#primaryimage\"},\"image\":{\"@id\":\"https:\\\/\\\/www.cpl.es\\\/producto\\\/esglesia-i-regne-en-leucaristia-9788491650843\\\/#primaryimage\"},\"thumbnailUrl\":\"https:\\\/\\\/www.cpl.es\\\/wp-content\\\/uploads\\\/217032.jpg\",\"datePublished\":\"2023-10-03T23:15:49+00:00\",\"dateModified\":\"2023-10-03T23:15:52+00:00\",\"breadcrumb\":{\"@id\":\"https:\\\/\\\/www.cpl.es\\\/producto\\\/esglesia-i-regne-en-leucaristia-9788491650843\\\/#breadcrumb\"},\"inLanguage\":\"ca\",\"potentialAction\":[{\"@type\":\"ReadAction\",\"target\":[\"https:\\\/\\\/www.cpl.es\\\/producto\\\/esglesia-i-regne-en-leucaristia-9788491650843\\\/\"]}]},{\"@type\":\"ImageObject\",\"inLanguage\":\"ca\",\"@id\":\"https:\\\/\\\/www.cpl.es\\\/producto\\\/esglesia-i-regne-en-leucaristia-9788491650843\\\/#primaryimage\",\"url\":\"https:\\\/\\\/www.cpl.es\\\/wp-content\\\/uploads\\\/217032.jpg\",\"contentUrl\":\"https:\\\/\\\/www.cpl.es\\\/wp-content\\\/uploads\\\/217032.jpg\",\"width\":280,\"height\":410,\"caption\":\"217032.jpg\"},{\"@type\":\"BreadcrumbList\",\"@id\":\"https:\\\/\\\/www.cpl.es\\\/producto\\\/esglesia-i-regne-en-leucaristia-9788491650843\\\/#breadcrumb\",\"itemListElement\":[{\"@type\":\"ListItem\",\"position\":1,\"name\":\"Portada\",\"item\":\"https:\\\/\\\/www.cpl.es\\\/ca\\\/\"},{\"@type\":\"ListItem\",\"position\":2,\"name\":\"Cat\u00e0leg\",\"item\":\"https:\\\/\\\/www.cpl.es\\\/ca\\\/cataleg\\\/\"},{\"@type\":\"ListItem\",\"position\":3,\"name\":\"Esgl\u00e9sia i Regne en l&#8217;Eucaristia\"}]},{\"@type\":\"WebSite\",\"@id\":\"https:\\\/\\\/www.cpl.es\\\/#website\",\"url\":\"https:\\\/\\\/www.cpl.es\\\/\",\"name\":\"CPL\",\"description\":\"Centre de Pastoral Lit\u00fargica de Barcelona\",\"publisher\":{\"@id\":\"https:\\\/\\\/www.cpl.es\\\/#organization\"},\"alternateName\":\"Centre de Pastoral Lit\u00fargica\",\"potentialAction\":[{\"@type\":\"SearchAction\",\"target\":{\"@type\":\"EntryPoint\",\"urlTemplate\":\"https:\\\/\\\/www.cpl.es\\\/?s={search_term_string}\"},\"query-input\":{\"@type\":\"PropertyValueSpecification\",\"valueRequired\":true,\"valueName\":\"search_term_string\"}}],\"inLanguage\":\"ca\"},{\"@type\":\"Organization\",\"@id\":\"https:\\\/\\\/www.cpl.es\\\/#organization\",\"name\":\"Centre de Pastoral Lit\u00fargica\",\"alternateName\":\"Centre de Pastoral Lit\u00fargica de Barcelona\",\"url\":\"https:\\\/\\\/www.cpl.es\\\/\",\"logo\":{\"@type\":\"ImageObject\",\"inLanguage\":\"ca\",\"@id\":\"https:\\\/\\\/www.cpl.es\\\/#\\\/schema\\\/logo\\\/image\\\/\",\"url\":\"https:\\\/\\\/www.cpl.es\\\/wp-content\\\/uploads\\\/logo-cpl.svg\",\"contentUrl\":\"https:\\\/\\\/www.cpl.es\\\/wp-content\\\/uploads\\\/logo-cpl.svg\",\"caption\":\"Centre de Pastoral Lit\u00fargica\"},\"image\":{\"@id\":\"https:\\\/\\\/www.cpl.es\\\/#\\\/schema\\\/logo\\\/image\\\/\"}}]}<\/script>\n<!-- \/ Yoast SEO plugin. -->","yoast_head_json":{"title":"Esgl\u00e9sia i Regne en l'Eucaristia - CPL","robots":{"index":"index","follow":"follow","max-snippet":"max-snippet:-1","max-image-preview":"max-image-preview:large","max-video-preview":"max-video-preview:-1"},"canonical":"https:\/\/www.cpl.es\/producto\/esglesia-i-regne-en-leucaristia-9788491650843\/","og_locale":"ca_ES","og_type":"article","og_title":"Esgl\u00e9sia i Regne en l'Eucaristia - CPL","og_description":"Fontbona Miss\u00e9, Jaume","og_url":"https:\/\/www.cpl.es\/producto\/esglesia-i-regne-en-leucaristia-9788491650843\/","og_site_name":"CPL","article_modified_time":"2023-10-03T23:15:52+00:00","og_image":[{"width":280,"height":410,"url":"https:\/\/www.cpl.es\/wp-content\/uploads\/217032.jpg","type":"image\/jpeg"}],"twitter_card":"summary_large_image","twitter_misc":{"Temps estimat de lectura":"2 minuts"},"schema":{"@context":"https:\/\/schema.org","@graph":[{"@type":"WebPage","@id":"https:\/\/www.cpl.es\/producto\/esglesia-i-regne-en-leucaristia-9788491650843\/","url":"https:\/\/www.cpl.es\/producto\/esglesia-i-regne-en-leucaristia-9788491650843\/","name":"Esgl\u00e9sia i Regne en l'Eucaristia - CPL","isPartOf":{"@id":"https:\/\/www.cpl.es\/#website"},"primaryImageOfPage":{"@id":"https:\/\/www.cpl.es\/producto\/esglesia-i-regne-en-leucaristia-9788491650843\/#primaryimage"},"image":{"@id":"https:\/\/www.cpl.es\/producto\/esglesia-i-regne-en-leucaristia-9788491650843\/#primaryimage"},"thumbnailUrl":"https:\/\/www.cpl.es\/wp-content\/uploads\/217032.jpg","datePublished":"2023-10-03T23:15:49+00:00","dateModified":"2023-10-03T23:15:52+00:00","breadcrumb":{"@id":"https:\/\/www.cpl.es\/producto\/esglesia-i-regne-en-leucaristia-9788491650843\/#breadcrumb"},"inLanguage":"ca","potentialAction":[{"@type":"ReadAction","target":["https:\/\/www.cpl.es\/producto\/esglesia-i-regne-en-leucaristia-9788491650843\/"]}]},{"@type":"ImageObject","inLanguage":"ca","@id":"https:\/\/www.cpl.es\/producto\/esglesia-i-regne-en-leucaristia-9788491650843\/#primaryimage","url":"https:\/\/www.cpl.es\/wp-content\/uploads\/217032.jpg","contentUrl":"https:\/\/www.cpl.es\/wp-content\/uploads\/217032.jpg","width":280,"height":410,"caption":"217032.jpg"},{"@type":"BreadcrumbList","@id":"https:\/\/www.cpl.es\/producto\/esglesia-i-regne-en-leucaristia-9788491650843\/#breadcrumb","itemListElement":[{"@type":"ListItem","position":1,"name":"Portada","item":"https:\/\/www.cpl.es\/ca\/"},{"@type":"ListItem","position":2,"name":"Cat\u00e0leg","item":"https:\/\/www.cpl.es\/ca\/cataleg\/"},{"@type":"ListItem","position":3,"name":"Esgl\u00e9sia i Regne en l&#8217;Eucaristia"}]},{"@type":"WebSite","@id":"https:\/\/www.cpl.es\/#website","url":"https:\/\/www.cpl.es\/","name":"CPL","description":"Centre de Pastoral Lit\u00fargica de Barcelona","publisher":{"@id":"https:\/\/www.cpl.es\/#organization"},"alternateName":"Centre de Pastoral Lit\u00fargica","potentialAction":[{"@type":"SearchAction","target":{"@type":"EntryPoint","urlTemplate":"https:\/\/www.cpl.es\/?s={search_term_string}"},"query-input":{"@type":"PropertyValueSpecification","valueRequired":true,"valueName":"search_term_string"}}],"inLanguage":"ca"},{"@type":"Organization","@id":"https:\/\/www.cpl.es\/#organization","name":"Centre de Pastoral Lit\u00fargica","alternateName":"Centre de Pastoral Lit\u00fargica de Barcelona","url":"https:\/\/www.cpl.es\/","logo":{"@type":"ImageObject","inLanguage":"ca","@id":"https:\/\/www.cpl.es\/#\/schema\/logo\/image\/","url":"https:\/\/www.cpl.es\/wp-content\/uploads\/logo-cpl.svg","contentUrl":"https:\/\/www.cpl.es\/wp-content\/uploads\/logo-cpl.svg","caption":"Centre de Pastoral Lit\u00fargica"},"image":{"@id":"https:\/\/www.cpl.es\/#\/schema\/logo\/image\/"}}]}},"_links":{"self":[{"href":"https:\/\/www.cpl.es\/ca\/wp-json\/wp\/v2\/product\/1593","targetHints":{"allow":["GET"]}}],"collection":[{"href":"https:\/\/www.cpl.es\/ca\/wp-json\/wp\/v2\/product"}],"about":[{"href":"https:\/\/www.cpl.es\/ca\/wp-json\/wp\/v2\/types\/product"}],"wp:featuredmedia":[{"embeddable":true,"href":"https:\/\/www.cpl.es\/ca\/wp-json\/wp\/v2\/media\/1594"}],"wp:attachment":[{"href":"https:\/\/www.cpl.es\/ca\/wp-json\/wp\/v2\/media?parent=1593"}],"wp:term":[{"taxonomy":"product_brand","embeddable":true,"href":"https:\/\/www.cpl.es\/ca\/wp-json\/wp\/v2\/product_brand?post=1593"},{"taxonomy":"product_cat","embeddable":true,"href":"https:\/\/www.cpl.es\/ca\/wp-json\/wp\/v2\/product_cat?post=1593"},{"taxonomy":"product_tag","embeddable":true,"href":"https:\/\/www.cpl.es\/ca\/wp-json\/wp\/v2\/product_tag?post=1593"}],"curies":[{"name":"wp","href":"https:\/\/api.w.org\/{rel}","templated":true}]}}