{"id":1572,"date":"2023-10-04T01:15:10","date_gmt":"2023-10-03T23:15:10","guid":{"rendered":"https:\/\/nuevaweb.cpl.es\/producto\/sant-joan-berchmans-un-jove-jesuita-9788491651031\/"},"modified":"2026-02-12T18:11:29","modified_gmt":"2026-02-12T17:11:29","slug":"sant-joan-berchmans-un-jove-jesuita-9788491651031","status":"publish","type":"product","link":"https:\/\/www.cpl.es\/ca\/producto\/sant-joan-berchmans-un-jove-jesuita-9788491651031\/","title":{"rendered":"Sant Joan Berchmans, un jove jesu\u00efta"},"content":{"rendered":"<p>Un jove jesu\u00efta, mort als 22 anys, exemple de fidelitat en la vida quotidiana.<\/p>\n<p>I la hist\u00f2ria comen\u00e7a aix\u00ed:<\/p>\n<p>&#8216;Quan em va demanar si podia escriure un llibret sobre la vida de sant Joan Berchmans el s\u00ed em va sortir de forma espont\u00e0nia perqu\u00e8 en els records de la meva infantesa i primers anys de la joventut la Congregaci\u00f3 mariana de l\u2019Anunciaci\u00f3 i Sant Joan Berchmans va ser un centre a on vaig viure la millor iniciaci\u00f3 a la vida cristiana&#8230;.&#8217;<\/p>\n","protected":false},"excerpt":{"rendered":"<p>Renau Manen , Jesus<\/p>\n","protected":false},"featured_media":1573,"template":"","meta":{"_acf_changed":false,"inline_featured_image":false},"product_brand":[],"product_cat":[133,70,155],"product_tag":[],"class_list":["post-1572","product","type-product","status-publish","has-post-thumbnail","product_cat-santoral-any-liturgic-per-temes","product_cat-sants-i-santes","product_cat-vida-de-sants","first","instock","taxable","shipping-taxable","purchasable","product-type-simple"],"acf":{"autor":"Renau Manen , Jesus","codart":"212257","ediciones":"1","encuadernacion":"R\u00fastica","fecha_de_publicacion":"05\/02\/2018","novedad":false,"paginas":"28","subtitulo":"","orden":"999","portada":false,"idioma":"cat","editorial":[{"ID":6736,"post_author":"2","post_date":"2023-10-06 08:35:24","post_date_gmt":"2023-10-06 06:35:24","post_content":"","post_title":"CPL","post_excerpt":"","post_status":"publish","comment_status":"closed","ping_status":"closed","post_password":"","post_name":"cpl","to_ping":"","pinged":"","post_modified":"2023-10-06 08:35:24","post_modified_gmt":"2023-10-06 06:35:24","post_content_filtered":"","post_parent":0,"guid":"https:\/\/nuevaweb.cpl.es\/editorial\/cpl\/","menu_order":0,"post_type":"editorial","post_mime_type":"","comment_count":"0","filter":"raw"}],"coleccion_num":"257"},"yoast_head":"<!-- This site is optimized with the Yoast SEO plugin v28.3 - https:\/\/yoast.com\/product\/yoast-seo-wordpress\/ -->\n<title>Sant Joan Berchmans, un jove jesu\u00efta - CPL<\/title>\n<meta name=\"robots\" content=\"index, follow, max-snippet:-1, max-image-preview:large, max-video-preview:-1\" \/>\n<link rel=\"canonical\" href=\"https:\/\/www.cpl.es\/producto\/sant-joan-berchmans-un-jove-jesuita-9788491651031\/\" \/>\n<meta property=\"og:locale\" content=\"ca_ES\" \/>\n<meta property=\"og:type\" content=\"article\" \/>\n<meta property=\"og:title\" content=\"Sant Joan Berchmans, un jove jesu\u00efta - CPL\" \/>\n<meta property=\"og:description\" content=\"Renau Manen , Jesus\" \/>\n<meta property=\"og:url\" content=\"https:\/\/www.cpl.es\/producto\/sant-joan-berchmans-un-jove-jesuita-9788491651031\/\" \/>\n<meta property=\"og:site_name\" content=\"CPL\" \/>\n<meta property=\"article:modified_time\" content=\"2026-02-12T17:11:29+00:00\" \/>\n<meta property=\"og:image\" content=\"https:\/\/www.cpl.es\/wp-content\/uploads\/212257.jpg\" \/>\n\t<meta property=\"og:image:width\" content=\"280\" \/>\n\t<meta property=\"og:image:height\" content=\"415\" \/>\n\t<meta property=\"og:image:type\" content=\"image\/jpeg\" \/>\n<meta name=\"twitter:card\" content=\"summary_large_image\" \/>\n<script type=\"application\/ld+json\" class=\"yoast-schema-graph\">{\"@context\":\"https:\\\/\\\/schema.org\",\"@graph\":[{\"@type\":\"WebPage\",\"@id\":\"https:\\\/\\\/www.cpl.es\\\/producto\\\/sant-joan-berchmans-un-jove-jesuita-9788491651031\\\/\",\"url\":\"https:\\\/\\\/www.cpl.es\\\/producto\\\/sant-joan-berchmans-un-jove-jesuita-9788491651031\\\/\",\"name\":\"Sant Joan Berchmans, un jove jesu\u00efta - CPL\",\"isPartOf\":{\"@id\":\"https:\\\/\\\/www.cpl.es\\\/#website\"},\"primaryImageOfPage\":{\"@id\":\"https:\\\/\\\/www.cpl.es\\\/producto\\\/sant-joan-berchmans-un-jove-jesuita-9788491651031\\\/#primaryimage\"},\"image\":{\"@id\":\"https:\\\/\\\/www.cpl.es\\\/producto\\\/sant-joan-berchmans-un-jove-jesuita-9788491651031\\\/#primaryimage\"},\"thumbnailUrl\":\"https:\\\/\\\/www.cpl.es\\\/wp-content\\\/uploads\\\/212257.jpg\",\"datePublished\":\"2023-10-03T23:15:10+00:00\",\"dateModified\":\"2026-02-12T17:11:29+00:00\",\"breadcrumb\":{\"@id\":\"https:\\\/\\\/www.cpl.es\\\/producto\\\/sant-joan-berchmans-un-jove-jesuita-9788491651031\\\/#breadcrumb\"},\"inLanguage\":\"ca\",\"potentialAction\":[{\"@type\":\"ReadAction\",\"target\":[\"https:\\\/\\\/www.cpl.es\\\/producto\\\/sant-joan-berchmans-un-jove-jesuita-9788491651031\\\/\"]}]},{\"@type\":\"ImageObject\",\"inLanguage\":\"ca\",\"@id\":\"https:\\\/\\\/www.cpl.es\\\/producto\\\/sant-joan-berchmans-un-jove-jesuita-9788491651031\\\/#primaryimage\",\"url\":\"https:\\\/\\\/www.cpl.es\\\/wp-content\\\/uploads\\\/212257.jpg\",\"contentUrl\":\"https:\\\/\\\/www.cpl.es\\\/wp-content\\\/uploads\\\/212257.jpg\",\"width\":280,\"height\":415,\"caption\":\"212257.jpg\"},{\"@type\":\"BreadcrumbList\",\"@id\":\"https:\\\/\\\/www.cpl.es\\\/producto\\\/sant-joan-berchmans-un-jove-jesuita-9788491651031\\\/#breadcrumb\",\"itemListElement\":[{\"@type\":\"ListItem\",\"position\":1,\"name\":\"Portada\",\"item\":\"https:\\\/\\\/www.cpl.es\\\/ca\\\/\"},{\"@type\":\"ListItem\",\"position\":2,\"name\":\"Cat\u00e0leg\",\"item\":\"https:\\\/\\\/www.cpl.es\\\/ca\\\/cataleg\\\/\"},{\"@type\":\"ListItem\",\"position\":3,\"name\":\"Sant Joan Berchmans, un jove jesu\u00efta\"}]},{\"@type\":\"WebSite\",\"@id\":\"https:\\\/\\\/www.cpl.es\\\/#website\",\"url\":\"https:\\\/\\\/www.cpl.es\\\/\",\"name\":\"CPL\",\"description\":\"Centre de Pastoral Lit\u00fargica de Barcelona\",\"publisher\":{\"@id\":\"https:\\\/\\\/www.cpl.es\\\/#organization\"},\"alternateName\":\"Centre de Pastoral Lit\u00fargica\",\"potentialAction\":[{\"@type\":\"SearchAction\",\"target\":{\"@type\":\"EntryPoint\",\"urlTemplate\":\"https:\\\/\\\/www.cpl.es\\\/?s={search_term_string}\"},\"query-input\":{\"@type\":\"PropertyValueSpecification\",\"valueRequired\":true,\"valueName\":\"search_term_string\"}}],\"inLanguage\":\"ca\"},{\"@type\":\"Organization\",\"@id\":\"https:\\\/\\\/www.cpl.es\\\/#organization\",\"name\":\"Centre de Pastoral Lit\u00fargica\",\"alternateName\":\"Centre de Pastoral Lit\u00fargica de Barcelona\",\"url\":\"https:\\\/\\\/www.cpl.es\\\/\",\"logo\":{\"@type\":\"ImageObject\",\"inLanguage\":\"ca\",\"@id\":\"https:\\\/\\\/www.cpl.es\\\/#\\\/schema\\\/logo\\\/image\\\/\",\"url\":\"https:\\\/\\\/www.cpl.es\\\/wp-content\\\/uploads\\\/logo-cpl.svg\",\"contentUrl\":\"https:\\\/\\\/www.cpl.es\\\/wp-content\\\/uploads\\\/logo-cpl.svg\",\"caption\":\"Centre de Pastoral Lit\u00fargica\"},\"image\":{\"@id\":\"https:\\\/\\\/www.cpl.es\\\/#\\\/schema\\\/logo\\\/image\\\/\"}}]}<\/script>\n<!-- \/ Yoast SEO plugin. -->","yoast_head_json":{"title":"Sant Joan Berchmans, un jove jesu\u00efta - CPL","robots":{"index":"index","follow":"follow","max-snippet":"max-snippet:-1","max-image-preview":"max-image-preview:large","max-video-preview":"max-video-preview:-1"},"canonical":"https:\/\/www.cpl.es\/producto\/sant-joan-berchmans-un-jove-jesuita-9788491651031\/","og_locale":"ca_ES","og_type":"article","og_title":"Sant Joan Berchmans, un jove jesu\u00efta - CPL","og_description":"Renau Manen , Jesus","og_url":"https:\/\/www.cpl.es\/producto\/sant-joan-berchmans-un-jove-jesuita-9788491651031\/","og_site_name":"CPL","article_modified_time":"2026-02-12T17:11:29+00:00","og_image":[{"width":280,"height":415,"url":"https:\/\/www.cpl.es\/wp-content\/uploads\/212257.jpg","type":"image\/jpeg"}],"twitter_card":"summary_large_image","schema":{"@context":"https:\/\/schema.org","@graph":[{"@type":"WebPage","@id":"https:\/\/www.cpl.es\/producto\/sant-joan-berchmans-un-jove-jesuita-9788491651031\/","url":"https:\/\/www.cpl.es\/producto\/sant-joan-berchmans-un-jove-jesuita-9788491651031\/","name":"Sant Joan Berchmans, un jove jesu\u00efta - CPL","isPartOf":{"@id":"https:\/\/www.cpl.es\/#website"},"primaryImageOfPage":{"@id":"https:\/\/www.cpl.es\/producto\/sant-joan-berchmans-un-jove-jesuita-9788491651031\/#primaryimage"},"image":{"@id":"https:\/\/www.cpl.es\/producto\/sant-joan-berchmans-un-jove-jesuita-9788491651031\/#primaryimage"},"thumbnailUrl":"https:\/\/www.cpl.es\/wp-content\/uploads\/212257.jpg","datePublished":"2023-10-03T23:15:10+00:00","dateModified":"2026-02-12T17:11:29+00:00","breadcrumb":{"@id":"https:\/\/www.cpl.es\/producto\/sant-joan-berchmans-un-jove-jesuita-9788491651031\/#breadcrumb"},"inLanguage":"ca","potentialAction":[{"@type":"ReadAction","target":["https:\/\/www.cpl.es\/producto\/sant-joan-berchmans-un-jove-jesuita-9788491651031\/"]}]},{"@type":"ImageObject","inLanguage":"ca","@id":"https:\/\/www.cpl.es\/producto\/sant-joan-berchmans-un-jove-jesuita-9788491651031\/#primaryimage","url":"https:\/\/www.cpl.es\/wp-content\/uploads\/212257.jpg","contentUrl":"https:\/\/www.cpl.es\/wp-content\/uploads\/212257.jpg","width":280,"height":415,"caption":"212257.jpg"},{"@type":"BreadcrumbList","@id":"https:\/\/www.cpl.es\/producto\/sant-joan-berchmans-un-jove-jesuita-9788491651031\/#breadcrumb","itemListElement":[{"@type":"ListItem","position":1,"name":"Portada","item":"https:\/\/www.cpl.es\/ca\/"},{"@type":"ListItem","position":2,"name":"Cat\u00e0leg","item":"https:\/\/www.cpl.es\/ca\/cataleg\/"},{"@type":"ListItem","position":3,"name":"Sant Joan Berchmans, un jove jesu\u00efta"}]},{"@type":"WebSite","@id":"https:\/\/www.cpl.es\/#website","url":"https:\/\/www.cpl.es\/","name":"CPL","description":"Centre de Pastoral Lit\u00fargica de Barcelona","publisher":{"@id":"https:\/\/www.cpl.es\/#organization"},"alternateName":"Centre de Pastoral Lit\u00fargica","potentialAction":[{"@type":"SearchAction","target":{"@type":"EntryPoint","urlTemplate":"https:\/\/www.cpl.es\/?s={search_term_string}"},"query-input":{"@type":"PropertyValueSpecification","valueRequired":true,"valueName":"search_term_string"}}],"inLanguage":"ca"},{"@type":"Organization","@id":"https:\/\/www.cpl.es\/#organization","name":"Centre de Pastoral Lit\u00fargica","alternateName":"Centre de Pastoral Lit\u00fargica de Barcelona","url":"https:\/\/www.cpl.es\/","logo":{"@type":"ImageObject","inLanguage":"ca","@id":"https:\/\/www.cpl.es\/#\/schema\/logo\/image\/","url":"https:\/\/www.cpl.es\/wp-content\/uploads\/logo-cpl.svg","contentUrl":"https:\/\/www.cpl.es\/wp-content\/uploads\/logo-cpl.svg","caption":"Centre de Pastoral Lit\u00fargica"},"image":{"@id":"https:\/\/www.cpl.es\/#\/schema\/logo\/image\/"}}]}},"_links":{"self":[{"href":"https:\/\/www.cpl.es\/ca\/wp-json\/wp\/v2\/product\/1572","targetHints":{"allow":["GET"]}}],"collection":[{"href":"https:\/\/www.cpl.es\/ca\/wp-json\/wp\/v2\/product"}],"about":[{"href":"https:\/\/www.cpl.es\/ca\/wp-json\/wp\/v2\/types\/product"}],"wp:featuredmedia":[{"embeddable":true,"href":"https:\/\/www.cpl.es\/ca\/wp-json\/wp\/v2\/media\/1573"}],"wp:attachment":[{"href":"https:\/\/www.cpl.es\/ca\/wp-json\/wp\/v2\/media?parent=1572"}],"wp:term":[{"taxonomy":"product_brand","embeddable":true,"href":"https:\/\/www.cpl.es\/ca\/wp-json\/wp\/v2\/product_brand?post=1572"},{"taxonomy":"product_cat","embeddable":true,"href":"https:\/\/www.cpl.es\/ca\/wp-json\/wp\/v2\/product_cat?post=1572"},{"taxonomy":"product_tag","embeddable":true,"href":"https:\/\/www.cpl.es\/ca\/wp-json\/wp\/v2\/product_tag?post=1572"}],"curies":[{"name":"wp","href":"https:\/\/api.w.org\/{rel}","templated":true}]}}