{"id":15441,"date":"2024-05-30T17:08:26","date_gmt":"2024-05-30T15:08:26","guid":{"rendered":"https:\/\/www.cpl.es\/producto\/lx-aniversario-dela-constitucion-sacrosanctum-concilium-9788491656296\/"},"modified":"2026-02-12T16:47:23","modified_gmt":"2026-02-12T15:47:23","slug":"lx-aniversario-de-la-constitucion-sacrosanctum-concilium-9788491656296","status":"publish","type":"product","link":"https:\/\/www.cpl.es\/ca\/producto\/lx-aniversario-de-la-constitucion-sacrosanctum-concilium-9788491656296\/","title":{"rendered":"LX Aniversario de la constituci\u00f3n &#8216;Sacrosanctum Concilium&#8217;"},"content":{"rendered":"<p> Resumen: La Constituci\u00f3n Sacrosanctum Concilium del Concilio Vaticano II sobre la sagrada liturgia puede ser objeto de diversas lecturas desde m\u00faltiples perspectivas. En este Cuaderno Phase se ofrece una lectura desde la historia y la teolog\u00eda, la filosof\u00eda, las fuentes de la prehistoria de la propia Constituci\u00f3n y desde una perspectiva contemplativa y jubilosa. Palabras clave: fenomenolog\u00eda, historia de la Iglesia, liturgia conciliar, liturgia romana, Instituto de Liturgia de Barcelona, Sacrosanctum Concilium. Abstract: The Second Vatican Council\u2019s Constitution Sacrosanctum Concilium on the Sacred Liturgy can be read in a diverse range of ways from a wide variety of perspectives. This Cuadernos Phase booklet offers a reading from history and theology, philosophy, the prehistoric sources of the Constitution itself, and from a contemplative and joyful perspective. Keywords: Church history, conciliar liturgy, Institute of Liturgy of Barcelona, phenomenology, Roman liturgy, Sacrosanctum Concilium. Daniel Palau Valero, presb\u00edtero, doctor en Teolog\u00eda por la Pontificia Universidad Gregoriana de Roma (2013), con un estudio sobre la sacramentalidad de la Iglesia durante el Concilio Vaticano II. Profesor de ecumenismo y eclesiolog\u00eda en el AUSP. Miembro del Centro de Pastoral Lit\u00fargica de Barcelona. Ricardo Mej\u00eda Fern\u00e1ndez, presb\u00edtero, doctor internacional en L\u00f3gica y Filosof\u00eda de la Ciencia por la Universidad de Salamanca (2018), es reconocido por sus contribuciones en fenomenolog\u00eda e Inteligencia Artificial. Director de la revista Actualidad Bibliogr\u00e1fica de Filosof\u00eda y Teolog\u00eda, fundada en Espa\u00f1a en 1964 por la Compa\u00f1\u00eda de Jes\u00fas. Ignacio Tom\u00e1s C\u00e1novas, presb\u00edtero. Doctor en Sagrada Liturgia por el Pontificio Instituto Lit\u00fargico San Anselmo en Roma. Profesor ordinario del Instituto de Liturgia ad Instar Facultatis de Barcelona y miembro-consultor de la Congregaci\u00f3n para la liturgia hispano-moz\u00e1rabe. Pere Tena Garriga (L\u2019Hospitalet de Llobregat, 1928 \u2013 Barcelona, 2014), fundador del Centre de Pastoral Lit\u00fargica de Barcelona. Nombrado obispo auxiliar de Barcelona en 1993. <\/p>\n","protected":false},"excerpt":{"rendered":"<p>Palau, Daniel; Mej\u00eda, Ricardo; Tom\u00e1s, Ignacio; Tena, Pere<\/p>\n","protected":false},"featured_media":19288,"template":"","meta":{"_acf_changed":false,"inline_featured_image":false},"product_brand":[],"product_cat":[32,33,69,54],"product_tag":[],"class_list":{"0":"post-15441","1":"product","2":"type-product","3":"status-publish","4":"has-post-thumbnail","6":"product_cat-castellano","7":"product_cat-catala","8":"product_cat-cuadernos-phase-colleccions-catala","9":"product_cat-cuadernos-phase","11":"first","12":"instock","13":"taxable","14":"shipping-taxable","15":"purchasable","16":"product-type-simple"},"acf":{"autor":"Palau, Daniel; Mej\u00eda, Ricardo; Tom\u00e1s, Ignacio; Tena, Pere","codart":"110280","ediciones":"1","encuadernacion":"R\u00fastica","fecha_de_publicacion":"10\/06\/2024","novedad":true,"paginas":"140","subtitulo":"","orden":"999","portada":true,"idioma":"spa","coleccion_num":"280","booktrailer":"","ficha":"","muestra":"","presentacion":"","editorial":[{"ID":6736,"post_author":"2","post_date":"2023-10-06 08:35:24","post_date_gmt":"2023-10-06 06:35:24","post_content":"","post_title":"CPL","post_excerpt":"","post_status":"publish","comment_status":"closed","ping_status":"closed","post_password":"","post_name":"cpl","to_ping":"","pinged":"","post_modified":"2023-10-06 08:35:24","post_modified_gmt":"2023-10-06 06:35:24","post_content_filtered":"","post_parent":0,"guid":"https:\/\/nuevaweb.cpl.es\/editorial\/cpl\/","menu_order":0,"post_type":"editorial","post_mime_type":"","comment_count":"0","filter":"raw"}]},"yoast_head":"<!-- This site is optimized with the Yoast SEO plugin v27.3 - https:\/\/yoast.com\/product\/yoast-seo-wordpress\/ -->\n<title>LX Aniversario de la constituci\u00f3n &#039;Sacrosanctum Concilium&#039; - CPL<\/title>\n<meta name=\"robots\" content=\"index, follow, max-snippet:-1, max-image-preview:large, max-video-preview:-1\" \/>\n<link rel=\"canonical\" href=\"https:\/\/www.cpl.es\/producto\/lx-aniversario-de-la-constitucion-sacrosanctum-concilium-9788491656296\/\" \/>\n<meta property=\"og:locale\" content=\"ca_ES\" \/>\n<meta property=\"og:type\" content=\"article\" \/>\n<meta property=\"og:title\" content=\"LX Aniversario de la constituci\u00f3n &#039;Sacrosanctum Concilium&#039; - CPL\" \/>\n<meta property=\"og:description\" content=\"Palau, Daniel; Mej\u00eda, Ricardo; Tom\u00e1s, Ignacio; Tena, Pere\" \/>\n<meta property=\"og:url\" content=\"https:\/\/www.cpl.es\/producto\/lx-aniversario-de-la-constitucion-sacrosanctum-concilium-9788491656296\/\" \/>\n<meta property=\"og:site_name\" content=\"CPL\" \/>\n<meta property=\"article:modified_time\" content=\"2026-02-12T15:47:23+00:00\" \/>\n<meta property=\"og:image\" content=\"https:\/\/www.cpl.es\/wp-content\/uploads\/9788491656296-3.jpg\" \/>\n\t<meta property=\"og:image:width\" content=\"199\" \/>\n\t<meta property=\"og:image:height\" content=\"300\" \/>\n\t<meta property=\"og:image:type\" content=\"image\/jpeg\" \/>\n<meta name=\"twitter:card\" content=\"summary_large_image\" \/>\n<meta name=\"twitter:label1\" content=\"Temps estimat de lectura\" \/>\n\t<meta name=\"twitter:data1\" content=\"2 minuts\" \/>\n<script type=\"application\/ld+json\" class=\"yoast-schema-graph\">{\"@context\":\"https:\\\/\\\/schema.org\",\"@graph\":[{\"@type\":\"WebPage\",\"@id\":\"https:\\\/\\\/www.cpl.es\\\/producto\\\/lx-aniversario-de-la-constitucion-sacrosanctum-concilium-9788491656296\\\/\",\"url\":\"https:\\\/\\\/www.cpl.es\\\/producto\\\/lx-aniversario-de-la-constitucion-sacrosanctum-concilium-9788491656296\\\/\",\"name\":\"LX Aniversario de la constituci\u00f3n 'Sacrosanctum Concilium' - CPL\",\"isPartOf\":{\"@id\":\"https:\\\/\\\/www.cpl.es\\\/#website\"},\"primaryImageOfPage\":{\"@id\":\"https:\\\/\\\/www.cpl.es\\\/producto\\\/lx-aniversario-de-la-constitucion-sacrosanctum-concilium-9788491656296\\\/#primaryimage\"},\"image\":{\"@id\":\"https:\\\/\\\/www.cpl.es\\\/producto\\\/lx-aniversario-de-la-constitucion-sacrosanctum-concilium-9788491656296\\\/#primaryimage\"},\"thumbnailUrl\":\"https:\\\/\\\/www.cpl.es\\\/wp-content\\\/uploads\\\/9788491656296-3.jpg\",\"datePublished\":\"2024-05-30T15:08:26+00:00\",\"dateModified\":\"2026-02-12T15:47:23+00:00\",\"breadcrumb\":{\"@id\":\"https:\\\/\\\/www.cpl.es\\\/producto\\\/lx-aniversario-de-la-constitucion-sacrosanctum-concilium-9788491656296\\\/#breadcrumb\"},\"inLanguage\":\"ca\",\"potentialAction\":[{\"@type\":\"ReadAction\",\"target\":[\"https:\\\/\\\/www.cpl.es\\\/producto\\\/lx-aniversario-de-la-constitucion-sacrosanctum-concilium-9788491656296\\\/\"]}]},{\"@type\":\"ImageObject\",\"inLanguage\":\"ca\",\"@id\":\"https:\\\/\\\/www.cpl.es\\\/producto\\\/lx-aniversario-de-la-constitucion-sacrosanctum-concilium-9788491656296\\\/#primaryimage\",\"url\":\"https:\\\/\\\/www.cpl.es\\\/wp-content\\\/uploads\\\/9788491656296-3.jpg\",\"contentUrl\":\"https:\\\/\\\/www.cpl.es\\\/wp-content\\\/uploads\\\/9788491656296-3.jpg\",\"width\":199,\"height\":300,\"caption\":\"9788491656296.jpg\"},{\"@type\":\"BreadcrumbList\",\"@id\":\"https:\\\/\\\/www.cpl.es\\\/producto\\\/lx-aniversario-de-la-constitucion-sacrosanctum-concilium-9788491656296\\\/#breadcrumb\",\"itemListElement\":[{\"@type\":\"ListItem\",\"position\":1,\"name\":\"Portada\",\"item\":\"https:\\\/\\\/www.cpl.es\\\/ca\\\/\"},{\"@type\":\"ListItem\",\"position\":2,\"name\":\"Cat\u00e0leg\",\"item\":\"https:\\\/\\\/www.cpl.es\\\/ca\\\/cataleg\\\/\"},{\"@type\":\"ListItem\",\"position\":3,\"name\":\"LX Aniversario de la constituci\u00f3n &#8216;Sacrosanctum Concilium&#8217;\"}]},{\"@type\":\"WebSite\",\"@id\":\"https:\\\/\\\/www.cpl.es\\\/#website\",\"url\":\"https:\\\/\\\/www.cpl.es\\\/\",\"name\":\"CPL\",\"description\":\"Centre de Pastoral Lit\u00fargica de Barcelona\",\"publisher\":{\"@id\":\"https:\\\/\\\/www.cpl.es\\\/#organization\"},\"alternateName\":\"Centre de Pastoral Lit\u00fargica\",\"potentialAction\":[{\"@type\":\"SearchAction\",\"target\":{\"@type\":\"EntryPoint\",\"urlTemplate\":\"https:\\\/\\\/www.cpl.es\\\/?s={search_term_string}\"},\"query-input\":{\"@type\":\"PropertyValueSpecification\",\"valueRequired\":true,\"valueName\":\"search_term_string\"}}],\"inLanguage\":\"ca\"},{\"@type\":\"Organization\",\"@id\":\"https:\\\/\\\/www.cpl.es\\\/#organization\",\"name\":\"Centre de Pastoral Lit\u00fargica\",\"alternateName\":\"Centre de Pastoral Lit\u00fargica de Barcelona\",\"url\":\"https:\\\/\\\/www.cpl.es\\\/\",\"logo\":{\"@type\":\"ImageObject\",\"inLanguage\":\"ca\",\"@id\":\"https:\\\/\\\/www.cpl.es\\\/#\\\/schema\\\/logo\\\/image\\\/\",\"url\":\"https:\\\/\\\/www.cpl.es\\\/wp-content\\\/uploads\\\/logo-cpl.svg\",\"contentUrl\":\"https:\\\/\\\/www.cpl.es\\\/wp-content\\\/uploads\\\/logo-cpl.svg\",\"caption\":\"Centre de Pastoral Lit\u00fargica\"},\"image\":{\"@id\":\"https:\\\/\\\/www.cpl.es\\\/#\\\/schema\\\/logo\\\/image\\\/\"}}]}<\/script>\n<!-- \/ Yoast SEO plugin. -->","yoast_head_json":{"title":"LX Aniversario de la constituci\u00f3n 'Sacrosanctum Concilium' - CPL","robots":{"index":"index","follow":"follow","max-snippet":"max-snippet:-1","max-image-preview":"max-image-preview:large","max-video-preview":"max-video-preview:-1"},"canonical":"https:\/\/www.cpl.es\/producto\/lx-aniversario-de-la-constitucion-sacrosanctum-concilium-9788491656296\/","og_locale":"ca_ES","og_type":"article","og_title":"LX Aniversario de la constituci\u00f3n 'Sacrosanctum Concilium' - CPL","og_description":"Palau, Daniel; Mej\u00eda, Ricardo; Tom\u00e1s, Ignacio; Tena, Pere","og_url":"https:\/\/www.cpl.es\/producto\/lx-aniversario-de-la-constitucion-sacrosanctum-concilium-9788491656296\/","og_site_name":"CPL","article_modified_time":"2026-02-12T15:47:23+00:00","og_image":[{"width":199,"height":300,"url":"https:\/\/www.cpl.es\/wp-content\/uploads\/9788491656296-3.jpg","type":"image\/jpeg"}],"twitter_card":"summary_large_image","twitter_misc":{"Temps estimat de lectura":"2 minuts"},"schema":{"@context":"https:\/\/schema.org","@graph":[{"@type":"WebPage","@id":"https:\/\/www.cpl.es\/producto\/lx-aniversario-de-la-constitucion-sacrosanctum-concilium-9788491656296\/","url":"https:\/\/www.cpl.es\/producto\/lx-aniversario-de-la-constitucion-sacrosanctum-concilium-9788491656296\/","name":"LX Aniversario de la constituci\u00f3n 'Sacrosanctum Concilium' - CPL","isPartOf":{"@id":"https:\/\/www.cpl.es\/#website"},"primaryImageOfPage":{"@id":"https:\/\/www.cpl.es\/producto\/lx-aniversario-de-la-constitucion-sacrosanctum-concilium-9788491656296\/#primaryimage"},"image":{"@id":"https:\/\/www.cpl.es\/producto\/lx-aniversario-de-la-constitucion-sacrosanctum-concilium-9788491656296\/#primaryimage"},"thumbnailUrl":"https:\/\/www.cpl.es\/wp-content\/uploads\/9788491656296-3.jpg","datePublished":"2024-05-30T15:08:26+00:00","dateModified":"2026-02-12T15:47:23+00:00","breadcrumb":{"@id":"https:\/\/www.cpl.es\/producto\/lx-aniversario-de-la-constitucion-sacrosanctum-concilium-9788491656296\/#breadcrumb"},"inLanguage":"ca","potentialAction":[{"@type":"ReadAction","target":["https:\/\/www.cpl.es\/producto\/lx-aniversario-de-la-constitucion-sacrosanctum-concilium-9788491656296\/"]}]},{"@type":"ImageObject","inLanguage":"ca","@id":"https:\/\/www.cpl.es\/producto\/lx-aniversario-de-la-constitucion-sacrosanctum-concilium-9788491656296\/#primaryimage","url":"https:\/\/www.cpl.es\/wp-content\/uploads\/9788491656296-3.jpg","contentUrl":"https:\/\/www.cpl.es\/wp-content\/uploads\/9788491656296-3.jpg","width":199,"height":300,"caption":"9788491656296.jpg"},{"@type":"BreadcrumbList","@id":"https:\/\/www.cpl.es\/producto\/lx-aniversario-de-la-constitucion-sacrosanctum-concilium-9788491656296\/#breadcrumb","itemListElement":[{"@type":"ListItem","position":1,"name":"Portada","item":"https:\/\/www.cpl.es\/ca\/"},{"@type":"ListItem","position":2,"name":"Cat\u00e0leg","item":"https:\/\/www.cpl.es\/ca\/cataleg\/"},{"@type":"ListItem","position":3,"name":"LX Aniversario de la constituci\u00f3n &#8216;Sacrosanctum Concilium&#8217;"}]},{"@type":"WebSite","@id":"https:\/\/www.cpl.es\/#website","url":"https:\/\/www.cpl.es\/","name":"CPL","description":"Centre de Pastoral Lit\u00fargica de Barcelona","publisher":{"@id":"https:\/\/www.cpl.es\/#organization"},"alternateName":"Centre de Pastoral Lit\u00fargica","potentialAction":[{"@type":"SearchAction","target":{"@type":"EntryPoint","urlTemplate":"https:\/\/www.cpl.es\/?s={search_term_string}"},"query-input":{"@type":"PropertyValueSpecification","valueRequired":true,"valueName":"search_term_string"}}],"inLanguage":"ca"},{"@type":"Organization","@id":"https:\/\/www.cpl.es\/#organization","name":"Centre de Pastoral Lit\u00fargica","alternateName":"Centre de Pastoral Lit\u00fargica de Barcelona","url":"https:\/\/www.cpl.es\/","logo":{"@type":"ImageObject","inLanguage":"ca","@id":"https:\/\/www.cpl.es\/#\/schema\/logo\/image\/","url":"https:\/\/www.cpl.es\/wp-content\/uploads\/logo-cpl.svg","contentUrl":"https:\/\/www.cpl.es\/wp-content\/uploads\/logo-cpl.svg","caption":"Centre de Pastoral Lit\u00fargica"},"image":{"@id":"https:\/\/www.cpl.es\/#\/schema\/logo\/image\/"}}]}},"_links":{"self":[{"href":"https:\/\/www.cpl.es\/ca\/wp-json\/wp\/v2\/product\/15441","targetHints":{"allow":["GET"]}}],"collection":[{"href":"https:\/\/www.cpl.es\/ca\/wp-json\/wp\/v2\/product"}],"about":[{"href":"https:\/\/www.cpl.es\/ca\/wp-json\/wp\/v2\/types\/product"}],"wp:featuredmedia":[{"embeddable":true,"href":"https:\/\/www.cpl.es\/ca\/wp-json\/wp\/v2\/media\/19288"}],"wp:attachment":[{"href":"https:\/\/www.cpl.es\/ca\/wp-json\/wp\/v2\/media?parent=15441"}],"wp:term":[{"taxonomy":"product_brand","embeddable":true,"href":"https:\/\/www.cpl.es\/ca\/wp-json\/wp\/v2\/product_brand?post=15441"},{"taxonomy":"product_cat","embeddable":true,"href":"https:\/\/www.cpl.es\/ca\/wp-json\/wp\/v2\/product_cat?post=15441"},{"taxonomy":"product_tag","embeddable":true,"href":"https:\/\/www.cpl.es\/ca\/wp-json\/wp\/v2\/product_tag?post=15441"}],"curies":[{"name":"wp","href":"https:\/\/api.w.org\/{rel}","templated":true}]}}