{"id":15399,"date":"2024-05-29T17:23:02","date_gmt":"2024-05-29T15:23:02","guid":{"rendered":"https:\/\/www.cpl.es\/producto\/la-pasion-por-la-evangelizacion-catequesis-del-papa-francisco-9788491656142\/"},"modified":"2025-10-03T11:11:23","modified_gmt":"2025-10-03T09:11:23","slug":"la-pasion-por-la-evangelizacion-catequesis-del-papa-francisco-9788491656142","status":"publish","type":"product","link":"https:\/\/www.cpl.es\/ca\/producto\/la-pasion-por-la-evangelizacion-catequesis-del-papa-francisco-9788491656142\/","title":{"rendered":"La pasi\u00f3n por la evangelizaci\u00f3n. Catequesis del papa Francisco"},"content":{"rendered":"<p> Las reformas propuestas por Francisco quieren estar al servicio de la misi\u00f3n primera de toda la Iglesia, que es proponer a Jes\u00fas y su Evangelio al mundo; es decir, la evangelizaci\u00f3n. El ciclo de catequesis que recoge este libro es el que el santo Padre dedic\u00f3 a la \u00abpasi\u00f3n por la evangelizaci\u00f3n\u00bb, que es como responder a la pregunta sobre c\u00f3mo debe presentar hoy la Iglesia cat\u00f3lica a la persona y el mensaje de Jesucristo. Un tema que puede enriquecer a todos los miembros de nuestras comunidades cristianas. En el libro que ten\u00e9is en las manos encontrar\u00e9is las catequesis del papa Francisco sobre la pasi\u00f3n por la evangelizaci\u00f3n, pronunciadas en las audiencias generales de los mi\u00e9rcoles, entre el 13 de enero y el 13 de diciembre de 2023.<\/p>\n","protected":false},"excerpt":{"rendered":"<p>Francisco, Papa<\/p>\n","protected":false},"featured_media":15609,"template":"","meta":{"_acf_changed":false,"inline_featured_image":false},"product_brand":[],"product_cat":[83,60,158,65,88,63,86],"product_tag":[],"class_list":{"0":"post-15399","1":"product","2":"type-product","3":"status-publish","4":"has-post-thumbnail","6":"product_cat-catequesi-liturgica","7":"product_cat-catequesis-liturgica","8":"product_cat-documentacion-documentacion-por-temas","9":"product_cat-espiritualidad","10":"product_cat-espiritualitat","11":"product_cat-oracion","12":"product_cat-pregaria","14":"first","15":"instock","16":"taxable","17":"shipping-taxable","18":"purchasable","19":"product-type-simple"},"acf":{"autor":"Francisco, Papa","codart":"113038","ediciones":"1","encuadernacion":"R\u00fastica","fecha_de_publicacion":"10\/06\/2024","novedad":true,"paginas":"120","subtitulo":"","orden":"999","portada":true,"idioma":"spa","coleccion_num":"38","editorial":[{"ID":6736,"post_author":"2","post_date":"2023-10-06 08:35:24","post_date_gmt":"2023-10-06 06:35:24","post_content":"","post_title":"CPL","post_excerpt":"","post_status":"publish","comment_status":"closed","ping_status":"closed","post_password":"","post_name":"cpl","to_ping":"","pinged":"","post_modified":"2023-10-06 08:35:24","post_modified_gmt":"2023-10-06 06:35:24","post_content_filtered":"","post_parent":0,"guid":"https:\/\/nuevaweb.cpl.es\/editorial\/cpl\/","menu_order":0,"post_type":"editorial","post_mime_type":"","comment_count":"0","filter":"raw"}],"booktrailer":"","ficha":"","muestra":"","presentacion":""},"yoast_head":"<!-- This site is optimized with the Yoast SEO plugin v27.3 - https:\/\/yoast.com\/product\/yoast-seo-wordpress\/ -->\n<title>La pasi\u00f3n por la evangelizaci\u00f3n. Catequesis del papa Francisco - CPL<\/title>\n<meta name=\"robots\" content=\"index, follow, max-snippet:-1, max-image-preview:large, max-video-preview:-1\" \/>\n<link rel=\"canonical\" href=\"https:\/\/www.cpl.es\/producto\/la-pasion-por-la-evangelizacion-catequesis-del-papa-francisco-9788491656142\/\" \/>\n<meta property=\"og:locale\" content=\"ca_ES\" \/>\n<meta property=\"og:type\" content=\"article\" \/>\n<meta property=\"og:title\" content=\"La pasi\u00f3n por la evangelizaci\u00f3n. Catequesis del papa Francisco - CPL\" \/>\n<meta property=\"og:description\" content=\"Francisco, Papa\" \/>\n<meta property=\"og:url\" content=\"https:\/\/www.cpl.es\/producto\/la-pasion-por-la-evangelizacion-catequesis-del-papa-francisco-9788491656142\/\" \/>\n<meta property=\"og:site_name\" content=\"CPL\" \/>\n<meta property=\"article:modified_time\" content=\"2025-10-03T09:11:23+00:00\" \/>\n<meta property=\"og:image\" content=\"https:\/\/www.cpl.es\/wp-content\/uploads\/9788491656142-1.jpg\" \/>\n\t<meta property=\"og:image:width\" content=\"183\" \/>\n\t<meta property=\"og:image:height\" content=\"300\" \/>\n\t<meta property=\"og:image:type\" content=\"image\/jpeg\" \/>\n<meta name=\"twitter:card\" content=\"summary_large_image\" \/>\n<meta name=\"twitter:label1\" content=\"Temps estimat de lectura\" \/>\n\t<meta name=\"twitter:data1\" content=\"1 minut\" \/>\n<script type=\"application\/ld+json\" class=\"yoast-schema-graph\">{\"@context\":\"https:\\\/\\\/schema.org\",\"@graph\":[{\"@type\":\"WebPage\",\"@id\":\"https:\\\/\\\/www.cpl.es\\\/producto\\\/la-pasion-por-la-evangelizacion-catequesis-del-papa-francisco-9788491656142\\\/\",\"url\":\"https:\\\/\\\/www.cpl.es\\\/producto\\\/la-pasion-por-la-evangelizacion-catequesis-del-papa-francisco-9788491656142\\\/\",\"name\":\"La pasi\u00f3n por la evangelizaci\u00f3n. Catequesis del papa Francisco - CPL\",\"isPartOf\":{\"@id\":\"https:\\\/\\\/www.cpl.es\\\/#website\"},\"primaryImageOfPage\":{\"@id\":\"https:\\\/\\\/www.cpl.es\\\/producto\\\/la-pasion-por-la-evangelizacion-catequesis-del-papa-francisco-9788491656142\\\/#primaryimage\"},\"image\":{\"@id\":\"https:\\\/\\\/www.cpl.es\\\/producto\\\/la-pasion-por-la-evangelizacion-catequesis-del-papa-francisco-9788491656142\\\/#primaryimage\"},\"thumbnailUrl\":\"https:\\\/\\\/www.cpl.es\\\/wp-content\\\/uploads\\\/9788491656142-1.jpg\",\"datePublished\":\"2024-05-29T15:23:02+00:00\",\"dateModified\":\"2025-10-03T09:11:23+00:00\",\"breadcrumb\":{\"@id\":\"https:\\\/\\\/www.cpl.es\\\/producto\\\/la-pasion-por-la-evangelizacion-catequesis-del-papa-francisco-9788491656142\\\/#breadcrumb\"},\"inLanguage\":\"ca\",\"potentialAction\":[{\"@type\":\"ReadAction\",\"target\":[\"https:\\\/\\\/www.cpl.es\\\/producto\\\/la-pasion-por-la-evangelizacion-catequesis-del-papa-francisco-9788491656142\\\/\"]}]},{\"@type\":\"ImageObject\",\"inLanguage\":\"ca\",\"@id\":\"https:\\\/\\\/www.cpl.es\\\/producto\\\/la-pasion-por-la-evangelizacion-catequesis-del-papa-francisco-9788491656142\\\/#primaryimage\",\"url\":\"https:\\\/\\\/www.cpl.es\\\/wp-content\\\/uploads\\\/9788491656142-1.jpg\",\"contentUrl\":\"https:\\\/\\\/www.cpl.es\\\/wp-content\\\/uploads\\\/9788491656142-1.jpg\",\"width\":183,\"height\":300,\"caption\":\"9788491656142.jpg\"},{\"@type\":\"BreadcrumbList\",\"@id\":\"https:\\\/\\\/www.cpl.es\\\/producto\\\/la-pasion-por-la-evangelizacion-catequesis-del-papa-francisco-9788491656142\\\/#breadcrumb\",\"itemListElement\":[{\"@type\":\"ListItem\",\"position\":1,\"name\":\"Portada\",\"item\":\"https:\\\/\\\/www.cpl.es\\\/ca\\\/\"},{\"@type\":\"ListItem\",\"position\":2,\"name\":\"Cat\u00e0leg\",\"item\":\"https:\\\/\\\/www.cpl.es\\\/ca\\\/cataleg\\\/\"},{\"@type\":\"ListItem\",\"position\":3,\"name\":\"La pasi\u00f3n por la evangelizaci\u00f3n. Catequesis del papa Francisco\"}]},{\"@type\":\"WebSite\",\"@id\":\"https:\\\/\\\/www.cpl.es\\\/#website\",\"url\":\"https:\\\/\\\/www.cpl.es\\\/\",\"name\":\"CPL\",\"description\":\"Centre de Pastoral Lit\u00fargica de Barcelona\",\"publisher\":{\"@id\":\"https:\\\/\\\/www.cpl.es\\\/#organization\"},\"alternateName\":\"Centre de Pastoral Lit\u00fargica\",\"potentialAction\":[{\"@type\":\"SearchAction\",\"target\":{\"@type\":\"EntryPoint\",\"urlTemplate\":\"https:\\\/\\\/www.cpl.es\\\/?s={search_term_string}\"},\"query-input\":{\"@type\":\"PropertyValueSpecification\",\"valueRequired\":true,\"valueName\":\"search_term_string\"}}],\"inLanguage\":\"ca\"},{\"@type\":\"Organization\",\"@id\":\"https:\\\/\\\/www.cpl.es\\\/#organization\",\"name\":\"Centre de Pastoral Lit\u00fargica\",\"alternateName\":\"Centre de Pastoral Lit\u00fargica de Barcelona\",\"url\":\"https:\\\/\\\/www.cpl.es\\\/\",\"logo\":{\"@type\":\"ImageObject\",\"inLanguage\":\"ca\",\"@id\":\"https:\\\/\\\/www.cpl.es\\\/#\\\/schema\\\/logo\\\/image\\\/\",\"url\":\"https:\\\/\\\/www.cpl.es\\\/wp-content\\\/uploads\\\/logo-cpl.svg\",\"contentUrl\":\"https:\\\/\\\/www.cpl.es\\\/wp-content\\\/uploads\\\/logo-cpl.svg\",\"caption\":\"Centre de Pastoral Lit\u00fargica\"},\"image\":{\"@id\":\"https:\\\/\\\/www.cpl.es\\\/#\\\/schema\\\/logo\\\/image\\\/\"}}]}<\/script>\n<!-- \/ Yoast SEO plugin. -->","yoast_head_json":{"title":"La pasi\u00f3n por la evangelizaci\u00f3n. Catequesis del papa Francisco - CPL","robots":{"index":"index","follow":"follow","max-snippet":"max-snippet:-1","max-image-preview":"max-image-preview:large","max-video-preview":"max-video-preview:-1"},"canonical":"https:\/\/www.cpl.es\/producto\/la-pasion-por-la-evangelizacion-catequesis-del-papa-francisco-9788491656142\/","og_locale":"ca_ES","og_type":"article","og_title":"La pasi\u00f3n por la evangelizaci\u00f3n. Catequesis del papa Francisco - CPL","og_description":"Francisco, Papa","og_url":"https:\/\/www.cpl.es\/producto\/la-pasion-por-la-evangelizacion-catequesis-del-papa-francisco-9788491656142\/","og_site_name":"CPL","article_modified_time":"2025-10-03T09:11:23+00:00","og_image":[{"width":183,"height":300,"url":"https:\/\/www.cpl.es\/wp-content\/uploads\/9788491656142-1.jpg","type":"image\/jpeg"}],"twitter_card":"summary_large_image","twitter_misc":{"Temps estimat de lectura":"1 minut"},"schema":{"@context":"https:\/\/schema.org","@graph":[{"@type":"WebPage","@id":"https:\/\/www.cpl.es\/producto\/la-pasion-por-la-evangelizacion-catequesis-del-papa-francisco-9788491656142\/","url":"https:\/\/www.cpl.es\/producto\/la-pasion-por-la-evangelizacion-catequesis-del-papa-francisco-9788491656142\/","name":"La pasi\u00f3n por la evangelizaci\u00f3n. Catequesis del papa Francisco - CPL","isPartOf":{"@id":"https:\/\/www.cpl.es\/#website"},"primaryImageOfPage":{"@id":"https:\/\/www.cpl.es\/producto\/la-pasion-por-la-evangelizacion-catequesis-del-papa-francisco-9788491656142\/#primaryimage"},"image":{"@id":"https:\/\/www.cpl.es\/producto\/la-pasion-por-la-evangelizacion-catequesis-del-papa-francisco-9788491656142\/#primaryimage"},"thumbnailUrl":"https:\/\/www.cpl.es\/wp-content\/uploads\/9788491656142-1.jpg","datePublished":"2024-05-29T15:23:02+00:00","dateModified":"2025-10-03T09:11:23+00:00","breadcrumb":{"@id":"https:\/\/www.cpl.es\/producto\/la-pasion-por-la-evangelizacion-catequesis-del-papa-francisco-9788491656142\/#breadcrumb"},"inLanguage":"ca","potentialAction":[{"@type":"ReadAction","target":["https:\/\/www.cpl.es\/producto\/la-pasion-por-la-evangelizacion-catequesis-del-papa-francisco-9788491656142\/"]}]},{"@type":"ImageObject","inLanguage":"ca","@id":"https:\/\/www.cpl.es\/producto\/la-pasion-por-la-evangelizacion-catequesis-del-papa-francisco-9788491656142\/#primaryimage","url":"https:\/\/www.cpl.es\/wp-content\/uploads\/9788491656142-1.jpg","contentUrl":"https:\/\/www.cpl.es\/wp-content\/uploads\/9788491656142-1.jpg","width":183,"height":300,"caption":"9788491656142.jpg"},{"@type":"BreadcrumbList","@id":"https:\/\/www.cpl.es\/producto\/la-pasion-por-la-evangelizacion-catequesis-del-papa-francisco-9788491656142\/#breadcrumb","itemListElement":[{"@type":"ListItem","position":1,"name":"Portada","item":"https:\/\/www.cpl.es\/ca\/"},{"@type":"ListItem","position":2,"name":"Cat\u00e0leg","item":"https:\/\/www.cpl.es\/ca\/cataleg\/"},{"@type":"ListItem","position":3,"name":"La pasi\u00f3n por la evangelizaci\u00f3n. Catequesis del papa Francisco"}]},{"@type":"WebSite","@id":"https:\/\/www.cpl.es\/#website","url":"https:\/\/www.cpl.es\/","name":"CPL","description":"Centre de Pastoral Lit\u00fargica de Barcelona","publisher":{"@id":"https:\/\/www.cpl.es\/#organization"},"alternateName":"Centre de Pastoral Lit\u00fargica","potentialAction":[{"@type":"SearchAction","target":{"@type":"EntryPoint","urlTemplate":"https:\/\/www.cpl.es\/?s={search_term_string}"},"query-input":{"@type":"PropertyValueSpecification","valueRequired":true,"valueName":"search_term_string"}}],"inLanguage":"ca"},{"@type":"Organization","@id":"https:\/\/www.cpl.es\/#organization","name":"Centre de Pastoral Lit\u00fargica","alternateName":"Centre de Pastoral Lit\u00fargica de Barcelona","url":"https:\/\/www.cpl.es\/","logo":{"@type":"ImageObject","inLanguage":"ca","@id":"https:\/\/www.cpl.es\/#\/schema\/logo\/image\/","url":"https:\/\/www.cpl.es\/wp-content\/uploads\/logo-cpl.svg","contentUrl":"https:\/\/www.cpl.es\/wp-content\/uploads\/logo-cpl.svg","caption":"Centre de Pastoral Lit\u00fargica"},"image":{"@id":"https:\/\/www.cpl.es\/#\/schema\/logo\/image\/"}}]}},"_links":{"self":[{"href":"https:\/\/www.cpl.es\/ca\/wp-json\/wp\/v2\/product\/15399","targetHints":{"allow":["GET"]}}],"collection":[{"href":"https:\/\/www.cpl.es\/ca\/wp-json\/wp\/v2\/product"}],"about":[{"href":"https:\/\/www.cpl.es\/ca\/wp-json\/wp\/v2\/types\/product"}],"wp:featuredmedia":[{"embeddable":true,"href":"https:\/\/www.cpl.es\/ca\/wp-json\/wp\/v2\/media\/15609"}],"wp:attachment":[{"href":"https:\/\/www.cpl.es\/ca\/wp-json\/wp\/v2\/media?parent=15399"}],"wp:term":[{"taxonomy":"product_brand","embeddable":true,"href":"https:\/\/www.cpl.es\/ca\/wp-json\/wp\/v2\/product_brand?post=15399"},{"taxonomy":"product_cat","embeddable":true,"href":"https:\/\/www.cpl.es\/ca\/wp-json\/wp\/v2\/product_cat?post=15399"},{"taxonomy":"product_tag","embeddable":true,"href":"https:\/\/www.cpl.es\/ca\/wp-json\/wp\/v2\/product_tag?post=15399"}],"curies":[{"name":"wp","href":"https:\/\/api.w.org\/{rel}","templated":true}]}}