{"id":1527,"date":"2023-10-04T01:13:42","date_gmt":"2023-10-03T23:13:42","guid":{"rendered":"https:\/\/nuevaweb.cpl.es\/producto\/el-cor-del-viatge-lexploracio-9788491650867\/"},"modified":"2023-10-04T01:13:46","modified_gmt":"2023-10-03T23:13:46","slug":"el-cor-del-viatge-lexploracio-9788491650867","status":"publish","type":"product","link":"https:\/\/www.cpl.es\/ca\/producto\/el-cor-del-viatge-lexploracio-9788491650867\/","title":{"rendered":"El cor del viatge. L&#8217;exploraci\u00f3"},"content":{"rendered":"<p>Dorotea fa poc que s\u2019ha instal\u00b7lat a la terra, provinent d\u2019un viatge intergal\u00e0ctic que tenia com a objectiu con\u00e8ixer la fe cristiana per tal d\u2019acabar amb aquesta &#8216;superstici\u00f3'. Per\u00f2 l\u2019aproximaci\u00f3 de Dorotea als fonaments de la fe desvetlla en ella un profund inter\u00e8s per Jesucrist i una progressiva implicaci\u00f3 en la comunitat eclesial. La correspond\u00e8ncia amb el seu cap, el comandant de la missi\u00f3, ens permet compartir la seva transformaci\u00f3 interior.<br \/>El cor del viatge. L\u2019exploraci\u00f3, continuaci\u00f3 del Viatge al cor de la fe. L\u2019aterratge, presenta, com en el volum anterior,<br \/>els misteris b\u00e0sics del cristianisme, a partir de textos b\u00edblics, lit\u00fargics, dels Pares de l\u2019Esgl\u00e9sia i de la tradici\u00f3 cristiana. I ho fa de forma molt amena, seguint el fil d\u2019una narraci\u00f3 de ci\u00e8ncia  ficci\u00f3.<\/p>\n<p>N\u00faria Ferret Canale (Barcelona, 1967) \u00e9s consagrada en l\u2019Orde de les Verges des del 2005. Llicenciada en Ci\u00e8ncies de l\u2019Educaci\u00f3 per la Universitat de Barcelona, ha treballat en l\u2019ensenyament de la Religi\u00f3 a l\u2019escola p\u00fablica durant dinou anys. Particularment interessada en la nova evangelitzaci\u00f3, en la l\u00ednia del que proposa el papa Francesc a<br \/>l\u2019exhortaci\u00f3 Evangelii Gaudium, l\u2019any 2015 va publicar al CPL el seu primer llibre, La Paraula era D\u00e9u. 130 esquemes<br \/>per a la preg\u00e0ria i l\u2019abril del 2016 inici\u00e0 la trilogia del Viatge, amb Viatge al cor de la fe. L\u2019aterratge.<\/p>\n","protected":false},"excerpt":{"rendered":"<p>Ferret Canale, Nuria<\/p>\n","protected":false},"featured_media":1528,"template":"","meta":{"_acf_changed":false,"inline_featured_image":false},"product_brand":[],"product_cat":[100],"product_tag":[],"class_list":{"0":"post-1527","1":"product","2":"type-product","3":"status-publish","4":"has-post-thumbnail","6":"product_cat-cpl-libri-colleccions-catala","8":"first","9":"instock","10":"taxable","11":"shipping-taxable","12":"purchasable","13":"product-type-simple"},"acf":{"autor":"Ferret Canale, Nuria","codart":"217033","ediciones":"1","encuadernacion":"R\u00fastica","fecha_de_publicacion":"15\/02\/2018","novedad":false,"paginas":"220","subtitulo":"","orden":"999","portada":false,"idioma":"cat","editorial":[{"ID":6736,"post_author":"2","post_date":"2023-10-06 08:35:24","post_date_gmt":"2023-10-06 06:35:24","post_content":"","post_title":"CPL","post_excerpt":"","post_status":"publish","comment_status":"closed","ping_status":"closed","post_password":"","post_name":"cpl","to_ping":"","pinged":"","post_modified":"2023-10-06 08:35:24","post_modified_gmt":"2023-10-06 06:35:24","post_content_filtered":"","post_parent":0,"guid":"https:\/\/nuevaweb.cpl.es\/editorial\/cpl\/","menu_order":0,"post_type":"editorial","post_mime_type":"","comment_count":"0","filter":"raw"}]},"yoast_head":"<!-- This site is optimized with the Yoast SEO plugin v27.3 - https:\/\/yoast.com\/product\/yoast-seo-wordpress\/ -->\n<title>El cor del viatge. L&#039;exploraci\u00f3 - CPL<\/title>\n<meta name=\"robots\" content=\"index, follow, max-snippet:-1, max-image-preview:large, max-video-preview:-1\" \/>\n<link rel=\"canonical\" href=\"https:\/\/www.cpl.es\/producto\/el-cor-del-viatge-lexploracio-9788491650867\/\" \/>\n<meta property=\"og:locale\" content=\"ca_ES\" \/>\n<meta property=\"og:type\" content=\"article\" \/>\n<meta property=\"og:title\" content=\"El cor del viatge. L&#039;exploraci\u00f3 - CPL\" \/>\n<meta property=\"og:description\" content=\"Ferret Canale, Nuria\" \/>\n<meta property=\"og:url\" content=\"https:\/\/www.cpl.es\/producto\/el-cor-del-viatge-lexploracio-9788491650867\/\" \/>\n<meta property=\"og:site_name\" content=\"CPL\" \/>\n<meta property=\"article:modified_time\" content=\"2023-10-03T23:13:46+00:00\" \/>\n<meta property=\"og:image\" content=\"https:\/\/www.cpl.es\/wp-content\/uploads\/217033.jpg\" \/>\n\t<meta property=\"og:image:width\" content=\"280\" \/>\n\t<meta property=\"og:image:height\" content=\"409\" \/>\n\t<meta property=\"og:image:type\" content=\"image\/jpeg\" \/>\n<meta name=\"twitter:card\" content=\"summary_large_image\" \/>\n<meta name=\"twitter:label1\" content=\"Temps estimat de lectura\" \/>\n\t<meta name=\"twitter:data1\" content=\"1 minut\" \/>\n<script type=\"application\/ld+json\" class=\"yoast-schema-graph\">{\"@context\":\"https:\\\/\\\/schema.org\",\"@graph\":[{\"@type\":\"WebPage\",\"@id\":\"https:\\\/\\\/www.cpl.es\\\/producto\\\/el-cor-del-viatge-lexploracio-9788491650867\\\/\",\"url\":\"https:\\\/\\\/www.cpl.es\\\/producto\\\/el-cor-del-viatge-lexploracio-9788491650867\\\/\",\"name\":\"El cor del viatge. L'exploraci\u00f3 - CPL\",\"isPartOf\":{\"@id\":\"https:\\\/\\\/www.cpl.es\\\/#website\"},\"primaryImageOfPage\":{\"@id\":\"https:\\\/\\\/www.cpl.es\\\/producto\\\/el-cor-del-viatge-lexploracio-9788491650867\\\/#primaryimage\"},\"image\":{\"@id\":\"https:\\\/\\\/www.cpl.es\\\/producto\\\/el-cor-del-viatge-lexploracio-9788491650867\\\/#primaryimage\"},\"thumbnailUrl\":\"https:\\\/\\\/www.cpl.es\\\/wp-content\\\/uploads\\\/217033.jpg\",\"datePublished\":\"2023-10-03T23:13:42+00:00\",\"dateModified\":\"2023-10-03T23:13:46+00:00\",\"breadcrumb\":{\"@id\":\"https:\\\/\\\/www.cpl.es\\\/producto\\\/el-cor-del-viatge-lexploracio-9788491650867\\\/#breadcrumb\"},\"inLanguage\":\"ca\",\"potentialAction\":[{\"@type\":\"ReadAction\",\"target\":[\"https:\\\/\\\/www.cpl.es\\\/producto\\\/el-cor-del-viatge-lexploracio-9788491650867\\\/\"]}]},{\"@type\":\"ImageObject\",\"inLanguage\":\"ca\",\"@id\":\"https:\\\/\\\/www.cpl.es\\\/producto\\\/el-cor-del-viatge-lexploracio-9788491650867\\\/#primaryimage\",\"url\":\"https:\\\/\\\/www.cpl.es\\\/wp-content\\\/uploads\\\/217033.jpg\",\"contentUrl\":\"https:\\\/\\\/www.cpl.es\\\/wp-content\\\/uploads\\\/217033.jpg\",\"width\":280,\"height\":409,\"caption\":\"217033.jpg\"},{\"@type\":\"BreadcrumbList\",\"@id\":\"https:\\\/\\\/www.cpl.es\\\/producto\\\/el-cor-del-viatge-lexploracio-9788491650867\\\/#breadcrumb\",\"itemListElement\":[{\"@type\":\"ListItem\",\"position\":1,\"name\":\"Portada\",\"item\":\"https:\\\/\\\/www.cpl.es\\\/ca\\\/\"},{\"@type\":\"ListItem\",\"position\":2,\"name\":\"Cat\u00e0leg\",\"item\":\"https:\\\/\\\/www.cpl.es\\\/ca\\\/cataleg\\\/\"},{\"@type\":\"ListItem\",\"position\":3,\"name\":\"El cor del viatge. L&#8217;exploraci\u00f3\"}]},{\"@type\":\"WebSite\",\"@id\":\"https:\\\/\\\/www.cpl.es\\\/#website\",\"url\":\"https:\\\/\\\/www.cpl.es\\\/\",\"name\":\"CPL\",\"description\":\"Centre de Pastoral Lit\u00fargica de Barcelona\",\"publisher\":{\"@id\":\"https:\\\/\\\/www.cpl.es\\\/#organization\"},\"alternateName\":\"Centre de Pastoral Lit\u00fargica\",\"potentialAction\":[{\"@type\":\"SearchAction\",\"target\":{\"@type\":\"EntryPoint\",\"urlTemplate\":\"https:\\\/\\\/www.cpl.es\\\/?s={search_term_string}\"},\"query-input\":{\"@type\":\"PropertyValueSpecification\",\"valueRequired\":true,\"valueName\":\"search_term_string\"}}],\"inLanguage\":\"ca\"},{\"@type\":\"Organization\",\"@id\":\"https:\\\/\\\/www.cpl.es\\\/#organization\",\"name\":\"Centre de Pastoral Lit\u00fargica\",\"alternateName\":\"Centre de Pastoral Lit\u00fargica de Barcelona\",\"url\":\"https:\\\/\\\/www.cpl.es\\\/\",\"logo\":{\"@type\":\"ImageObject\",\"inLanguage\":\"ca\",\"@id\":\"https:\\\/\\\/www.cpl.es\\\/#\\\/schema\\\/logo\\\/image\\\/\",\"url\":\"https:\\\/\\\/www.cpl.es\\\/wp-content\\\/uploads\\\/logo-cpl.svg\",\"contentUrl\":\"https:\\\/\\\/www.cpl.es\\\/wp-content\\\/uploads\\\/logo-cpl.svg\",\"caption\":\"Centre de Pastoral Lit\u00fargica\"},\"image\":{\"@id\":\"https:\\\/\\\/www.cpl.es\\\/#\\\/schema\\\/logo\\\/image\\\/\"}}]}<\/script>\n<!-- \/ Yoast SEO plugin. -->","yoast_head_json":{"title":"El cor del viatge. L'exploraci\u00f3 - CPL","robots":{"index":"index","follow":"follow","max-snippet":"max-snippet:-1","max-image-preview":"max-image-preview:large","max-video-preview":"max-video-preview:-1"},"canonical":"https:\/\/www.cpl.es\/producto\/el-cor-del-viatge-lexploracio-9788491650867\/","og_locale":"ca_ES","og_type":"article","og_title":"El cor del viatge. L'exploraci\u00f3 - CPL","og_description":"Ferret Canale, Nuria","og_url":"https:\/\/www.cpl.es\/producto\/el-cor-del-viatge-lexploracio-9788491650867\/","og_site_name":"CPL","article_modified_time":"2023-10-03T23:13:46+00:00","og_image":[{"width":280,"height":409,"url":"https:\/\/www.cpl.es\/wp-content\/uploads\/217033.jpg","type":"image\/jpeg"}],"twitter_card":"summary_large_image","twitter_misc":{"Temps estimat de lectura":"1 minut"},"schema":{"@context":"https:\/\/schema.org","@graph":[{"@type":"WebPage","@id":"https:\/\/www.cpl.es\/producto\/el-cor-del-viatge-lexploracio-9788491650867\/","url":"https:\/\/www.cpl.es\/producto\/el-cor-del-viatge-lexploracio-9788491650867\/","name":"El cor del viatge. L'exploraci\u00f3 - CPL","isPartOf":{"@id":"https:\/\/www.cpl.es\/#website"},"primaryImageOfPage":{"@id":"https:\/\/www.cpl.es\/producto\/el-cor-del-viatge-lexploracio-9788491650867\/#primaryimage"},"image":{"@id":"https:\/\/www.cpl.es\/producto\/el-cor-del-viatge-lexploracio-9788491650867\/#primaryimage"},"thumbnailUrl":"https:\/\/www.cpl.es\/wp-content\/uploads\/217033.jpg","datePublished":"2023-10-03T23:13:42+00:00","dateModified":"2023-10-03T23:13:46+00:00","breadcrumb":{"@id":"https:\/\/www.cpl.es\/producto\/el-cor-del-viatge-lexploracio-9788491650867\/#breadcrumb"},"inLanguage":"ca","potentialAction":[{"@type":"ReadAction","target":["https:\/\/www.cpl.es\/producto\/el-cor-del-viatge-lexploracio-9788491650867\/"]}]},{"@type":"ImageObject","inLanguage":"ca","@id":"https:\/\/www.cpl.es\/producto\/el-cor-del-viatge-lexploracio-9788491650867\/#primaryimage","url":"https:\/\/www.cpl.es\/wp-content\/uploads\/217033.jpg","contentUrl":"https:\/\/www.cpl.es\/wp-content\/uploads\/217033.jpg","width":280,"height":409,"caption":"217033.jpg"},{"@type":"BreadcrumbList","@id":"https:\/\/www.cpl.es\/producto\/el-cor-del-viatge-lexploracio-9788491650867\/#breadcrumb","itemListElement":[{"@type":"ListItem","position":1,"name":"Portada","item":"https:\/\/www.cpl.es\/ca\/"},{"@type":"ListItem","position":2,"name":"Cat\u00e0leg","item":"https:\/\/www.cpl.es\/ca\/cataleg\/"},{"@type":"ListItem","position":3,"name":"El cor del viatge. L&#8217;exploraci\u00f3"}]},{"@type":"WebSite","@id":"https:\/\/www.cpl.es\/#website","url":"https:\/\/www.cpl.es\/","name":"CPL","description":"Centre de Pastoral Lit\u00fargica de Barcelona","publisher":{"@id":"https:\/\/www.cpl.es\/#organization"},"alternateName":"Centre de Pastoral Lit\u00fargica","potentialAction":[{"@type":"SearchAction","target":{"@type":"EntryPoint","urlTemplate":"https:\/\/www.cpl.es\/?s={search_term_string}"},"query-input":{"@type":"PropertyValueSpecification","valueRequired":true,"valueName":"search_term_string"}}],"inLanguage":"ca"},{"@type":"Organization","@id":"https:\/\/www.cpl.es\/#organization","name":"Centre de Pastoral Lit\u00fargica","alternateName":"Centre de Pastoral Lit\u00fargica de Barcelona","url":"https:\/\/www.cpl.es\/","logo":{"@type":"ImageObject","inLanguage":"ca","@id":"https:\/\/www.cpl.es\/#\/schema\/logo\/image\/","url":"https:\/\/www.cpl.es\/wp-content\/uploads\/logo-cpl.svg","contentUrl":"https:\/\/www.cpl.es\/wp-content\/uploads\/logo-cpl.svg","caption":"Centre de Pastoral Lit\u00fargica"},"image":{"@id":"https:\/\/www.cpl.es\/#\/schema\/logo\/image\/"}}]}},"_links":{"self":[{"href":"https:\/\/www.cpl.es\/ca\/wp-json\/wp\/v2\/product\/1527","targetHints":{"allow":["GET"]}}],"collection":[{"href":"https:\/\/www.cpl.es\/ca\/wp-json\/wp\/v2\/product"}],"about":[{"href":"https:\/\/www.cpl.es\/ca\/wp-json\/wp\/v2\/types\/product"}],"wp:featuredmedia":[{"embeddable":true,"href":"https:\/\/www.cpl.es\/ca\/wp-json\/wp\/v2\/media\/1528"}],"wp:attachment":[{"href":"https:\/\/www.cpl.es\/ca\/wp-json\/wp\/v2\/media?parent=1527"}],"wp:term":[{"taxonomy":"product_brand","embeddable":true,"href":"https:\/\/www.cpl.es\/ca\/wp-json\/wp\/v2\/product_brand?post=1527"},{"taxonomy":"product_cat","embeddable":true,"href":"https:\/\/www.cpl.es\/ca\/wp-json\/wp\/v2\/product_cat?post=1527"},{"taxonomy":"product_tag","embeddable":true,"href":"https:\/\/www.cpl.es\/ca\/wp-json\/wp\/v2\/product_tag?post=1527"}],"curies":[{"name":"wp","href":"https:\/\/api.w.org\/{rel}","templated":true}]}}