{"id":1281,"date":"2023-10-04T01:06:03","date_gmt":"2023-10-03T23:06:03","guid":{"rendered":"https:\/\/nuevaweb.cpl.es\/producto\/oraciones-para-empezar-una-reunion-9788491652144\/"},"modified":"2025-12-11T09:33:23","modified_gmt":"2025-12-11T08:33:23","slug":"oraciones-para-empezar-una-reunion-9788491652144","status":"publish","type":"product","link":"https:\/\/www.cpl.es\/ca\/producto\/oraciones-para-empezar-una-reunion-9788491652144\/","title":{"rendered":"Oraciones para empezar una reuni\u00f3n"},"content":{"rendered":"<p>Es bueno empezar las reuniones de grupos cristianos con un momento de oraci\u00f3n. Aqu\u00ed proponemos 16 modelos, inspirados en la Liturgia de las Horas, pensados para usarlos seg\u00fan el d\u00eda del mes en que se hace la reuni\u00f3n. As\u00ed, del d\u00eda 1 al 16 del mes se usa la oraci\u00f3n correspondiente, y del 17 al 31 se repiten las oraciones. El motivo de esta distribuci\u00f3n es que dif\u00edcilmente se repetir\u00e1 el n\u00famero del d\u00eda del mes en que se hace la reuni\u00f3n, hecho que s\u00ed que pasar\u00eda si hici\u00e9ramos una distribuci\u00f3n por d\u00eda de la semana.<\/p>\n","protected":false},"excerpt":{"rendered":"<p>Aymerich i Mi\u00f1arro, Xavier<\/p>\n","protected":false},"featured_media":1282,"template":"","meta":{"_acf_changed":false,"inline_featured_image":false},"product_brand":[],"product_cat":[77,45,63,86],"product_tag":[],"class_list":{"0":"post-1281","1":"product","2":"type-product","3":"status-publish","4":"has-post-thumbnail","6":"product_cat-celebrar-colleccions-catala","7":"product_cat-celebrar","8":"product_cat-oracion","9":"product_cat-pregaria","11":"first","12":"instock","13":"taxable","14":"shipping-taxable","15":"purchasable","16":"product-type-simple"},"acf":{"autor":"Aymerich i Mi\u00f1arro, Xavier","codart":"102102","ediciones":"1","encuadernacion":"R\u00fastica","fecha_de_publicacion":"08\/10\/2019","novedad":false,"paginas":"72","subtitulo":"","orden":"999","portada":false,"idioma":"spa","editorial":[{"ID":6736,"post_author":"2","post_date":"2023-10-06 08:35:24","post_date_gmt":"2023-10-06 06:35:24","post_content":"","post_title":"CPL","post_excerpt":"","post_status":"publish","comment_status":"closed","ping_status":"closed","post_password":"","post_name":"cpl","to_ping":"","pinged":"","post_modified":"2023-10-06 08:35:24","post_modified_gmt":"2023-10-06 06:35:24","post_content_filtered":"","post_parent":0,"guid":"https:\/\/nuevaweb.cpl.es\/editorial\/cpl\/","menu_order":0,"post_type":"editorial","post_mime_type":"","comment_count":"0","filter":"raw"}],"coleccion_num":"102"},"yoast_head":"<!-- This site is optimized with the Yoast SEO plugin v27.3 - https:\/\/yoast.com\/product\/yoast-seo-wordpress\/ -->\n<title>Oraciones para empezar una reuni\u00f3n - CPL<\/title>\n<meta name=\"robots\" content=\"index, follow, max-snippet:-1, max-image-preview:large, max-video-preview:-1\" \/>\n<link rel=\"canonical\" href=\"https:\/\/www.cpl.es\/producto\/oraciones-para-empezar-una-reunion-9788491652144\/\" \/>\n<meta property=\"og:locale\" content=\"ca_ES\" \/>\n<meta property=\"og:type\" content=\"article\" \/>\n<meta property=\"og:title\" content=\"Oraciones para empezar una reuni\u00f3n - CPL\" \/>\n<meta property=\"og:description\" content=\"Aymerich i Mi\u00f1arro, Xavier\" \/>\n<meta property=\"og:url\" content=\"https:\/\/www.cpl.es\/producto\/oraciones-para-empezar-una-reunion-9788491652144\/\" \/>\n<meta property=\"og:site_name\" content=\"CPL\" \/>\n<meta property=\"article:modified_time\" content=\"2025-12-11T08:33:23+00:00\" \/>\n<meta property=\"og:image\" content=\"https:\/\/www.cpl.es\/wp-content\/uploads\/102102.jpg\" \/>\n\t<meta property=\"og:image:width\" content=\"281\" \/>\n\t<meta property=\"og:image:height\" content=\"397\" \/>\n\t<meta property=\"og:image:type\" content=\"image\/jpeg\" \/>\n<meta name=\"twitter:card\" content=\"summary_large_image\" \/>\n<meta name=\"twitter:label1\" content=\"Temps estimat de lectura\" \/>\n\t<meta name=\"twitter:data1\" content=\"1 minut\" \/>\n<script type=\"application\/ld+json\" class=\"yoast-schema-graph\">{\"@context\":\"https:\\\/\\\/schema.org\",\"@graph\":[{\"@type\":\"WebPage\",\"@id\":\"https:\\\/\\\/www.cpl.es\\\/producto\\\/oraciones-para-empezar-una-reunion-9788491652144\\\/\",\"url\":\"https:\\\/\\\/www.cpl.es\\\/producto\\\/oraciones-para-empezar-una-reunion-9788491652144\\\/\",\"name\":\"Oraciones para empezar una reuni\u00f3n - CPL\",\"isPartOf\":{\"@id\":\"https:\\\/\\\/www.cpl.es\\\/#website\"},\"primaryImageOfPage\":{\"@id\":\"https:\\\/\\\/www.cpl.es\\\/producto\\\/oraciones-para-empezar-una-reunion-9788491652144\\\/#primaryimage\"},\"image\":{\"@id\":\"https:\\\/\\\/www.cpl.es\\\/producto\\\/oraciones-para-empezar-una-reunion-9788491652144\\\/#primaryimage\"},\"thumbnailUrl\":\"https:\\\/\\\/www.cpl.es\\\/wp-content\\\/uploads\\\/102102.jpg\",\"datePublished\":\"2023-10-03T23:06:03+00:00\",\"dateModified\":\"2025-12-11T08:33:23+00:00\",\"breadcrumb\":{\"@id\":\"https:\\\/\\\/www.cpl.es\\\/producto\\\/oraciones-para-empezar-una-reunion-9788491652144\\\/#breadcrumb\"},\"inLanguage\":\"ca\",\"potentialAction\":[{\"@type\":\"ReadAction\",\"target\":[\"https:\\\/\\\/www.cpl.es\\\/producto\\\/oraciones-para-empezar-una-reunion-9788491652144\\\/\"]}]},{\"@type\":\"ImageObject\",\"inLanguage\":\"ca\",\"@id\":\"https:\\\/\\\/www.cpl.es\\\/producto\\\/oraciones-para-empezar-una-reunion-9788491652144\\\/#primaryimage\",\"url\":\"https:\\\/\\\/www.cpl.es\\\/wp-content\\\/uploads\\\/102102.jpg\",\"contentUrl\":\"https:\\\/\\\/www.cpl.es\\\/wp-content\\\/uploads\\\/102102.jpg\",\"width\":281,\"height\":397,\"caption\":\"102102.jpg\"},{\"@type\":\"BreadcrumbList\",\"@id\":\"https:\\\/\\\/www.cpl.es\\\/producto\\\/oraciones-para-empezar-una-reunion-9788491652144\\\/#breadcrumb\",\"itemListElement\":[{\"@type\":\"ListItem\",\"position\":1,\"name\":\"Portada\",\"item\":\"https:\\\/\\\/www.cpl.es\\\/ca\\\/\"},{\"@type\":\"ListItem\",\"position\":2,\"name\":\"Cat\u00e0leg\",\"item\":\"https:\\\/\\\/www.cpl.es\\\/ca\\\/cataleg\\\/\"},{\"@type\":\"ListItem\",\"position\":3,\"name\":\"Oraciones para empezar una reuni\u00f3n\"}]},{\"@type\":\"WebSite\",\"@id\":\"https:\\\/\\\/www.cpl.es\\\/#website\",\"url\":\"https:\\\/\\\/www.cpl.es\\\/\",\"name\":\"CPL\",\"description\":\"Centre de Pastoral Lit\u00fargica de Barcelona\",\"publisher\":{\"@id\":\"https:\\\/\\\/www.cpl.es\\\/#organization\"},\"alternateName\":\"Centre de Pastoral Lit\u00fargica\",\"potentialAction\":[{\"@type\":\"SearchAction\",\"target\":{\"@type\":\"EntryPoint\",\"urlTemplate\":\"https:\\\/\\\/www.cpl.es\\\/?s={search_term_string}\"},\"query-input\":{\"@type\":\"PropertyValueSpecification\",\"valueRequired\":true,\"valueName\":\"search_term_string\"}}],\"inLanguage\":\"ca\"},{\"@type\":\"Organization\",\"@id\":\"https:\\\/\\\/www.cpl.es\\\/#organization\",\"name\":\"Centre de Pastoral Lit\u00fargica\",\"alternateName\":\"Centre de Pastoral Lit\u00fargica de Barcelona\",\"url\":\"https:\\\/\\\/www.cpl.es\\\/\",\"logo\":{\"@type\":\"ImageObject\",\"inLanguage\":\"ca\",\"@id\":\"https:\\\/\\\/www.cpl.es\\\/#\\\/schema\\\/logo\\\/image\\\/\",\"url\":\"https:\\\/\\\/www.cpl.es\\\/wp-content\\\/uploads\\\/logo-cpl.svg\",\"contentUrl\":\"https:\\\/\\\/www.cpl.es\\\/wp-content\\\/uploads\\\/logo-cpl.svg\",\"caption\":\"Centre de Pastoral Lit\u00fargica\"},\"image\":{\"@id\":\"https:\\\/\\\/www.cpl.es\\\/#\\\/schema\\\/logo\\\/image\\\/\"}}]}<\/script>\n<!-- \/ Yoast SEO plugin. -->","yoast_head_json":{"title":"Oraciones para empezar una reuni\u00f3n - CPL","robots":{"index":"index","follow":"follow","max-snippet":"max-snippet:-1","max-image-preview":"max-image-preview:large","max-video-preview":"max-video-preview:-1"},"canonical":"https:\/\/www.cpl.es\/producto\/oraciones-para-empezar-una-reunion-9788491652144\/","og_locale":"ca_ES","og_type":"article","og_title":"Oraciones para empezar una reuni\u00f3n - CPL","og_description":"Aymerich i Mi\u00f1arro, Xavier","og_url":"https:\/\/www.cpl.es\/producto\/oraciones-para-empezar-una-reunion-9788491652144\/","og_site_name":"CPL","article_modified_time":"2025-12-11T08:33:23+00:00","og_image":[{"width":281,"height":397,"url":"https:\/\/www.cpl.es\/wp-content\/uploads\/102102.jpg","type":"image\/jpeg"}],"twitter_card":"summary_large_image","twitter_misc":{"Temps estimat de lectura":"1 minut"},"schema":{"@context":"https:\/\/schema.org","@graph":[{"@type":"WebPage","@id":"https:\/\/www.cpl.es\/producto\/oraciones-para-empezar-una-reunion-9788491652144\/","url":"https:\/\/www.cpl.es\/producto\/oraciones-para-empezar-una-reunion-9788491652144\/","name":"Oraciones para empezar una reuni\u00f3n - CPL","isPartOf":{"@id":"https:\/\/www.cpl.es\/#website"},"primaryImageOfPage":{"@id":"https:\/\/www.cpl.es\/producto\/oraciones-para-empezar-una-reunion-9788491652144\/#primaryimage"},"image":{"@id":"https:\/\/www.cpl.es\/producto\/oraciones-para-empezar-una-reunion-9788491652144\/#primaryimage"},"thumbnailUrl":"https:\/\/www.cpl.es\/wp-content\/uploads\/102102.jpg","datePublished":"2023-10-03T23:06:03+00:00","dateModified":"2025-12-11T08:33:23+00:00","breadcrumb":{"@id":"https:\/\/www.cpl.es\/producto\/oraciones-para-empezar-una-reunion-9788491652144\/#breadcrumb"},"inLanguage":"ca","potentialAction":[{"@type":"ReadAction","target":["https:\/\/www.cpl.es\/producto\/oraciones-para-empezar-una-reunion-9788491652144\/"]}]},{"@type":"ImageObject","inLanguage":"ca","@id":"https:\/\/www.cpl.es\/producto\/oraciones-para-empezar-una-reunion-9788491652144\/#primaryimage","url":"https:\/\/www.cpl.es\/wp-content\/uploads\/102102.jpg","contentUrl":"https:\/\/www.cpl.es\/wp-content\/uploads\/102102.jpg","width":281,"height":397,"caption":"102102.jpg"},{"@type":"BreadcrumbList","@id":"https:\/\/www.cpl.es\/producto\/oraciones-para-empezar-una-reunion-9788491652144\/#breadcrumb","itemListElement":[{"@type":"ListItem","position":1,"name":"Portada","item":"https:\/\/www.cpl.es\/ca\/"},{"@type":"ListItem","position":2,"name":"Cat\u00e0leg","item":"https:\/\/www.cpl.es\/ca\/cataleg\/"},{"@type":"ListItem","position":3,"name":"Oraciones para empezar una reuni\u00f3n"}]},{"@type":"WebSite","@id":"https:\/\/www.cpl.es\/#website","url":"https:\/\/www.cpl.es\/","name":"CPL","description":"Centre de Pastoral Lit\u00fargica de Barcelona","publisher":{"@id":"https:\/\/www.cpl.es\/#organization"},"alternateName":"Centre de Pastoral Lit\u00fargica","potentialAction":[{"@type":"SearchAction","target":{"@type":"EntryPoint","urlTemplate":"https:\/\/www.cpl.es\/?s={search_term_string}"},"query-input":{"@type":"PropertyValueSpecification","valueRequired":true,"valueName":"search_term_string"}}],"inLanguage":"ca"},{"@type":"Organization","@id":"https:\/\/www.cpl.es\/#organization","name":"Centre de Pastoral Lit\u00fargica","alternateName":"Centre de Pastoral Lit\u00fargica de Barcelona","url":"https:\/\/www.cpl.es\/","logo":{"@type":"ImageObject","inLanguage":"ca","@id":"https:\/\/www.cpl.es\/#\/schema\/logo\/image\/","url":"https:\/\/www.cpl.es\/wp-content\/uploads\/logo-cpl.svg","contentUrl":"https:\/\/www.cpl.es\/wp-content\/uploads\/logo-cpl.svg","caption":"Centre de Pastoral Lit\u00fargica"},"image":{"@id":"https:\/\/www.cpl.es\/#\/schema\/logo\/image\/"}}]}},"_links":{"self":[{"href":"https:\/\/www.cpl.es\/ca\/wp-json\/wp\/v2\/product\/1281","targetHints":{"allow":["GET"]}}],"collection":[{"href":"https:\/\/www.cpl.es\/ca\/wp-json\/wp\/v2\/product"}],"about":[{"href":"https:\/\/www.cpl.es\/ca\/wp-json\/wp\/v2\/types\/product"}],"wp:featuredmedia":[{"embeddable":true,"href":"https:\/\/www.cpl.es\/ca\/wp-json\/wp\/v2\/media\/1282"}],"wp:attachment":[{"href":"https:\/\/www.cpl.es\/ca\/wp-json\/wp\/v2\/media?parent=1281"}],"wp:term":[{"taxonomy":"product_brand","embeddable":true,"href":"https:\/\/www.cpl.es\/ca\/wp-json\/wp\/v2\/product_brand?post=1281"},{"taxonomy":"product_cat","embeddable":true,"href":"https:\/\/www.cpl.es\/ca\/wp-json\/wp\/v2\/product_cat?post=1281"},{"taxonomy":"product_tag","embeddable":true,"href":"https:\/\/www.cpl.es\/ca\/wp-json\/wp\/v2\/product_tag?post=1281"}],"curies":[{"name":"wp","href":"https:\/\/api.w.org\/{rel}","templated":true}]}}