{"id":12472,"date":"2024-03-20T16:58:33","date_gmt":"2024-03-20T15:58:33","guid":{"rendered":"https:\/\/nuevaweb.cpl.es\/producto\/formacio-liturgica-fonamental-9788491656135\/"},"modified":"2025-10-03T11:12:54","modified_gmt":"2025-10-03T09:12:54","slug":"formacio-liturgica-fonamental-9788491656135","status":"publish","type":"product","link":"https:\/\/www.cpl.es\/ca\/producto\/formacio-liturgica-fonamental-9788491656135\/","title":{"rendered":"Formaci\u00f3 lit\u00fargica fonamental"},"content":{"rendered":"<p> La lit\u00fargia ocupa un lloc central en la vida de l\u2019Esgl\u00e9sia i en la vida de cada cristi\u00e0, de cada cristiana. Per poder endinsar-nos millor en l\u2019ess\u00e8ncia, el papa Francesc ens convida \u00aba una formaci\u00f3 lit\u00fargica seriosa i vital\u00bb (Desiderio desideravi 31). Rellegir la Constituci\u00f3 conciliar sobre la lit\u00fargia Sacrosanctum Concilium ens pot ajudar a aquesta formaci\u00f3. Els fonaments de la lit\u00fargia que aquest document assent\u00e0 continuen sent actuals. Per aix\u00f2, en les p\u00e0gines d\u2019aquest llibre, s\u00f3n presentats amb un llenguatge comprensible, clar, senzill, perqu\u00e8 qualsevol creient pugui con\u00e8ixer-los i endinsar-se en el substrat teol\u00f2gic de la celebraci\u00f3 lit\u00fargica.<\/p>\n<blockquote><p>Els principis de la lit\u00fargia que es tracten s\u00f3n: l\u2019exercici del sacerdoci Crist en la lit\u00fargia; la santificaci\u00f3 dels homes i es dones a trav\u00e9s de la lit\u00fargia; el culte a D\u00e9u ofert en la lit\u00fargia; la connexi\u00f3 de la lit\u00fargia terrenal amb la lit\u00fargia celestial; la pres\u00e8ncia de Crist en la lit\u00fargia; la dimensi\u00f3 eclesiol\u00f2gica de la lit\u00fargia; la teologia de l\u2019assemblea lit\u00fargica; la lit\u00fargia com a font i cimal de la vida cristiana; la participaci\u00f3 en la lit\u00fargia, etc.<\/p><\/blockquote>\n<blockquote><p><\/p><\/blockquote>\n<blockquote><p>Jos\u00e9 Antonio Go\u00f1i \u00e9s prevere de las di\u00f2cesi de Pamplona i de Tudela, doctor en lit\u00fargia, exerceix el seu ministeri a la catedral de Pamplona com a prefecte de lit\u00fargia, delegat dioces\u00e0 de lit\u00fargia i imparteix classes de lit\u00fargia i sagraments al seminari de la seva di\u00f2cesi, a la Facultat de Teologia de Vitoria i a el Pontifici Institut Lit\u00fargic Sant Anselm de Roma, dirigeix la revista Phase i \u00e9s consultor del Secretariado Nacional de Liturgia de la Confer\u00e8ncia Episcopal Espanyola.<\/p><\/blockquote>\n","protected":false},"excerpt":{"rendered":"<p>Go\u00f1i Beasoain de Paulorena, Jos\u00e9 Antonio<\/p>\n","protected":false},"featured_media":12473,"template":"","meta":{"_acf_changed":false,"inline_featured_image":false},"product_brand":[],"product_cat":[15],"product_tag":[],"class_list":{"0":"post-12472","1":"product","2":"type-product","3":"status-publish","4":"has-post-thumbnail","6":"product_cat-sin-categorizar","8":"first","9":"instock","10":"taxable","11":"shipping-taxable","12":"purchasable","13":"product-type-simple"},"acf":{"autor":"Go\u00f1i Beasoain de Paulorena, Jos\u00e9 Antonio","codart":"208180","ediciones":"1","encuadernacion":"R\u00fastica","fecha_de_publicacion":"24\/01\/2024","novedad":false,"paginas":"160","subtitulo":"Exposici\u00f3 senzilla dels principis essencials de Sacrosanctum Concilium per a la lectura personal o el treball en grup","orden":"999","portada":true,"idioma":"cat","coleccion_num":"180","booktrailer":"","ficha":"","muestra":"","presentacion":"","editorial":[{"ID":6736,"post_author":"2","post_date":"2023-10-06 08:35:24","post_date_gmt":"2023-10-06 06:35:24","post_content":"","post_title":"CPL","post_excerpt":"","post_status":"publish","comment_status":"closed","ping_status":"closed","post_password":"","post_name":"cpl","to_ping":"","pinged":"","post_modified":"2023-10-06 08:35:24","post_modified_gmt":"2023-10-06 06:35:24","post_content_filtered":"","post_parent":0,"guid":"https:\/\/nuevaweb.cpl.es\/editorial\/cpl\/","menu_order":0,"post_type":"editorial","post_mime_type":"","comment_count":"0","filter":"raw"}],"autores-libros":"","traductores-libros":"","ilustradores-libros":"","coleccion":"","formato":"","Venta_ebook_1_url":"","Venta_ebook_1_tienda":"","Venta_ebook_1_precio":"","Venta_ebook_2_url":"","Venta_ebook_2_tienda":"","Venta_ebook_2_precio":"","Venta_ebook_3_url":"","Venta_ebook_3_tienda":"","Venta_ebook_3_precio":"","Venta_ebook_4_url":"","Venta_ebook_4_tienda":"","Venta_ebook_4_precio":"","Venta_ebook_5_url":"","Venta_ebook_5_tienda":"","Venta_ebook_5_precio":"","Venta_ebook_6_url":"","Venta_ebook_6_tienda":"","Venta_ebook_6_precio":"","recomendamos":"","mas_vendido":"","tarifa":""},"yoast_head":"<!-- This site is optimized with the Yoast SEO plugin v27.3 - https:\/\/yoast.com\/product\/yoast-seo-wordpress\/ -->\n<title>Formaci\u00f3 lit\u00fargica fonamental - CPL<\/title>\n<meta name=\"robots\" content=\"index, follow, max-snippet:-1, max-image-preview:large, max-video-preview:-1\" \/>\n<link rel=\"canonical\" href=\"https:\/\/www.cpl.es\/producto\/formacio-liturgica-fonamental-9788491656135\/\" \/>\n<meta property=\"og:locale\" content=\"ca_ES\" \/>\n<meta property=\"og:type\" content=\"article\" \/>\n<meta property=\"og:title\" content=\"Formaci\u00f3 lit\u00fargica fonamental - CPL\" \/>\n<meta property=\"og:description\" content=\"Go\u00f1i Beasoain de Paulorena, Jos\u00e9 Antonio\" \/>\n<meta property=\"og:url\" content=\"https:\/\/www.cpl.es\/producto\/formacio-liturgica-fonamental-9788491656135\/\" \/>\n<meta property=\"og:site_name\" content=\"CPL\" \/>\n<meta property=\"article:modified_time\" content=\"2025-10-03T09:12:54+00:00\" \/>\n<meta property=\"og:image\" content=\"https:\/\/www.cpl.es\/wp-content\/uploads\/9788491656135.jpg\" \/>\n\t<meta property=\"og:image:width\" content=\"308\" \/>\n\t<meta property=\"og:image:height\" content=\"487\" \/>\n\t<meta property=\"og:image:type\" content=\"image\/jpeg\" \/>\n<meta name=\"twitter:card\" content=\"summary_large_image\" \/>\n<meta name=\"twitter:label1\" content=\"Temps estimat de lectura\" \/>\n\t<meta name=\"twitter:data1\" content=\"2 minuts\" \/>\n<script type=\"application\/ld+json\" class=\"yoast-schema-graph\">{\"@context\":\"https:\\\/\\\/schema.org\",\"@graph\":[{\"@type\":\"WebPage\",\"@id\":\"https:\\\/\\\/www.cpl.es\\\/producto\\\/formacio-liturgica-fonamental-9788491656135\\\/\",\"url\":\"https:\\\/\\\/www.cpl.es\\\/producto\\\/formacio-liturgica-fonamental-9788491656135\\\/\",\"name\":\"Formaci\u00f3 lit\u00fargica fonamental - CPL\",\"isPartOf\":{\"@id\":\"https:\\\/\\\/www.cpl.es\\\/#website\"},\"primaryImageOfPage\":{\"@id\":\"https:\\\/\\\/www.cpl.es\\\/producto\\\/formacio-liturgica-fonamental-9788491656135\\\/#primaryimage\"},\"image\":{\"@id\":\"https:\\\/\\\/www.cpl.es\\\/producto\\\/formacio-liturgica-fonamental-9788491656135\\\/#primaryimage\"},\"thumbnailUrl\":\"https:\\\/\\\/www.cpl.es\\\/wp-content\\\/uploads\\\/9788491656135.jpg\",\"datePublished\":\"2024-03-20T15:58:33+00:00\",\"dateModified\":\"2025-10-03T09:12:54+00:00\",\"breadcrumb\":{\"@id\":\"https:\\\/\\\/www.cpl.es\\\/producto\\\/formacio-liturgica-fonamental-9788491656135\\\/#breadcrumb\"},\"inLanguage\":\"ca\",\"potentialAction\":[{\"@type\":\"ReadAction\",\"target\":[\"https:\\\/\\\/www.cpl.es\\\/producto\\\/formacio-liturgica-fonamental-9788491656135\\\/\"]}]},{\"@type\":\"ImageObject\",\"inLanguage\":\"ca\",\"@id\":\"https:\\\/\\\/www.cpl.es\\\/producto\\\/formacio-liturgica-fonamental-9788491656135\\\/#primaryimage\",\"url\":\"https:\\\/\\\/www.cpl.es\\\/wp-content\\\/uploads\\\/9788491656135.jpg\",\"contentUrl\":\"https:\\\/\\\/www.cpl.es\\\/wp-content\\\/uploads\\\/9788491656135.jpg\",\"width\":308,\"height\":487,\"caption\":\"9788491656135.jpg\"},{\"@type\":\"BreadcrumbList\",\"@id\":\"https:\\\/\\\/www.cpl.es\\\/producto\\\/formacio-liturgica-fonamental-9788491656135\\\/#breadcrumb\",\"itemListElement\":[{\"@type\":\"ListItem\",\"position\":1,\"name\":\"Portada\",\"item\":\"https:\\\/\\\/www.cpl.es\\\/ca\\\/\"},{\"@type\":\"ListItem\",\"position\":2,\"name\":\"Cat\u00e0leg\",\"item\":\"https:\\\/\\\/www.cpl.es\\\/ca\\\/cataleg\\\/\"},{\"@type\":\"ListItem\",\"position\":3,\"name\":\"Formaci\u00f3 lit\u00fargica fonamental\"}]},{\"@type\":\"WebSite\",\"@id\":\"https:\\\/\\\/www.cpl.es\\\/#website\",\"url\":\"https:\\\/\\\/www.cpl.es\\\/\",\"name\":\"CPL\",\"description\":\"Centre de Pastoral Lit\u00fargica de Barcelona\",\"publisher\":{\"@id\":\"https:\\\/\\\/www.cpl.es\\\/#organization\"},\"alternateName\":\"Centre de Pastoral Lit\u00fargica\",\"potentialAction\":[{\"@type\":\"SearchAction\",\"target\":{\"@type\":\"EntryPoint\",\"urlTemplate\":\"https:\\\/\\\/www.cpl.es\\\/?s={search_term_string}\"},\"query-input\":{\"@type\":\"PropertyValueSpecification\",\"valueRequired\":true,\"valueName\":\"search_term_string\"}}],\"inLanguage\":\"ca\"},{\"@type\":\"Organization\",\"@id\":\"https:\\\/\\\/www.cpl.es\\\/#organization\",\"name\":\"Centre de Pastoral Lit\u00fargica\",\"alternateName\":\"Centre de Pastoral Lit\u00fargica de Barcelona\",\"url\":\"https:\\\/\\\/www.cpl.es\\\/\",\"logo\":{\"@type\":\"ImageObject\",\"inLanguage\":\"ca\",\"@id\":\"https:\\\/\\\/www.cpl.es\\\/#\\\/schema\\\/logo\\\/image\\\/\",\"url\":\"https:\\\/\\\/www.cpl.es\\\/wp-content\\\/uploads\\\/logo-cpl.svg\",\"contentUrl\":\"https:\\\/\\\/www.cpl.es\\\/wp-content\\\/uploads\\\/logo-cpl.svg\",\"caption\":\"Centre de Pastoral Lit\u00fargica\"},\"image\":{\"@id\":\"https:\\\/\\\/www.cpl.es\\\/#\\\/schema\\\/logo\\\/image\\\/\"}}]}<\/script>\n<!-- \/ Yoast SEO plugin. -->","yoast_head_json":{"title":"Formaci\u00f3 lit\u00fargica fonamental - CPL","robots":{"index":"index","follow":"follow","max-snippet":"max-snippet:-1","max-image-preview":"max-image-preview:large","max-video-preview":"max-video-preview:-1"},"canonical":"https:\/\/www.cpl.es\/producto\/formacio-liturgica-fonamental-9788491656135\/","og_locale":"ca_ES","og_type":"article","og_title":"Formaci\u00f3 lit\u00fargica fonamental - CPL","og_description":"Go\u00f1i Beasoain de Paulorena, Jos\u00e9 Antonio","og_url":"https:\/\/www.cpl.es\/producto\/formacio-liturgica-fonamental-9788491656135\/","og_site_name":"CPL","article_modified_time":"2025-10-03T09:12:54+00:00","og_image":[{"width":308,"height":487,"url":"https:\/\/www.cpl.es\/wp-content\/uploads\/9788491656135.jpg","type":"image\/jpeg"}],"twitter_card":"summary_large_image","twitter_misc":{"Temps estimat de lectura":"2 minuts"},"schema":{"@context":"https:\/\/schema.org","@graph":[{"@type":"WebPage","@id":"https:\/\/www.cpl.es\/producto\/formacio-liturgica-fonamental-9788491656135\/","url":"https:\/\/www.cpl.es\/producto\/formacio-liturgica-fonamental-9788491656135\/","name":"Formaci\u00f3 lit\u00fargica fonamental - CPL","isPartOf":{"@id":"https:\/\/www.cpl.es\/#website"},"primaryImageOfPage":{"@id":"https:\/\/www.cpl.es\/producto\/formacio-liturgica-fonamental-9788491656135\/#primaryimage"},"image":{"@id":"https:\/\/www.cpl.es\/producto\/formacio-liturgica-fonamental-9788491656135\/#primaryimage"},"thumbnailUrl":"https:\/\/www.cpl.es\/wp-content\/uploads\/9788491656135.jpg","datePublished":"2024-03-20T15:58:33+00:00","dateModified":"2025-10-03T09:12:54+00:00","breadcrumb":{"@id":"https:\/\/www.cpl.es\/producto\/formacio-liturgica-fonamental-9788491656135\/#breadcrumb"},"inLanguage":"ca","potentialAction":[{"@type":"ReadAction","target":["https:\/\/www.cpl.es\/producto\/formacio-liturgica-fonamental-9788491656135\/"]}]},{"@type":"ImageObject","inLanguage":"ca","@id":"https:\/\/www.cpl.es\/producto\/formacio-liturgica-fonamental-9788491656135\/#primaryimage","url":"https:\/\/www.cpl.es\/wp-content\/uploads\/9788491656135.jpg","contentUrl":"https:\/\/www.cpl.es\/wp-content\/uploads\/9788491656135.jpg","width":308,"height":487,"caption":"9788491656135.jpg"},{"@type":"BreadcrumbList","@id":"https:\/\/www.cpl.es\/producto\/formacio-liturgica-fonamental-9788491656135\/#breadcrumb","itemListElement":[{"@type":"ListItem","position":1,"name":"Portada","item":"https:\/\/www.cpl.es\/ca\/"},{"@type":"ListItem","position":2,"name":"Cat\u00e0leg","item":"https:\/\/www.cpl.es\/ca\/cataleg\/"},{"@type":"ListItem","position":3,"name":"Formaci\u00f3 lit\u00fargica fonamental"}]},{"@type":"WebSite","@id":"https:\/\/www.cpl.es\/#website","url":"https:\/\/www.cpl.es\/","name":"CPL","description":"Centre de Pastoral Lit\u00fargica de Barcelona","publisher":{"@id":"https:\/\/www.cpl.es\/#organization"},"alternateName":"Centre de Pastoral Lit\u00fargica","potentialAction":[{"@type":"SearchAction","target":{"@type":"EntryPoint","urlTemplate":"https:\/\/www.cpl.es\/?s={search_term_string}"},"query-input":{"@type":"PropertyValueSpecification","valueRequired":true,"valueName":"search_term_string"}}],"inLanguage":"ca"},{"@type":"Organization","@id":"https:\/\/www.cpl.es\/#organization","name":"Centre de Pastoral Lit\u00fargica","alternateName":"Centre de Pastoral Lit\u00fargica de Barcelona","url":"https:\/\/www.cpl.es\/","logo":{"@type":"ImageObject","inLanguage":"ca","@id":"https:\/\/www.cpl.es\/#\/schema\/logo\/image\/","url":"https:\/\/www.cpl.es\/wp-content\/uploads\/logo-cpl.svg","contentUrl":"https:\/\/www.cpl.es\/wp-content\/uploads\/logo-cpl.svg","caption":"Centre de Pastoral Lit\u00fargica"},"image":{"@id":"https:\/\/www.cpl.es\/#\/schema\/logo\/image\/"}}]}},"_links":{"self":[{"href":"https:\/\/www.cpl.es\/ca\/wp-json\/wp\/v2\/product\/12472","targetHints":{"allow":["GET"]}}],"collection":[{"href":"https:\/\/www.cpl.es\/ca\/wp-json\/wp\/v2\/product"}],"about":[{"href":"https:\/\/www.cpl.es\/ca\/wp-json\/wp\/v2\/types\/product"}],"wp:featuredmedia":[{"embeddable":true,"href":"https:\/\/www.cpl.es\/ca\/wp-json\/wp\/v2\/media\/12473"}],"wp:attachment":[{"href":"https:\/\/www.cpl.es\/ca\/wp-json\/wp\/v2\/media?parent=12472"}],"wp:term":[{"taxonomy":"product_brand","embeddable":true,"href":"https:\/\/www.cpl.es\/ca\/wp-json\/wp\/v2\/product_brand?post=12472"},{"taxonomy":"product_cat","embeddable":true,"href":"https:\/\/www.cpl.es\/ca\/wp-json\/wp\/v2\/product_cat?post=12472"},{"taxonomy":"product_tag","embeddable":true,"href":"https:\/\/www.cpl.es\/ca\/wp-json\/wp\/v2\/product_tag?post=12472"}],"curies":[{"name":"wp","href":"https:\/\/api.w.org\/{rel}","templated":true}]}}