{"id":12465,"date":"2024-03-19T18:38:43","date_gmt":"2024-03-19T17:38:43","guid":{"rendered":"https:\/\/nuevaweb.cpl.es\/producto\/el-misal-de-santa-eulalia-de-barcelona-1403-md-116-del-archivo-capitular-de-barcelona-9788491656104\/"},"modified":"2026-02-12T16:47:13","modified_gmt":"2026-02-12T15:47:13","slug":"el-misal-de-santa-eulalia-de-barcelona-1403-md-116-del-archivo-capitular-de-barcelona-9788491656104","status":"publish","type":"product","link":"https:\/\/www.cpl.es\/ca\/producto\/el-misal-de-santa-eulalia-de-barcelona-1403-md-116-del-archivo-capitular-de-barcelona-9788491656104\/","title":{"rendered":"El Misal de Santa Eul\u00e1lia de Barcelona (1403), MD. 116 del archivo capitular de Barcelona"},"content":{"rendered":"<p> Resumen: El Misal de Santa Eulalia, obra maestra de la miniatur\u00edstica catalana medieval, es un manuscrito de gran inter\u00e9s lit\u00fargico, por ser el \u00fanico misal plenario, no mon\u00e1stico, conservado \u00edntegramente en la iglesia de Barcelona. Fue editado durante el cisma de occidente, bajo el pontificado del papa Luna y encargado por el obispo barcelon\u00e9s Joan Ermengol, bajo el reinado de Mart\u00edn I de Arag\u00f3n. En esta obra ofrecemos un estudio introductorio del c\u00f3dice, con el an\u00e1lisis de su eucolog\u00eda y en confrontaci\u00f3n con otras fuentes del mismo \u00e1mbito geogr\u00e1fico, particularmente el Sacramentario de Barcelona del siglo xiii y el Misal de Barcelona de 1521. Palabras clave: eucolog\u00eda, liturgia medieval catalana, liturgia romana, santa Eulalia. Abstract: The Missal of Saint Eulalia, masterpiece of medieval Catalan miniaturistics, is a manuscript of great liturgical interest, being the only not monastic plenary missal preserved entirely in the church of Barcelona. It was published during the Western Schism, under the pontificate of pope Luna and commissioned by the bishop of Barcelona Joan Ermengol, under the reign of Martin I of Aragon. In this work offer an introductory study of the codex, with the analysis of its eucology and in confrontation with other sources of the same geographic scope, particularly the Sacramentary of Barcelona of the 13th century and the Missal of Barcelona of 1521. Keywords: eucology, medieval Catalan liturgy, roman liturgy, saint Eulalia.<\/p>\n","protected":false},"excerpt":{"rendered":"<p>Farreras i Ti\u00f3, Jordi<\/p>\n","protected":false},"featured_media":19282,"template":"","meta":{"_acf_changed":false,"inline_featured_image":false},"product_brand":[],"product_cat":[15],"product_tag":[],"class_list":{"0":"post-12465","1":"product","2":"type-product","3":"status-publish","4":"has-post-thumbnail","6":"product_cat-sin-categorizar","8":"first","9":"instock","10":"taxable","11":"shipping-taxable","12":"purchasable","13":"product-type-simple"},"acf":{"autor":"Farreras i Ti\u00f3, Jordi","codart":"110277","ediciones":"1","encuadernacion":"R\u00fastica","fecha_de_publicacion":"05\/03\/2024","novedad":false,"paginas":"112","subtitulo":"","orden":"700","portada":true,"idioma":"spa","coleccion_num":"277","editorial":[{"ID":6736,"post_author":"2","post_date":"2023-10-06 08:35:24","post_date_gmt":"2023-10-06 06:35:24","post_content":"","post_title":"CPL","post_excerpt":"","post_status":"publish","comment_status":"closed","ping_status":"closed","post_password":"","post_name":"cpl","to_ping":"","pinged":"","post_modified":"2023-10-06 08:35:24","post_modified_gmt":"2023-10-06 06:35:24","post_content_filtered":"","post_parent":0,"guid":"https:\/\/nuevaweb.cpl.es\/editorial\/cpl\/","menu_order":0,"post_type":"editorial","post_mime_type":"","comment_count":"0","filter":"raw"}],"booktrailer":"","ficha":"","muestra":"","presentacion":"","autores-libros":"","traductores-libros":"","ilustradores-libros":"","coleccion":"","formato":"","Venta_ebook_1_url":"","Venta_ebook_1_tienda":"","Venta_ebook_1_precio":"","Venta_ebook_2_url":"","Venta_ebook_2_tienda":"","Venta_ebook_2_precio":"","Venta_ebook_3_url":"","Venta_ebook_3_tienda":"","Venta_ebook_3_precio":"","Venta_ebook_4_url":"","Venta_ebook_4_tienda":"","Venta_ebook_4_precio":"","Venta_ebook_5_url":"","Venta_ebook_5_tienda":"","Venta_ebook_5_precio":"","Venta_ebook_6_url":"","Venta_ebook_6_tienda":"","Venta_ebook_6_precio":"","recomendamos":"","mas_vendido":"","tarifa":""},"yoast_head":"<!-- This site is optimized with the Yoast SEO plugin v27.3 - https:\/\/yoast.com\/product\/yoast-seo-wordpress\/ -->\n<title>El Misal de Santa Eul\u00e1lia de Barcelona (1403), MD. 116 del archivo capitular de Barcelona - CPL<\/title>\n<meta name=\"robots\" content=\"index, follow, max-snippet:-1, max-image-preview:large, max-video-preview:-1\" \/>\n<link rel=\"canonical\" href=\"https:\/\/www.cpl.es\/producto\/el-misal-de-santa-eulalia-de-barcelona-1403-md-116-del-archivo-capitular-de-barcelona-9788491656104\/\" \/>\n<meta property=\"og:locale\" content=\"ca_ES\" \/>\n<meta property=\"og:type\" content=\"article\" \/>\n<meta property=\"og:title\" content=\"El Misal de Santa Eul\u00e1lia de Barcelona (1403), MD. 116 del archivo capitular de Barcelona - CPL\" \/>\n<meta property=\"og:description\" content=\"Farreras i Ti\u00f3, Jordi\" \/>\n<meta property=\"og:url\" content=\"https:\/\/www.cpl.es\/producto\/el-misal-de-santa-eulalia-de-barcelona-1403-md-116-del-archivo-capitular-de-barcelona-9788491656104\/\" \/>\n<meta property=\"og:site_name\" content=\"CPL\" \/>\n<meta property=\"article:modified_time\" content=\"2026-02-12T15:47:13+00:00\" \/>\n<meta property=\"og:image\" content=\"https:\/\/www.cpl.es\/wp-content\/uploads\/9788491656104-1-scaled.jpg\" \/>\n\t<meta property=\"og:image:width\" content=\"1695\" \/>\n\t<meta property=\"og:image:height\" content=\"2560\" \/>\n\t<meta property=\"og:image:type\" content=\"image\/jpeg\" \/>\n<meta name=\"twitter:card\" content=\"summary_large_image\" \/>\n<meta name=\"twitter:label1\" content=\"Temps estimat de lectura\" \/>\n\t<meta name=\"twitter:data1\" content=\"2 minuts\" \/>\n<script type=\"application\/ld+json\" class=\"yoast-schema-graph\">{\"@context\":\"https:\\\/\\\/schema.org\",\"@graph\":[{\"@type\":\"WebPage\",\"@id\":\"https:\\\/\\\/www.cpl.es\\\/producto\\\/el-misal-de-santa-eulalia-de-barcelona-1403-md-116-del-archivo-capitular-de-barcelona-9788491656104\\\/\",\"url\":\"https:\\\/\\\/www.cpl.es\\\/producto\\\/el-misal-de-santa-eulalia-de-barcelona-1403-md-116-del-archivo-capitular-de-barcelona-9788491656104\\\/\",\"name\":\"El Misal de Santa Eul\u00e1lia de Barcelona (1403), MD. 116 del archivo capitular de Barcelona - CPL\",\"isPartOf\":{\"@id\":\"https:\\\/\\\/www.cpl.es\\\/#website\"},\"primaryImageOfPage\":{\"@id\":\"https:\\\/\\\/www.cpl.es\\\/producto\\\/el-misal-de-santa-eulalia-de-barcelona-1403-md-116-del-archivo-capitular-de-barcelona-9788491656104\\\/#primaryimage\"},\"image\":{\"@id\":\"https:\\\/\\\/www.cpl.es\\\/producto\\\/el-misal-de-santa-eulalia-de-barcelona-1403-md-116-del-archivo-capitular-de-barcelona-9788491656104\\\/#primaryimage\"},\"thumbnailUrl\":\"https:\\\/\\\/www.cpl.es\\\/wp-content\\\/uploads\\\/9788491656104-1-scaled.jpg\",\"datePublished\":\"2024-03-19T17:38:43+00:00\",\"dateModified\":\"2026-02-12T15:47:13+00:00\",\"breadcrumb\":{\"@id\":\"https:\\\/\\\/www.cpl.es\\\/producto\\\/el-misal-de-santa-eulalia-de-barcelona-1403-md-116-del-archivo-capitular-de-barcelona-9788491656104\\\/#breadcrumb\"},\"inLanguage\":\"ca\",\"potentialAction\":[{\"@type\":\"ReadAction\",\"target\":[\"https:\\\/\\\/www.cpl.es\\\/producto\\\/el-misal-de-santa-eulalia-de-barcelona-1403-md-116-del-archivo-capitular-de-barcelona-9788491656104\\\/\"]}]},{\"@type\":\"ImageObject\",\"inLanguage\":\"ca\",\"@id\":\"https:\\\/\\\/www.cpl.es\\\/producto\\\/el-misal-de-santa-eulalia-de-barcelona-1403-md-116-del-archivo-capitular-de-barcelona-9788491656104\\\/#primaryimage\",\"url\":\"https:\\\/\\\/www.cpl.es\\\/wp-content\\\/uploads\\\/9788491656104-1-scaled.jpg\",\"contentUrl\":\"https:\\\/\\\/www.cpl.es\\\/wp-content\\\/uploads\\\/9788491656104-1-scaled.jpg\",\"width\":1695,\"height\":2560,\"caption\":\"9788491656104.jpg\"},{\"@type\":\"BreadcrumbList\",\"@id\":\"https:\\\/\\\/www.cpl.es\\\/producto\\\/el-misal-de-santa-eulalia-de-barcelona-1403-md-116-del-archivo-capitular-de-barcelona-9788491656104\\\/#breadcrumb\",\"itemListElement\":[{\"@type\":\"ListItem\",\"position\":1,\"name\":\"Portada\",\"item\":\"https:\\\/\\\/www.cpl.es\\\/ca\\\/\"},{\"@type\":\"ListItem\",\"position\":2,\"name\":\"Cat\u00e0leg\",\"item\":\"https:\\\/\\\/www.cpl.es\\\/ca\\\/cataleg\\\/\"},{\"@type\":\"ListItem\",\"position\":3,\"name\":\"El Misal de Santa Eul\u00e1lia de Barcelona (1403), MD. 116 del archivo capitular de Barcelona\"}]},{\"@type\":\"WebSite\",\"@id\":\"https:\\\/\\\/www.cpl.es\\\/#website\",\"url\":\"https:\\\/\\\/www.cpl.es\\\/\",\"name\":\"CPL\",\"description\":\"Centre de Pastoral Lit\u00fargica de Barcelona\",\"publisher\":{\"@id\":\"https:\\\/\\\/www.cpl.es\\\/#organization\"},\"alternateName\":\"Centre de Pastoral Lit\u00fargica\",\"potentialAction\":[{\"@type\":\"SearchAction\",\"target\":{\"@type\":\"EntryPoint\",\"urlTemplate\":\"https:\\\/\\\/www.cpl.es\\\/?s={search_term_string}\"},\"query-input\":{\"@type\":\"PropertyValueSpecification\",\"valueRequired\":true,\"valueName\":\"search_term_string\"}}],\"inLanguage\":\"ca\"},{\"@type\":\"Organization\",\"@id\":\"https:\\\/\\\/www.cpl.es\\\/#organization\",\"name\":\"Centre de Pastoral Lit\u00fargica\",\"alternateName\":\"Centre de Pastoral Lit\u00fargica de Barcelona\",\"url\":\"https:\\\/\\\/www.cpl.es\\\/\",\"logo\":{\"@type\":\"ImageObject\",\"inLanguage\":\"ca\",\"@id\":\"https:\\\/\\\/www.cpl.es\\\/#\\\/schema\\\/logo\\\/image\\\/\",\"url\":\"https:\\\/\\\/www.cpl.es\\\/wp-content\\\/uploads\\\/logo-cpl.svg\",\"contentUrl\":\"https:\\\/\\\/www.cpl.es\\\/wp-content\\\/uploads\\\/logo-cpl.svg\",\"caption\":\"Centre de Pastoral Lit\u00fargica\"},\"image\":{\"@id\":\"https:\\\/\\\/www.cpl.es\\\/#\\\/schema\\\/logo\\\/image\\\/\"}}]}<\/script>\n<!-- \/ Yoast SEO plugin. -->","yoast_head_json":{"title":"El Misal de Santa Eul\u00e1lia de Barcelona (1403), MD. 116 del archivo capitular de Barcelona - CPL","robots":{"index":"index","follow":"follow","max-snippet":"max-snippet:-1","max-image-preview":"max-image-preview:large","max-video-preview":"max-video-preview:-1"},"canonical":"https:\/\/www.cpl.es\/producto\/el-misal-de-santa-eulalia-de-barcelona-1403-md-116-del-archivo-capitular-de-barcelona-9788491656104\/","og_locale":"ca_ES","og_type":"article","og_title":"El Misal de Santa Eul\u00e1lia de Barcelona (1403), MD. 116 del archivo capitular de Barcelona - CPL","og_description":"Farreras i Ti\u00f3, Jordi","og_url":"https:\/\/www.cpl.es\/producto\/el-misal-de-santa-eulalia-de-barcelona-1403-md-116-del-archivo-capitular-de-barcelona-9788491656104\/","og_site_name":"CPL","article_modified_time":"2026-02-12T15:47:13+00:00","og_image":[{"width":1695,"height":2560,"url":"https:\/\/www.cpl.es\/wp-content\/uploads\/9788491656104-1-scaled.jpg","type":"image\/jpeg"}],"twitter_card":"summary_large_image","twitter_misc":{"Temps estimat de lectura":"2 minuts"},"schema":{"@context":"https:\/\/schema.org","@graph":[{"@type":"WebPage","@id":"https:\/\/www.cpl.es\/producto\/el-misal-de-santa-eulalia-de-barcelona-1403-md-116-del-archivo-capitular-de-barcelona-9788491656104\/","url":"https:\/\/www.cpl.es\/producto\/el-misal-de-santa-eulalia-de-barcelona-1403-md-116-del-archivo-capitular-de-barcelona-9788491656104\/","name":"El Misal de Santa Eul\u00e1lia de Barcelona (1403), MD. 116 del archivo capitular de Barcelona - CPL","isPartOf":{"@id":"https:\/\/www.cpl.es\/#website"},"primaryImageOfPage":{"@id":"https:\/\/www.cpl.es\/producto\/el-misal-de-santa-eulalia-de-barcelona-1403-md-116-del-archivo-capitular-de-barcelona-9788491656104\/#primaryimage"},"image":{"@id":"https:\/\/www.cpl.es\/producto\/el-misal-de-santa-eulalia-de-barcelona-1403-md-116-del-archivo-capitular-de-barcelona-9788491656104\/#primaryimage"},"thumbnailUrl":"https:\/\/www.cpl.es\/wp-content\/uploads\/9788491656104-1-scaled.jpg","datePublished":"2024-03-19T17:38:43+00:00","dateModified":"2026-02-12T15:47:13+00:00","breadcrumb":{"@id":"https:\/\/www.cpl.es\/producto\/el-misal-de-santa-eulalia-de-barcelona-1403-md-116-del-archivo-capitular-de-barcelona-9788491656104\/#breadcrumb"},"inLanguage":"ca","potentialAction":[{"@type":"ReadAction","target":["https:\/\/www.cpl.es\/producto\/el-misal-de-santa-eulalia-de-barcelona-1403-md-116-del-archivo-capitular-de-barcelona-9788491656104\/"]}]},{"@type":"ImageObject","inLanguage":"ca","@id":"https:\/\/www.cpl.es\/producto\/el-misal-de-santa-eulalia-de-barcelona-1403-md-116-del-archivo-capitular-de-barcelona-9788491656104\/#primaryimage","url":"https:\/\/www.cpl.es\/wp-content\/uploads\/9788491656104-1-scaled.jpg","contentUrl":"https:\/\/www.cpl.es\/wp-content\/uploads\/9788491656104-1-scaled.jpg","width":1695,"height":2560,"caption":"9788491656104.jpg"},{"@type":"BreadcrumbList","@id":"https:\/\/www.cpl.es\/producto\/el-misal-de-santa-eulalia-de-barcelona-1403-md-116-del-archivo-capitular-de-barcelona-9788491656104\/#breadcrumb","itemListElement":[{"@type":"ListItem","position":1,"name":"Portada","item":"https:\/\/www.cpl.es\/ca\/"},{"@type":"ListItem","position":2,"name":"Cat\u00e0leg","item":"https:\/\/www.cpl.es\/ca\/cataleg\/"},{"@type":"ListItem","position":3,"name":"El Misal de Santa Eul\u00e1lia de Barcelona (1403), MD. 116 del archivo capitular de Barcelona"}]},{"@type":"WebSite","@id":"https:\/\/www.cpl.es\/#website","url":"https:\/\/www.cpl.es\/","name":"CPL","description":"Centre de Pastoral Lit\u00fargica de Barcelona","publisher":{"@id":"https:\/\/www.cpl.es\/#organization"},"alternateName":"Centre de Pastoral Lit\u00fargica","potentialAction":[{"@type":"SearchAction","target":{"@type":"EntryPoint","urlTemplate":"https:\/\/www.cpl.es\/?s={search_term_string}"},"query-input":{"@type":"PropertyValueSpecification","valueRequired":true,"valueName":"search_term_string"}}],"inLanguage":"ca"},{"@type":"Organization","@id":"https:\/\/www.cpl.es\/#organization","name":"Centre de Pastoral Lit\u00fargica","alternateName":"Centre de Pastoral Lit\u00fargica de Barcelona","url":"https:\/\/www.cpl.es\/","logo":{"@type":"ImageObject","inLanguage":"ca","@id":"https:\/\/www.cpl.es\/#\/schema\/logo\/image\/","url":"https:\/\/www.cpl.es\/wp-content\/uploads\/logo-cpl.svg","contentUrl":"https:\/\/www.cpl.es\/wp-content\/uploads\/logo-cpl.svg","caption":"Centre de Pastoral Lit\u00fargica"},"image":{"@id":"https:\/\/www.cpl.es\/#\/schema\/logo\/image\/"}}]}},"_links":{"self":[{"href":"https:\/\/www.cpl.es\/ca\/wp-json\/wp\/v2\/product\/12465","targetHints":{"allow":["GET"]}}],"collection":[{"href":"https:\/\/www.cpl.es\/ca\/wp-json\/wp\/v2\/product"}],"about":[{"href":"https:\/\/www.cpl.es\/ca\/wp-json\/wp\/v2\/types\/product"}],"wp:featuredmedia":[{"embeddable":true,"href":"https:\/\/www.cpl.es\/ca\/wp-json\/wp\/v2\/media\/19282"}],"wp:attachment":[{"href":"https:\/\/www.cpl.es\/ca\/wp-json\/wp\/v2\/media?parent=12465"}],"wp:term":[{"taxonomy":"product_brand","embeddable":true,"href":"https:\/\/www.cpl.es\/ca\/wp-json\/wp\/v2\/product_brand?post=12465"},{"taxonomy":"product_cat","embeddable":true,"href":"https:\/\/www.cpl.es\/ca\/wp-json\/wp\/v2\/product_cat?post=12465"},{"taxonomy":"product_tag","embeddable":true,"href":"https:\/\/www.cpl.es\/ca\/wp-json\/wp\/v2\/product_tag?post=12465"}],"curies":[{"name":"wp","href":"https:\/\/api.w.org\/{rel}","templated":true}]}}