{"id":12344,"date":"2024-02-19T12:48:19","date_gmt":"2024-02-19T11:48:19","guid":{"rendered":"https:\/\/nuevaweb.cpl.es\/producto\/sant-benetjosep-labre-el-pelegri-de-deu-9788491656210\/"},"modified":"2025-10-03T11:13:30","modified_gmt":"2025-10-03T09:13:30","slug":"sant-benetjosep-labre-el-pelegri-de-deu-9788491656210","status":"publish","type":"product","link":"https:\/\/www.cpl.es\/ca\/producto\/sant-benetjosep-labre-el-pelegri-de-deu-9788491656210\/","title":{"rendered":"Sant Benet-Josep Labre. El pelegr\u00ed de D\u00e9u"},"content":{"rendered":"<p> Benet-Josep Labre, a mitjan segle XVIII, un home, a vint-i-dos anys, decideix ser el pelegr\u00ed de D\u00e9u, i fins a la seva mort, camina trenta mil quil\u00f2metres. Els  seus darrers sis anys de vida, els va passar vivint al carrer, en un dels arcs del Coliseu de Roma. Nascut al nord de Fran\u00e7a, \u00e9s el patr\u00f3 dels pelegrins, captaires, rodamons, persones sense sostre i amb problemes mentals. Tamb\u00e9 \u00e9s el patr\u00f3 dels fracassats, de les persones que necessiten una segona oportunitat. En tant com a advocat nostre, ens ajuda a assumir els fracassos, les debilitats, les imperfeccions i fins i tot, les rareses. Festa: 16 d\u2019abril<\/p>\n","protected":false},"excerpt":{"rendered":"<p>Rodriguez Vilagran, Angel<\/p>\n","protected":false},"featured_media":19312,"template":"","meta":{"_acf_changed":false,"inline_featured_image":false},"product_brand":[],"product_cat":[70],"product_tag":[],"class_list":{"0":"post-12344","1":"product","2":"type-product","3":"status-publish","4":"has-post-thumbnail","6":"product_cat-sants-i-santes","8":"first","9":"instock","10":"taxable","11":"shipping-taxable","12":"purchasable","13":"product-type-simple"},"acf":{"autor":"Rodriguez Vilagran, Angel","codart":"212298","ediciones":"1","encuadernacion":"Grapa","fecha_de_publicacion":"05\/02\/2024","novedad":false,"paginas":"36","subtitulo":"","orden":"999","portada":true,"idioma":"cat","editorial":[{"ID":6736,"post_author":"2","post_date":"2023-10-06 08:35:24","post_date_gmt":"2023-10-06 06:35:24","post_content":"","post_title":"CPL","post_excerpt":"","post_status":"publish","comment_status":"closed","ping_status":"closed","post_password":"","post_name":"cpl","to_ping":"","pinged":"","post_modified":"2023-10-06 08:35:24","post_modified_gmt":"2023-10-06 06:35:24","post_content_filtered":"","post_parent":0,"guid":"https:\/\/nuevaweb.cpl.es\/editorial\/cpl\/","menu_order":0,"post_type":"editorial","post_mime_type":"","comment_count":"0","filter":"raw"}],"coleccion_num":"298","booktrailer":"","ficha":"","muestra":"","presentacion":""},"yoast_head":"<!-- This site is optimized with the Yoast SEO plugin v27.3 - https:\/\/yoast.com\/product\/yoast-seo-wordpress\/ -->\n<title>Sant Benet-Josep Labre. El pelegr\u00ed de D\u00e9u - CPL<\/title>\n<meta name=\"robots\" content=\"index, follow, max-snippet:-1, max-image-preview:large, max-video-preview:-1\" \/>\n<link rel=\"canonical\" href=\"https:\/\/www.cpl.es\/producto\/sant-benetjosep-labre-el-pelegri-de-deu-9788491656210\/\" \/>\n<meta property=\"og:locale\" content=\"ca_ES\" \/>\n<meta property=\"og:type\" content=\"article\" \/>\n<meta property=\"og:title\" content=\"Sant Benet-Josep Labre. El pelegr\u00ed de D\u00e9u - CPL\" \/>\n<meta property=\"og:description\" content=\"Rodriguez Vilagran, Angel\" \/>\n<meta property=\"og:url\" content=\"https:\/\/www.cpl.es\/producto\/sant-benetjosep-labre-el-pelegri-de-deu-9788491656210\/\" \/>\n<meta property=\"og:site_name\" content=\"CPL\" \/>\n<meta property=\"article:modified_time\" content=\"2025-10-03T09:13:30+00:00\" \/>\n<meta property=\"og:image\" content=\"https:\/\/www.cpl.es\/wp-content\/uploads\/9788491656210-1.jpg\" \/>\n\t<meta property=\"og:image:width\" content=\"280\" \/>\n\t<meta property=\"og:image:height\" content=\"443\" \/>\n\t<meta property=\"og:image:type\" content=\"image\/jpeg\" \/>\n<meta name=\"twitter:card\" content=\"summary_large_image\" \/>\n<meta name=\"twitter:label1\" content=\"Temps estimat de lectura\" \/>\n\t<meta name=\"twitter:data1\" content=\"1 minut\" \/>\n<script type=\"application\/ld+json\" class=\"yoast-schema-graph\">{\"@context\":\"https:\\\/\\\/schema.org\",\"@graph\":[{\"@type\":\"WebPage\",\"@id\":\"https:\\\/\\\/www.cpl.es\\\/producto\\\/sant-benetjosep-labre-el-pelegri-de-deu-9788491656210\\\/\",\"url\":\"https:\\\/\\\/www.cpl.es\\\/producto\\\/sant-benetjosep-labre-el-pelegri-de-deu-9788491656210\\\/\",\"name\":\"Sant Benet-Josep Labre. El pelegr\u00ed de D\u00e9u - CPL\",\"isPartOf\":{\"@id\":\"https:\\\/\\\/www.cpl.es\\\/#website\"},\"primaryImageOfPage\":{\"@id\":\"https:\\\/\\\/www.cpl.es\\\/producto\\\/sant-benetjosep-labre-el-pelegri-de-deu-9788491656210\\\/#primaryimage\"},\"image\":{\"@id\":\"https:\\\/\\\/www.cpl.es\\\/producto\\\/sant-benetjosep-labre-el-pelegri-de-deu-9788491656210\\\/#primaryimage\"},\"thumbnailUrl\":\"https:\\\/\\\/www.cpl.es\\\/wp-content\\\/uploads\\\/9788491656210-1.jpg\",\"datePublished\":\"2024-02-19T11:48:19+00:00\",\"dateModified\":\"2025-10-03T09:13:30+00:00\",\"breadcrumb\":{\"@id\":\"https:\\\/\\\/www.cpl.es\\\/producto\\\/sant-benetjosep-labre-el-pelegri-de-deu-9788491656210\\\/#breadcrumb\"},\"inLanguage\":\"ca\",\"potentialAction\":[{\"@type\":\"ReadAction\",\"target\":[\"https:\\\/\\\/www.cpl.es\\\/producto\\\/sant-benetjosep-labre-el-pelegri-de-deu-9788491656210\\\/\"]}]},{\"@type\":\"ImageObject\",\"inLanguage\":\"ca\",\"@id\":\"https:\\\/\\\/www.cpl.es\\\/producto\\\/sant-benetjosep-labre-el-pelegri-de-deu-9788491656210\\\/#primaryimage\",\"url\":\"https:\\\/\\\/www.cpl.es\\\/wp-content\\\/uploads\\\/9788491656210-1.jpg\",\"contentUrl\":\"https:\\\/\\\/www.cpl.es\\\/wp-content\\\/uploads\\\/9788491656210-1.jpg\",\"width\":280,\"height\":443,\"caption\":\"9788491656210.jpg\"},{\"@type\":\"BreadcrumbList\",\"@id\":\"https:\\\/\\\/www.cpl.es\\\/producto\\\/sant-benetjosep-labre-el-pelegri-de-deu-9788491656210\\\/#breadcrumb\",\"itemListElement\":[{\"@type\":\"ListItem\",\"position\":1,\"name\":\"Portada\",\"item\":\"https:\\\/\\\/www.cpl.es\\\/ca\\\/\"},{\"@type\":\"ListItem\",\"position\":2,\"name\":\"Cat\u00e0leg\",\"item\":\"https:\\\/\\\/www.cpl.es\\\/ca\\\/cataleg\\\/\"},{\"@type\":\"ListItem\",\"position\":3,\"name\":\"Sant Benet-Josep Labre. El pelegr\u00ed de D\u00e9u\"}]},{\"@type\":\"WebSite\",\"@id\":\"https:\\\/\\\/www.cpl.es\\\/#website\",\"url\":\"https:\\\/\\\/www.cpl.es\\\/\",\"name\":\"CPL\",\"description\":\"Centre de Pastoral Lit\u00fargica de Barcelona\",\"publisher\":{\"@id\":\"https:\\\/\\\/www.cpl.es\\\/#organization\"},\"alternateName\":\"Centre de Pastoral Lit\u00fargica\",\"potentialAction\":[{\"@type\":\"SearchAction\",\"target\":{\"@type\":\"EntryPoint\",\"urlTemplate\":\"https:\\\/\\\/www.cpl.es\\\/?s={search_term_string}\"},\"query-input\":{\"@type\":\"PropertyValueSpecification\",\"valueRequired\":true,\"valueName\":\"search_term_string\"}}],\"inLanguage\":\"ca\"},{\"@type\":\"Organization\",\"@id\":\"https:\\\/\\\/www.cpl.es\\\/#organization\",\"name\":\"Centre de Pastoral Lit\u00fargica\",\"alternateName\":\"Centre de Pastoral Lit\u00fargica de Barcelona\",\"url\":\"https:\\\/\\\/www.cpl.es\\\/\",\"logo\":{\"@type\":\"ImageObject\",\"inLanguage\":\"ca\",\"@id\":\"https:\\\/\\\/www.cpl.es\\\/#\\\/schema\\\/logo\\\/image\\\/\",\"url\":\"https:\\\/\\\/www.cpl.es\\\/wp-content\\\/uploads\\\/logo-cpl.svg\",\"contentUrl\":\"https:\\\/\\\/www.cpl.es\\\/wp-content\\\/uploads\\\/logo-cpl.svg\",\"caption\":\"Centre de Pastoral Lit\u00fargica\"},\"image\":{\"@id\":\"https:\\\/\\\/www.cpl.es\\\/#\\\/schema\\\/logo\\\/image\\\/\"}}]}<\/script>\n<!-- \/ Yoast SEO plugin. -->","yoast_head_json":{"title":"Sant Benet-Josep Labre. El pelegr\u00ed de D\u00e9u - CPL","robots":{"index":"index","follow":"follow","max-snippet":"max-snippet:-1","max-image-preview":"max-image-preview:large","max-video-preview":"max-video-preview:-1"},"canonical":"https:\/\/www.cpl.es\/producto\/sant-benetjosep-labre-el-pelegri-de-deu-9788491656210\/","og_locale":"ca_ES","og_type":"article","og_title":"Sant Benet-Josep Labre. El pelegr\u00ed de D\u00e9u - CPL","og_description":"Rodriguez Vilagran, Angel","og_url":"https:\/\/www.cpl.es\/producto\/sant-benetjosep-labre-el-pelegri-de-deu-9788491656210\/","og_site_name":"CPL","article_modified_time":"2025-10-03T09:13:30+00:00","og_image":[{"width":280,"height":443,"url":"https:\/\/www.cpl.es\/wp-content\/uploads\/9788491656210-1.jpg","type":"image\/jpeg"}],"twitter_card":"summary_large_image","twitter_misc":{"Temps estimat de lectura":"1 minut"},"schema":{"@context":"https:\/\/schema.org","@graph":[{"@type":"WebPage","@id":"https:\/\/www.cpl.es\/producto\/sant-benetjosep-labre-el-pelegri-de-deu-9788491656210\/","url":"https:\/\/www.cpl.es\/producto\/sant-benetjosep-labre-el-pelegri-de-deu-9788491656210\/","name":"Sant Benet-Josep Labre. El pelegr\u00ed de D\u00e9u - CPL","isPartOf":{"@id":"https:\/\/www.cpl.es\/#website"},"primaryImageOfPage":{"@id":"https:\/\/www.cpl.es\/producto\/sant-benetjosep-labre-el-pelegri-de-deu-9788491656210\/#primaryimage"},"image":{"@id":"https:\/\/www.cpl.es\/producto\/sant-benetjosep-labre-el-pelegri-de-deu-9788491656210\/#primaryimage"},"thumbnailUrl":"https:\/\/www.cpl.es\/wp-content\/uploads\/9788491656210-1.jpg","datePublished":"2024-02-19T11:48:19+00:00","dateModified":"2025-10-03T09:13:30+00:00","breadcrumb":{"@id":"https:\/\/www.cpl.es\/producto\/sant-benetjosep-labre-el-pelegri-de-deu-9788491656210\/#breadcrumb"},"inLanguage":"ca","potentialAction":[{"@type":"ReadAction","target":["https:\/\/www.cpl.es\/producto\/sant-benetjosep-labre-el-pelegri-de-deu-9788491656210\/"]}]},{"@type":"ImageObject","inLanguage":"ca","@id":"https:\/\/www.cpl.es\/producto\/sant-benetjosep-labre-el-pelegri-de-deu-9788491656210\/#primaryimage","url":"https:\/\/www.cpl.es\/wp-content\/uploads\/9788491656210-1.jpg","contentUrl":"https:\/\/www.cpl.es\/wp-content\/uploads\/9788491656210-1.jpg","width":280,"height":443,"caption":"9788491656210.jpg"},{"@type":"BreadcrumbList","@id":"https:\/\/www.cpl.es\/producto\/sant-benetjosep-labre-el-pelegri-de-deu-9788491656210\/#breadcrumb","itemListElement":[{"@type":"ListItem","position":1,"name":"Portada","item":"https:\/\/www.cpl.es\/ca\/"},{"@type":"ListItem","position":2,"name":"Cat\u00e0leg","item":"https:\/\/www.cpl.es\/ca\/cataleg\/"},{"@type":"ListItem","position":3,"name":"Sant Benet-Josep Labre. El pelegr\u00ed de D\u00e9u"}]},{"@type":"WebSite","@id":"https:\/\/www.cpl.es\/#website","url":"https:\/\/www.cpl.es\/","name":"CPL","description":"Centre de Pastoral Lit\u00fargica de Barcelona","publisher":{"@id":"https:\/\/www.cpl.es\/#organization"},"alternateName":"Centre de Pastoral Lit\u00fargica","potentialAction":[{"@type":"SearchAction","target":{"@type":"EntryPoint","urlTemplate":"https:\/\/www.cpl.es\/?s={search_term_string}"},"query-input":{"@type":"PropertyValueSpecification","valueRequired":true,"valueName":"search_term_string"}}],"inLanguage":"ca"},{"@type":"Organization","@id":"https:\/\/www.cpl.es\/#organization","name":"Centre de Pastoral Lit\u00fargica","alternateName":"Centre de Pastoral Lit\u00fargica de Barcelona","url":"https:\/\/www.cpl.es\/","logo":{"@type":"ImageObject","inLanguage":"ca","@id":"https:\/\/www.cpl.es\/#\/schema\/logo\/image\/","url":"https:\/\/www.cpl.es\/wp-content\/uploads\/logo-cpl.svg","contentUrl":"https:\/\/www.cpl.es\/wp-content\/uploads\/logo-cpl.svg","caption":"Centre de Pastoral Lit\u00fargica"},"image":{"@id":"https:\/\/www.cpl.es\/#\/schema\/logo\/image\/"}}]}},"_links":{"self":[{"href":"https:\/\/www.cpl.es\/ca\/wp-json\/wp\/v2\/product\/12344","targetHints":{"allow":["GET"]}}],"collection":[{"href":"https:\/\/www.cpl.es\/ca\/wp-json\/wp\/v2\/product"}],"about":[{"href":"https:\/\/www.cpl.es\/ca\/wp-json\/wp\/v2\/types\/product"}],"wp:featuredmedia":[{"embeddable":true,"href":"https:\/\/www.cpl.es\/ca\/wp-json\/wp\/v2\/media\/19312"}],"wp:attachment":[{"href":"https:\/\/www.cpl.es\/ca\/wp-json\/wp\/v2\/media?parent=12344"}],"wp:term":[{"taxonomy":"product_brand","embeddable":true,"href":"https:\/\/www.cpl.es\/ca\/wp-json\/wp\/v2\/product_brand?post=12344"},{"taxonomy":"product_cat","embeddable":true,"href":"https:\/\/www.cpl.es\/ca\/wp-json\/wp\/v2\/product_cat?post=12344"},{"taxonomy":"product_tag","embeddable":true,"href":"https:\/\/www.cpl.es\/ca\/wp-json\/wp\/v2\/product_tag?post=12344"}],"curies":[{"name":"wp","href":"https:\/\/api.w.org\/{rel}","templated":true}]}}